{"id":15938,"date":"2026-03-09T09:45:02","date_gmt":"2026-03-09T08:45:02","guid":{"rendered":"https:\/\/rapport-valais.ch\/?page_id=15938"},"modified":"2026-04-29T10:01:43","modified_gmt":"2026-04-29T08:01:43","slug":"geschaeftsbericht-vwp-2025","status":"publish","type":"page","link":"https:\/\/rapport-valais.ch\/de\/geschaeftsbericht-vwp-2025\/","title":{"rendered":"T\u00e4tigkeitsbericht Valais\/Wallis Promotion 2025"},"content":{"rendered":"\t\t<div data-elementor-type=\"wp-page\" data-elementor-id=\"15938\" class=\"elementor elementor-15938 elementor-17127\" data-elementor-post-type=\"page\">\n\t\t\t\t<div class=\"elementor-element elementor-element-43b9d31f e-con-full e-flex e-con e-parent\" data-id=\"43b9d31f\" data-element_type=\"container\" data-e-type=\"container\">\n\t\t<div class=\"elementor-element elementor-element-1c86d6b9 e-flex e-con-boxed e-con e-child\" data-id=\"1c86d6b9\" data-element_type=\"container\" data-e-type=\"container\" data-settings=\"{&quot;background_background&quot;:&quot;classic&quot;,&quot;position&quot;:&quot;fixed&quot;}\">\n\t\t\t\t\t<div class=\"e-con-inner\">\n\t\t\t\t<div class=\"elementor-element elementor-element-20b36482 elementor-widget elementor-widget-image\" data-id=\"20b36482\" data-element_type=\"widget\" data-e-type=\"widget\" data-widget_type=\"image.default\">\n\t\t\t\t<div class=\"elementor-widget-container\">\n\t\t\t\t\t\t\t\t\t\t\t\t\t\t\t\t<a href=\"https:\/\/www.valais.ch\/en\/information\/trade\">\n\t\t\t\t\t\t\t<img fetchpriority=\"high\" decoding=\"async\" width=\"512\" height=\"462\" src=\"https:\/\/rapport-valais.ch\/wp-content\/uploads\/2024\/03\/Valais_RVB_FR-512.png\" class=\"attachment-large size-large wp-image-13150\" alt=\"\" srcset=\"https:\/\/rapport-valais.ch\/wp-content\/uploads\/2024\/03\/Valais_RVB_FR-512.png 512w, https:\/\/rapport-valais.ch\/wp-content\/uploads\/2024\/03\/Valais_RVB_FR-512-300x271.png 300w\" sizes=\"(max-width: 512px) 100vw, 512px\" \/>\t\t\t\t\t\t\t\t<\/a>\n\t\t\t\t\t\t\t\t\t\t\t\t\t\t\t<\/div>\n\t\t\t\t<\/div>\n\t\t\t\t<div class=\"elementor-element elementor-element-67dca8a2 elementor-widget elementor-widget-heading\" data-id=\"67dca8a2\" data-element_type=\"widget\" data-e-type=\"widget\" data-widget_type=\"heading.default\">\n\t\t\t\t<div class=\"elementor-widget-container\">\n\t\t\t\t\t<h4 class=\"elementor-heading-title elementor-size-default\">Valais\/Wallis Promotion<\/h4>\t\t\t\t<\/div>\n\t\t\t\t<\/div>\n\t\t\t\t<div class=\"elementor-element elementor-element-7bf91d54 elementor-nav-menu__align-end wpml-dd-select elementor-nav-menu--dropdown-tablet elementor-nav-menu__text-align-aside elementor-widget elementor-widget-nav-menu\" data-id=\"7bf91d54\" data-element_type=\"widget\" data-e-type=\"widget\" data-settings=\"{&quot;layout&quot;:&quot;horizontal&quot;,&quot;submenu_icon&quot;:{&quot;value&quot;:&quot;&lt;i class=\\&quot;fas fa-caret-down\\&quot; aria-hidden=\\&quot;true\\&quot;&gt;&lt;\\\/i&gt;&quot;,&quot;library&quot;:&quot;fa-solid&quot;}}\" data-widget_type=\"nav-menu.default\">\n\t\t\t\t<div class=\"elementor-widget-container\">\n\t\t\t\t\t\t\t\t<nav aria-label=\"Menu\" class=\"elementor-nav-menu--main elementor-nav-menu__container elementor-nav-menu--layout-horizontal e--pointer-underline e--animation-fade\">\n\t\t\t\t<ul id=\"menu-1-7bf91d54\" class=\"elementor-nav-menu\"><li class=\"menu-item wpml-ls-slot-14 wpml-ls-item wpml-ls-item-de wpml-ls-current-language wpml-ls-menu-item wpml-ls-last-item menu-item-type-wpml_ls_menu_item menu-item-object-wpml_ls_menu_item menu-item-has-children menu-item-wpml-ls-14-de\"><a href=\"https:\/\/rapport-valais.ch\/de\/\" aria-current=\"page\" aria-expanded=\"false\" aria-controls=\"wpml-ls-submenu-wpml-ls-14-de\" class=\"elementor-item\"><span class=\"wpml-ls-display\">DE<\/span><\/a>\n<ul class=\"sub-menu elementor-nav-menu--dropdown\">\n\t<li class=\"menu-item wpml-ls-slot-14 wpml-ls-item wpml-ls-item-fr wpml-ls-menu-item wpml-ls-first-item menu-item-type-wpml_ls_menu_item menu-item-object-wpml_ls_menu_item menu-item-wpml-ls-14-fr\"><a href=\"https:\/\/rapport-valais.ch\/fr\/\" title=\"Wechseln zu FR\" aria-label=\"Wechseln zu FR\" class=\"elementor-sub-item\"><span class=\"wpml-ls-display\">FR<\/span><\/a><\/li>\n<\/ul>\n<\/li>\n<\/ul>\t\t\t<\/nav>\n\t\t\t\t\t\t<nav class=\"elementor-nav-menu--dropdown elementor-nav-menu__container\" aria-hidden=\"true\">\n\t\t\t\t<ul id=\"menu-2-7bf91d54\" class=\"elementor-nav-menu\"><li class=\"menu-item wpml-ls-slot-14 wpml-ls-item wpml-ls-item-de wpml-ls-current-language wpml-ls-menu-item wpml-ls-last-item menu-item-type-wpml_ls_menu_item menu-item-object-wpml_ls_menu_item menu-item-has-children menu-item-wpml-ls-14-de\"><a href=\"https:\/\/rapport-valais.ch\/de\/\" aria-current=\"page\" aria-expanded=\"false\" aria-controls=\"wpml-ls-submenu-wpml-ls-14-de\" class=\"elementor-item\" tabindex=\"-1\"><span class=\"wpml-ls-display\">DE<\/span><\/a>\n<ul class=\"sub-menu elementor-nav-menu--dropdown\">\n\t<li class=\"menu-item wpml-ls-slot-14 wpml-ls-item wpml-ls-item-fr wpml-ls-menu-item wpml-ls-first-item menu-item-type-wpml_ls_menu_item menu-item-object-wpml_ls_menu_item menu-item-wpml-ls-14-fr\"><a href=\"https:\/\/rapport-valais.ch\/fr\/\" title=\"Wechseln zu FR\" aria-label=\"Wechseln zu FR\" class=\"elementor-sub-item\" tabindex=\"-1\"><span class=\"wpml-ls-display\">FR<\/span><\/a><\/li>\n<\/ul>\n<\/li>\n<\/ul>\t\t\t<\/nav>\n\t\t\t\t\t\t<\/div>\n\t\t\t\t<\/div>\n\t\t\t\t\t<\/div>\n\t\t\t\t<\/div>\n\t\t\t\t<\/div>\n\t\t<div class=\"elementor-element elementor-element-66356717 tab-matiere e-flex e-con-boxed e-con e-parent\" data-id=\"66356717\" data-element_type=\"container\" data-e-type=\"container\">\n\t\t\t\t\t<div class=\"e-con-inner\">\n\t\t<div class=\"elementor-element elementor-element-48607e96 e-con-full e-flex e-con e-child\" data-id=\"48607e96\" data-element_type=\"container\" data-e-type=\"container\" id=\"div-content-table\" data-settings=\"{&quot;background_background&quot;:&quot;classic&quot;}\">\n\t\t\t\t<div class=\"elementor-element elementor-element-31691a65 elementor-view-default elementor-widget elementor-widget-icon\" data-id=\"31691a65\" data-element_type=\"widget\" data-e-type=\"widget\" id=\"close-icon-content-table-mobile\" data-widget_type=\"icon.default\">\n\t\t\t\t<div class=\"elementor-widget-container\">\n\t\t\t\t\t\t\t<div class=\"elementor-icon-wrapper\">\n\t\t\t<div class=\"elementor-icon\">\n\t\t\t<svg xmlns=\"http:\/\/www.w3.org\/2000\/svg\" width=\"12\" height=\"12\" viewBox=\"0 0 12 12\" fill=\"none\"><path d=\"M1 0.969666L6 5.96966L11 0.969664\" stroke=\"#D22E26\" stroke-width=\"1.5\"><\/path><path d=\"M11 11.273L6 6.27298L1 11.273\" stroke=\"#D22E26\" stroke-width=\"1.5\"><\/path><\/svg>\t\t\t<\/div>\n\t\t<\/div>\n\t\t\t\t\t\t<\/div>\n\t\t\t\t<\/div>\n\t\t\t\t<div class=\"elementor-element elementor-element-2923bac9 elementor-toc--content-ellipsis elementor-widget elementor-widget-table-of-contents\" data-id=\"2923bac9\" data-element_type=\"widget\" data-e-type=\"widget\" id=\"content-table\" data-settings=\"{&quot;headings_by_tags&quot;:[&quot;h2&quot;],&quot;exclude_headings_by_selector&quot;:[],&quot;no_headings_message&quot;:&quot;Aucun titre n\\u2019a \\u00e9t\\u00e9 trouv\\u00e9 sur cette page.&quot;,&quot;marker_view&quot;:&quot;numbers&quot;,&quot;hierarchical_view&quot;:&quot;yes&quot;,&quot;min_height&quot;:{&quot;unit&quot;:&quot;px&quot;,&quot;size&quot;:&quot;&quot;,&quot;sizes&quot;:[]},&quot;min_height_tablet&quot;:{&quot;unit&quot;:&quot;px&quot;,&quot;size&quot;:&quot;&quot;,&quot;sizes&quot;:[]},&quot;min_height_mobile&quot;:{&quot;unit&quot;:&quot;px&quot;,&quot;size&quot;:&quot;&quot;,&quot;sizes&quot;:[]}}\" data-widget_type=\"table-of-contents.default\">\n\t\t\t\t<div class=\"elementor-widget-container\">\n\t\t\t\t\t\t\t\t\t<div class=\"elementor-toc__header\">\n\t\t\t\t\t\t<h2 class=\"elementor-toc__header-title\">\n\t\t\t\tInhalt\t\t\t<\/h2>\n\t\t\t\t\t\t\t\t<\/div>\n\t\t\t\t<div id=\"elementor-toc__2923bac9\" class=\"elementor-toc__body\">\n\t\t\t<div class=\"elementor-toc__spinner-container\">\n\t\t\t\t<i class=\"elementor-toc__spinner eicon-animation-spin eicon-loading\" aria-hidden=\"true\"><\/i>\t\t\t<\/div>\n\t\t<\/div>\n\t\t\t\t\t\t<\/div>\n\t\t\t\t<\/div>\n\t\t\t\t<\/div>\n\t\t<div class=\"elementor-element elementor-element-349836e2 e-con-full e-flex e-con e-child\" data-id=\"349836e2\" data-element_type=\"container\" data-e-type=\"container\" id=\"open-div-content-table-mobile\" data-settings=\"{&quot;background_background&quot;:&quot;classic&quot;,&quot;position&quot;:&quot;fixed&quot;}\">\n\t\t\t\t<div class=\"elementor-element elementor-element-649e815 elementor-view-default elementor-widget elementor-widget-icon\" data-id=\"649e815\" data-element_type=\"widget\" data-e-type=\"widget\" id=\"open-icon-content-table-mobile\" data-widget_type=\"icon.default\">\n\t\t\t\t<div class=\"elementor-widget-container\">\n\t\t\t\t\t\t\t<div class=\"elementor-icon-wrapper\">\n\t\t\t<div class=\"elementor-icon\">\n\t\t\t<svg xmlns=\"http:\/\/www.w3.org\/2000\/svg\" width=\"17\" height=\"18\" viewBox=\"0 0 17 18\" fill=\"none\"><path d=\"M13.6678 11.2527H6.98578C6.66021 11.2527 6.35945 11.4265 6.1967 11.7083C6.03386 11.9902 6.03386 12.3376 6.1967 12.6195C6.35944 12.9014 6.66019 13.0751 6.98578 13.0751H13.6678C13.9933 13.0751 14.2941 12.9014 14.4569 12.6195C14.6197 12.3376 14.6197 11.9902 14.4569 11.7083C14.2941 11.4265 13.9934 11.2527 13.6678 11.2527Z\" fill=\"white\"><\/path><path d=\"M13.6678 16.1123H6.98578C6.66021 16.1123 6.35945 16.286 6.1967 16.5679C6.03386 16.8497 6.03386 17.1972 6.1967 17.479C6.35944 17.7609 6.66019 17.9346 6.98578 17.9346H13.6678C13.9933 17.9346 14.2941 17.7609 14.4569 17.479C14.6197 17.1972 14.6197 16.8497 14.4569 16.5679C14.2941 16.286 13.9934 16.1123 13.6678 16.1123Z\" fill=\"white\"><\/path><path d=\"M12.7566 0.925964H3.64478C2.34268 0.925964 1.13944 1.62061 0.488298 2.74833C-0.162766 3.87604 -0.162766 5.26534 0.488298 6.39305C1.13936 7.52077 2.3426 8.21542 3.64478 8.21542H12.7566C14.0587 8.21542 15.2619 7.52077 15.9131 6.39305C16.5641 5.26534 16.5641 3.87604 15.9131 2.74833C15.262 1.62061 14.0588 0.925964 12.7566 0.925964ZM12.7566 6.39305H3.64478C2.99372 6.39305 2.39211 6.04572 2.06654 5.48187C1.74107 4.91803 1.74107 4.22335 2.06654 3.65951C2.39211 3.09566 2.99374 2.74833 3.64478 2.74833H12.7566C13.4077 2.74833 14.0093 3.09566 14.3348 3.65951C14.6603 4.22335 14.6603 4.91803 14.3348 5.48187C14.0093 6.04572 13.4076 6.39305 12.7566 6.39305Z\" fill=\"white\"><\/path><path d=\"M3.03733 12.1639C3.03733 12.6672 2.6294 13.0751 2.12615 13.0751C1.6229 13.0751 1.21497 12.6672 1.21497 12.1639C1.21497 11.6607 1.6229 11.2527 2.12615 11.2527C2.6294 11.2527 3.03733 11.6607 3.03733 12.1639Z\" fill=\"white\"><\/path><path d=\"M3.03733 17.0235C3.03733 17.5267 2.6294 17.9346 2.12615 17.9346C1.6229 17.9346 1.21497 17.5267 1.21497 17.0235C1.21497 16.5202 1.6229 16.1123 2.12615 16.1123C2.6294 16.1123 3.03733 16.5202 3.03733 17.0235Z\" fill=\"white\"><\/path><\/svg>\t\t\t<\/div>\n\t\t<\/div>\n\t\t\t\t\t\t<\/div>\n\t\t\t\t<\/div>\n\t\t\t\t<\/div>\n\t\t\t\t\t<\/div>\n\t\t\t\t<\/div>\n\t\t<div class=\"elementor-element elementor-element-dbe0979 watch-on-display e-flex e-con-boxed e-con e-parent\" data-id=\"dbe0979\" data-element_type=\"container\" data-e-type=\"container\" data-settings=\"{&quot;background_background&quot;:&quot;classic&quot;,&quot;background_motion_fx_motion_fx_scrolling&quot;:&quot;yes&quot;,&quot;background_motion_fx_translateY_effect&quot;:&quot;yes&quot;,&quot;background_motion_fx_translateY_speed&quot;:{&quot;unit&quot;:&quot;px&quot;,&quot;size&quot;:3,&quot;sizes&quot;:[]},&quot;background_motion_fx_translateY_affectedRange&quot;:{&quot;unit&quot;:&quot;%&quot;,&quot;size&quot;:&quot;&quot;,&quot;sizes&quot;:{&quot;start&quot;:0,&quot;end&quot;:100}},&quot;background_motion_fx_devices&quot;:[&quot;desktop&quot;,&quot;tablet&quot;,&quot;mobile&quot;]}\">\n\t\t\t\t\t<div class=\"e-con-inner\">\n\t\t\t\t<div class=\"elementor-element elementor-element-b8598e4 animate-on-display elementor-widget elementor-widget-heading\" data-id=\"b8598e4\" data-element_type=\"widget\" data-e-type=\"widget\" data-widget_type=\"heading.default\">\n\t\t\t\t<div class=\"elementor-widget-container\">\n\t\t\t\t\t<h1 class=\"elementor-heading-title elementor-size-default\">T\u00e4tigkeitsbericht<br>\nValais\/Wallis Promotion<\/h1>\t\t\t\t<\/div>\n\t\t\t\t<\/div>\n\t\t\t\t<div class=\"elementor-element elementor-element-e09370d animate-on-display elementor-widget elementor-widget-heading\" data-id=\"e09370d\" data-element_type=\"widget\" data-e-type=\"widget\" data-widget_type=\"heading.default\">\n\t\t\t\t<div class=\"elementor-widget-container\">\n\t\t\t\t\t<h1 class=\"elementor-heading-title elementor-size-default\">2025<\/h1>\t\t\t\t<\/div>\n\t\t\t\t<\/div>\n\t\t\t\t\t<\/div>\n\t\t\t\t<\/div>\n\t\t<div class=\"elementor-element elementor-element-331cabf0 watch-on-display e-flex e-con-boxed e-con e-parent\" data-id=\"331cabf0\" data-element_type=\"container\" data-e-type=\"container\">\n\t\t\t\t\t<div class=\"e-con-inner\">\n\t\t\t\t<div class=\"elementor-element elementor-element-7930e0c4 elementor-widget elementor-widget-heading\" data-id=\"7930e0c4\" data-element_type=\"widget\" data-e-type=\"widget\" data-widget_type=\"heading.default\">\n\t\t\t\t<div class=\"elementor-widget-container\">\n\t\t\t\t\t<h2 class=\"elementor-heading-title elementor-size-default\">Vorworte.<\/h2>\t\t\t\t<\/div>\n\t\t\t\t<\/div>\n\t\t<div class=\"elementor-element elementor-element-179462b5 e-grid e-con-boxed e-con e-child\" data-id=\"179462b5\" data-element_type=\"container\" data-e-type=\"container\" data-settings=\"{&quot;background_background&quot;:&quot;classic&quot;}\">\n\t\t\t\t\t<div class=\"e-con-inner\">\n\t\t<div class=\"elementor-element elementor-element-34fd85a4 e-transform animate-on-display e-flex e-con-boxed e-con e-child\" data-id=\"34fd85a4\" data-element_type=\"container\" data-e-type=\"container\" data-settings=\"{&quot;background_background&quot;:&quot;classic&quot;,&quot;_transform_scale_effect_hover&quot;:{&quot;unit&quot;:&quot;px&quot;,&quot;size&quot;:1.02,&quot;sizes&quot;:[]},&quot;_transform_scale_effect_hover_tablet&quot;:{&quot;unit&quot;:&quot;px&quot;,&quot;size&quot;:&quot;&quot;,&quot;sizes&quot;:[]},&quot;_transform_scale_effect_hover_mobile&quot;:{&quot;unit&quot;:&quot;px&quot;,&quot;size&quot;:&quot;&quot;,&quot;sizes&quot;:[]}}\">\n\t\t\t\t\t<div class=\"e-con-inner\">\n\t\t<div class=\"elementor-element elementor-element-1106f86d e-con-full e-flex e-con e-child\" data-id=\"1106f86d\" data-element_type=\"container\" data-e-type=\"container\">\n\t\t\t\t<div class=\"elementor-element elementor-element-1f5e10c5 elementor-widget elementor-widget-image\" data-id=\"1f5e10c5\" data-element_type=\"widget\" data-e-type=\"widget\" data-widget_type=\"image.default\">\n\t\t\t\t<div class=\"elementor-widget-container\">\n\t\t\t\t\t\t\t\t\t\t\t\t\t\t\t<img decoding=\"async\" width=\"800\" height=\"832\" src=\"https:\/\/rapport-valais.ch\/wp-content\/uploads\/2025\/03\/240528-VALAIS-WALLIS-PROMOTION-DIRECTION-15-scaled-e1742998130536-985x1024.jpg\" class=\"attachment-large size-large wp-image-14801\" alt=\"\" srcset=\"https:\/\/rapport-valais.ch\/wp-content\/uploads\/2025\/03\/240528-VALAIS-WALLIS-PROMOTION-DIRECTION-15-scaled-e1742998130536-985x1024.jpg 985w, https:\/\/rapport-valais.ch\/wp-content\/uploads\/2025\/03\/240528-VALAIS-WALLIS-PROMOTION-DIRECTION-15-scaled-e1742998130536-289x300.jpg 289w, https:\/\/rapport-valais.ch\/wp-content\/uploads\/2025\/03\/240528-VALAIS-WALLIS-PROMOTION-DIRECTION-15-scaled-e1742998130536-768x798.jpg 768w, https:\/\/rapport-valais.ch\/wp-content\/uploads\/2025\/03\/240528-VALAIS-WALLIS-PROMOTION-DIRECTION-15-scaled-e1742998130536.jpg 1203w\" sizes=\"(max-width: 800px) 100vw, 800px\" \/>\t\t\t\t\t\t\t\t\t\t\t\t\t\t\t<\/div>\n\t\t\t\t<\/div>\n\t\t\t\t<\/div>\n\t\t<div class=\"elementor-element elementor-element-3eca6057 e-flex e-con-boxed e-con e-child\" data-id=\"3eca6057\" data-element_type=\"container\" data-e-type=\"container\">\n\t\t\t\t\t<div class=\"e-con-inner\">\n\t\t\t\t<div class=\"elementor-element elementor-element-488b7b37 elementor-widget elementor-widget-heading\" data-id=\"488b7b37\" data-element_type=\"widget\" data-e-type=\"widget\" data-widget_type=\"heading.default\">\n\t\t\t\t<div class=\"elementor-widget-container\">\n\t\t\t\t\t<h4 class=\"elementor-heading-title elementor-size-default\">Damian Constantin<\/h4>\t\t\t\t<\/div>\n\t\t\t\t<\/div>\n\t\t\t\t<div class=\"elementor-element elementor-element-7028ca2d elementor-widget elementor-widget-text-editor\" data-id=\"7028ca2d\" data-element_type=\"widget\" data-e-type=\"widget\" data-widget_type=\"text-editor.default\">\n\t\t\t\t<div class=\"elementor-widget-container\">\n\t\t\t\t\t\t\t\t\t<p>Ein Jahr der grossen Bilder und der grossen Solidarit\u00e4t<\/p>\t\t\t\t\t\t\t\t<\/div>\n\t\t\t\t<\/div>\n\t\t\t\t<div class=\"elementor-element elementor-element-7eda55dd elementor-button-info elementor-widget elementor-widget-button\" data-id=\"7eda55dd\" data-element_type=\"widget\" data-e-type=\"widget\" data-widget_type=\"button.default\">\n\t\t\t\t<div class=\"elementor-widget-container\">\n\t\t\t\t\t\t\t\t\t<div class=\"elementor-button-wrapper\">\n\t\t\t\t\t<a class=\"elementor-button elementor-button-link elementor-size-md\" href=\"#elementor-action%3Aaction%3Dpopup%3Aopen%26settings%3DeyJpZCI6MTYxMDgsInRvZ2dsZSI6ZmFsc2V9\">\n\t\t\t\t\t\t<span class=\"elementor-button-content-wrapper\">\n\t\t\t\t\t\t<span class=\"elementor-button-icon\">\n\t\t\t\t<svg xmlns=\"http:\/\/www.w3.org\/2000\/svg\" id=\"Calque_1\" data-name=\"Calque 1\" viewBox=\"0 0 114.5 114.5\"><defs><style>.cls-1{fill:#fafafa;}.cls-2{fill:#a8091a;}<\/style><\/defs><path class=\"cls-1\" d=\"M57.25,0A57.25,57.25,0,1,0,114.5,57.25,57.25,57.25,0,0,0,57.25,0Zm-6.1,77.9a2.6,2.6,0,0,1-3.68-3.68l17-17-17-17a2.6,2.6,0,0,1,3.68-3.68L71.8,57.25Z\"><\/path><path class=\"cls-2\" d=\"M47.47,36.6a2.6,2.6,0,0,0,0,3.68l17,17-17,17a2.6,2.6,0,0,0,3.68,3.68L71.8,57.25,51.15,36.6A2.6,2.6,0,0,0,47.47,36.6Z\"><\/path><\/svg>\t\t\t<\/span>\n\t\t\t\t\t\t\t\t\t<span class=\"elementor-button-text\">Vorwort lesen<\/span>\n\t\t\t\t\t<\/span>\n\t\t\t\t\t<\/a>\n\t\t\t\t<\/div>\n\t\t\t\t\t\t\t\t<\/div>\n\t\t\t\t<\/div>\n\t\t\t\t\t<\/div>\n\t\t\t\t<\/div>\n\t\t\t\t\t<\/div>\n\t\t\t\t<\/div>\n\t\t<div class=\"elementor-element elementor-element-747e1ba2 e-transform animate-on-display e-flex e-con-boxed e-con e-child\" data-id=\"747e1ba2\" data-element_type=\"container\" data-e-type=\"container\" data-settings=\"{&quot;background_background&quot;:&quot;classic&quot;,&quot;_transform_scale_effect_hover&quot;:{&quot;unit&quot;:&quot;px&quot;,&quot;size&quot;:1.02,&quot;sizes&quot;:[]},&quot;_transform_scale_effect_hover_tablet&quot;:{&quot;unit&quot;:&quot;px&quot;,&quot;size&quot;:&quot;&quot;,&quot;sizes&quot;:[]},&quot;_transform_scale_effect_hover_mobile&quot;:{&quot;unit&quot;:&quot;px&quot;,&quot;size&quot;:&quot;&quot;,&quot;sizes&quot;:[]}}\">\n\t\t\t\t\t<div class=\"e-con-inner\">\n\t\t<div class=\"elementor-element elementor-element-4416a13c e-con-full e-flex e-con e-child\" data-id=\"4416a13c\" data-element_type=\"container\" data-e-type=\"container\">\n\t\t\t\t<div class=\"elementor-element elementor-element-50ae13b3 elementor-widget elementor-widget-image\" data-id=\"50ae13b3\" data-element_type=\"widget\" data-e-type=\"widget\" data-widget_type=\"image.default\">\n\t\t\t\t<div class=\"elementor-widget-container\">\n\t\t\t\t\t\t\t\t\t\t\t\t\t\t\t<img decoding=\"async\" width=\"800\" height=\"845\" src=\"https:\/\/rapport-valais.ch\/wp-content\/uploads\/2025\/03\/240528-VALAIS-WALLIS-PROMOTION-DIRECTION-16-scaled-e1742998157847-970x1024.jpg\" class=\"attachment-large size-large wp-image-14799\" alt=\"\" srcset=\"https:\/\/rapport-valais.ch\/wp-content\/uploads\/2025\/03\/240528-VALAIS-WALLIS-PROMOTION-DIRECTION-16-scaled-e1742998157847-970x1024.jpg 970w, https:\/\/rapport-valais.ch\/wp-content\/uploads\/2025\/03\/240528-VALAIS-WALLIS-PROMOTION-DIRECTION-16-scaled-e1742998157847-284x300.jpg 284w, https:\/\/rapport-valais.ch\/wp-content\/uploads\/2025\/03\/240528-VALAIS-WALLIS-PROMOTION-DIRECTION-16-scaled-e1742998157847-768x811.jpg 768w, https:\/\/rapport-valais.ch\/wp-content\/uploads\/2025\/03\/240528-VALAIS-WALLIS-PROMOTION-DIRECTION-16-scaled-e1742998157847.jpg 1216w\" sizes=\"(max-width: 800px) 100vw, 800px\" \/>\t\t\t\t\t\t\t\t\t\t\t\t\t\t\t<\/div>\n\t\t\t\t<\/div>\n\t\t\t\t<\/div>\n\t\t<div class=\"elementor-element elementor-element-7aaab9a6 e-flex e-con-boxed e-con e-child\" data-id=\"7aaab9a6\" data-element_type=\"container\" data-e-type=\"container\">\n\t\t\t\t\t<div class=\"e-con-inner\">\n\t\t\t\t<div class=\"elementor-element elementor-element-522fc734 elementor-widget elementor-widget-heading\" data-id=\"522fc734\" data-element_type=\"widget\" data-e-type=\"widget\" data-widget_type=\"heading.default\">\n\t\t\t\t<div class=\"elementor-widget-container\">\n\t\t\t\t\t<h4 class=\"elementor-heading-title elementor-size-default\">Julien Moulin<\/h4>\t\t\t\t<\/div>\n\t\t\t\t<\/div>\n\t\t\t\t<div class=\"elementor-element elementor-element-4d4589db elementor-widget elementor-widget-text-editor\" data-id=\"4d4589db\" data-element_type=\"widget\" data-e-type=\"widget\" data-widget_type=\"text-editor.default\">\n\t\t\t\t<div class=\"elementor-widget-container\">\n\t\t\t\t\t\t\t\t\t<p>Das Wallis Schritt f\u00fcr Schritt erleben<\/p>\t\t\t\t\t\t\t\t<\/div>\n\t\t\t\t<\/div>\n\t\t\t\t<div class=\"elementor-element elementor-element-10ce084a elementor-button-info elementor-widget elementor-widget-button\" data-id=\"10ce084a\" data-element_type=\"widget\" data-e-type=\"widget\" data-widget_type=\"button.default\">\n\t\t\t\t<div class=\"elementor-widget-container\">\n\t\t\t\t\t\t\t\t\t<div class=\"elementor-button-wrapper\">\n\t\t\t\t\t<a class=\"elementor-button elementor-button-link elementor-size-md\" href=\"#elementor-action%3Aaction%3Dpopup%3Aopen%26settings%3DeyJpZCI6MTYzNTcsInRvZ2dsZSI6ZmFsc2V9\">\n\t\t\t\t\t\t<span class=\"elementor-button-content-wrapper\">\n\t\t\t\t\t\t<span class=\"elementor-button-icon\">\n\t\t\t\t<svg xmlns=\"http:\/\/www.w3.org\/2000\/svg\" id=\"Calque_1\" data-name=\"Calque 1\" viewBox=\"0 0 114.5 114.5\"><defs><style>.cls-1{fill:#fafafa;}.cls-2{fill:#a8091a;}<\/style><\/defs><path class=\"cls-1\" d=\"M57.25,0A57.25,57.25,0,1,0,114.5,57.25,57.25,57.25,0,0,0,57.25,0Zm-6.1,77.9a2.6,2.6,0,0,1-3.68-3.68l17-17-17-17a2.6,2.6,0,0,1,3.68-3.68L71.8,57.25Z\"><\/path><path class=\"cls-2\" d=\"M47.47,36.6a2.6,2.6,0,0,0,0,3.68l17,17-17,17a2.6,2.6,0,0,0,3.68,3.68L71.8,57.25,51.15,36.6A2.6,2.6,0,0,0,47.47,36.6Z\"><\/path><\/svg>\t\t\t<\/span>\n\t\t\t\t\t\t\t\t\t<span class=\"elementor-button-text\">Vorwort lesen<\/span>\n\t\t\t\t\t<\/span>\n\t\t\t\t\t<\/a>\n\t\t\t\t<\/div>\n\t\t\t\t\t\t\t\t<\/div>\n\t\t\t\t<\/div>\n\t\t\t\t\t<\/div>\n\t\t\t\t<\/div>\n\t\t\t\t\t<\/div>\n\t\t\t\t<\/div>\n\t\t\t\t\t<\/div>\n\t\t\t\t<\/div>\n\t\t\t\t\t<\/div>\n\t\t\t\t<\/div>\n\t\t<div class=\"elementor-element elementor-element-2e59549 watch-on-display e-flex e-con-boxed e-con e-parent\" data-id=\"2e59549\" data-element_type=\"container\" data-e-type=\"container\" data-settings=\"{&quot;animation&quot;:&quot;none&quot;,&quot;animation_delay&quot;:20}\">\n\t\t\t\t\t<div class=\"e-con-inner\">\n\t\t\t\t<div class=\"elementor-element elementor-element-1752cc4d animate-on-display elementor-widget elementor-widget-heading\" data-id=\"1752cc4d\" data-element_type=\"widget\" data-e-type=\"widget\" data-widget_type=\"heading.default\">\n\t\t\t\t<div class=\"elementor-widget-container\">\n\t\t\t\t\t<h2 class=\"elementor-heading-title elementor-size-default\">Mandat.<\/h2>\t\t\t\t<\/div>\n\t\t\t\t<\/div>\n\t\t\t\t<div class=\"elementor-element elementor-element-8c426df elementor-widget elementor-widget-text-editor\" data-id=\"8c426df\" data-element_type=\"widget\" data-e-type=\"widget\" data-widget_type=\"text-editor.default\">\n\t\t\t\t<div class=\"elementor-widget-container\">\n\t\t\t\t\t\t\t\t\t<p>Am 14. Juni 2012 entschied der Grosse Rat des Kantons Wallis einstimmig die Gr\u00fcndung einer einzigen branchen\u00fcbergreifenden und unabh\u00e4ngigen Unternehmung zur F\u00f6rderung des Wallis. Artikel\u00a015bis des Gesetzes \u00fcber die kantonale Wirtschaftspolitik vom 11.\u00a0Februar 2000 legt die folgenden Ziele f\u00fcr diese Unternehmung fest: Sie zieht durch gezielte Promotion Besuchende, Investitionen und Unternehmen an und unterst\u00fctzt den Export von im Wallis hergestellten G\u00fctern und Dienstleistungen. Sie sorgt ausserdem f\u00fcr eine einheitliche Markenf\u00fchrung und tr\u00e4gt den Besonderheiten der branchenspezifischen Promotionsprozesse Rechnung. Ihre T\u00e4tigkeit ist auf die Bed\u00fcrfnisse des Markts ausgerichtet, und sie arbeitet eng mit den verschiedenen Branchenvertretenden zusammen.<\/p><p>Im Dezember 2023 beschloss das Walliser Parlament mit grosser Mehrheit, den j\u00e4hrlich zugesprochenen kantonalen Subventionsbetrag in H\u00f6he von 11.5\u00a0Millionen Franken um vier Jahre zu verl\u00e4ngern. Diese Entscheidung, die der Empfehlung des Staatsrats folgte, erm\u00f6glicht die Kontinuit\u00e4t der bestehenden Aktivit\u00e4ten des branchen\u00fcbergreifenden Promotionsunternehmens. Sie zeugt auch vom Vertrauen, das der Kanton und die Politik VWP entgegenbringen.<\/p><p><a href=\"https:\/\/vwpnet.ch\/de\/seiten\/uber-uns\/valais-wallis-promotion\/die-walliser-promotionsunternehmung-342\" target=\"_blank\" rel=\"noopener\">Mehr erfahren<\/a><\/p>\t\t\t\t\t\t\t\t<\/div>\n\t\t\t\t<\/div>\n\t\t\t\t\t<\/div>\n\t\t\t\t<\/div>\n\t\t<div class=\"elementor-element elementor-element-4d6f562c watch-on-display e-flex e-con-boxed e-con e-parent\" data-id=\"4d6f562c\" data-element_type=\"container\" data-e-type=\"container\" data-settings=\"{&quot;animation&quot;:&quot;none&quot;,&quot;animation_delay&quot;:20}\">\n\t\t\t\t\t<div class=\"e-con-inner\">\n\t\t\t\t<div class=\"elementor-element elementor-element-176aae9 animate-on-display elementor-widget elementor-widget-heading\" data-id=\"176aae9\" data-element_type=\"widget\" data-e-type=\"widget\" data-widget_type=\"heading.default\">\n\t\t\t\t<div class=\"elementor-widget-container\">\n\t\t\t\t\t<h2 class=\"elementor-heading-title elementor-size-default\">Strategie.<\/h2>\t\t\t\t<\/div>\n\t\t\t\t<\/div>\n\t\t\t\t<div class=\"elementor-element elementor-element-c1959b4 animate-on-display elementor-widget elementor-widget-text-editor\" data-id=\"c1959b4\" data-element_type=\"widget\" data-e-type=\"widget\" data-widget_type=\"text-editor.default\">\n\t\t\t\t<div class=\"elementor-widget-container\">\n\t\t\t\t\t\t\t\t\t<h3>Strategie 2025-2028<\/h3>\n<p style=\"font-weight: 400;\">Die Strategie 2025\u20132028 schliesst an diejenige von 2021\u20132024 an. Valais\/Wallis Promotion m\u00f6chte damit die bisherige Strategie fortf\u00fchren und zugleich mit seinen Partnern einen nachhaltigen Mehrwert f\u00fcr den Kanton schaffen. VWP richtet seine Organisation konsequent auf die Hauptm\u00e4rkte Schweiz, Europa und die Fernm\u00e4rkte aus.<\/p><p style=\"font-weight: 400;\">Auf operativer Ebene strebt das Unternehmen eine flexible Projektorganisation mit spezialisierten und thematischen Kompetenzen an, damit es noch gezielter auf die Bed\u00fcrfnisse ihrer Kundschaft und Partner eingehen kann.<\/p>\n<p><a href=\"https:\/\/www.vwpnet.ch\/media\/document\/0\/VWP_RS%2025-28_A4_DE_RVB_20240606.pdf\" target=\"_blank\" rel=\"noopener\">Zur Strategie<\/a><\/p>\t\t\t\t\t\t\t\t<\/div>\n\t\t\t\t<\/div>\n\t\t\t\t\t<\/div>\n\t\t\t\t<\/div>\n\t\t<div class=\"elementor-element elementor-element-0b70233 watch-on-display e-flex e-con-boxed e-con e-parent\" data-id=\"0b70233\" data-element_type=\"container\" data-e-type=\"container\">\n\t\t\t\t\t<div class=\"e-con-inner\">\n\t\t<div class=\"elementor-element elementor-element-ea0a036 e-con-full e-flex e-con e-child\" data-id=\"ea0a036\" data-element_type=\"container\" data-e-type=\"container\">\n\t\t\t\t<div class=\"elementor-element elementor-element-9d506e7 animate-on-display elementor-widget elementor-widget-text-editor\" data-id=\"9d506e7\" data-element_type=\"widget\" data-e-type=\"widget\" data-widget_type=\"text-editor.default\">\n\t\t\t\t<div class=\"elementor-widget-container\">\n\t\t\t\t\t\t\t\t\t<h3>Gesellschaftliche Verantwortung von VWP<\/h3><p>Nachhaltigkeit ist seit mehreren Jahren ein selbstverst\u00e4ndlicher Bestandteil der Aktivit\u00e4ten von VWP und bildet nun einen zentralen Bestandteil der Strategie 2025\u20132028. VWP ist seit seiner Gr\u00fcndung mit dem Label <em data-start=\"299\" data-end=\"318\">Valais Excellence<\/em> zertifiziert und tr\u00e4gt das Label <em data-start=\"352\" data-end=\"367\">Swisstainable<\/em> Stufe III (Leading). Im Jahr 2024 wurde ein internes Kompetenzzentrum eingerichtet und eine externe Agentur beauftragt, um VWP in der Positionierung zu unterst\u00fctzen \u2013 mit dem Ziel, \u201eeine klare, zug\u00e4ngliche und wirksame Strategie f\u00fcr gesellschaftliche Verantwortung (CSR) zu strukturieren\u201c.<\/p><p data-start=\"659\" data-end=\"1242\">Eine umfassende Analyse erm\u00f6glichte es, bestehende Good Practices zu identifizieren, Entwicklungsschwerpunkte zu definieren und die Grundlage f\u00fcr ein langfristiges Engagement zu legen. So wurden sechs strategische Priorit\u00e4ten festgelegt, um das Wallis von morgen aktiv mitzugestalten. Parallel dazu wird VWP eine CO\u2082-Bilanz erstellen, um konkrete Ma\u00dfnahmen zur Reduktion der Emissionen abzuleiten. Dieses Vorgehen unterstreicht das Engagement von VWP, eine Vorbildfunktion einzunehmen und aktiv zur \u00f6kologisch, wirtschaftlich und sozial nachhaltigen Entwicklung des Wallis beizutragen.<\/p><p><a href=\"https:\/\/www.vwpnet.ch\/de\/seiten\/gesellschaftliche-verantwortung-von-valais-wallis-promotion-3911\" target=\"_blank\" rel=\"noopener\">Weitere Informationen<\/a><\/p>\t\t\t\t\t\t\t\t<\/div>\n\t\t\t\t<\/div>\n\t\t\t\t<\/div>\n\t\t<div class=\"elementor-element elementor-element-c805223 e-con-full e-flex e-con e-child\" data-id=\"c805223\" data-element_type=\"container\" data-e-type=\"container\">\n\t\t\t\t<div class=\"elementor-element elementor-element-effbaf7 animate-on-display elementor-widget elementor-widget-image\" data-id=\"effbaf7\" data-element_type=\"widget\" data-e-type=\"widget\" data-widget_type=\"image.default\">\n\t\t\t\t<div class=\"elementor-widget-container\">\n\t\t\t\t\t\t\t\t\t\t\t\t\t\t\t\t<a href=\"https:\/\/rapport-valais.ch\/wp-content\/uploads\/2025\/05\/Bildschirmfoto-2025-05-13-um-12.20.35.png\" data-elementor-open-lightbox=\"yes\" data-elementor-lightbox-title=\"Bildschirmfoto 2025-05-13 um 12.20.35\" data-e-action-hash=\"#elementor-action%3Aaction%3Dlightbox%26settings%3DeyJpZCI6MTU1MTEsInVybCI6Imh0dHBzOlwvXC9yYXBwb3J0LXZhbGFpcy5jaFwvd3AtY29udGVudFwvdXBsb2Fkc1wvMjAyNVwvMDVcL0JpbGRzY2hpcm1mb3RvLTIwMjUtMDUtMTMtdW0tMTIuMjAuMzUucG5nIn0%3D\">\n\t\t\t\t\t\t\t<img loading=\"lazy\" decoding=\"async\" width=\"800\" height=\"889\" src=\"https:\/\/rapport-valais.ch\/wp-content\/uploads\/2025\/05\/Bildschirmfoto-2025-05-13-um-12.20.35-922x1024.png\" class=\"attachment-large size-large wp-image-15511\" alt=\"\" srcset=\"https:\/\/rapport-valais.ch\/wp-content\/uploads\/2025\/05\/Bildschirmfoto-2025-05-13-um-12.20.35-922x1024.png 922w, https:\/\/rapport-valais.ch\/wp-content\/uploads\/2025\/05\/Bildschirmfoto-2025-05-13-um-12.20.35-270x300.png 270w, https:\/\/rapport-valais.ch\/wp-content\/uploads\/2025\/05\/Bildschirmfoto-2025-05-13-um-12.20.35-768x853.png 768w, https:\/\/rapport-valais.ch\/wp-content\/uploads\/2025\/05\/Bildschirmfoto-2025-05-13-um-12.20.35.png 1030w\" sizes=\"(max-width: 800px) 100vw, 800px\" \/>\t\t\t\t\t\t\t\t<\/a>\n\t\t\t\t\t\t\t\t\t\t\t\t\t\t\t<\/div>\n\t\t\t\t<\/div>\n\t\t\t\t<\/div>\n\t\t\t\t\t<\/div>\n\t\t\t\t<\/div>\n\t\t<div class=\"elementor-element elementor-element-7af9f76 e-flex e-con-boxed e-con e-parent\" data-id=\"7af9f76\" data-element_type=\"container\" data-e-type=\"container\">\n\t\t\t\t\t<div class=\"e-con-inner\">\n\t\t<div class=\"elementor-element elementor-element-9b3c24d e-con-full e-flex e-con e-child\" data-id=\"9b3c24d\" data-element_type=\"container\" data-e-type=\"container\">\n\t\t<div class=\"elementor-element elementor-element-4a944f9 e-con-full watch-on-display e-flex e-con e-child\" data-id=\"4a944f9\" data-element_type=\"container\" data-e-type=\"container\" data-settings=\"{&quot;background_background&quot;:&quot;classic&quot;,&quot;position&quot;:&quot;absolute&quot;}\">\n\t\t\t\t<div class=\"elementor-element elementor-element-e55b244 animate-on-display elementor-widget elementor-widget-heading\" data-id=\"e55b244\" data-element_type=\"widget\" data-e-type=\"widget\" id=\"Das Alpenmanifest\" data-widget_type=\"heading.default\">\n\t\t\t\t<div class=\"elementor-widget-container\">\n\t\t\t\t\t<h3 class=\"elementor-heading-title elementor-size-default\">Das Alpenmanifest.<\/h3>\t\t\t\t<\/div>\n\t\t\t\t<\/div>\n\t\t\t\t<div class=\"elementor-element elementor-element-3c468b8 animate-on-display elementor-widget elementor-widget-text-editor\" data-id=\"3c468b8\" data-element_type=\"widget\" data-e-type=\"widget\" data-widget_type=\"text-editor.default\">\n\t\t\t\t<div class=\"elementor-widget-container\">\n\t\t\t\t\t\t\t\t\t<p style=\"font-weight: 400;\">Im Juni 2025 pr\u00e4sentierte das Tourismusnetzwerk AlpNet am AlpenKlimaGipfel auf der Zugspitze das Alpenmanifest. Neun Destinationen aus Deutschland, \u00d6sterreich, der Schweiz und Italien bekennen sich darin zu einem verantwortungsvollen und nachhaltigen Tourismus im Alpenraum. Das Manifest formuliert zehn Leitprinzipien und zeigt anhand konkreter Projekte, wie nachhaltiger Alpentourismus umgesetzt wird. Mit ihrer Beteiligung unterstreicht Valais\/Wallis Promotion das Engagement des Wallis f\u00fcr eine zukunftsf\u00e4hige Entwicklung und die Zusammenarbeit \u00fcber Landesgrenzen hinweg.<\/p>\t\t\t\t\t\t\t\t<\/div>\n\t\t\t\t<\/div>\n\t\t\t\t<div class=\"elementor-element elementor-element-90c1ed7 animate-on-display elementor-widget elementor-widget-button\" data-id=\"90c1ed7\" data-element_type=\"widget\" data-e-type=\"widget\" data-widget_type=\"button.default\">\n\t\t\t\t<div class=\"elementor-widget-container\">\n\t\t\t\t\t\t\t\t\t<div class=\"elementor-button-wrapper\">\n\t\t\t\t\t<a class=\"elementor-button elementor-button-link elementor-size-md\" href=\"https:\/\/www.vwpnet.ch\/de\/news\/partnerinformation\/alpenmanifest-ein-neuer-kurs-fur-einen-verantwortungsvollen-alpentourismus-3961\" target=\"_blank\">\n\t\t\t\t\t\t<span class=\"elementor-button-content-wrapper\">\n\t\t\t\t\t\t<span class=\"elementor-button-icon\">\n\t\t\t\t<svg xmlns=\"http:\/\/www.w3.org\/2000\/svg\" id=\"Calque_1\" data-name=\"Calque 1\" viewBox=\"0 0 114.5 114.5\"><defs><style>.cls-1{fill:#fafafa;}.cls-2{fill:#a8091a;}<\/style><\/defs><path class=\"cls-1\" d=\"M57.25,0A57.25,57.25,0,1,0,114.5,57.25,57.25,57.25,0,0,0,57.25,0Zm-6.1,77.9a2.6,2.6,0,0,1-3.68-3.68l17-17-17-17a2.6,2.6,0,0,1,3.68-3.68L71.8,57.25Z\"><\/path><path class=\"cls-2\" d=\"M47.47,36.6a2.6,2.6,0,0,0,0,3.68l17,17-17,17a2.6,2.6,0,0,0,3.68,3.68L71.8,57.25,51.15,36.6A2.6,2.6,0,0,0,47.47,36.6Z\"><\/path><\/svg>\t\t\t<\/span>\n\t\t\t\t\t\t\t\t\t<span class=\"elementor-button-text\">Mehr erfahren<\/span>\n\t\t\t\t\t<\/span>\n\t\t\t\t\t<\/a>\n\t\t\t\t<\/div>\n\t\t\t\t\t\t\t\t<\/div>\n\t\t\t\t<\/div>\n\t\t\t\t<\/div>\n\t\t\t\t<\/div>\n\t\t<div class=\"elementor-element elementor-element-13445f7 e-flex e-con-boxed e-con e-child\" data-id=\"13445f7\" data-element_type=\"container\" data-e-type=\"container\" data-settings=\"{&quot;background_background&quot;:&quot;classic&quot;,&quot;background_motion_fx_motion_fx_scrolling&quot;:&quot;yes&quot;,&quot;background_motion_fx_translateY_effect&quot;:&quot;yes&quot;,&quot;background_motion_fx_translateY_speed&quot;:{&quot;unit&quot;:&quot;px&quot;,&quot;size&quot;:2,&quot;sizes&quot;:[]},&quot;background_motion_fx_translateY_affectedRange&quot;:{&quot;unit&quot;:&quot;%&quot;,&quot;size&quot;:&quot;&quot;,&quot;sizes&quot;:{&quot;start&quot;:0,&quot;end&quot;:100}},&quot;background_motion_fx_devices&quot;:[&quot;desktop&quot;,&quot;tablet&quot;,&quot;mobile&quot;]}\">\n\t\t\t\t\t<div class=\"e-con-inner\">\n\t\t\t\t\t<\/div>\n\t\t\t\t<\/div>\n\t\t\t\t\t<\/div>\n\t\t\t\t<\/div>\n\t\t<div class=\"elementor-element elementor-element-50a8655 watch-on-display e-flex e-con-boxed e-con e-parent\" data-id=\"50a8655\" data-element_type=\"container\" data-e-type=\"container\">\n\t\t\t\t\t<div class=\"e-con-inner\">\n\t\t\t\t<div class=\"elementor-element elementor-element-7ae1355 animate-on-display elementor-widget elementor-widget-heading\" data-id=\"7ae1355\" data-element_type=\"widget\" data-e-type=\"widget\" data-widget_type=\"heading.default\">\n\t\t\t\t<div class=\"elementor-widget-container\">\n\t\t\t\t\t<h2 class=\"elementor-heading-title elementor-size-default\">Video 2025 in Arbeit<\/h2>\t\t\t\t<\/div>\n\t\t\t\t<\/div>\n\t\t\t\t<div class=\"elementor-element elementor-element-f7db8f5 elementor-widget elementor-widget-video\" data-id=\"f7db8f5\" data-element_type=\"widget\" data-e-type=\"widget\" data-settings=\"{&quot;youtube_url&quot;:&quot;https:\\\/\\\/www.youtube.com\\\/watch?v=j9tLfeZvXAU&quot;,&quot;video_type&quot;:&quot;youtube&quot;,&quot;controls&quot;:&quot;yes&quot;}\" data-widget_type=\"video.default\">\n\t\t\t\t<div class=\"elementor-widget-container\">\n\t\t\t\t\t\t\t<div class=\"elementor-wrapper elementor-open-inline\">\n\t\t\t<div class=\"elementor-video\"><\/div>\t\t<\/div>\n\t\t\t\t\t\t<\/div>\n\t\t\t\t<\/div>\n\t\t\t\t\t<\/div>\n\t\t\t\t<\/div>\n\t\t<div class=\"elementor-element elementor-element-9080f51 e-con-full e-flex e-con e-parent\" data-id=\"9080f51\" data-element_type=\"container\" data-e-type=\"container\">\n\t\t<div class=\"elementor-element elementor-element-68e2e2e e-flex e-con-boxed e-con e-child\" data-id=\"68e2e2e\" data-element_type=\"container\" data-e-type=\"container\">\n\t\t\t\t\t<div class=\"e-con-inner\">\n\t\t\t\t<div class=\"elementor-element elementor-element-a6e82f0 animate-on-display elementor-widget elementor-widget-heading\" data-id=\"a6e82f0\" data-element_type=\"widget\" data-e-type=\"widget\" data-widget_type=\"heading.default\">\n\t\t\t\t<div class=\"elementor-widget-container\">\n\t\t\t\t\t<h2 class=\"elementor-heading-title elementor-size-default\">Meilensteine.<\/h2>\t\t\t\t<\/div>\n\t\t\t\t<\/div>\n\t\t\t\t\t<\/div>\n\t\t\t\t<\/div>\n\t\t\t\t<div class=\"elementor-element elementor-element-3b00928 elementor-widget elementor-widget-valdev-timeline\" data-id=\"3b00928\" data-element_type=\"widget\" data-e-type=\"widget\" data-widget_type=\"valdev-timeline.default\">\n\t\t\t\t<div class=\"elementor-widget-container\">\n\t\t\t\t\t<script>\n    const animateTimeline = (entries) => {\n        entries.forEach((entry) => {\n        const elementsToAnimate = entry.target.querySelectorAll('.animate-timeline')\n        if (entry.isIntersecting) elementsToAnimate.forEach((elementToAnimate) => elementToAnimate.classList.add('ae-timeline'))\n        else elementsToAnimate.forEach((elementToAnimate) => elementToAnimate.classList.remove('ae-timeline'))\n        })\n    }\n\n    const observertimeline = new IntersectionObserver(animateTimeline)\n\n    document.addEventListener(\"DOMContentLoaded\", () => {\n        document.querySelectorAll('.watch-timeline').forEach((element) => observertimeline.observe(element))\n        var elements = document.getElementsByClassName(\"animate-timeline\");\n            for (var i = 0; i < elements.length; i++) {\n            elements[i].style.visibility = \"hidden\";\n        }\n    })\n<\/script>\n<div class=\"main-ctn\">\n    <div class=\"grid-ctn watch-timeline\">\n\n        \n                                    <a class=\"card-ctn animate-timeline janvier\" href=\"#Erneuerung Mandat Valais Film Commission\">\n                        <div class=\"card haveLink\">\n                                                            <img decoding=\"async\" src=\"https:\/\/rapport-valais.ch\/wp-content\/uploads\/2026\/03\/VFC_MFB_BTS_DT11_Simplon_021_\u00a9-Atlantis-Pictures-ltd-scaled.jpg\">\n                                                        <div class=\"txt\">Erneuerung Mandat Valais Film Commission<\/div>\n                            <span class=\"btn\">Entdecken<\/span>\n                        <\/div>\n                        <div class=\"line-ctn\">\n                                                            <span class=\"month-name \">Januar<\/span>\n                                                    <\/div>\n                    <\/a>\n                \n\n            \n        \n                                    <a class=\"card-ctn animate-timeline fevrier\" href=\"#FIS Ski-Weltcup Crans-Montana\">\n                        <div class=\"card haveLink\">\n                                                            <img decoding=\"async\" src=\"https:\/\/rapport-valais.ch\/wp-content\/uploads\/2026\/03\/cdm25_MarcoOdermattArrivee_360DSM-scaled.jpg\">\n                                                        <div class=\"txt\">FIS Ski-Weltcup Crans-Montana<\/div>\n                            <span class=\"btn\">Entdecken<\/span>\n                        <\/div>\n                        <div class=\"line-ctn\">\n                                                            <span class=\"month-name \">Februar<\/span>\n                                                    <\/div>\n                    <\/a>\n                \n\n            \n        \n                                    <a class=\"card-ctn animate-timeline mars\" href=\"#ISMF WM im Skibergsteigen in Morgins\">\n                        <div class=\"card haveLink\">\n                                                            <img decoding=\"async\" src=\"https:\/\/rapport-valais.ch\/wp-content\/uploads\/2026\/03\/ISMF-WM-Morgins-scaled-e1773660254607.jpg\">\n                                                        <div class=\"txt\">ISMF WM im Skibergsteigen in Morgins<\/div>\n                            <span class=\"btn\">Entdecken<\/span>\n                        <\/div>\n                        <div class=\"line-ctn\">\n                                                            <span class=\"month-name \">M\u00e4rz<\/span>\n                                                    <\/div>\n                    <\/a>\n                \n\n            \n        \n                                    <a class=\"card-ctn animate-timeline avril\">\n                        <div class=\"card\">\n                                                            <img decoding=\"async\" src=\"https:\/\/rapport-valais.ch\/wp-content\/uploads\/2026\/03\/AG-MRAG-2025-5_cValais_Wallis-Promotion-1-scaled.jpg\">\n                                                        <div class=\"txt\">Generalversammlung der Matterhorn Region AG<\/div>\n                        <\/div>\n                        <div class=\"line-ctn\">\n                                                            <span class=\"month-name \">April<\/span>\n                                                    <\/div>\n                    <\/a>\n                \n\n            \n        \n                                    <a class=\"card-ctn animate-timeline mai\">\n                        <div class=\"card\">\n                                                            <img decoding=\"async\" src=\"https:\/\/rapport-valais.ch\/wp-content\/uploads\/2026\/03\/GV-VWP-2025-scaled-e1773661519161.jpg\">\n                                                        <div class=\"txt\">Generalversammlung von Valais\/Wallis Promotion<\/div>\n                        <\/div>\n                        <div class=\"line-ctn\">\n                                                    <\/div>\n                    <\/a>\n                \n\n            \n                                    <a class=\"card-ctn animate-timeline mai\" href=\"#Cycle Week Z\u00fcrich\">\n                        <div class=\"card haveLink\">\n                                                            <img decoding=\"async\" src=\"https:\/\/rapport-valais.ch\/wp-content\/uploads\/2026\/03\/Cycle-Week-2.jpg\">\n                                                        <div class=\"txt\">Cycle Week in Z\u00fcrich<\/div>\n                            <span class=\"btn\">Entdecken<\/span>\n                        <\/div>\n                        <div class=\"line-ctn\">\n                                                            <span class=\"month-name half\">Mai<\/span>\n                                                    <\/div>\n                    <\/a>\n                \n\n            \n                                    <a class=\"card-ctn animate-timeline mai\" href=\"#Nationales Finale der Eringerrasse\">\n                        <div class=\"card haveLink\">\n                                                            <img decoding=\"async\" src=\"https:\/\/rapport-valais.ch\/wp-content\/uploads\/2026\/03\/Eringer-Aproz-Finale-2025-scaled.jpg\">\n                                                        <div class=\"txt\">Nationales Finale der Eringerrasse<\/div>\n                            <span class=\"btn\">Entdecken<\/span>\n                        <\/div>\n                        <div class=\"line-ctn\">\n                                                    <\/div>\n                    <\/a>\n                \n\n            \n                                    <a class=\"card-ctn animate-timeline mai\" href=\"#Mein Herz schl\u00e4gt f\u00fcr das L\u00f6tschental\">\n                        <div class=\"card haveLink\">\n                                                            <img decoding=\"async\" src=\"https:\/\/rapport-valais.ch\/wp-content\/uploads\/2026\/03\/Mein-Herz-Lotschental_DE-e1773662424581.jpeg\">\n                                                        <div class=\"txt\">Mein Herz schl\u00e4gt f\u00fcr das L\u00f6tschental<\/div>\n                            <span class=\"btn\">Entdecken<\/span>\n                        <\/div>\n                        <div class=\"line-ctn\">\n                                                    <\/div>\n                    <\/a>\n                \n\n            \n        \n                                    <a class=\"card-ctn animate-timeline juin\" href=\"#Das Alpenmanifest\">\n                        <div class=\"card haveLink\">\n                                                            <img decoding=\"async\" src=\"https:\/\/rapport-valais.ch\/wp-content\/uploads\/2026\/03\/AlpNet_Principles_Illustration.jpg\">\n                                                        <div class=\"txt\">Das Alpenmanifest<\/div>\n                            <span class=\"btn\">Entdecken<\/span>\n                        <\/div>\n                        <div class=\"line-ctn\">\n                                                            <span class=\"month-name \">Juni<\/span>\n                                                    <\/div>\n                    <\/a>\n                \n\n            \n        \n                                    <a class=\"card-ctn animate-timeline juillet\" href=\"#UEFA Frauenfussball-EM\">\n                        <div class=\"card haveLink\">\n                                                            <img decoding=\"async\" src=\"https:\/\/rapport-valais.ch\/wp-content\/uploads\/2026\/03\/WEuro-2025-scaled.jpg\">\n                                                        <div class=\"txt\">UEFA Frauenfussball-EM<\/div>\n                            <span class=\"btn\">Entdecken<\/span>\n                        <\/div>\n                        <div class=\"line-ctn\">\n                                                            <span class=\"month-name half\">Juli<\/span>\n                                                    <\/div>\n                    <\/a>\n                \n\n            \n                                    <a class=\"card-ctn animate-timeline juillet\" href=\"#Digitaler Saisonkalender f\u00fcr regionale Produkte\">\n                        <div class=\"card haveLink\">\n                                                            <img decoding=\"async\" src=\"https:\/\/rapport-valais.ch\/wp-content\/uploads\/2026\/03\/VWP_Fruit-et-Legumes_072-H-OK-13-scaled.jpg\">\n                                                        <div class=\"txt\">Digitaler Saisonkalender f\u00fcr regionale Produkte<\/div>\n                            <span class=\"btn\">Entdecken<\/span>\n                        <\/div>\n                        <div class=\"line-ctn\">\n                                                    <\/div>\n                    <\/a>\n                \n\n            \n        \n                                    <a class=\"card-ctn animate-timeline aout\" href=\"#Omega European Masters\">\n                        <div class=\"card haveLink\">\n                                                            <img decoding=\"async\" src=\"https:\/\/rapport-valais.ch\/wp-content\/uploads\/2026\/03\/OEM25_Green13_Wallace_Lawrence_Fitzpatrick_DeprezPhoto-scaled.jpg\">\n                                                        <div class=\"txt\">Omega European Masters<\/div>\n                            <span class=\"btn\">Entdecken<\/span>\n                        <\/div>\n                        <div class=\"line-ctn\">\n                                                            <span class=\"month-name \">August<\/span>\n                                                    <\/div>\n                    <\/a>\n                \n\n            \n        \n                                    <a class=\"card-ctn animate-timeline septembre\" href=\"#UCI Mountainbike-WM Valais 2025\">\n                        <div class=\"card haveLink\">\n                                                            <img decoding=\"async\" src=\"https:\/\/rapport-valais.ch\/wp-content\/uploads\/2026\/03\/DHI_WomenElite_Champery_Valais-2025_UCI-Worldchampionships_@SWpix-scaled.jpg\">\n                                                        <div class=\"txt\">UCI Mountainbike-WM Valais 2025<\/div>\n                            <span class=\"btn\">Entdecken<\/span>\n                        <\/div>\n                        <div class=\"line-ctn\">\n                                                            <span class=\"month-name half\">September<\/span>\n                                                    <\/div>\n                    <\/a>\n                \n\n            \n                                    <a class=\"card-ctn animate-timeline septembre\">\n                        <div class=\"card\">\n                                                            <img decoding=\"async\" src=\"https:\/\/rapport-valais.ch\/wp-content\/uploads\/2026\/03\/Switzerland-travel-mart-scaled.jpg\">\n                                                        <div class=\"txt\">Switzerland Travel Mart in Zermatt<\/div>\n                        <\/div>\n                        <div class=\"line-ctn\">\n                                                    <\/div>\n                    <\/a>\n                \n\n            \n        \n                                    <a class=\"card-ctn animate-timeline octobre\" href=\"#Das Wallis als Ehrengast an der OLMA\">\n                        <div class=\"card haveLink\">\n                                                            <img decoding=\"async\" src=\"https:\/\/rapport-valais.ch\/wp-content\/uploads\/2026\/03\/2025_St-Gall_OLMA_\u00a9Valais_Wallis-Promotion-levin.studio_VWP-OLMA25-119-scaled-e1773669328231.jpg\">\n                                                        <div class=\"txt\">Das Wallis als Ehrengast an der OLMA 2025<\/div>\n                            <span class=\"btn\">Entdecken<\/span>\n                        <\/div>\n                        <div class=\"line-ctn\">\n                                                    <\/div>\n                    <\/a>\n                \n\n            \n                                    <a class=\"card-ctn animate-timeline octobre\" href=\"#Probeleben im Wallis\">\n                        <div class=\"card haveLink\">\n                                                            <img decoding=\"async\" src=\"https:\/\/rapport-valais.ch\/wp-content\/uploads\/2026\/03\/Probeleben_MINTworld_Visp_Familie-Braunschweiler_10\u00a9VWP_Roger-Brunner-scaled.jpg\">\n                                                        <div class=\"txt\">Probeleben im Wallis<\/div>\n                            <span class=\"btn\">Entdecken<\/span>\n                        <\/div>\n                        <div class=\"line-ctn\">\n                                                            <span class=\"month-name half\">Oktober<\/span>\n                                                    <\/div>\n                    <\/a>\n                \n\n            \n                                    <a class=\"card-ctn animate-timeline octobre\" href=\"#Salon des Go\u00fbts et Terroirs\">\n                        <div class=\"card haveLink\">\n                                                            <img decoding=\"async\" src=\"https:\/\/rapport-valais.ch\/wp-content\/uploads\/2026\/03\/Salon-des-gouts-et-Terroirs1-scaled.jpg\">\n                                                        <div class=\"txt\">Salon des Go\u00fbts et Terroirs<\/div>\n                            <span class=\"btn\">Entdecken<\/span>\n                        <\/div>\n                        <div class=\"line-ctn\">\n                                                    <\/div>\n                    <\/a>\n                \n\n            \n                                    <a class=\"card-ctn animate-timeline octobre\" href=\"#Raclette-Weltmeisterschaften Morgins.\">\n                        <div class=\"card haveLink\">\n                                                            <img decoding=\"async\" src=\"https:\/\/rapport-valais.ch\/wp-content\/uploads\/2026\/03\/Raclette-WM-Morgins.jpg\">\n                                                        <div class=\"txt\">Raclette-Weltmeisterschaften Morgins<\/div>\n                            <span class=\"btn\">Entdecken<\/span>\n                        <\/div>\n                        <div class=\"line-ctn\">\n                                                    <\/div>\n                    <\/a>\n                \n\n            \n        \n                                    <a class=\"card-ctn animate-timeline novembre\" href=\"#Offene Weinkeller zum Jahresende\">\n                        <div class=\"card haveLink\">\n                                                            <img decoding=\"async\" src=\"https:\/\/rapport-valais.ch\/wp-content\/uploads\/2026\/03\/2025_Oenotourisme_cave-germanier_\u00a9Valais-Wallis-Promotion-Colla-Images_250718_VWP_1814-scaled.jpg\">\n                                                        <div class=\"txt\">Offene Weinkeller zum Jahresende<\/div>\n                            <span class=\"btn\">Entdecken<\/span>\n                        <\/div>\n                        <div class=\"line-ctn\">\n                                                            <span class=\"month-name \">November<\/span>\n                                                    <\/div>\n                    <\/a>\n                \n\n            \n        \n                                    <a class=\"card-ctn animate-timeline decembre\" href=\"#Partnerfr\u00fchst\u00fcck VWP\">\n                        <div class=\"card haveLink\">\n                                                            <img decoding=\"async\" src=\"https:\/\/rapport-valais.ch\/wp-content\/uploads\/2026\/03\/VWP-Partnerfruhstuck-2025_2-scaled.jpg\">\n                                                        <div class=\"txt\">Partnerfr\u00fchst\u00fcck VWP<\/div>\n                            <span class=\"btn\">Entdecken<\/span>\n                        <\/div>\n                        <div class=\"line-ctn\">\n                                                            <span class=\"month-name \">Dezember<\/span>\n                                                    <\/div>\n                    <\/a>\n                \n\n            \n        \n    <\/div>\n<\/div>\t\t\t\t<\/div>\n\t\t\t\t<\/div>\n\t\t\t\t<\/div>\n\t\t<div class=\"elementor-element elementor-element-27fa93bd watch-on-display e-flex e-con-boxed e-con e-parent\" data-id=\"27fa93bd\" data-element_type=\"container\" data-e-type=\"container\" data-settings=\"{&quot;animation&quot;:&quot;none&quot;,&quot;animation_delay&quot;:20}\">\n\t\t\t\t\t<div class=\"e-con-inner\">\n\t\t\t\t<div class=\"elementor-element elementor-element-18f5d042 animate-on-display elementor-widget elementor-widget-heading\" data-id=\"18f5d042\" data-element_type=\"widget\" data-e-type=\"widget\" data-widget_type=\"heading.default\">\n\t\t\t\t<div class=\"elementor-widget-container\">\n\t\t\t\t\t<h2 class=\"elementor-heading-title elementor-size-default\">Analyse der M\u00e4rkte.<\/h2>\t\t\t\t<\/div>\n\t\t\t\t<\/div>\n\t\t\t\t\t<\/div>\n\t\t\t\t<\/div>\n\t\t<div class=\"elementor-element elementor-element-2a81ef47 watch-on-display e-flex e-con-boxed e-con e-parent\" data-id=\"2a81ef47\" data-element_type=\"container\" data-e-type=\"container\">\n\t\t\t\t\t<div class=\"e-con-inner\">\n\t\t<div class=\"elementor-element elementor-element-3ac31e4e e-flex e-con-boxed e-con e-child\" data-id=\"3ac31e4e\" data-element_type=\"container\" data-e-type=\"container\">\n\t\t\t\t\t<div class=\"e-con-inner\">\n\t\t\t\t<div class=\"elementor-element elementor-element-1f0ee26f animate-on-display elementor-widget elementor-widget-heading\" data-id=\"1f0ee26f\" data-element_type=\"widget\" data-e-type=\"widget\" data-widget_type=\"heading.default\">\n\t\t\t\t<div class=\"elementor-widget-container\">\n\t\t\t\t\t<h3 class=\"elementor-heading-title elementor-size-default\">Marktstruktur des Wallis.<\/h3>\t\t\t\t<\/div>\n\t\t\t\t<\/div>\n\t\t\t\t<div class=\"elementor-element elementor-element-3b4c166 animate-on-display elementor-widget elementor-widget-heading\" data-id=\"3b4c166\" data-element_type=\"widget\" data-e-type=\"widget\" data-widget_type=\"heading.default\">\n\t\t\t\t<div class=\"elementor-widget-container\">\n\t\t\t\t\t<h4 class=\"elementor-heading-title elementor-size-default\">Jahresbilanz. Hotel\u00fcbernachtungen Wallis 2025: 4'532'842 (+2,2%)<\/h4>\t\t\t\t<\/div>\n\t\t\t\t<\/div>\n\t\t\t\t<div class=\"elementor-element elementor-element-d5332ab table-ctn animate-on-display elementor-widget elementor-widget-shortcode\" data-id=\"d5332ab\" data-element_type=\"widget\" data-e-type=\"widget\" data-widget_type=\"shortcode.default\">\n\t\t\t\t<div class=\"elementor-widget-container\">\n\t\t\t\t\t\t\t<div class=\"elementor-shortcode\">\n<table id=\"tablepress-17\" class=\"tablepress tablepress-id-17 custom-table\" aria-describedby=\"tablepress-17-description\">\n<tbody class=\"row-hover\">\n<tr class=\"row-1\">\n\t<td class=\"column-1\">M\u00e4rkte<\/td><td class=\"column-2\">Schweiz<\/td><td class=\"column-3\">Nahm\u00e4rkte<\/td><td class=\"column-4\"><\/td><td class=\"column-5\"><\/td><td class=\"column-6\"><\/td><td class=\"column-7\"><\/td><td class=\"column-8\"><\/td><td class=\"column-9\">Fernm\u00e4rkte<\/td><td class=\"column-10\"><\/td><td class=\"column-11\"><\/td><td class=\"column-12\"><\/td>\n<\/tr>\n<tr class=\"row-2\">\n\t<td class=\"column-1\">Land<\/td><td class=\"column-2\">CH<\/td><td class=\"column-3\">DE<\/td><td class=\"column-4\">BNL<\/td><td class=\"column-5\">FR<\/td><td class=\"column-6\">IT<\/td><td class=\"column-7\">UK\/IRL<\/td><td class=\"column-8\">NORDICS<\/td><td class=\"column-9\">USA\/CA<\/td><td class=\"column-10\">CN<\/td><td class=\"column-11\">KOR<\/td><td class=\"column-12\">SEA<\/td>\n<\/tr>\n<tr class=\"row-3\">\n\t<td class=\"column-1\">\u00dcbernachtungen<\/td><td class=\"column-2\"><font color=\"#8d1711\">-1,3%<\/font><\/td><td class=\"column-3\"><font color=\"#0AA700\">+5,7%<\/font><\/td><td class=\"column-4\"><font color=\"#8d1711\">-6,2%<\/font><\/td><td class=\"column-5\"><font color=\"#0AA700\">+5,6%<\/font><\/td><td class=\"column-6\"><font color=\"#0AA700\">+6,1%<\/font><\/td><td class=\"column-7\"><font color=\"#0AA700\">+6%<\/font><\/td><td class=\"column-8\"><font color=\"#8d1711\">-1,5%<\/font><\/td><td class=\"column-9\"><font color=\"#0AA700\">+15,9%<\/font><\/td><td class=\"column-10\"><font color=\"#0AA700\">+4,8%<\/font><\/td><td class=\"column-11\"><font color=\"#8d1711\">-15,1%<\/font><\/td><td class=\"column-12\"><font color=\"#8d1711\">-6,1%<\/font><\/td>\n<\/tr>\n<tr class=\"row-4\">\n\t<td class=\"column-1\">\u00dcbernachtungen<br \/>\ninsgesamt<\/td><td class=\"column-2\">2'376'683<\/td><td class=\"column-3\">291'351<\/td><td class=\"column-4\">220'087<\/td><td class=\"column-5\">183'014<\/td><td class=\"column-6\">57'498<\/td><td class=\"column-7\">226'846<\/td><td class=\"column-8\">49'327<\/td><td class=\"column-9\">442'712<\/td><td class=\"column-10\">41'652<\/td><td class=\"column-11\">35'834<\/td><td class=\"column-12\">75'966<\/td>\n<\/tr>\n<tr class=\"row-5\">\n\t<td class=\"column-1\">Marktanteil (MA)<\/td><td class=\"column-2\">52,4%<\/td><td class=\"column-3\">6,4%<\/td><td class=\"column-4\">4,9%<\/td><td class=\"column-5\">4%<\/td><td class=\"column-6\">1,3%<\/td><td class=\"column-7\">5%<\/td><td class=\"column-8\">1,1%<\/td><td class=\"column-9\">9,8%<\/td><td class=\"column-10\">0,9%<\/td><td class=\"column-11\">0,8%<\/td><td class=\"column-12\">1,7%<\/td>\n<\/tr>\n<tr class=\"row-6\">\n\t<td class=\"column-1\">Durchschn. <br \/>\nAufenthalt<\/td><td class=\"column-2\">2,1 <br \/>\nN\u00e4chte<\/td><td class=\"column-3\">2,8 <br \/>\nN\u00e4chte<\/td><td class=\"column-4\">3,5 <br \/>\nN\u00e4chte<\/td><td class=\"column-5\">2 <br \/>\nN\u00e4chte<\/td><td class=\"column-6\">2,1 <br \/>\nN\u00e4chte<\/td><td class=\"column-7\">3 <br \/>\nN\u00e4chte<\/td><td class=\"column-8\">2,8 <br \/>\nN\u00e4chte<\/td><td class=\"column-9\">2,4 <br \/>\nN\u00e4chte<\/td><td class=\"column-10\">1,5 <br \/>\nN\u00e4chte<\/td><td class=\"column-11\">1,3 <br \/>\nN\u00e4chte<\/td><td class=\"column-12\">1,7 <br \/>\nN\u00e4chte<\/td>\n<\/tr>\n<\/tbody>\n<\/table>\n<span id=\"tablepress-17-description\" class=\"tablepress-table-description tablepress-table-description-id-17\"><div style=\"text-align: right; width: 100%;\">(Beherbergungsstatistik HESTA - BFS, 2026)\u200b<\/div><br \/>\n<\/span>\n<!-- #tablepress-17 from cache --><\/div>\n\t\t\t\t\t\t<\/div>\n\t\t\t\t<\/div>\n\t\t\t\t\t<\/div>\n\t\t\t\t<\/div>\n\t\t\t\t\t<\/div>\n\t\t\t\t<\/div>\n\t\t<div class=\"elementor-element elementor-element-731b7c7b watch-on-display e-flex e-con-boxed e-con e-parent\" data-id=\"731b7c7b\" data-element_type=\"container\" data-e-type=\"container\">\n\t\t\t\t\t<div class=\"e-con-inner\">\n\t\t<div class=\"elementor-element elementor-element-4a11e179 e-flex e-con-boxed e-con e-child\" data-id=\"4a11e179\" data-element_type=\"container\" data-e-type=\"container\">\n\t\t\t\t\t<div class=\"e-con-inner\">\n\t\t\t\t<div class=\"elementor-element elementor-element-6532c8ba animate-on-display elementor-widget elementor-widget-heading\" data-id=\"6532c8ba\" data-element_type=\"widget\" data-e-type=\"widget\" data-widget_type=\"heading.default\">\n\t\t\t\t<div class=\"elementor-widget-container\">\n\t\t\t\t\t<h4 class=\"elementor-heading-title elementor-size-default\">Bilanz Winter 2024\/25.<\/h4>\t\t\t\t<\/div>\n\t\t\t\t<\/div>\n\t\t<div class=\"elementor-element elementor-element-4e38a16f e-grid e-con-boxed e-con e-child\" data-id=\"4e38a16f\" data-element_type=\"container\" data-e-type=\"container\" data-settings=\"{&quot;background_background&quot;:&quot;classic&quot;}\">\n\t\t\t\t\t<div class=\"e-con-inner\">\n\t\t<div class=\"elementor-element elementor-element-6907a2cb e-con-full animate-on-display e-flex e-con e-child\" data-id=\"6907a2cb\" data-element_type=\"container\" data-e-type=\"container\" data-settings=\"{&quot;background_background&quot;:&quot;classic&quot;}\">\n\t\t<div class=\"elementor-element elementor-element-3fb90dbe e-con-full e-flex e-con e-child\" data-id=\"3fb90dbe\" data-element_type=\"container\" data-e-type=\"container\">\n\t\t\t\t<div class=\"elementor-element elementor-element-10b7ddf7 elementor-widget elementor-widget-image\" data-id=\"10b7ddf7\" data-element_type=\"widget\" data-e-type=\"widget\" data-widget_type=\"image.default\">\n\t\t\t\t<div class=\"elementor-widget-container\">\n\t\t\t\t\t\t\t\t\t\t\t\t\t\t\t<img loading=\"lazy\" decoding=\"async\" width=\"120\" height=\"120\" src=\"https:\/\/rapport-valais.ch\/wp-content\/uploads\/2024\/02\/picto-hotel-1.jpg\" class=\"attachment-large size-large wp-image-13104\" alt=\"\" \/>\t\t\t\t\t\t\t\t\t\t\t\t\t\t\t<\/div>\n\t\t\t\t<\/div>\n\t\t\t\t<\/div>\n\t\t<div class=\"elementor-element elementor-element-57dc0a87 e-con-full e-flex e-con e-child\" data-id=\"57dc0a87\" data-element_type=\"container\" data-e-type=\"container\">\n\t\t\t\t<div class=\"elementor-element elementor-element-50bd057d elementor-widget elementor-widget-heading\" data-id=\"50bd057d\" data-element_type=\"widget\" data-e-type=\"widget\" data-widget_type=\"heading.default\">\n\t\t\t\t<div class=\"elementor-widget-container\">\n\t\t\t\t\t<h3 class=\"elementor-heading-title elementor-size-default\">2'290'948 <span>(+0,58% gg\u00fc. 2024<\/span><span>).<\/span><\/h3>\t\t\t\t<\/div>\n\t\t\t\t<\/div>\n\t\t\t\t<div class=\"elementor-element elementor-element-6818b271 elementor-widget elementor-widget-text-editor\" data-id=\"6818b271\" data-element_type=\"widget\" data-e-type=\"widget\" data-widget_type=\"text-editor.default\">\n\t\t\t\t<div class=\"elementor-widget-container\">\n\t\t\t\t\t\t\t\t\t<p style=\"font-weight: 400;\">Hotel\u00fcbernachtungen im Wallis von November 2024 bis April 2025.<\/p>\t\t\t\t\t\t\t\t<\/div>\n\t\t\t\t<\/div>\n\t\t\t\t<\/div>\n\t\t\t\t<div class=\"elementor-element elementor-element-12d4905f elementor-absolute elementor-widget elementor-widget-image\" data-id=\"12d4905f\" data-element_type=\"widget\" data-e-type=\"widget\" data-settings=\"{&quot;_position&quot;:&quot;absolute&quot;}\" data-widget_type=\"image.default\">\n\t\t\t\t<div class=\"elementor-widget-container\">\n\t\t\t\t\t\t\t\t\t\t\t\t\t\t\t<img loading=\"lazy\" decoding=\"async\" width=\"1\" height=\"1\" src=\"https:\/\/rapport-valais.ch\/wp-content\/uploads\/2024\/01\/arrow-trsnprnt.svg\" class=\"attachment-large size-large wp-image-8932\" alt=\"\" \/>\t\t\t\t\t\t\t\t\t\t\t\t\t\t\t<\/div>\n\t\t\t\t<\/div>\n\t\t\t\t<\/div>\n\t\t<div class=\"elementor-element elementor-element-4040029c e-con-full animate-on-display e-flex e-con e-child\" data-id=\"4040029c\" data-element_type=\"container\" data-e-type=\"container\" data-settings=\"{&quot;background_background&quot;:&quot;classic&quot;}\">\n\t\t<div class=\"elementor-element elementor-element-4159f7e7 e-con-full e-flex e-con e-child\" data-id=\"4159f7e7\" data-element_type=\"container\" data-e-type=\"container\">\n\t\t\t\t<div class=\"elementor-element elementor-element-1411d453 elementor-widget elementor-widget-image\" data-id=\"1411d453\" data-element_type=\"widget\" data-e-type=\"widget\" data-widget_type=\"image.default\">\n\t\t\t\t<div class=\"elementor-widget-container\">\n\t\t\t\t\t\t\t\t\t\t\t\t\t\t\t<img loading=\"lazy\" decoding=\"async\" width=\"120\" height=\"120\" src=\"https:\/\/rapport-valais.ch\/wp-content\/uploads\/2024\/02\/picto-ski-1.jpg\" class=\"attachment-large size-large wp-image-13105\" alt=\"\" \/>\t\t\t\t\t\t\t\t\t\t\t\t\t\t\t<\/div>\n\t\t\t\t<\/div>\n\t\t\t\t<\/div>\n\t\t<div class=\"elementor-element elementor-element-284f3e53 e-con-full e-flex e-con e-child\" data-id=\"284f3e53\" data-element_type=\"container\" data-e-type=\"container\">\n\t\t\t\t<div class=\"elementor-element elementor-element-4806709c elementor-widget elementor-widget-heading\" data-id=\"4806709c\" data-element_type=\"widget\" data-e-type=\"widget\" data-widget_type=\"heading.default\">\n\t\t\t\t<div class=\"elementor-widget-container\">\n\t\t\t\t\t<h3 class=\"elementor-heading-title elementor-size-default\">9'995'518 <span>(+6,76%).<\/span><\/h3>\t\t\t\t<\/div>\n\t\t\t\t<\/div>\n\t\t\t\t<div class=\"elementor-element elementor-element-3e29cfb2 elementor-widget elementor-widget-text-editor\" data-id=\"3e29cfb2\" data-element_type=\"widget\" data-e-type=\"widget\" data-widget_type=\"text-editor.default\">\n\t\t\t\t<div class=\"elementor-widget-container\">\n\t\t\t\t\t\t\t\t\t<div><span lang=\"DE-CH\">Skifahrertage im Wallis von November 2024 bis April 2025<\/span><span style=\"color: var( --e-global-color-text ); text-align: var(--text-align); font-family: var( --e-global-typography-text-font-family ), Sans-serif; font-size: var( --e-global-typography-text-font-size ); font-weight: var( --e-global-typography-text-font-weight );\">.<\/span><\/div>\t\t\t\t\t\t\t\t<\/div>\n\t\t\t\t<\/div>\n\t\t\t\t<\/div>\n\t\t\t\t<div class=\"elementor-element elementor-element-2b755b2b elementor-absolute elementor-widget elementor-widget-image\" data-id=\"2b755b2b\" data-element_type=\"widget\" data-e-type=\"widget\" data-settings=\"{&quot;_position&quot;:&quot;absolute&quot;}\" data-widget_type=\"image.default\">\n\t\t\t\t<div class=\"elementor-widget-container\">\n\t\t\t\t\t\t\t\t\t\t\t\t\t\t\t<img loading=\"lazy\" decoding=\"async\" width=\"1\" height=\"1\" src=\"https:\/\/rapport-valais.ch\/wp-content\/uploads\/2024\/01\/arrow-trsnprnt.svg\" class=\"attachment-large size-large wp-image-8932\" alt=\"\" \/>\t\t\t\t\t\t\t\t\t\t\t\t\t\t\t<\/div>\n\t\t\t\t<\/div>\n\t\t\t\t<\/div>\n\t\t\t\t\t<\/div>\n\t\t\t\t<\/div>\n\t\t\t\t\t<\/div>\n\t\t\t\t<\/div>\n\t\t\t\t\t<\/div>\n\t\t\t\t<\/div>\n\t\t<div class=\"elementor-element elementor-element-7eb6248 watch-on-display e-flex e-con-boxed e-con e-parent\" data-id=\"7eb6248\" data-element_type=\"container\" data-e-type=\"container\">\n\t\t\t\t\t<div class=\"e-con-inner\">\n\t\t<div class=\"elementor-element elementor-element-796ec24 e-con-full e-flex e-con e-child\" data-id=\"796ec24\" data-element_type=\"container\" data-e-type=\"container\">\n\t\t\t\t<div class=\"elementor-element elementor-element-7da000b animate-on-display elementor-widget elementor-widget-heading\" data-id=\"7da000b\" data-element_type=\"widget\" data-e-type=\"widget\" data-widget_type=\"heading.default\">\n\t\t\t\t<div class=\"elementor-widget-container\">\n\t\t\t\t\t<h4 class=\"elementor-heading-title elementor-size-default\">2024-2025<\/h4>\t\t\t\t<\/div>\n\t\t\t\t<\/div>\n\t\t\t\t<div class=\"elementor-element elementor-element-182b2b4 animate-on-display elementor-widget__width-initial elementor-widget elementor-widget-valdev-doughnut\" data-id=\"182b2b4\" data-element_type=\"widget\" data-e-type=\"widget\" data-widget_type=\"valdev-doughnut.default\">\n\t\t\t\t<div class=\"elementor-widget-container\">\n\t\t\t\t\t\n        <canvas class=\"valdev-bar\" id=\"valdev-doughnut-182b2b4\">\n\n        \n            <script>\n                document.addEventListener(\"DOMContentLoaded\", () => {\n\n                    let data = [{\"libelle\":\"Schweizer G\\u00e4ste \",\"valeur\":54.46,\"couleur\":\"#D12F28\",\"_id\":\"1dc31b5\"},{\"libelle\":\"Europ\\u00e4ische G\\u00e4ste \",\"valeur\":28.35,\"couleur\":\"#E8D2BD\",\"_id\":\"23059fb\"},{\"libelle\":\"G\\u00e4ste aus Fernm\\u00e4rkten\",\"valeur\":17.19,\"couleur\":\"#795032\",\"_id\":\"58d54c4\"}];\n                    let element = document.getElementById('valdev-doughnut-182b2b4');\n                    let display_percent = \"yes\";\n\n                    const createChart = () => {\n                        new Chart(\n                            element, {\n                                type: 'doughnut',\n                                plugins: [\n                                    ChartDataLabels,\n                                ],\n                                data: {\n                                    labels: data.map(row => row.libelle),\n                                    datasets: [{\n                                        label: '',\n                                        data: data.map(row => row.valeur),\n                                        backgroundColor: data.map(row => row.couleur),\n                                        hoverOffset: 4\n                                    }]\n                                },\n                                options: {\n                                    responsive: true,\n                                    events: [],\n                                    plugins: {\n                                        legend: {\n                                            position: 'bottom',\n                                            onClick: (e) => e.stopPropagation(),\n                                            labels: {\n                                                boxWidth: 15,\n                                                boxHeight: 15,\n                                                useBorderRadius: true,\n                                                borderRadius: 2,\n                                            },\n                                        },\n                                        datalabels: {\n                                            \"color\": \"white\",\n                                            formatter: (value) => {\n                                                if(display_percent)\n                                                    return value + '%';\n                                                return value;\n                                            },\n                                            font: {\n                                                weight: 'bold'\n                                            }\n                                        },\n                                    }\n                                }\n                            }\n                        );\n                    }\n\n                    let created = false;\n                    document.addEventListener(\"scroll\", () => {\n                        if (!created) {\n                            let rect = element.getBoundingClientRect();\n                            let elemTop = rect.top;\n                            let elemBottom = rect.bottom;\n                            let isVisible = (elemTop >= 0) && (elemBottom <= window.innerHeight);\n                            if (isVisible) {\n                                created = true;\n                                createChart();\n                            }\n                        }\n                    })\n\n                });\n            <\/script>\n            \t\t\t\t<\/div>\n\t\t\t\t<\/div>\n\t\t\t\t<\/div>\n\t\t<div class=\"elementor-element elementor-element-2ab5045 e-con-full e-flex e-con e-child\" data-id=\"2ab5045\" data-element_type=\"container\" data-e-type=\"container\">\n\t\t\t\t<div class=\"elementor-element elementor-element-3415cb5 animate-on-display elementor-widget elementor-widget-heading\" data-id=\"3415cb5\" data-element_type=\"widget\" data-e-type=\"widget\" data-widget_type=\"heading.default\">\n\t\t\t\t<div class=\"elementor-widget-container\">\n\t\t\t\t\t<h4 class=\"elementor-heading-title elementor-size-default\">2023-2024<\/h4>\t\t\t\t<\/div>\n\t\t\t\t<\/div>\n\t\t\t\t<div class=\"elementor-element elementor-element-75c8489 animate-on-display elementor-widget__width-initial elementor-widget elementor-widget-valdev-doughnut\" data-id=\"75c8489\" data-element_type=\"widget\" data-e-type=\"widget\" data-widget_type=\"valdev-doughnut.default\">\n\t\t\t\t<div class=\"elementor-widget-container\">\n\t\t\t\t\t\n        <canvas class=\"valdev-bar\" id=\"valdev-doughnut-75c8489\">\n\n        \n            <script>\n                document.addEventListener(\"DOMContentLoaded\", () => {\n\n                    let data = [{\"libelle\":\"Schweizer G\\u00e4ste\",\"valeur\":57.12,\"couleur\":\"#D12F28\",\"_id\":\"1dc31b5\"},{\"libelle\":\"Europ\\u00e4ische G\\u00e4ste \",\"valeur\":23.1,\"couleur\":\"#E8D2BD\",\"_id\":\"23059fb\"},{\"libelle\":\"G\\u00e4ste aus Fernm\\u00e4rkten\",\"valeur\":19.78,\"couleur\":\"#795032\",\"_id\":\"58d54c4\"}];\n                    let element = document.getElementById('valdev-doughnut-75c8489');\n                    let display_percent = \"yes\";\n\n                    const createChart = () => {\n                        new Chart(\n                            element, {\n                                type: 'doughnut',\n                                plugins: [\n                                    ChartDataLabels,\n                                ],\n                                data: {\n                                    labels: data.map(row => row.libelle),\n                                    datasets: [{\n                                        label: '',\n                                        data: data.map(row => row.valeur),\n                                        backgroundColor: data.map(row => row.couleur),\n                                        hoverOffset: 4\n                                    }]\n                                },\n                                options: {\n                                    responsive: true,\n                                    events: [],\n                                    plugins: {\n                                        legend: {\n                                            position: 'bottom',\n                                            onClick: (e) => e.stopPropagation(),\n                                            labels: {\n                                                boxWidth: 15,\n                                                boxHeight: 15,\n                                                useBorderRadius: true,\n                                                borderRadius: 2,\n                                            },\n                                        },\n                                        datalabels: {\n                                            \"color\": \"white\",\n                                            formatter: (value) => {\n                                                if(display_percent)\n                                                    return value + '%';\n                                                return value;\n                                            },\n                                            font: {\n                                                weight: 'bold'\n                                            }\n                                        },\n                                    }\n                                }\n                            }\n                        );\n                    }\n\n                    let created = false;\n                    document.addEventListener(\"scroll\", () => {\n                        if (!created) {\n                            let rect = element.getBoundingClientRect();\n                            let elemTop = rect.top;\n                            let elemBottom = rect.bottom;\n                            let isVisible = (elemTop >= 0) && (elemBottom <= window.innerHeight);\n                            if (isVisible) {\n                                created = true;\n                                createChart();\n                            }\n                        }\n                    })\n\n                });\n            <\/script>\n            \t\t\t\t<\/div>\n\t\t\t\t<\/div>\n\t\t\t\t<\/div>\n\t\t\t\t\t<\/div>\n\t\t\t\t<\/div>\n\t\t<div class=\"elementor-element elementor-element-0447e1e watch-on-display e-flex e-con-boxed e-con e-parent\" data-id=\"0447e1e\" data-element_type=\"container\" data-e-type=\"container\">\n\t\t\t\t\t<div class=\"e-con-inner\">\n\t\t<div class=\"elementor-element elementor-element-0ada16a e-flex e-con-boxed e-con e-child\" data-id=\"0ada16a\" data-element_type=\"container\" data-e-type=\"container\">\n\t\t\t\t\t<div class=\"e-con-inner\">\n\t\t\t\t<div class=\"elementor-element elementor-element-2c2ffc4 animate-on-display elementor-widget elementor-widget-heading\" data-id=\"2c2ffc4\" data-element_type=\"widget\" data-e-type=\"widget\" data-widget_type=\"heading.default\">\n\t\t\t\t<div class=\"elementor-widget-container\">\n\t\t\t\t\t<h4 class=\"elementor-heading-title elementor-size-default\">Bilanz Sommer 2025.<\/h4>\t\t\t\t<\/div>\n\t\t\t\t<\/div>\n\t\t<div class=\"elementor-element elementor-element-b5ab232 e-grid e-con-boxed e-con e-child\" data-id=\"b5ab232\" data-element_type=\"container\" data-e-type=\"container\" data-settings=\"{&quot;background_background&quot;:&quot;classic&quot;}\">\n\t\t\t\t\t<div class=\"e-con-inner\">\n\t\t<div class=\"elementor-element elementor-element-8bc6c22 e-con-full animate-on-display e-flex e-con e-child\" data-id=\"8bc6c22\" data-element_type=\"container\" data-e-type=\"container\" data-settings=\"{&quot;background_background&quot;:&quot;classic&quot;}\">\n\t\t<div class=\"elementor-element elementor-element-5cf7e8c e-con-full e-flex e-con e-child\" data-id=\"5cf7e8c\" data-element_type=\"container\" data-e-type=\"container\">\n\t\t\t\t<div class=\"elementor-element elementor-element-9472608 elementor-widget elementor-widget-image\" data-id=\"9472608\" data-element_type=\"widget\" data-e-type=\"widget\" data-widget_type=\"image.default\">\n\t\t\t\t<div class=\"elementor-widget-container\">\n\t\t\t\t\t\t\t\t\t\t\t\t\t\t\t<img loading=\"lazy\" decoding=\"async\" width=\"120\" height=\"120\" src=\"https:\/\/rapport-valais.ch\/wp-content\/uploads\/2024\/02\/picto-hotel-1.jpg\" class=\"attachment-large size-large wp-image-13104\" alt=\"\" \/>\t\t\t\t\t\t\t\t\t\t\t\t\t\t\t<\/div>\n\t\t\t\t<\/div>\n\t\t\t\t<\/div>\n\t\t<div class=\"elementor-element elementor-element-c4095e1 e-con-full e-flex e-con e-child\" data-id=\"c4095e1\" data-element_type=\"container\" data-e-type=\"container\">\n\t\t\t\t<div class=\"elementor-element elementor-element-70538a4 elementor-widget elementor-widget-heading\" data-id=\"70538a4\" data-element_type=\"widget\" data-e-type=\"widget\" data-widget_type=\"heading.default\">\n\t\t\t\t<div class=\"elementor-widget-container\">\n\t\t\t\t\t<h3 class=\"elementor-heading-title elementor-size-default\">2'216'592 <span>(+4,15% gg\u00fc. 2024).<\/span><\/h3>\t\t\t\t<\/div>\n\t\t\t\t<\/div>\n\t\t\t\t<div class=\"elementor-element elementor-element-10ceab4 elementor-widget elementor-widget-text-editor\" data-id=\"10ceab4\" data-element_type=\"widget\" data-e-type=\"widget\" data-widget_type=\"text-editor.default\">\n\t\t\t\t<div class=\"elementor-widget-container\">\n\t\t\t\t\t\t\t\t\t<p style=\"font-weight: 400;\">Hotel\u00fcbernachtungen im Wallis von Mai bis Oktober 2025.<\/p>\t\t\t\t\t\t\t\t<\/div>\n\t\t\t\t<\/div>\n\t\t\t\t<\/div>\n\t\t\t\t<div class=\"elementor-element elementor-element-3adc634 elementor-absolute elementor-widget elementor-widget-image\" data-id=\"3adc634\" data-element_type=\"widget\" data-e-type=\"widget\" data-settings=\"{&quot;_position&quot;:&quot;absolute&quot;}\" data-widget_type=\"image.default\">\n\t\t\t\t<div class=\"elementor-widget-container\">\n\t\t\t\t\t\t\t\t\t\t\t\t\t\t\t<img loading=\"lazy\" decoding=\"async\" width=\"1\" height=\"1\" src=\"https:\/\/rapport-valais.ch\/wp-content\/uploads\/2024\/01\/arrow-trsnprnt.svg\" class=\"attachment-large size-large wp-image-8932\" alt=\"\" \/>\t\t\t\t\t\t\t\t\t\t\t\t\t\t\t<\/div>\n\t\t\t\t<\/div>\n\t\t\t\t<\/div>\n\t\t\t\t\t<\/div>\n\t\t\t\t<\/div>\n\t\t\t\t\t<\/div>\n\t\t\t\t<\/div>\n\t\t\t\t\t<\/div>\n\t\t\t\t<\/div>\n\t\t<div class=\"elementor-element elementor-element-4f609d60 watch-on-display e-flex e-con-boxed e-con e-parent\" data-id=\"4f609d60\" data-element_type=\"container\" data-e-type=\"container\">\n\t\t\t\t\t<div class=\"e-con-inner\">\n\t\t<div class=\"elementor-element elementor-element-4ed9eaae e-con-full e-flex e-con e-child\" data-id=\"4ed9eaae\" data-element_type=\"container\" data-e-type=\"container\">\n\t\t\t\t<div class=\"elementor-element elementor-element-134daa39 animate-on-display elementor-widget elementor-widget-heading\" data-id=\"134daa39\" data-element_type=\"widget\" data-e-type=\"widget\" data-widget_type=\"heading.default\">\n\t\t\t\t<div class=\"elementor-widget-container\">\n\t\t\t\t\t<h4 class=\"elementor-heading-title elementor-size-default\">2025<\/h4>\t\t\t\t<\/div>\n\t\t\t\t<\/div>\n\t\t\t\t<div class=\"elementor-element elementor-element-4f2e941e animate-on-display elementor-widget__width-initial elementor-widget elementor-widget-valdev-doughnut\" data-id=\"4f2e941e\" data-element_type=\"widget\" data-e-type=\"widget\" data-widget_type=\"valdev-doughnut.default\">\n\t\t\t\t<div class=\"elementor-widget-container\">\n\t\t\t\t\t\n        <canvas class=\"valdev-bar\" id=\"valdev-doughnut-4f2e941e\">\n\n        \n            <script>\n                document.addEventListener(\"DOMContentLoaded\", () => {\n\n                    let data = [{\"libelle\":\"Schweizer G\\u00e4ste \",\"valeur\":50.96,\"couleur\":\"#D12F28\",\"_id\":\"1dc31b5\"},{\"libelle\":\"Europ\\u00e4ische G\\u00e4ste \",\"valeur\":24.65,\"couleur\":\"#E8D2BD\",\"_id\":\"23059fb\"},{\"libelle\":\"G\\u00e4ste aus Fernm\\u00e4rkten\",\"valeur\":24.39,\"couleur\":\"#795032\",\"_id\":\"58d54c4\"}];\n                    let element = document.getElementById('valdev-doughnut-4f2e941e');\n                    let display_percent = \"yes\";\n\n                    const createChart = () => {\n                        new Chart(\n                            element, {\n                                type: 'doughnut',\n                                plugins: [\n                                    ChartDataLabels,\n                                ],\n                                data: {\n                                    labels: data.map(row => row.libelle),\n                                    datasets: [{\n                                        label: '',\n                                        data: data.map(row => row.valeur),\n                                        backgroundColor: data.map(row => row.couleur),\n                                        hoverOffset: 4\n                                    }]\n                                },\n                                options: {\n                                    responsive: true,\n                                    events: [],\n                                    plugins: {\n                                        legend: {\n                                            position: 'bottom',\n                                            onClick: (e) => e.stopPropagation(),\n                                            labels: {\n                                                boxWidth: 15,\n                                                boxHeight: 15,\n                                                useBorderRadius: true,\n                                                borderRadius: 2,\n                                            },\n                                        },\n                                        datalabels: {\n                                            \"color\": \"white\",\n                                            formatter: (value) => {\n                                                if(display_percent)\n                                                    return value + '%';\n                                                return value;\n                                            },\n                                            font: {\n                                                weight: 'bold'\n                                            }\n                                        },\n                                    }\n                                }\n                            }\n                        );\n                    }\n\n                    let created = false;\n                    document.addEventListener(\"scroll\", () => {\n                        if (!created) {\n                            let rect = element.getBoundingClientRect();\n                            let elemTop = rect.top;\n                            let elemBottom = rect.bottom;\n                            let isVisible = (elemTop >= 0) && (elemBottom <= window.innerHeight);\n                            if (isVisible) {\n                                created = true;\n                                createChart();\n                            }\n                        }\n                    })\n\n                });\n            <\/script>\n            \t\t\t\t<\/div>\n\t\t\t\t<\/div>\n\t\t\t\t<\/div>\n\t\t<div class=\"elementor-element elementor-element-4aa22c27 e-con-full e-flex e-con e-child\" data-id=\"4aa22c27\" data-element_type=\"container\" data-e-type=\"container\">\n\t\t\t\t<div class=\"elementor-element elementor-element-555418b5 animate-on-display elementor-widget elementor-widget-heading\" data-id=\"555418b5\" data-element_type=\"widget\" data-e-type=\"widget\" data-widget_type=\"heading.default\">\n\t\t\t\t<div class=\"elementor-widget-container\">\n\t\t\t\t\t<h4 class=\"elementor-heading-title elementor-size-default\">2024<\/h4>\t\t\t\t<\/div>\n\t\t\t\t<\/div>\n\t\t\t\t<div class=\"elementor-element elementor-element-6fa073da animate-on-display elementor-widget__width-initial elementor-widget elementor-widget-valdev-doughnut\" data-id=\"6fa073da\" data-element_type=\"widget\" data-e-type=\"widget\" data-widget_type=\"valdev-doughnut.default\">\n\t\t\t\t<div class=\"elementor-widget-container\">\n\t\t\t\t\t\n        <canvas class=\"valdev-bar\" id=\"valdev-doughnut-6fa073da\">\n\n        \n            <script>\n                document.addEventListener(\"DOMContentLoaded\", () => {\n\n                    let data = [{\"libelle\":\"Schweizer G\\u00e4ste \",\"valeur\":51.41,\"couleur\":\"#D12F28\",\"_id\":\"1dc31b5\"},{\"libelle\":\"Europ\\u00e4ische G\\u00e4ste \",\"valeur\":21.54,\"couleur\":\"#E8D2BD\",\"_id\":\"23059fb\"},{\"libelle\":\"G\\u00e4ste aus Fernm\\u00e4rkten\",\"valeur\":27.05,\"couleur\":\"#795032\",\"_id\":\"58d54c4\"}];\n                    let element = document.getElementById('valdev-doughnut-6fa073da');\n                    let display_percent = \"yes\";\n\n                    const createChart = () => {\n                        new Chart(\n                            element, {\n                                type: 'doughnut',\n                                plugins: [\n                                    ChartDataLabels,\n                                ],\n                                data: {\n                                    labels: data.map(row => row.libelle),\n                                    datasets: [{\n                                        label: '',\n                                        data: data.map(row => row.valeur),\n                                        backgroundColor: data.map(row => row.couleur),\n                                        hoverOffset: 4\n                                    }]\n                                },\n                                options: {\n                                    responsive: true,\n                                    events: [],\n                                    plugins: {\n                                        legend: {\n                                            position: 'bottom',\n                                            onClick: (e) => e.stopPropagation(),\n                                            labels: {\n                                                boxWidth: 15,\n                                                boxHeight: 15,\n                                                useBorderRadius: true,\n                                                borderRadius: 2,\n                                            },\n                                        },\n                                        datalabels: {\n                                            \"color\": \"white\",\n                                            formatter: (value) => {\n                                                if(display_percent)\n                                                    return value + '%';\n                                                return value;\n                                            },\n                                            font: {\n                                                weight: 'bold'\n                                            }\n                                        },\n                                    }\n                                }\n                            }\n                        );\n                    }\n\n                    let created = false;\n                    document.addEventListener(\"scroll\", () => {\n                        if (!created) {\n                            let rect = element.getBoundingClientRect();\n                            let elemTop = rect.top;\n                            let elemBottom = rect.bottom;\n                            let isVisible = (elemTop >= 0) && (elemBottom <= window.innerHeight);\n                            if (isVisible) {\n                                created = true;\n                                createChart();\n                            }\n                        }\n                    })\n\n                });\n            <\/script>\n            \t\t\t\t<\/div>\n\t\t\t\t<\/div>\n\t\t\t\t<\/div>\n\t\t\t\t\t<\/div>\n\t\t\t\t<\/div>\n\t\t<div class=\"elementor-element elementor-element-47eee7ce watch-on-display e-flex e-con-boxed e-con e-parent\" data-id=\"47eee7ce\" data-element_type=\"container\" data-e-type=\"container\">\n\t\t\t\t\t<div class=\"e-con-inner\">\n\t\t\t\t<div class=\"elementor-element elementor-element-55a43a57 animate-on-display elementor-widget elementor-widget-heading\" data-id=\"55a43a57\" data-element_type=\"widget\" data-e-type=\"widget\" data-widget_type=\"heading.default\">\n\t\t\t\t<div class=\"elementor-widget-container\">\n\t\t\t\t\t<h3 class=\"elementor-heading-title elementor-size-default\">Regionaler Vergleich mit einigen Schl\u00fcsselm\u00e4rkten.<\/h3>\t\t\t\t<\/div>\n\t\t\t\t<\/div>\n\t\t\t\t<div class=\"elementor-element elementor-element-7058c760 table-ctn animate-on-display elementor-widget elementor-widget-shortcode\" data-id=\"7058c760\" data-element_type=\"widget\" data-e-type=\"widget\" data-widget_type=\"shortcode.default\">\n\t\t\t\t<div class=\"elementor-widget-container\">\n\t\t\t\t\t\t\t<div class=\"elementor-shortcode\">\n<table id=\"tablepress-16\" class=\"tablepress tablepress-id-16 custom-table\">\n<tbody class=\"row-hover\">\n<tr class=\"row-1\">\n\t<td class=\"column-1\"><\/td><td class=\"column-2\">Wallis<\/td><td class=\"column-3\"><\/td><td class=\"column-4\">Schweiz<\/td><td class=\"column-5\"><\/td><td class=\"column-6\">Graub\u00fcnden<\/td><td class=\"column-7\"><\/td><td class=\"column-8\">Berner Oberland<br \/>\n<\/td><td class=\"column-9\"><\/td><td class=\"column-10\">Luzern<\/td><td class=\"column-11\"><\/td><td class=\"column-12\">Allg\u00e4u<\/td><td class=\"column-13\"><\/td><td class=\"column-14\">S\u00fcdtirol<\/td><td class=\"column-15\"><\/td><td class=\"column-16\">Tirol<\/td><td class=\"column-17\"><\/td><td class=\"column-18\">Salzburgerland<\/td><td class=\"column-19\"><\/td><td class=\"column-20\">Trentino<\/td><td class=\"column-21\"><\/td>\n<\/tr>\n<tr class=\"row-2\">\n\t<td class=\"column-1\">Herkunft<\/td><td class=\"column-2\">Hotel\u00fcbernachtungen<\/td><td class=\"column-3\">Marktanteil<\/td><td class=\"column-4\">\u00dcbernachtungen<\/td><td class=\"column-5\">Marktanteil<\/td><td class=\"column-6\">\u00dcbernachtungen<\/td><td class=\"column-7\">Marktanteil<\/td><td class=\"column-8\">\u00dcbernachtungen<\/td><td class=\"column-9\">Marktanteil<\/td><td class=\"column-10\">\u00dcbernachtungen<\/td><td class=\"column-11\">Marktanteil<\/td><td class=\"column-12\">\u00dcbernachtungen<\/td><td class=\"column-13\">Marktanteil<\/td><td class=\"column-14\">\u00dcbernachtungen<\/td><td class=\"column-15\">Marktanteil<\/td><td class=\"column-16\">\u00dcbernachtungen<\/td><td class=\"column-17\">Marktanteil<\/td><td class=\"column-18\">\u00dcbernachtungen<\/td><td class=\"column-19\">Marktanteil<\/td><td class=\"column-20\">\u00dcbernachtungen<\/td><td class=\"column-21\">Marktanteil<\/td>\n<\/tr>\n<tr class=\"row-3\">\n\t<td class=\"column-1\">Schweiz<\/td><td class=\"column-2\"><font color=\"#8d1711\">-1,0%<\/font><br \/>\n2'376'683<\/td><td class=\"column-3\">52,4%<\/td><td class=\"column-4\"><font color=\"#0AA700\">+1,4%<\/font><br \/>\n21'146'966<\/td><td class=\"column-5\">48,1%<\/td><td class=\"column-6\"><font color=\"#0AA700\">+1,5%<\/font><br \/>\n3'566'179<\/td><td class=\"column-7\">62,8%<\/td><td class=\"column-8\"><font color=\"#8d1711\">-4,1%<\/font><br \/>\n1'824'724<\/td><td class=\"column-9\">39,6%<\/td><td class=\"column-10\"><font color=\"#0AA700\">+1,2%<\/font><br \/>\n1'897'467<\/td><td class=\"column-11\">45,1%<\/td><td class=\"column-12\"><font color=\"#8d1711\">-0,3%<\/font><br \/>\n459'733<\/td><td class=\"column-13\">3,4%<br \/>\n<\/td><td class=\"column-14\"><font color=\"#0AA700\">+2,2%<\/font><br \/>\n1'703'787<\/td><td class=\"column-15\">4,5%<\/td><td class=\"column-16\"><font color=\"#8d1711\">-3,0%<\/font><br \/>\n1'679'444<\/td><td class=\"column-17\">5,8%<\/td><td class=\"column-18\"><font color=\"#0AA700\">+0,3%<\/font><br \/>\n225'045<br \/>\n<br \/>\n<\/td><td class=\"column-19\">1,3%<\/td><td class=\"column-20\"><font color=\"#0AA700\">+2,4%<\/font><br \/>\n140'275<\/td><td class=\"column-21\">1,0%<br \/>\n<\/td>\n<\/tr>\n<tr class=\"row-4\">\n\t<td class=\"column-1\">Deutschland<\/td><td class=\"column-2\"><font color=\"#0AA700\">+5,6%<\/font><br \/>\n291'351<\/td><td class=\"column-3\">6,4%<\/td><td class=\"column-4\"><font color=\"#0AA700\">+2,0%<\/font><br \/>\n3'864'700<\/td><td class=\"column-5\">8,8%<\/td><td class=\"column-6\"><font color=\"#8d1711\">-1,2%<\/font><br \/>\n761'523<\/td><td class=\"column-7\">13,4%<\/td><td class=\"column-8\"><font color=\"#8d1711\">-5,0%<\/font><br \/>\n292'757<\/td><td class=\"column-9\">6,4%<\/td><td class=\"column-10\"><font color=\"#0AA700\">+1,1%<\/font><br \/>\n363'670<\/td><td class=\"column-11\">8,7%<\/td><td class=\"column-12\"><font color=\"#0AA700\">+0,9%<\/font><br \/>\n11'979'834<br \/>\n<\/td><td class=\"column-13\">88,6%<br \/>\n<\/td><td class=\"column-14\"><font color=\"#8d1711\">-2,0%<\/font><br \/>\n17'178'534<\/td><td class=\"column-15\">44,9%<\/td><td class=\"column-16\"><font color=\"#0AA700\">+0,7%<\/font><br \/>\n15'035'943<\/td><td class=\"column-17\">52,4%<\/td><td class=\"column-18\"><font color=\"#8d1711\">-1,1%<\/font>          <br \/>\n6'694'349<br \/>\n<\/td><td class=\"column-19\">38,8%<\/td><td class=\"column-20\"><font color=\"#8d1711\">-7,7%<\/font><br \/>\n1'464'217<\/td><td class=\"column-21\">10,4%<br \/>\n<\/td>\n<\/tr>\n<tr class=\"row-5\">\n\t<td class=\"column-1\">Grossbritannien<\/td><td class=\"column-2\"><font color=\"#0AA700\">+5,6%<\/font><br \/>\n216'165 <\/td><td class=\"column-3\">4,8%<br \/>\n<\/td><td class=\"column-4\"><font color=\"#0AA700\">+7,5%<\/font><br \/>\n1'739'094<\/td><td class=\"column-5\">4,0%<\/td><td class=\"column-6\"><font color=\"#0AA700\">+16,7 %<\/font><br \/>\n188'323<\/td><td class=\"column-7\">3,3%<\/td><td class=\"column-8\"><font color=\"#0AA700\">+4,4%<\/font><br \/>\n232'629<\/td><td class=\"column-9\">5,1%<\/td><td class=\"column-10\"><font color=\"#0AA700\">+8,5%<\/font><br \/>\n126'689<\/td><td class=\"column-11\">3,0%<\/td><td class=\"column-12\"><font color=\"#0AA700\">+4,0%<\/font><br \/>\n53'724<br \/>\n<\/td><td class=\"column-13\">0,4%<\/td><td class=\"column-14\"><font color=\"#0AA700\">+22,6%<\/font><br \/>\n471'886<\/td><td class=\"column-15\">1,2%<\/td><td class=\"column-16\"><font color=\"#0AA700\">+1,6%<\/font><br \/>\n1'006'475<\/td><td class=\"column-17\">3,5%<\/td><td class=\"column-18\"><font color=\"#0AA700\">+3,8%<\/font>       <br \/>\n613'625<\/td><td class=\"column-19\">3,6%<\/td><td class=\"column-20\"><font color=\"#0AA700\">+5,0%<\/font><br \/>\n395'543<\/td><td class=\"column-21\">2,8%<\/td>\n<\/tr>\n<tr class=\"row-6\">\n\t<td class=\"column-1\">USA<\/td><td class=\"column-2\"><font color=\"#0AA700\">+15,5%<\/font><br \/>\n403'194<\/td><td class=\"column-3\">8,9%<\/td><td class=\"column-4\"><font color=\"#0AA700\">+5,4%<\/font><br \/>\n3'676'621<\/td><td class=\"column-5\">8,4%<\/td><td class=\"column-6\"><font color=\"#0AA700\">+17,1%<\/font><br \/>\n177'216<\/td><td class=\"column-7\">3,1%<\/td><td class=\"column-8\"><font color=\"#0AA700\">+9,5%<\/font><br \/>\n561'310<\/td><td class=\"column-9\">12,2%<\/td><td class=\"column-10\"><font color=\"#0AA700\">+6,6%<\/font><br \/>\n551'014<\/td><td class=\"column-11\">13,1%<\/td><td class=\"column-12\"><font color=\"#8d1711\">-4,5%<\/font><br \/>\n85'671<br \/>\n<\/td><td class=\"column-13\">0,6%<br \/>\n<\/td><td class=\"column-14\"><font color=\"#0AA700\">+33,6%<\/font><br \/>\n592'690<\/td><td class=\"column-15\">1,5%<\/td><td class=\"column-16\"><font color=\"#0AA700\">+12,1%<\/font><br \/>\n364'863<\/td><td class=\"column-17\">1,3%<\/td><td class=\"column-18\"><font color=\"#0AA700\">+18,4%<\/font>  <br \/>\n435'191<br \/>\n<\/td><td class=\"column-19\">2,5%<br \/>\n<\/td><td class=\"column-20\"><font color=\"#0AA700\">+15,6%<\/font><br \/>\n126'976<\/td><td class=\"column-21\">0,9%<\/td>\n<\/tr>\n<tr class=\"row-7\">\n\t<td class=\"column-1\">China<\/td><td class=\"column-2\"><font color=\"#0AA700\">+4,8%<\/font><br \/>\n41'652<\/td><td class=\"column-3\">0,9%<br \/>\n<\/td><td class=\"column-4\"><font color=\"#0AA700\">+9,3%<\/font><br \/>\n792'566<\/td><td class=\"column-5\">1,8%<\/td><td class=\"column-6\"><font color=\"#0AA700\">+5,1%<\/font><br \/>\n16'225<\/td><td class=\"column-7\">0,3%<\/td><td class=\"column-8\"><font color=\"#0AA700\">+76,2%<\/font><br \/>\n171'427<\/td><td class=\"column-9\">3,7%<\/td><td class=\"column-10\"><font color=\"#8d1711\">-2,0%<\/font><br \/>\n130'415<\/td><td class=\"column-11\">3,1%<\/td><td class=\"column-12\"><font color=\"#0AA700\">+16,3%<\/font><br \/>\n41'708<\/td><td class=\"column-13\">0,3%<\/td><td class=\"column-14\"><font color=\"#0AA700\">+56,4%<\/font><br \/>\n122'181<\/td><td class=\"column-15\">0,3%<\/td><td class=\"column-16\"><font color=\"#8d1711\">-2,2%<\/font><br \/>\n123'579<\/td><td class=\"column-17\">0,4%<\/td><td class=\"column-18\"><font color=\"#0AA700\">+8,9%<\/font>     <br \/>\n74'189<br \/>\n<\/td><td class=\"column-19\">0,4%<br \/>\n<\/td><td class=\"column-20\"><font color=\"#0AA700\">+18,8%<\/font><br \/>\n24'558<\/td><td class=\"column-21\">0,2%<br \/>\n<\/td>\n<\/tr>\n<tr class=\"row-8\">\n\t<td class=\"column-1\"><strong>Total<\/strong><\/td><td class=\"column-2\"><strong><font color=\"#0AA700\">+ 2,2%<\/font><br \/>\n4'532'842<\/strong><\/td><td class=\"column-3\"><\/td><td class=\"column-4\"><strong><font color=\"#0AA700\">+ 2,6%<\/font><br \/>\n43'930'146<\/strong><\/td><td class=\"column-5\"><\/td><td class=\"column-6\"><strong><font color=\"#0AA700\">+ 2,8%<\/font><br \/>\n5'679'939<strong><\/strong><\/td><td class=\"column-7\"><\/td><td class=\"column-8\"><strong><font color=\"#8d1711\">-0,9%<\/font><br \/>\n4'603'456<\/strong><\/td><td class=\"column-9\"><\/td><td class=\"column-10\"><strong><font color=\"#0AA700\">+3,3%<\/font><br \/>\n4'202'624<\/strong><\/td><td class=\"column-11\"><\/td><td class=\"column-12\"><strong><font color=\"#0AA700\">+1,1%<\/font><br \/>\n13'517'226<\/strong><br \/>\n<br \/>\n<br \/>\n<\/td><td class=\"column-13\"><\/td><td class=\"column-14\"><strong><font color=\"#0AA700\">+3,2%<\/font><br \/>\n38'241'898<\/strong><\/td><td class=\"column-15\"><\/td><td class=\"column-16\"><strong><font color=\"#0AA700\">+1,2%<\/font><br \/>\n28'684'491<\/strong><\/td><td class=\"column-17\"><\/td><td class=\"column-18\"><strong><font color=\"#0AA700\">+2,6%<\/font><br \/>\n17'252'328<\/strong><\/td><td class=\"column-19\"><\/td><td class=\"column-20\"><strong><font color=\"#0AA700\">+1,8%<\/font><br \/>\n14'022'409<\/strong><\/td><td class=\"column-21\"><\/td>\n<\/tr>\n<tr class=\"row-9\">\n\t<td class=\"column-1\"><\/td><td class=\"column-2\"><\/td><td class=\"column-3\"><\/td><td class=\"column-4\"><\/td><td class=\"column-5\"><\/td><td class=\"column-6\"><\/td><td class=\"column-7\"><\/td><td class=\"column-8\"><\/td><td class=\"column-9\"><\/td><td class=\"column-10\"><\/td><td class=\"column-11\"><\/td><td class=\"column-12\"><\/td><td class=\"column-13\"><\/td><td class=\"column-14\"><\/td><td class=\"column-15\"><\/td><td class=\"column-16\"><\/td><td class=\"column-17\"><\/td><td class=\"column-18\"><\/td><td class=\"column-19\"><\/td><td class=\"column-20\"><\/td><td class=\"column-21\"><\/td>\n<\/tr>\n<\/tbody>\n<\/table>\n<!-- #tablepress-16 from cache --><\/div>\n\t\t\t\t\t\t<\/div>\n\t\t\t\t<\/div>\n\t\t\t\t\t<\/div>\n\t\t\t\t<\/div>\n\t\t<div class=\"elementor-element elementor-element-4d09720b watch-on-display e-flex e-con-boxed e-con e-parent\" data-id=\"4d09720b\" data-element_type=\"container\" data-e-type=\"container\">\n\t\t\t\t\t<div class=\"e-con-inner\">\n\t\t\t\t<div class=\"elementor-element elementor-element-2177021d animate-on-display elementor-widget elementor-widget-heading\" data-id=\"2177021d\" data-element_type=\"widget\" data-e-type=\"widget\" id=\"notoriete\" data-widget_type=\"heading.default\">\n\t\t\t\t<div class=\"elementor-widget-container\">\n\t\t\t\t\t<h2 class=\"elementor-heading-title elementor-size-default\">Bekanntheit.<\/h2>\t\t\t\t<\/div>\n\t\t\t\t<\/div>\n\t\t\t\t<div class=\"elementor-element elementor-element-bf14bdd animate-on-display elementor-widget elementor-widget-heading\" data-id=\"bf14bdd\" data-element_type=\"widget\" data-e-type=\"widget\" id=\"resultats\" data-widget_type=\"heading.default\">\n\t\t\t\t<div class=\"elementor-widget-container\">\n\t\t\t\t\t<h3 class=\"elementor-heading-title elementor-size-default\">Ergebnisse Imagetracking<\/h3>\t\t\t\t<\/div>\n\t\t\t\t<\/div>\n\t\t\t\t<div class=\"elementor-element elementor-element-7a3d0a4d animate-on-display elementor-widget elementor-widget-text-editor\" data-id=\"7a3d0a4d\" data-element_type=\"widget\" data-e-type=\"widget\" data-widget_type=\"text-editor.default\">\n\t\t\t\t<div class=\"elementor-widget-container\">\n\t\t\t\t\t\t\t\t\t<p><img loading=\"lazy\" decoding=\"async\" class=\"alignright wp-image-13675\" src=\"https:\/\/rapport-valais.ch\/wp-content\/uploads\/2024\/04\/VALAIS_RGB_PNG_claim_nooutline_DE-e1714036666889-300x207.png\" alt=\"\" width=\"150\" height=\"104\" srcset=\"https:\/\/rapport-valais.ch\/wp-content\/uploads\/2024\/04\/VALAIS_RGB_PNG_claim_nooutline_DE-e1714036666889-300x207.png 300w, https:\/\/rapport-valais.ch\/wp-content\/uploads\/2024\/04\/VALAIS_RGB_PNG_claim_nooutline_DE-e1714036666889-1024x708.png 1024w, https:\/\/rapport-valais.ch\/wp-content\/uploads\/2024\/04\/VALAIS_RGB_PNG_claim_nooutline_DE-e1714036666889-768x531.png 768w, https:\/\/rapport-valais.ch\/wp-content\/uploads\/2024\/04\/VALAIS_RGB_PNG_claim_nooutline_DE-e1714036666889.png 1203w\" sizes=\"(max-width: 150px) 100vw, 150px\" \/><\/p><p>Das Wallis z\u00e4hlt weiterhin zu den bekanntesten und positiv wahrgenommenen Bergdestinationen der Schweiz. Die Markenwerte bleiben stabil auf hohem Niveau, mit einem klaren Aufw\u00e4rtstrend bei der Bekanntheit. Aktuell kennen 68% der Schweizer Bev\u00f6lkerung die Marke Wallis beziehungsweise das Logo.<\/p><p>Im Image-Bereich verzeichnet das Wallis hohe und stabile Werte. Besonders stark sind die Assoziationen mit der Besuchsabsicht, den attraktiven Walliser Produkten und der Gastfreundlichkeit. Gleichzeitig gewinnt die Dimension der umwelt- und ressourcenschonenden Ferienangebote weiter an Bedeutung und erh\u00e4lt mehr Zuspruch als in der Vorwelle.\u00a0<\/p><p>Auch die Werbewirkung entwickelt sich positiv: Etwas mehr als ein Viertel der Bev\u00f6lkerung erinnert sich spontan daran, in letzter Zeit Werbung f\u00fcr das Wallis gesehen zu haben. Die gest\u00fctzte Werbebekanntheit liegt bei 39%. Der Wiedererkennungswert der aktuellen Kampagne betr\u00e4gt 34% und ist gegen\u00fcber der letzten Welle signifikant gestiegen.<\/p><p>In der Zielgruppenanalyse zeigt sich, dass das Interesse am Wallis weiterhin breit abgest\u00fctzt ist, insbesondere bei neuen Zielgruppen mit hoher Besuchsabsicht.<\/p>\t\t\t\t\t\t\t\t<\/div>\n\t\t\t\t<\/div>\n\t\t<div class=\"elementor-element elementor-element-5d7a4c75 e-flex e-con-boxed e-con e-child\" data-id=\"5d7a4c75\" data-element_type=\"container\" data-e-type=\"container\">\n\t\t\t\t\t<div class=\"e-con-inner\">\n\t\t<div class=\"elementor-element elementor-element-74a0498f e-grid e-con-boxed e-con e-child\" data-id=\"74a0498f\" data-element_type=\"container\" data-e-type=\"container\" data-settings=\"{&quot;background_background&quot;:&quot;classic&quot;}\">\n\t\t\t\t\t<div class=\"e-con-inner\">\n\t\t<div class=\"elementor-element elementor-element-63240b18 animate-on-display e-flex e-con-boxed e-con e-child\" data-id=\"63240b18\" data-element_type=\"container\" data-e-type=\"container\">\n\t\t\t\t\t<div class=\"e-con-inner\">\n\t\t\t\t<div class=\"elementor-element elementor-element-39b3669f elementor-widget elementor-widget-heading\" data-id=\"39b3669f\" data-element_type=\"widget\" data-e-type=\"widget\" data-widget_type=\"heading.default\">\n\t\t\t\t<div class=\"elementor-widget-container\">\n\t\t\t\t\t<h4 class=\"elementor-heading-title elementor-size-default\">68% <span>der Schweizerinnen und Schweizer <\/span><\/h4>\t\t\t\t<\/div>\n\t\t\t\t<\/div>\n\t\t\t\t<div class=\"elementor-element elementor-element-422cbdcd elementor-widget elementor-widget-text-editor\" data-id=\"422cbdcd\" data-element_type=\"widget\" data-e-type=\"widget\" data-widget_type=\"text-editor.default\">\n\t\t\t\t<div class=\"elementor-widget-container\">\n\t\t\t\t\t\t\t\t\t<div><span lang=\"DE-CH\">kennen die Marke Wallis<\/span><\/div>\t\t\t\t\t\t\t\t<\/div>\n\t\t\t\t<\/div>\n\t\t\t\t\t<\/div>\n\t\t\t\t<\/div>\n\t\t<div class=\"elementor-element elementor-element-a53ad84 animate-on-display e-flex e-con-boxed e-con e-child\" data-id=\"a53ad84\" data-element_type=\"container\" data-e-type=\"container\">\n\t\t\t\t\t<div class=\"e-con-inner\">\n\t\t\t\t<div class=\"elementor-element elementor-element-3e98e68 elementor-widget elementor-widget-heading\" data-id=\"3e98e68\" data-element_type=\"widget\" data-e-type=\"widget\" data-widget_type=\"heading.default\">\n\t\t\t\t<div class=\"elementor-widget-container\">\n\t\t\t\t\t<h4 class=\"elementor-heading-title elementor-size-default\">39% der Schweizerinnen und Schweizer<span> <\/span><\/h4>\t\t\t\t<\/div>\n\t\t\t\t<\/div>\n\t\t\t\t<div class=\"elementor-element elementor-element-8823e42 elementor-widget elementor-widget-text-editor\" data-id=\"8823e42\" data-element_type=\"widget\" data-e-type=\"widget\" data-widget_type=\"text-editor.default\">\n\t\t\t\t<div class=\"elementor-widget-container\">\n\t\t\t\t\t\t\t\t\t<div><span lang=\"DE-CH\">kennen Werbung f\u00fcr das Wallis<\/span><\/div>\t\t\t\t\t\t\t\t<\/div>\n\t\t\t\t<\/div>\n\t\t\t\t\t<\/div>\n\t\t\t\t<\/div>\n\t\t<div class=\"elementor-element elementor-element-82c5bab animate-on-display e-con-full e-flex e-con e-child\" data-id=\"82c5bab\" data-element_type=\"container\" data-e-type=\"container\">\n\t\t\t\t<div class=\"elementor-element elementor-element-5c356f9 elementor-widget elementor-widget-text-editor\" data-id=\"5c356f9\" data-element_type=\"widget\" data-e-type=\"widget\" data-widget_type=\"text-editor.default\">\n\t\t\t\t<div class=\"elementor-widget-container\">\n\t\t\t\t\t\t\t\t\t<p>Quelle: Imagetracking YouGov Schweiz<\/p>\t\t\t\t\t\t\t\t<\/div>\n\t\t\t\t<\/div>\n\t\t\t\t<\/div>\n\t\t\t\t\t<\/div>\n\t\t\t\t<\/div>\n\t\t\t\t\t<\/div>\n\t\t\t\t<\/div>\n\t\t\t\t\t<\/div>\n\t\t\t\t<\/div>\n\t\t<div class=\"elementor-element elementor-element-60dbb49 e-flex e-con-boxed e-con e-parent\" data-id=\"60dbb49\" data-element_type=\"container\" data-e-type=\"container\">\n\t\t\t\t\t<div class=\"e-con-inner\">\n\t\t\t\t<div class=\"elementor-element elementor-element-91b8523 elementor-widget elementor-widget-image\" data-id=\"91b8523\" data-element_type=\"widget\" data-e-type=\"widget\" data-widget_type=\"image.default\">\n\t\t\t\t<div class=\"elementor-widget-container\">\n\t\t\t\t\t\t\t\t\t\t\t\t<figure class=\"wp-caption\">\n\t\t\t\t\t\t\t\t\t\t\t<a href=\"https:\/\/rapport-valais.ch\/wp-content\/uploads\/2026\/04\/Bekanntheit-Marke-Wallis_DE.png\" data-elementor-open-lightbox=\"yes\" data-elementor-lightbox-title=\"Bekanntheit Marke Wallis_DE\" data-e-action-hash=\"#elementor-action%3Aaction%3Dlightbox%26settings%3DeyJpZCI6MTcyOTAsInVybCI6Imh0dHBzOlwvXC9yYXBwb3J0LXZhbGFpcy5jaFwvd3AtY29udGVudFwvdXBsb2Fkc1wvMjAyNlwvMDRcL0Jla2FubnRoZWl0LU1hcmtlLVdhbGxpc19ERS5wbmcifQ%3D%3D\">\n\t\t\t\t\t\t\t<img decoding=\"async\" src=\"https:\/\/rapport-valais.ch\/wp-content\/uploads\/2026\/04\/Bekanntheit-Marke-Wallis_DE.png\" title=\"Bekanntheit Marke Wallis_DE\" alt=\"Bekanntheit Marke Wallis_DE\" loading=\"lazy\" \/>\t\t\t\t\t\t\t\t<\/a>\n\t\t\t\t\t\t\t\t\t\t\t<figcaption class=\"widget-image-caption wp-caption-text\"><\/figcaption>\n\t\t\t\t\t\t\t\t\t\t<\/figure>\n\t\t\t\t\t\t\t\t\t<\/div>\n\t\t\t\t<\/div>\n\t\t\t\t\t<\/div>\n\t\t\t\t<\/div>\n\t\t<div class=\"elementor-element elementor-element-1066d52a watch-on-display e-flex e-con-boxed e-con e-parent\" data-id=\"1066d52a\" data-element_type=\"container\" data-e-type=\"container\">\n\t\t\t\t\t<div class=\"e-con-inner\">\n\t\t<div class=\"elementor-element elementor-element-5db1b914 e-flex e-con-boxed e-con e-child\" data-id=\"5db1b914\" data-element_type=\"container\" data-e-type=\"container\">\n\t\t\t\t\t<div class=\"e-con-inner\">\n\t\t\t\t<div class=\"elementor-element elementor-element-165d328 animate-on-display elementor-widget elementor-widget-heading\" data-id=\"165d328\" data-element_type=\"widget\" data-e-type=\"widget\" id=\"label\" data-widget_type=\"heading.default\">\n\t\t\t\t<div class=\"elementor-widget-container\">\n\t\t\t\t\t<h3 class=\"elementor-heading-title elementor-size-default\">Bekanntheit des Labels Marke Wallis.<\/h3>\t\t\t\t<\/div>\n\t\t\t\t<\/div>\n\t\t<div class=\"elementor-element elementor-element-79c248ae e-grid e-con-boxed e-con e-child\" data-id=\"79c248ae\" data-element_type=\"container\" data-e-type=\"container\" data-settings=\"{&quot;background_background&quot;:&quot;classic&quot;}\">\n\t\t\t\t\t<div class=\"e-con-inner\">\n\t\t<div class=\"elementor-element elementor-element-7b56ebb9 animate-on-display e-flex e-con-boxed e-con e-child\" data-id=\"7b56ebb9\" data-element_type=\"container\" data-e-type=\"container\">\n\t\t\t\t\t<div class=\"e-con-inner\">\n\t\t\t\t<div class=\"elementor-element elementor-element-41ef74b5 elementor-widget elementor-widget-heading\" data-id=\"41ef74b5\" data-element_type=\"widget\" data-e-type=\"widget\" data-widget_type=\"heading.default\">\n\t\t\t\t<div class=\"elementor-widget-container\">\n\t\t\t\t\t<h4 class=\"elementor-heading-title elementor-size-default\"><span style=\"font-size: 18px\">297<\/span><\/h4>\t\t\t\t<\/div>\n\t\t\t\t<\/div>\n\t\t\t\t<div class=\"elementor-element elementor-element-2183c58b elementor-widget elementor-widget-text-editor\" data-id=\"2183c58b\" data-element_type=\"widget\" data-e-type=\"widget\" data-widget_type=\"text-editor.default\">\n\t\t\t\t<div class=\"elementor-widget-container\">\n\t\t\t\t\t\t\t\t\t<div><span lang=\"DE-CH\">autorisierte Produzierende<\/span><\/div>\t\t\t\t\t\t\t\t<\/div>\n\t\t\t\t<\/div>\n\t\t\t\t\t<\/div>\n\t\t\t\t<\/div>\n\t\t<div class=\"elementor-element elementor-element-1079610 animate-on-display e-flex e-con-boxed e-con e-child\" data-id=\"1079610\" data-element_type=\"container\" data-e-type=\"container\">\n\t\t\t\t\t<div class=\"e-con-inner\">\n\t\t\t\t<div class=\"elementor-element elementor-element-ff22377 elementor-widget elementor-widget-heading\" data-id=\"ff22377\" data-element_type=\"widget\" data-e-type=\"widget\" data-widget_type=\"heading.default\">\n\t\t\t\t<div class=\"elementor-widget-container\">\n\t\t\t\t\t<h4 class=\"elementor-heading-title elementor-size-default\">+1200<\/h4>\t\t\t\t<\/div>\n\t\t\t\t<\/div>\n\t\t\t\t<div class=\"elementor-element elementor-element-1e7923e elementor-widget elementor-widget-text-editor\" data-id=\"1e7923e\" data-element_type=\"widget\" data-e-type=\"widget\" data-widget_type=\"text-editor.default\">\n\t\t\t\t<div class=\"elementor-widget-container\">\n\t\t\t\t\t\t\t\t\t<div><span lang=\"DE-CH\">zertifizierte Produkte<\/span><\/div>\t\t\t\t\t\t\t\t<\/div>\n\t\t\t\t<\/div>\n\t\t\t\t\t<\/div>\n\t\t\t\t<\/div>\n\t\t<div class=\"elementor-element elementor-element-86970f2 animate-on-display e-flex e-con-boxed e-con e-child\" data-id=\"86970f2\" data-element_type=\"container\" data-e-type=\"container\">\n\t\t\t\t\t<div class=\"e-con-inner\">\n\t\t\t\t<div class=\"elementor-element elementor-element-f982a5d elementor-widget elementor-widget-heading\" data-id=\"f982a5d\" data-element_type=\"widget\" data-e-type=\"widget\" data-widget_type=\"heading.default\">\n\t\t\t\t<div class=\"elementor-widget-container\">\n\t\t\t\t\t<h4 class=\"elementor-heading-title elementor-size-default\">4 Sektoren<\/h4>\t\t\t\t<\/div>\n\t\t\t\t<\/div>\n\t\t\t\t<div class=\"elementor-element elementor-element-1fcac4c elementor-widget elementor-widget-text-editor\" data-id=\"1fcac4c\" data-element_type=\"widget\" data-e-type=\"widget\" data-widget_type=\"text-editor.default\">\n\t\t\t\t<div class=\"elementor-widget-container\">\n\t\t\t\t\t\t\t\t\t<div><span lang=\"DE-CH\">Landwirtschaft, Industrie, Handwerk, Kosmetik<\/span><\/div>\t\t\t\t\t\t\t\t<\/div>\n\t\t\t\t<\/div>\n\t\t\t\t\t<\/div>\n\t\t\t\t<\/div>\n\t\t\t\t\t<\/div>\n\t\t\t\t<\/div>\n\t\t\t\t<div class=\"elementor-element elementor-element-d1ebb0c animate-on-display elementor-widget elementor-widget-text-editor\" data-id=\"d1ebb0c\" data-element_type=\"widget\" data-e-type=\"widget\" data-widget_type=\"text-editor.default\">\n\t\t\t\t<div class=\"elementor-widget-container\">\n\t\t\t\t\t\t\t\t\t<p><img loading=\"lazy\" decoding=\"async\" class=\"alignright\" src=\"https:\/\/rapport-valais.ch\/wp-content\/uploads\/2024\/04\/Valais_Label_Qualite__DE_Couleur_RGB-250x300.png\" alt=\"\" width=\"110\" height=\"132\" \/><\/p><p>Das Label Marke Wallis ist ein Zeichen der Anerkennung, Herkunft und Qualit\u00e4t f\u00fcr emblematische Walliser Produkte und Dienstleistungen, die von Unternehmen stammen, die Umwelt- und Sozialethik ber\u00fccksichtigen.<\/p><p>Laut einer im Jahr 2024 von Elyos durchgef\u00fchrten Umfrage kennen 90 % der Einwohnerinnen und Einwohner des Wallis dieses Label. Es geniesst auch in der \u00fcbrigen Romandie eine erhebliche Bekanntheit, wo mindestens ein Drittel der Befragten davon geh\u00f6rt hat.<\/p><p>Das Label Marke Wallis wird weitgehend als Zertifizierung f\u00fcr die lokale Herkunft der Produkte und als Mittel zur Unterst\u00fctzung der regionalen Produktion wahrgenommen.<\/p><p data-start=\"1157\" data-end=\"1595\">Parallel dazu entwickelt sich das Netzwerk kontinuierlich weiter: Die Zahl der zertifizierten Produzenten und Produkte ist erneut gestiegen, und das Label deckt heute vier zentrale Sektoren ab \u2013 von der Landwirtschaft \u00fcber Industrie und Handwerk bis hin zur Kosmetik. Diese Breite unterstreicht die Rolle der Marke Wallis als verbindendes Element zwischen verschiedenen Wirtschaftsbereichen und als sichtbares Zeichen regionaler Qualit\u00e4t.<\/p>\t\t\t\t\t\t\t\t<\/div>\n\t\t\t\t<\/div>\n\t\t\t\t\t<\/div>\n\t\t\t\t<\/div>\n\t\t\t\t\t<\/div>\n\t\t\t\t<\/div>\n\t\t<div class=\"elementor-element elementor-element-684fb972 watch-on-display e-flex e-con-boxed e-con e-parent\" data-id=\"684fb972\" data-element_type=\"container\" data-e-type=\"container\">\n\t\t\t\t\t<div class=\"e-con-inner\">\n\t\t<div class=\"elementor-element elementor-element-434dbc5b e-flex e-con-boxed e-con e-child\" data-id=\"434dbc5b\" data-element_type=\"container\" data-e-type=\"container\">\n\t\t\t\t\t<div class=\"e-con-inner\">\n\t\t\t\t<div class=\"elementor-element elementor-element-12947b96 animate-on-display elementor-widget elementor-widget-heading\" data-id=\"12947b96\" data-element_type=\"widget\" data-e-type=\"widget\" data-widget_type=\"heading.default\">\n\t\t\t\t<div class=\"elementor-widget-container\">\n\t\t\t\t\t<h2 class=\"elementor-heading-title elementor-size-default\">Kampagnen.<\/h2>\t\t\t\t<\/div>\n\t\t\t\t<\/div>\n\t\t<div class=\"elementor-element elementor-element-37198955 e-grid e-con-boxed e-con e-child\" data-id=\"37198955\" data-element_type=\"container\" data-e-type=\"container\" data-settings=\"{&quot;background_background&quot;:&quot;classic&quot;}\">\n\t\t\t\t\t<div class=\"e-con-inner\">\n\t\t<div class=\"elementor-element elementor-element-218da871 e-con-full animate-on-display e-flex e-con e-child\" data-id=\"218da871\" data-element_type=\"container\" data-e-type=\"container\" data-settings=\"{&quot;background_background&quot;:&quot;classic&quot;}\">\n\t\t<div class=\"elementor-element elementor-element-7c282ef4 e-con-full e-flex e-con e-child\" data-id=\"7c282ef4\" data-element_type=\"container\" data-e-type=\"container\">\n\t\t\t\t<div class=\"elementor-element elementor-element-746df68d elementor-widget elementor-widget-image\" data-id=\"746df68d\" data-element_type=\"widget\" data-e-type=\"widget\" data-widget_type=\"image.default\">\n\t\t\t\t<div class=\"elementor-widget-container\">\n\t\t\t\t\t\t\t\t\t\t\t\t\t\t\t<img loading=\"lazy\" decoding=\"async\" width=\"120\" height=\"120\" src=\"https:\/\/rapport-valais.ch\/wp-content\/uploads\/2024\/02\/familien-wanderung-l.jpg\" class=\"attachment-large size-large wp-image-13127\" alt=\"\" \/>\t\t\t\t\t\t\t\t\t\t\t\t\t\t\t<\/div>\n\t\t\t\t<\/div>\n\t\t\t\t<\/div>\n\t\t<div class=\"elementor-element elementor-element-a7d2fb e-con-full e-flex e-con e-child\" data-id=\"a7d2fb\" data-element_type=\"container\" data-e-type=\"container\">\n\t\t\t\t<div class=\"elementor-element elementor-element-2d315e6d elementor-widget elementor-widget-heading\" data-id=\"2d315e6d\" data-element_type=\"widget\" data-e-type=\"widget\" data-widget_type=\"heading.default\">\n\t\t\t\t<div class=\"elementor-widget-container\">\n\t\t\t\t\t<h3 class=\"elementor-heading-title elementor-size-default\">281,4 <span>Mio.<\/span><\/h3>\t\t\t\t<\/div>\n\t\t\t\t<\/div>\n\t\t\t\t<div class=\"elementor-element elementor-element-337594c6 elementor-widget elementor-widget-text-editor\" data-id=\"337594c6\" data-element_type=\"widget\" data-e-type=\"widget\" data-widget_type=\"text-editor.default\">\n\t\t\t\t<div class=\"elementor-widget-container\">\n\t\t\t\t\t\t\t\t\t<div><span lang=\"DE-CH\">Kontakte durch die Kampagne \u00abFreiheitsgef\u00fchl\u00bb<\/span><\/div>\t\t\t\t\t\t\t\t<\/div>\n\t\t\t\t<\/div>\n\t\t\t\t<\/div>\n\t\t\t\t<div class=\"elementor-element elementor-element-48d0af8e elementor-absolute elementor-widget elementor-widget-image\" data-id=\"48d0af8e\" data-element_type=\"widget\" data-e-type=\"widget\" data-settings=\"{&quot;_position&quot;:&quot;absolute&quot;}\" data-widget_type=\"image.default\">\n\t\t\t\t<div class=\"elementor-widget-container\">\n\t\t\t\t\t\t\t\t\t\t\t\t\t\t\t<img loading=\"lazy\" decoding=\"async\" width=\"1\" height=\"1\" src=\"https:\/\/rapport-valais.ch\/wp-content\/uploads\/2024\/01\/arrow-trsnprnt.svg\" class=\"attachment-large size-large wp-image-8932\" alt=\"\" \/>\t\t\t\t\t\t\t\t\t\t\t\t\t\t\t<\/div>\n\t\t\t\t<\/div>\n\t\t\t\t<\/div>\n\t\t<div class=\"elementor-element elementor-element-4b231ece e-con-full animate-on-display e-flex e-con e-child\" data-id=\"4b231ece\" data-element_type=\"container\" data-e-type=\"container\" data-settings=\"{&quot;background_background&quot;:&quot;classic&quot;}\">\n\t\t<div class=\"elementor-element elementor-element-7138d2c5 e-con-full e-flex e-con e-child\" data-id=\"7138d2c5\" data-element_type=\"container\" data-e-type=\"container\">\n\t\t\t\t<div class=\"elementor-element elementor-element-3d292811 elementor-widget elementor-widget-image\" data-id=\"3d292811\" data-element_type=\"widget\" data-e-type=\"widget\" data-widget_type=\"image.default\">\n\t\t\t\t<div class=\"elementor-widget-container\">\n\t\t\t\t\t\t\t\t\t\t\t\t\t\t\t<img loading=\"lazy\" decoding=\"async\" width=\"120\" height=\"120\" src=\"https:\/\/rapport-valais.ch\/wp-content\/uploads\/2024\/02\/factory-l.jpg\" class=\"attachment-large size-large wp-image-13126\" alt=\"\" \/>\t\t\t\t\t\t\t\t\t\t\t\t\t\t\t<\/div>\n\t\t\t\t<\/div>\n\t\t\t\t<\/div>\n\t\t<div class=\"elementor-element elementor-element-2efa84c4 e-con-full e-flex e-con e-child\" data-id=\"2efa84c4\" data-element_type=\"container\" data-e-type=\"container\">\n\t\t\t\t<div class=\"elementor-element elementor-element-240ffaad elementor-widget elementor-widget-heading\" data-id=\"240ffaad\" data-element_type=\"widget\" data-e-type=\"widget\" data-widget_type=\"heading.default\">\n\t\t\t\t<div class=\"elementor-widget-container\">\n\t\t\t\t\t<h3 class=\"elementor-heading-title elementor-size-default\">104,5 <span>Mio.<\/span><\/h3>\t\t\t\t<\/div>\n\t\t\t\t<\/div>\n\t\t\t\t<div class=\"elementor-element elementor-element-269c05ff elementor-widget elementor-widget-text-editor\" data-id=\"269c05ff\" data-element_type=\"widget\" data-e-type=\"widget\" data-widget_type=\"text-editor.default\">\n\t\t\t\t<div class=\"elementor-widget-container\">\n\t\t\t\t\t\t\t\t\t<div><span lang=\"DE-CH\">Kontakte durch die Kampagne \u00abLeben und Arbeiten\u00bb<\/span><\/div>\t\t\t\t\t\t\t\t<\/div>\n\t\t\t\t<\/div>\n\t\t\t\t<\/div>\n\t\t\t\t<div class=\"elementor-element elementor-element-77479b51 elementor-absolute elementor-widget elementor-widget-image\" data-id=\"77479b51\" data-element_type=\"widget\" data-e-type=\"widget\" data-settings=\"{&quot;_position&quot;:&quot;absolute&quot;}\" data-widget_type=\"image.default\">\n\t\t\t\t<div class=\"elementor-widget-container\">\n\t\t\t\t\t\t\t\t\t\t\t\t\t\t\t<img loading=\"lazy\" decoding=\"async\" width=\"1\" height=\"1\" src=\"https:\/\/rapport-valais.ch\/wp-content\/uploads\/2024\/01\/arrow-trsnprnt.svg\" class=\"attachment-large size-large wp-image-8932\" alt=\"\" \/>\t\t\t\t\t\t\t\t\t\t\t\t\t\t\t<\/div>\n\t\t\t\t<\/div>\n\t\t\t\t<\/div>\n\t\t<div class=\"elementor-element elementor-element-889b91d e-con-full animate-on-display e-flex e-con e-child\" data-id=\"889b91d\" data-element_type=\"container\" data-e-type=\"container\" data-settings=\"{&quot;background_background&quot;:&quot;classic&quot;}\">\n\t\t<div class=\"elementor-element elementor-element-489637d7 e-con-full e-flex e-con e-child\" data-id=\"489637d7\" data-element_type=\"container\" data-e-type=\"container\">\n\t\t\t\t<div class=\"elementor-element elementor-element-36d397c elementor-widget elementor-widget-image\" data-id=\"36d397c\" data-element_type=\"widget\" data-e-type=\"widget\" data-widget_type=\"image.default\">\n\t\t\t\t<div class=\"elementor-widget-container\">\n\t\t\t\t\t\t\t\t\t\t\t\t\t\t\t<img loading=\"lazy\" decoding=\"async\" width=\"120\" height=\"120\" src=\"https:\/\/rapport-valais.ch\/wp-content\/uploads\/2024\/02\/grapes-l.jpg\" class=\"attachment-large size-large wp-image-13128\" alt=\"\" \/>\t\t\t\t\t\t\t\t\t\t\t\t\t\t\t<\/div>\n\t\t\t\t<\/div>\n\t\t\t\t<\/div>\n\t\t<div class=\"elementor-element elementor-element-15f65a81 e-con-full e-flex e-con e-child\" data-id=\"15f65a81\" data-element_type=\"container\" data-e-type=\"container\">\n\t\t\t\t<div class=\"elementor-element elementor-element-149b59e8 elementor-widget elementor-widget-heading\" data-id=\"149b59e8\" data-element_type=\"widget\" data-e-type=\"widget\" data-widget_type=\"heading.default\">\n\t\t\t\t<div class=\"elementor-widget-container\">\n\t\t\t\t\t<h3 class=\"elementor-heading-title elementor-size-default\">2 <span>Mio.<\/span><\/h3>\t\t\t\t<\/div>\n\t\t\t\t<\/div>\n\t\t\t\t<div class=\"elementor-element elementor-element-75edade0 elementor-widget elementor-widget-text-editor\" data-id=\"75edade0\" data-element_type=\"widget\" data-e-type=\"widget\" data-widget_type=\"text-editor.default\">\n\t\t\t\t<div class=\"elementor-widget-container\">\n\t\t\t\t\t\t\t\t\t<div><span lang=\"DE-CH\">Kontakte durch die Kampagne \u00abGenussland Wallis\u00bb<\/span><\/div>\t\t\t\t\t\t\t\t<\/div>\n\t\t\t\t<\/div>\n\t\t\t\t<\/div>\n\t\t\t\t<div class=\"elementor-element elementor-element-6c5cb32b elementor-absolute elementor-widget elementor-widget-image\" data-id=\"6c5cb32b\" data-element_type=\"widget\" data-e-type=\"widget\" data-settings=\"{&quot;_position&quot;:&quot;absolute&quot;}\" data-widget_type=\"image.default\">\n\t\t\t\t<div class=\"elementor-widget-container\">\n\t\t\t\t\t\t\t\t\t\t\t\t\t\t\t<img loading=\"lazy\" decoding=\"async\" width=\"1\" height=\"1\" src=\"https:\/\/rapport-valais.ch\/wp-content\/uploads\/2024\/01\/arrow-trsnprnt.svg\" class=\"attachment-large size-large wp-image-8932\" alt=\"\" \/>\t\t\t\t\t\t\t\t\t\t\t\t\t\t\t<\/div>\n\t\t\t\t<\/div>\n\t\t\t\t<\/div>\n\t\t<div class=\"elementor-element elementor-element-58aad6c4 e-con-full animate-on-display e-flex e-con e-child\" data-id=\"58aad6c4\" data-element_type=\"container\" data-e-type=\"container\" data-settings=\"{&quot;background_background&quot;:&quot;classic&quot;}\">\n\t\t<div class=\"elementor-element elementor-element-531f3511 e-con-full e-flex e-con e-child\" data-id=\"531f3511\" data-element_type=\"container\" data-e-type=\"container\">\n\t\t\t\t<div class=\"elementor-element elementor-element-3685a10b elementor-widget elementor-widget-image\" data-id=\"3685a10b\" data-element_type=\"widget\" data-e-type=\"widget\" data-widget_type=\"image.default\">\n\t\t\t\t<div class=\"elementor-widget-container\">\n\t\t\t\t\t\t\t\t\t\t\t\t\t\t\t<img loading=\"lazy\" decoding=\"async\" width=\"188\" height=\"188\" src=\"https:\/\/rapport-valais.ch\/wp-content\/uploads\/2024\/02\/map-l.jpg\" class=\"attachment-large size-large wp-image-10895\" alt=\"\" srcset=\"https:\/\/rapport-valais.ch\/wp-content\/uploads\/2024\/02\/map-l.jpg 188w, https:\/\/rapport-valais.ch\/wp-content\/uploads\/2024\/02\/map-l-150x150.jpg 150w\" sizes=\"(max-width: 188px) 100vw, 188px\" \/>\t\t\t\t\t\t\t\t\t\t\t\t\t\t\t<\/div>\n\t\t\t\t<\/div>\n\t\t\t\t<\/div>\n\t\t<div class=\"elementor-element elementor-element-527ac8a e-con-full e-flex e-con e-child\" data-id=\"527ac8a\" data-element_type=\"container\" data-e-type=\"container\">\n\t\t\t\t<div class=\"elementor-element elementor-element-6d580241 elementor-widget elementor-widget-heading\" data-id=\"6d580241\" data-element_type=\"widget\" data-e-type=\"widget\" data-widget_type=\"heading.default\">\n\t\t\t\t<div class=\"elementor-widget-container\">\n\t\t\t\t\t<h3 class=\"elementor-heading-title elementor-size-default\">40 <span>Mio.<\/span><\/h3>\t\t\t\t<\/div>\n\t\t\t\t<\/div>\n\t\t\t\t<div class=\"elementor-element elementor-element-14c98389 elementor-widget elementor-widget-text-editor\" data-id=\"14c98389\" data-element_type=\"widget\" data-e-type=\"widget\" data-widget_type=\"text-editor.default\">\n\t\t\t\t<div class=\"elementor-widget-container\">\n\t\t\t\t\t\t\t\t\t<p style=\"font-weight: 400;\">Kontakte durch die nationale Plakatkampagne, Mai bis Dezember<\/p>\t\t\t\t\t\t\t\t<\/div>\n\t\t\t\t<\/div>\n\t\t\t\t<\/div>\n\t\t\t\t<div class=\"elementor-element elementor-element-2b7fae3e elementor-absolute elementor-widget elementor-widget-image\" data-id=\"2b7fae3e\" data-element_type=\"widget\" data-e-type=\"widget\" data-settings=\"{&quot;_position&quot;:&quot;absolute&quot;}\" data-widget_type=\"image.default\">\n\t\t\t\t<div class=\"elementor-widget-container\">\n\t\t\t\t\t\t\t\t\t\t\t\t\t\t\t<img loading=\"lazy\" decoding=\"async\" width=\"1\" height=\"1\" src=\"https:\/\/rapport-valais.ch\/wp-content\/uploads\/2024\/01\/arrow-trsnprnt.svg\" class=\"attachment-large size-large wp-image-8932\" alt=\"\" \/>\t\t\t\t\t\t\t\t\t\t\t\t\t\t\t<\/div>\n\t\t\t\t<\/div>\n\t\t\t\t<\/div>\n\t\t\t\t\t<\/div>\n\t\t\t\t<\/div>\n\t\t\t\t\t<\/div>\n\t\t\t\t<\/div>\n\t\t\t\t\t<\/div>\n\t\t\t\t<\/div>\n\t\t<div class=\"elementor-element elementor-element-5a26363 watch-on-display e-flex e-con-boxed e-con e-parent\" data-id=\"5a26363\" data-element_type=\"container\" data-e-type=\"container\" data-settings=\"{&quot;animation&quot;:&quot;none&quot;,&quot;animation_delay&quot;:20}\">\n\t\t\t\t\t<div class=\"e-con-inner\">\n\t\t\t\t<div class=\"elementor-element elementor-element-7236845 animate-on-display elementor-widget elementor-widget-heading\" data-id=\"7236845\" data-element_type=\"widget\" data-e-type=\"widget\" data-widget_type=\"heading.default\">\n\t\t\t\t<div class=\"elementor-widget-container\">\n\t\t\t\t\t<h3 class=\"elementor-heading-title elementor-size-default\">Winterkampagne 2024\/25.<\/h3>\t\t\t\t<\/div>\n\t\t\t\t<\/div>\n\t\t\t\t<div class=\"elementor-element elementor-element-586c684 animate-on-display elementor-widget elementor-widget-image\" data-id=\"586c684\" data-element_type=\"widget\" data-e-type=\"widget\" data-widget_type=\"image.default\">\n\t\t\t\t<div class=\"elementor-widget-container\">\n\t\t\t\t\t\t\t\t\t\t\t\t\t\t\t\t<a href=\"https:\/\/rapport-valais.ch\/wp-content\/uploads\/2026\/04\/F200_Winter_DE.png\" data-elementor-open-lightbox=\"yes\" data-elementor-lightbox-title=\"F200_Winter_DE\" data-e-action-hash=\"#elementor-action%3Aaction%3Dlightbox%26settings%3DeyJpZCI6MTY5MzAsInVybCI6Imh0dHBzOlwvXC9yYXBwb3J0LXZhbGFpcy5jaFwvd3AtY29udGVudFwvdXBsb2Fkc1wvMjAyNlwvMDRcL0YyMDBfV2ludGVyX0RFLnBuZyJ9\">\n\t\t\t\t\t\t\t<img loading=\"lazy\" decoding=\"async\" width=\"800\" height=\"400\" src=\"https:\/\/rapport-valais.ch\/wp-content\/uploads\/2026\/04\/F200_Winter_DE-1024x512.png\" class=\"attachment-large size-large wp-image-16930\" alt=\"\" srcset=\"https:\/\/rapport-valais.ch\/wp-content\/uploads\/2026\/04\/F200_Winter_DE-1024x512.png 1024w, https:\/\/rapport-valais.ch\/wp-content\/uploads\/2026\/04\/F200_Winter_DE-300x150.png 300w, https:\/\/rapport-valais.ch\/wp-content\/uploads\/2026\/04\/F200_Winter_DE-768x384.png 768w, https:\/\/rapport-valais.ch\/wp-content\/uploads\/2026\/04\/F200_Winter_DE-1536x768.png 1536w, https:\/\/rapport-valais.ch\/wp-content\/uploads\/2026\/04\/F200_Winter_DE.png 2000w\" sizes=\"(max-width: 800px) 100vw, 800px\" \/>\t\t\t\t\t\t\t\t<\/a>\n\t\t\t\t\t\t\t\t\t\t\t\t\t\t\t<\/div>\n\t\t\t\t<\/div>\n\t\t\t\t<div class=\"elementor-element elementor-element-b252c4d animate-on-display elementor-widget elementor-widget-text-editor\" data-id=\"b252c4d\" data-element_type=\"widget\" data-e-type=\"widget\" data-widget_type=\"text-editor.default\">\n\t\t\t\t<div class=\"elementor-widget-container\">\n\t\t\t\t\t\t\t\t\t<p><span style=\"color: var( --e-global-color-text ); text-align: var(--text-align); font-family: var( --e-global-typography-text-font-family ), Sans-serif; font-size: var( --e-global-typography-text-font-size ); font-weight: var( --e-global-typography-text-font-weight );\">Der Hauptteil der Winterkampagne lief zum Saisonstart von Ende Oktober bis Mitte Dezember. Ziel war es, die Vorfreude auf Schnee, Berge und Winterferien zu wecken und fr\u00fchzeitige Buchungen auszul\u00f6sen. Fr\u00fche Schneef\u00e4lle Anfang Dezember sorgten zus\u00e4tzlich f\u00fcr eine hohe Aufmerksamkeit. <\/span><\/p><p><span style=\"color: var( --e-global-color-text ); text-align: var(--text-align); font-family: var( --e-global-typography-text-font-family ), Sans-serif; font-size: var( --e-global-typography-text-font-size ); font-weight: var( --e-global-typography-text-font-weight );\">Insgesamt erzielte die Kampagne \u00fcber 80 Millionen Sichtkontakte. In der Inspirationsphase setzten vor allem Videos Impulse, w\u00e4hrend in der anschliessenden Konversionsphase gezielte Formate wie Social Ads, Display- und Native Ads Besucher auf die Kampagnenseiten lenkten. Dabei wurden \u00fcber 235\u2019000 Besuche generiert, rund 28% davon qualifiziert. <\/span><\/p><p><span style=\"color: var( --e-global-color-text ); text-align: var(--text-align); font-family: var( --e-global-typography-text-font-family ), Sans-serif; font-size: var( --e-global-typography-text-font-size ); font-weight: var( --e-global-typography-text-font-weight );\">Erg\u00e4nzend sorgten Plakatfl\u00e4chen in Schweizer Bahnh\u00f6fen f\u00fcr zus\u00e4tzliche Sichtbarkeit. <\/span><\/p><p><span style=\"color: var( --e-global-color-text ); text-align: var(--text-align); font-family: var( --e-global-typography-text-font-family ), Sans-serif; font-size: var( --e-global-typography-text-font-size ); font-weight: var( --e-global-typography-text-font-weight );\">Ab Januar 2025 wurde die digitale Kampagne im \u00abAlways-on\u00bb-Modus bis Ostern weitergef\u00fchrt. Die Massnahmen erzielten \u00fcber 144 Millionen Sichtkontakte und mehr als 45\u2019000 zus\u00e4tzliche Besuche. Rund 30% der Besuche galten als qualifiziert.<\/span><\/p><p><a style=\"text-align: var(--text-align); background-color: #fafafa; font-family: var( --e-global-typography-text-font-family ), Sans-serif; font-size: var( --e-global-typography-text-font-size );\" href=\"https:\/\/www.vwpnet.ch\/de\/news\/partnerinformation\/winterkampagne-2024-2025-3922\" target=\"_blank\" rel=\"noopener\">Mehr \u00fcber die Winterkampagne\u00a0<\/a><\/p>\t\t\t\t\t\t\t\t<\/div>\n\t\t\t\t<\/div>\n\t\t\t\t\t<\/div>\n\t\t\t\t<\/div>\n\t\t<div class=\"elementor-element elementor-element-2ad345c watch-on-display e-flex e-con-boxed e-con e-parent\" data-id=\"2ad345c\" data-element_type=\"container\" data-e-type=\"container\" data-settings=\"{&quot;animation&quot;:&quot;none&quot;,&quot;animation_delay&quot;:20}\">\n\t\t\t\t\t<div class=\"e-con-inner\">\n\t\t\t\t<div class=\"elementor-element elementor-element-137df7e animate-on-display elementor-widget elementor-widget-heading\" data-id=\"137df7e\" data-element_type=\"widget\" data-e-type=\"widget\" id=\"Raiffeisen\" data-widget_type=\"heading.default\">\n\t\t\t\t<div class=\"elementor-widget-container\">\n\t\t\t\t\t<h3 class=\"elementor-heading-title elementor-size-default\">Sommerkampagne.<\/h3>\t\t\t\t<\/div>\n\t\t\t\t<\/div>\n\t\t\t\t<div class=\"elementor-element elementor-element-c12d1a6 animate-on-display elementor-widget elementor-widget-image\" data-id=\"c12d1a6\" data-element_type=\"widget\" data-e-type=\"widget\" data-widget_type=\"image.default\">\n\t\t\t\t<div class=\"elementor-widget-container\">\n\t\t\t\t\t\t\t\t\t\t\t\t\t\t\t\t<a href=\"https:\/\/rapport-valais.ch\/wp-content\/uploads\/2026\/04\/VWP_Campagne_Valais_Bike_Digital_828x910px_RVB_20250331_Vache_DE.jpg\" data-elementor-open-lightbox=\"yes\" data-elementor-lightbox-title=\"VWP_Campagne_Valais_Bike_Digital_828x910px_RVB_20250331_Vache_DE\" data-e-action-hash=\"#elementor-action%3Aaction%3Dlightbox%26settings%3DeyJpZCI6MTY5MzksInVybCI6Imh0dHBzOlwvXC9yYXBwb3J0LXZhbGFpcy5jaFwvd3AtY29udGVudFwvdXBsb2Fkc1wvMjAyNlwvMDRcL1ZXUF9DYW1wYWduZV9WYWxhaXNfQmlrZV9EaWdpdGFsXzgyOHg5MTBweF9SVkJfMjAyNTAzMzFfVmFjaGVfREUuanBnIn0%3D\">\n\t\t\t\t\t\t\t<img loading=\"lazy\" decoding=\"async\" width=\"800\" height=\"879\" src=\"https:\/\/rapport-valais.ch\/wp-content\/uploads\/2026\/04\/VWP_Campagne_Valais_Bike_Digital_828x910px_RVB_20250331_Vache_DE.jpg\" class=\"attachment-large size-large wp-image-16939\" alt=\"\" srcset=\"https:\/\/rapport-valais.ch\/wp-content\/uploads\/2026\/04\/VWP_Campagne_Valais_Bike_Digital_828x910px_RVB_20250331_Vache_DE.jpg 828w, https:\/\/rapport-valais.ch\/wp-content\/uploads\/2026\/04\/VWP_Campagne_Valais_Bike_Digital_828x910px_RVB_20250331_Vache_DE-273x300.jpg 273w, https:\/\/rapport-valais.ch\/wp-content\/uploads\/2026\/04\/VWP_Campagne_Valais_Bike_Digital_828x910px_RVB_20250331_Vache_DE-768x844.jpg 768w\" sizes=\"(max-width: 800px) 100vw, 800px\" \/>\t\t\t\t\t\t\t\t<\/a>\n\t\t\t\t\t\t\t\t\t\t\t\t\t\t\t<\/div>\n\t\t\t\t<\/div>\n\t\t\t\t<div class=\"elementor-element elementor-element-dfb9cfc animate-on-display elementor-widget elementor-widget-text-editor\" data-id=\"dfb9cfc\" data-element_type=\"widget\" data-e-type=\"widget\" data-widget_type=\"text-editor.default\">\n\t\t\t\t<div class=\"elementor-widget-container\">\n\t\t\t\t\t\t\t\t\t<div><p>Im Vorfeld der UCI Mountainbike-Weltmeisterschaften setzte Valais\/Wallis Promotion einen klaren Schwerpunkt auf das Thema Mountainbike. Die nationale Kampagne \u00abValais Bike\u00bb lief von Mitte April bis Ende August und positionierte das Wallis gezielt als f\u00fchrende Mountainbike-Destination.<\/p><p>Die Kampagne BIKE hat erstmals das Wallis, acht Destinationen sowie die UCI Mountainbike-Weltmeisterschaften 2025 in einem gemeinsamen, klar strukturierten Ansatz vereint. S\u00e4mtliche Akteure wurden dabei unter der visuellen Linie des Wallis zusammengef\u00fchrt.<\/p><p>Die Umsetzung erfolgte entlang des gesamten Conversion-Funnels: In einer ersten Phase (SEE) stand die Bekanntheit des Mountainbike-Angebots im Wallis im Fokus \u2013 zun\u00e4chst kantonal, dann auf Ebene der Destinationen und schliesslich im Hinblick auf die Weltmeisterschaften. Darauf folgten jeweils gezielte Aktivierungsphasen (THINK), um Interesse zu vertiefen und konkrete Besuche in den Destinationen oder entlang der WM-Standorte auszul\u00f6sen.<\/p><p>\u00dcber einen Zeitraum von rund 20 Wochen erreichte die Kampagne in der SEE-Phase knapp 48 Millionen Impressionen. In der anschliessenden THINK-Phase wurden \u00fcber eine Million Klicks auf die entsprechenden Landingpages generiert, darunter rund 200\u2019000 qualifizierte Besuche.<\/p><p>Die Kampagne kombinierte Plakatwerbung mit einer starken digitalen Pr\u00e4senz und begleitete die Kommunikation rund um die Weltmeisterschaften. Sie trug wesentlich dazu bei, die Sichtbarkeit des Wallis im In- und Ausland zu erh\u00f6hen und das Interesse am Mountainbike-Angebot nachhaltig zu st\u00e4rken.<\/p><p>Die Wirkung zeigt sich auch in der Wahrnehmung: Der Anteil der Bev\u00f6lkerung, die das Wallis als f\u00fchrende Mountainbike-Destination betrachtet, ist innerhalb von zwei Jahren deutlich gestiegen.<\/p><\/div><p><a href=\"https:\/\/www.vwpnet.ch\/de\/news\/partnerinformation\/nachhaltige-wirkung-fur-das-wallis-bilanz-der-uci-mountainbike-weltmeisterschaften-2025-4121\" target=\"_blank\" rel=\"noopener\">Mehr erfahren<\/a><\/p>\t\t\t\t\t\t\t\t<\/div>\n\t\t\t\t<\/div>\n\t\t\t\t\t<\/div>\n\t\t\t\t<\/div>\n\t\t<div class=\"elementor-element elementor-element-b7b6bb6 watch-on-display e-flex e-con-boxed e-con e-parent\" data-id=\"b7b6bb6\" data-element_type=\"container\" data-e-type=\"container\" data-settings=\"{&quot;animation&quot;:&quot;none&quot;,&quot;animation_delay&quot;:20}\">\n\t\t\t\t\t<div class=\"e-con-inner\">\n\t\t\t\t<div class=\"elementor-element elementor-element-c1b594d animate-on-display elementor-widget elementor-widget-heading\" data-id=\"c1b594d\" data-element_type=\"widget\" data-e-type=\"widget\" data-widget_type=\"heading.default\">\n\t\t\t\t<div class=\"elementor-widget-container\">\n\t\t\t\t\t<h3 class=\"elementor-heading-title elementor-size-default\">Herbstkampagne.<\/h3>\t\t\t\t<\/div>\n\t\t\t\t<\/div>\n\t\t\t\t<div class=\"elementor-element elementor-element-694f645 animate-on-display elementor-widget elementor-widget-image\" data-id=\"694f645\" data-element_type=\"widget\" data-e-type=\"widget\" data-widget_type=\"image.default\">\n\t\t\t\t<div class=\"elementor-widget-container\">\n\t\t\t\t\t\t\t\t\t\t\t\t\t\t\t\t<a href=\"https:\/\/rapport-valais.ch\/wp-content\/uploads\/2026\/04\/OOH_DE_F12_Automne_foret.png\" data-elementor-open-lightbox=\"yes\" data-elementor-lightbox-title=\"OOH_DE_F12_Automne_fore\u0302t\" data-e-action-hash=\"#elementor-action%3Aaction%3Dlightbox%26settings%3DeyJpZCI6MTY5NDMsInVybCI6Imh0dHBzOlwvXC9yYXBwb3J0LXZhbGFpcy5jaFwvd3AtY29udGVudFwvdXBsb2Fkc1wvMjAyNlwvMDRcL09PSF9ERV9GMTJfQXV0b21uZV9mb3JldC5wbmcifQ%3D%3D\">\n\t\t\t\t\t\t\t<img loading=\"lazy\" decoding=\"async\" width=\"800\" height=\"400\" src=\"https:\/\/rapport-valais.ch\/wp-content\/uploads\/2026\/04\/OOH_DE_F12_Automne_foret-1024x512.png\" class=\"attachment-large size-large wp-image-16943\" alt=\"\" srcset=\"https:\/\/rapport-valais.ch\/wp-content\/uploads\/2026\/04\/OOH_DE_F12_Automne_foret-1024x512.png 1024w, https:\/\/rapport-valais.ch\/wp-content\/uploads\/2026\/04\/OOH_DE_F12_Automne_foret-300x150.png 300w, https:\/\/rapport-valais.ch\/wp-content\/uploads\/2026\/04\/OOH_DE_F12_Automne_foret-768x384.png 768w, https:\/\/rapport-valais.ch\/wp-content\/uploads\/2026\/04\/OOH_DE_F12_Automne_foret-1536x768.png 1536w, https:\/\/rapport-valais.ch\/wp-content\/uploads\/2026\/04\/OOH_DE_F12_Automne_foret.png 2000w\" sizes=\"(max-width: 800px) 100vw, 800px\" \/>\t\t\t\t\t\t\t\t<\/a>\n\t\t\t\t\t\t\t\t\t\t\t\t\t\t\t<\/div>\n\t\t\t\t<\/div>\n\t\t\t\t<div class=\"elementor-element elementor-element-d0e3276 animate-on-display elementor-widget elementor-widget-text-editor\" data-id=\"d0e3276\" data-element_type=\"widget\" data-e-type=\"widget\" data-widget_type=\"text-editor.default\">\n\t\t\t\t<div class=\"elementor-widget-container\">\n\t\t\t\t\t\t\t\t\t<p><strong>Outdoor &amp; Freiheitsgef\u00fchl:\u00a0<\/strong><\/p><p>Nach der UCI Mountainbike-Weltmeisterschaft wurde im September und Oktober eine Kampagne mit Fokus auf Wandern, Panoramaausfl\u00fcge und Thermalb\u00e4der im lanciert.<\/p><p>Ein Push mit Online-Videos und Plakaten wurde von einer Always-on-Kampagne verl\u00e4ngert.<\/p>\t\t\t\t\t\t\t\t<\/div>\n\t\t\t\t<\/div>\n\t\t\t\t\t<\/div>\n\t\t\t\t<\/div>\n\t\t<div class=\"elementor-element elementor-element-5be06c3 watch-on-display e-flex e-con-boxed e-con e-parent\" data-id=\"5be06c3\" data-element_type=\"container\" data-e-type=\"container\" data-settings=\"{&quot;animation&quot;:&quot;none&quot;,&quot;animation_delay&quot;:20}\">\n\t\t\t\t\t<div class=\"e-con-inner\">\n\t\t\t\t<div class=\"elementor-element elementor-element-ef32e7e animate-on-display elementor-widget elementor-widget-heading\" data-id=\"ef32e7e\" data-element_type=\"widget\" data-e-type=\"widget\" id=\"Winterkampagne\" data-widget_type=\"heading.default\">\n\t\t\t\t<div class=\"elementor-widget-container\">\n\t\t\t\t\t<h3 class=\"elementor-heading-title elementor-size-default\">Lancierung der Winterkampagne 2025\/26.<\/h3>\t\t\t\t<\/div>\n\t\t\t\t<\/div>\n\t\t\t\t<div class=\"elementor-element elementor-element-b1b8fd2 animate-on-display elementor-widget elementor-widget-text-editor\" data-id=\"b1b8fd2\" data-element_type=\"widget\" data-e-type=\"widget\" data-widget_type=\"text-editor.default\">\n\t\t\t\t<div class=\"elementor-widget-container\">\n\t\t\t\t\t\t\t\t\t<p data-start=\"338\" data-end=\"582\">Zur Er\u00f6ffnung der Wintersaison 2025\/26 setzte Valais\/Wallis Promotion neben der nationalen Kampagne gezielte Akzente auf internationalen M\u00e4rkten. Ziel war es, die Bekanntheit des Wallis weiter zu st\u00e4rken und den Zugang zum Kanton zu verbessern.<\/p>\n<p data-start=\"584\" data-end=\"869\">Ein zentrales Element war die neue t\u00e4gliche Direktverbindung mit dem ICE von Hamburg nach Brig, die das Wallis besser an das europ\u00e4ische Schienennetz anbindet. Sie erleichtert die Anreise aus Nord- und Westdeutschland und st\u00e4rkt die Position des Wallis als gut erreichbare Destination.<\/p>\n<p data-start=\"871\" data-end=\"1109\">Gleichzeitig wurden internationale Projekte umgesetzt, um neue M\u00e4rkte zu erschliessen. So erm\u00f6glichte ein Pilotprojekt mit Jugendlichen aus Singapur erste Wintererlebnisse im Wallis und unterstreicht das Potenzial asiatischer Zielgruppen.<\/p>\n<p data-start=\"1111\" data-end=\"1389\">Erg\u00e4nzend wurde die Wintersaison in verschiedenen Auslandsm\u00e4rkten lanciert, unter anderem in Europa und Asien. Diese Massnahmen tragen dazu bei, die internationale Sichtbarkeit des Wallis zu erh\u00f6hen und die Positionierung als attraktive Ganzjahresdestination weiter zu festigen.<\/p>\n<a href=\"https:\/\/www.vwpnet.ch\/de\/news\/partnerinformation\/weltweit-lanciert-eroffnung-der-wintersaison-4120\" target=\"_blank\" rel=\"noopener\">Weitere Informationen<\/a>\t\t\t\t\t\t\t\t<\/div>\n\t\t\t\t<\/div>\n\t\t\t\t\t<\/div>\n\t\t\t\t<\/div>\n\t\t<div class=\"elementor-element elementor-element-87c27e8 watch-on-display e-flex e-con-boxed e-con e-parent\" data-id=\"87c27e8\" data-element_type=\"container\" data-e-type=\"container\" data-settings=\"{&quot;animation&quot;:&quot;none&quot;,&quot;animation_delay&quot;:20}\">\n\t\t\t\t\t<div class=\"e-con-inner\">\n\t\t\t\t<div class=\"elementor-element elementor-element-fd13cf2 animate-on-display elementor-widget elementor-widget-heading\" data-id=\"fd13cf2\" data-element_type=\"widget\" data-e-type=\"widget\" data-widget_type=\"heading.default\">\n\t\t\t\t<div class=\"elementor-widget-container\">\n\t\t\t\t\t<h3 class=\"elementor-heading-title elementor-size-default\">Kampagne \u00abIischi Stars\u00bb.<\/h3>\t\t\t\t<\/div>\n\t\t\t\t<\/div>\n\t\t\t\t<div class=\"elementor-element elementor-element-682af34 animate-on-display elementor-widget elementor-widget-image\" data-id=\"682af34\" data-element_type=\"widget\" data-e-type=\"widget\" data-widget_type=\"image.default\">\n\t\t\t\t<div class=\"elementor-widget-container\">\n\t\t\t\t\t\t\t\t\t\t\t\t\t\t\t\t<a href=\"https:\/\/rapport-valais.ch\/wp-content\/uploads\/2026\/04\/F12_Iischi-stars_Mix_DE.png\" data-elementor-open-lightbox=\"yes\" data-elementor-lightbox-title=\"F12_Iischi stars_Mix_DE\" data-e-action-hash=\"#elementor-action%3Aaction%3Dlightbox%26settings%3DeyJpZCI6MTY5MzQsInVybCI6Imh0dHBzOlwvXC9yYXBwb3J0LXZhbGFpcy5jaFwvd3AtY29udGVudFwvdXBsb2Fkc1wvMjAyNlwvMDRcL0YxMl9JaXNjaGktc3RhcnNfTWl4X0RFLnBuZyJ9\">\n\t\t\t\t\t\t\t<img loading=\"lazy\" decoding=\"async\" width=\"800\" height=\"400\" src=\"https:\/\/rapport-valais.ch\/wp-content\/uploads\/2026\/04\/F12_Iischi-stars_Mix_DE-1024x512.png\" class=\"attachment-large size-large wp-image-16934\" alt=\"\" srcset=\"https:\/\/rapport-valais.ch\/wp-content\/uploads\/2026\/04\/F12_Iischi-stars_Mix_DE-1024x512.png 1024w, https:\/\/rapport-valais.ch\/wp-content\/uploads\/2026\/04\/F12_Iischi-stars_Mix_DE-300x150.png 300w, https:\/\/rapport-valais.ch\/wp-content\/uploads\/2026\/04\/F12_Iischi-stars_Mix_DE-768x384.png 768w, https:\/\/rapport-valais.ch\/wp-content\/uploads\/2026\/04\/F12_Iischi-stars_Mix_DE-1536x768.png 1536w, https:\/\/rapport-valais.ch\/wp-content\/uploads\/2026\/04\/F12_Iischi-stars_Mix_DE.png 2000w\" sizes=\"(max-width: 800px) 100vw, 800px\" \/>\t\t\t\t\t\t\t\t<\/a>\n\t\t\t\t\t\t\t\t\t\t\t\t\t\t\t<\/div>\n\t\t\t\t<\/div>\n\t\t\t\t<div class=\"elementor-element elementor-element-c852875 animate-on-display elementor-widget elementor-widget-text-editor\" data-id=\"c852875\" data-element_type=\"widget\" data-e-type=\"widget\" data-widget_type=\"text-editor.default\">\n\t\t\t\t<div class=\"elementor-widget-container\">\n\t\t\t\t\t\t\t\t\t<div><p>Die Kampagne \u00abIischi Stars\u00bb stellte 2025 erneut saisonale Walliser Produkte sowie ihre Produzentinnen und Produzenten ins Zentrum. Ziel ist es, den lokalen und nachhaltigen Konsum zu f\u00f6rdern und die Verbindung zwischen Bev\u00f6lkerung und regionaler Landwirtschaft zu st\u00e4rken.<\/p><p>Eine Umfrage zeigt die starke Wirkung der Kampagne: 72% der befragten Personen erkennen die Kampagne wieder. \u00dcber 80% bringen sie direkt mit der Unterst\u00fctzung lokaler Produzenten in Verbindung, und eine grosse Mehrheit gibt an, h\u00e4ufiger saisonale Produkte aus der Region zu kaufen.<\/p><p>Die Kampagne wurde im Jahresverlauf weitergef\u00fchrt und stellte je nach Saison verschiedene Produkte in den Fokus \u2013 von Spargeln \u00fcber Aprikosen und Wein bis hin zu K\u00e4se und Roggenbrot. Erg\u00e4nzend kamen bew\u00e4hrte Instrumente wie Plakate, digitale Formate sowie Aktionen mit Rubbellosen und Geschenkgutscheinen zum Einsatz.<\/p><p>Zudem st\u00e4rkt \u00abIischi Stars\u00bb die Sichtbarkeit der zertifizierten Produkte der Marke Wallis. Mehr als die H\u00e4lfte der Befragten hat in den letzten sechs Monaten ein entsprechendes Produkt gekauft.<\/p><\/div><p><a href=\"https:\/\/www.valais.ch\/de\/geniessen\/inspirationen\/iischi-stars\" target=\"_blank\" rel=\"noopener\">Mehr Informationen<\/a><\/p>\t\t\t\t\t\t\t\t<\/div>\n\t\t\t\t<\/div>\n\t\t\t\t\t<\/div>\n\t\t\t\t<\/div>\n\t\t<div class=\"elementor-element elementor-element-5b0177ca watch-on-display e-flex e-con-boxed e-con e-parent\" data-id=\"5b0177ca\" data-element_type=\"container\" data-e-type=\"container\">\n\t\t\t\t\t<div class=\"e-con-inner\">\n\t\t<div class=\"elementor-element elementor-element-63352d26 e-flex e-con-boxed e-con e-child\" data-id=\"63352d26\" data-element_type=\"container\" data-e-type=\"container\">\n\t\t\t\t\t<div class=\"e-con-inner\">\n\t\t<div class=\"elementor-element elementor-element-65a82f11 e-grid e-con-full e-con e-child\" data-id=\"65a82f11\" data-element_type=\"container\" data-e-type=\"container\" data-settings=\"{&quot;background_background&quot;:&quot;classic&quot;}\">\n\t\t<div class=\"elementor-element elementor-element-57a3b9de animate-on-display e-flex e-con-boxed e-con e-child\" data-id=\"57a3b9de\" data-element_type=\"container\" data-e-type=\"container\" data-settings=\"{&quot;background_background&quot;:&quot;classic&quot;}\">\n\t\t\t\t\t<div class=\"e-con-inner\">\n\t\t\t\t<div class=\"elementor-element elementor-element-5f6d7f47 elementor-widget elementor-widget-heading\" data-id=\"5f6d7f47\" data-element_type=\"widget\" data-e-type=\"widget\" data-widget_type=\"heading.default\">\n\t\t\t\t<div class=\"elementor-widget-container\">\n\t\t\t\t\t<h3 class=\"elementor-heading-title elementor-size-default\">15,8 <span>Mio.<\/span><\/h3>\t\t\t\t<\/div>\n\t\t\t\t<\/div>\n\t\t\t\t<div class=\"elementor-element elementor-element-1c294b39 elementor-widget elementor-widget-text-editor\" data-id=\"1c294b39\" data-element_type=\"widget\" data-e-type=\"widget\" data-widget_type=\"text-editor.default\">\n\t\t\t\t<div class=\"elementor-widget-container\">\n\t\t\t\t\t\t\t\t\t<p style=\"font-weight: 400;\">Kontakte durch die Kampagne \u00abIischi Stars\u00bb<\/p>\t\t\t\t\t\t\t\t<\/div>\n\t\t\t\t<\/div>\n\t\t\t\t\t<\/div>\n\t\t\t\t<\/div>\n\t\t\t\t<\/div>\n\t\t\t\t\t<\/div>\n\t\t\t\t<\/div>\n\t\t\t\t\t<\/div>\n\t\t\t\t<\/div>\n\t\t<div class=\"elementor-element elementor-element-a9d7b52 e-flex e-con-boxed e-con e-parent\" data-id=\"a9d7b52\" data-element_type=\"container\" data-e-type=\"container\">\n\t\t\t\t\t<div class=\"e-con-inner\">\n\t\t<div class=\"elementor-element elementor-element-7df4e31 e-con-full e-flex e-con e-child\" data-id=\"7df4e31\" data-element_type=\"container\" data-e-type=\"container\">\n\t\t<div class=\"elementor-element elementor-element-06f34d6 e-con-full watch-on-display e-flex e-con e-child\" data-id=\"06f34d6\" data-element_type=\"container\" data-e-type=\"container\" data-settings=\"{&quot;background_background&quot;:&quot;classic&quot;,&quot;position&quot;:&quot;absolute&quot;}\">\n\t\t\t\t<div class=\"elementor-element elementor-element-ee75413 animate-on-display elementor-widget elementor-widget-heading\" data-id=\"ee75413\" data-element_type=\"widget\" data-e-type=\"widget\" id=\"Digitaler Saisonkalender f\u00fcr regionale Produkte\" data-widget_type=\"heading.default\">\n\t\t\t\t<div class=\"elementor-widget-container\">\n\t\t\t\t\t<h3 class=\"elementor-heading-title elementor-size-default\">Digitaler Saisonkalender f\u00fcr regionale Produkte.<\/h3>\t\t\t\t<\/div>\n\t\t\t\t<\/div>\n\t\t\t\t<div class=\"elementor-element elementor-element-63d8890 animate-on-display elementor-widget elementor-widget-text-editor\" data-id=\"63d8890\" data-element_type=\"widget\" data-e-type=\"widget\" data-widget_type=\"text-editor.default\">\n\t\t\t\t<div class=\"elementor-widget-container\">\n\t\t\t\t\t\t\t\t\t<p style=\"font-weight: 400;\">Im Juli 2025 lancierte Valais\/Wallis Promotion auf valais.ch einen digitalen Saisonkalender f\u00fcr regionale Produkte \u2013 in Zusammenarbeit mit Action agricole Valais und auf Initiative der Branchenorganisationen. Ziel ist es, die Verbindung zwischen Landwirtschaft und Bev\u00f6lkerung zu st\u00e4rken und den Konsum lokaler Produkte zu f\u00f6rdern. Der Kalender zeigt die wichtigsten Ernten im Jahresverlauf, erkl\u00e4rt landwirtschaftliche Arbeiten und verweist auf Verkaufsstellen. Durch die Integration auf valais.ch mit rund f\u00fcnf Millionen Besuchen j\u00e4hrlich erh\u00e4lt das Projekt hohe Sichtbarkeit und st\u00e4rkt die regionale Wertsch\u00f6pfung.<\/p>\t\t\t\t\t\t\t\t<\/div>\n\t\t\t\t<\/div>\n\t\t\t\t<div class=\"elementor-element elementor-element-2bce96b animate-on-display elementor-widget elementor-widget-button\" data-id=\"2bce96b\" data-element_type=\"widget\" data-e-type=\"widget\" data-widget_type=\"button.default\">\n\t\t\t\t<div class=\"elementor-widget-container\">\n\t\t\t\t\t\t\t\t\t<div class=\"elementor-button-wrapper\">\n\t\t\t\t\t<a class=\"elementor-button elementor-button-link elementor-size-md\" href=\"https:\/\/www.valais.ch\/de\/geniessen\/walliser-spezialitaeten\/saisonale-produkte\" target=\"_blank\">\n\t\t\t\t\t\t<span class=\"elementor-button-content-wrapper\">\n\t\t\t\t\t\t<span class=\"elementor-button-icon\">\n\t\t\t\t<svg xmlns=\"http:\/\/www.w3.org\/2000\/svg\" id=\"Calque_1\" data-name=\"Calque 1\" viewBox=\"0 0 114.5 114.5\"><defs><style>.cls-1{fill:#fafafa;}.cls-2{fill:#a8091a;}<\/style><\/defs><path class=\"cls-1\" d=\"M57.25,0A57.25,57.25,0,1,0,114.5,57.25,57.25,57.25,0,0,0,57.25,0Zm-6.1,77.9a2.6,2.6,0,0,1-3.68-3.68l17-17-17-17a2.6,2.6,0,0,1,3.68-3.68L71.8,57.25Z\"><\/path><path class=\"cls-2\" d=\"M47.47,36.6a2.6,2.6,0,0,0,0,3.68l17,17-17,17a2.6,2.6,0,0,0,3.68,3.68L71.8,57.25,51.15,36.6A2.6,2.6,0,0,0,47.47,36.6Z\"><\/path><\/svg>\t\t\t<\/span>\n\t\t\t\t\t\t\t\t\t<span class=\"elementor-button-text\">Mehr erfahren<\/span>\n\t\t\t\t\t<\/span>\n\t\t\t\t\t<\/a>\n\t\t\t\t<\/div>\n\t\t\t\t\t\t\t\t<\/div>\n\t\t\t\t<\/div>\n\t\t\t\t<\/div>\n\t\t\t\t<\/div>\n\t\t<div class=\"elementor-element elementor-element-4e2b8bd e-flex e-con-boxed e-con e-child\" data-id=\"4e2b8bd\" data-element_type=\"container\" data-e-type=\"container\" data-settings=\"{&quot;background_background&quot;:&quot;classic&quot;,&quot;background_motion_fx_motion_fx_scrolling&quot;:&quot;yes&quot;,&quot;background_motion_fx_translateY_effect&quot;:&quot;yes&quot;,&quot;background_motion_fx_translateY_speed&quot;:{&quot;unit&quot;:&quot;px&quot;,&quot;size&quot;:2,&quot;sizes&quot;:[]},&quot;background_motion_fx_translateY_affectedRange&quot;:{&quot;unit&quot;:&quot;%&quot;,&quot;size&quot;:&quot;&quot;,&quot;sizes&quot;:{&quot;start&quot;:0,&quot;end&quot;:100}},&quot;background_motion_fx_devices&quot;:[&quot;desktop&quot;,&quot;tablet&quot;,&quot;mobile&quot;]}\">\n\t\t\t\t\t<div class=\"e-con-inner\">\n\t\t\t\t\t<\/div>\n\t\t\t\t<\/div>\n\t\t\t\t\t<\/div>\n\t\t\t\t<\/div>\n\t\t<div class=\"elementor-element elementor-element-d1a983c watch-on-display e-flex e-con-boxed e-con e-parent\" data-id=\"d1a983c\" data-element_type=\"container\" data-e-type=\"container\" data-settings=\"{&quot;animation&quot;:&quot;none&quot;,&quot;animation_delay&quot;:20}\">\n\t\t\t\t\t<div class=\"e-con-inner\">\n\t\t\t\t<div class=\"elementor-element elementor-element-14fa526 animate-on-display elementor-widget elementor-widget-heading\" data-id=\"14fa526\" data-element_type=\"widget\" data-e-type=\"widget\" data-widget_type=\"heading.default\">\n\t\t\t\t<div class=\"elementor-widget-container\">\n\t\t\t\t\t<h3 class=\"elementor-heading-title elementor-size-default\">Kampagne \u00abGenussland Wallis\u00bb. <\/h3>\t\t\t\t<\/div>\n\t\t\t\t<\/div>\n\t\t\t\t<div class=\"elementor-element elementor-element-f04b1b5 animate-on-display elementor-widget elementor-widget-text-editor\" data-id=\"f04b1b5\" data-element_type=\"widget\" data-e-type=\"widget\" data-widget_type=\"text-editor.default\">\n\t\t\t\t<div class=\"elementor-widget-container\">\n\t\t\t\t\t\t\t\t\t<div><p>Valais\/Wallis Promotion sicherte mit einer Jahreskampagne die kontinuierliche Pr\u00e4senz f\u00fcr das \u00abGenussland Wallis\u00bb. Studien zeigten, dass die meisten Besuchenden die Authentizit\u00e4t der lokalen Produkte als Erg\u00e4nzung zu anderen Aktivit\u00e4ten sch\u00e4tzen. Deshalb wurde das Thema unter dem Claim \u00abDu kommst zum Auftanken. Und findest h\u00f6chste Gen\u00fcsse.\u00bb positioniert.<\/p><p>Im Herbst wurde die Kampagne gezielt verst\u00e4rkt, insbesondere mit einer Online-Videokampagne, erg\u00e4nzt durch Plakatwerbung. Die Themenlinie \u00abGenussland Wallis\u00bb erzielte dabei knapp 2 Millionen Views.<\/p><p>In Zusammenarbeit mit dem Branchenverband der Walliser Weine hat VWP zudem die Aktion \u00abOffene Weinkeller\u00bb zum Jahresende beworben, unter anderem mit einer kombinierten Plakat- und Onlinekampagne.<\/p><p><strong>Aprikosen<\/strong><\/p><p>Im Juli f\u00f6rderte VWP mit dem Branchenverband IFELV schweizweit den Verkauf der Walliser Aprikosen. Als zentrales Medium wurde eine Plakatkampagne eingesetzt. Zwei Kooperationen mit Influencern erg\u00e4nzten die Aktivierung der Verk\u00e4ufe dieses emblematischen Produkts.<\/p><\/div><p><a href=\"https:\/\/www.valais.ch\/de\/geniessen\/inspirationen\" target=\"_blank\" rel=\"noopener\">Genussinspiraton<\/a><\/p>\t\t\t\t\t\t\t\t<\/div>\n\t\t\t\t<\/div>\n\t\t\t\t\t<\/div>\n\t\t\t\t<\/div>\n\t\t<div class=\"elementor-element elementor-element-2dad267 watch-on-display e-flex e-con-boxed e-con e-parent\" data-id=\"2dad267\" data-element_type=\"container\" data-e-type=\"container\">\n\t\t\t\t\t<div class=\"e-con-inner\">\n\t\t<div class=\"elementor-element elementor-element-31f41f1 e-flex e-con-boxed e-con e-child\" data-id=\"31f41f1\" data-element_type=\"container\" data-e-type=\"container\">\n\t\t\t\t\t<div class=\"e-con-inner\">\n\t\t<div class=\"elementor-element elementor-element-00ddf9f e-grid e-con-full e-con e-child\" data-id=\"00ddf9f\" data-element_type=\"container\" data-e-type=\"container\" data-settings=\"{&quot;background_background&quot;:&quot;classic&quot;}\">\n\t\t<div class=\"elementor-element elementor-element-7aafc6a animate-on-display e-flex e-con-boxed e-con e-child\" data-id=\"7aafc6a\" data-element_type=\"container\" data-e-type=\"container\" data-settings=\"{&quot;background_background&quot;:&quot;classic&quot;}\">\n\t\t\t\t\t<div class=\"e-con-inner\">\n\t\t\t\t<div class=\"elementor-element elementor-element-88e3e1d elementor-widget elementor-widget-heading\" data-id=\"88e3e1d\" data-element_type=\"widget\" data-e-type=\"widget\" data-widget_type=\"heading.default\">\n\t\t\t\t<div class=\"elementor-widget-container\">\n\t\t\t\t\t<h3 class=\"elementor-heading-title elementor-size-default\">252<\/h3>\t\t\t\t<\/div>\n\t\t\t\t<\/div>\n\t\t\t\t<div class=\"elementor-element elementor-element-ee2023c elementor-widget elementor-widget-text-editor\" data-id=\"ee2023c\" data-element_type=\"widget\" data-e-type=\"widget\" data-widget_type=\"text-editor.default\">\n\t\t\t\t<div class=\"elementor-widget-container\">\n\t\t\t\t\t\t\t\t\t<p><span lang=\"DE-CH\">Plakatfl\u00e4chen f\u00fcr die schweizweite Aprikosenkampagne<\/span><\/p>\t\t\t\t\t\t\t\t<\/div>\n\t\t\t\t<\/div>\n\t\t\t\t\t<\/div>\n\t\t\t\t<\/div>\n\t\t\t\t<\/div>\n\t\t\t\t\t<\/div>\n\t\t\t\t<\/div>\n\t\t\t\t\t<\/div>\n\t\t\t\t<\/div>\n\t\t<div class=\"elementor-element elementor-element-1cbabb1 watch-on-display e-flex e-con-boxed e-con e-parent\" data-id=\"1cbabb1\" data-element_type=\"container\" data-e-type=\"container\" id=\"c-abricots\">\n\t\t\t\t\t<div class=\"e-con-inner\">\n\t\t<div class=\"elementor-element elementor-element-13ebc42 e-con-full e-flex e-con e-child\" data-id=\"13ebc42\" data-element_type=\"container\" data-e-type=\"container\">\n\t\t\t\t<div class=\"elementor-element elementor-element-17a8e70 animate-on-display elementor-widget elementor-widget-text-editor\" data-id=\"17a8e70\" data-element_type=\"widget\" data-e-type=\"widget\" data-widget_type=\"text-editor.default\">\n\t\t\t\t<div class=\"elementor-widget-container\">\n\t\t\t\t\t\t\t\t\t<p style=\"font-weight: 400;\"><em><img loading=\"lazy\" decoding=\"async\" class=\"alignright wp-image-17108\" src=\"https:\/\/rapport-valais.ch\/wp-content\/uploads\/2026\/04\/Olivier-Borgeat-150x150.png\" alt=\"\" width=\"152\" height=\"152\" \/><\/em><\/p><div><p><i><span lang=\"DE-CH\"><strong>\u00abSeit mehreren Jahren arbeiten wir mit Valais\/Wallis Promotion zusammen, um die Walliser Aprikose in der ganzen Schweiz zu f\u00f6rdern. Dank ihrer Expertise und ihres starken Netzwerks leistet VWP einen wichtigen Beitrag zur Sichtbarkeit und Wertsch\u00e4tzung unseres Vorzeigeprodukts. Besonders sch\u00e4tzen wir ihre Professionalit\u00e4t und ihr Engagement. Sie machen VWP zu einem verl\u00e4sslichen Partner.\u00bb\u00a0<\/strong><\/span><\/i><\/p><\/div><div><p><span lang=\"DE-CH\">Olivier Borgeat, Generalsekret\u00e4r Walliser Obst- und Gem\u00fcsebranchenorganisation <\/span><\/p><\/div>\t\t\t\t\t\t\t\t<\/div>\n\t\t\t\t<\/div>\n\t\t\t\t<\/div>\n\t\t\t\t\t<\/div>\n\t\t\t\t<\/div>\n\t\t<div class=\"elementor-element elementor-element-ac22420 watch-on-display e-flex e-con-boxed e-con e-parent\" data-id=\"ac22420\" data-element_type=\"container\" data-e-type=\"container\" data-settings=\"{&quot;animation&quot;:&quot;none&quot;,&quot;animation_delay&quot;:20}\">\n\t\t\t\t\t<div class=\"e-con-inner\">\n\t\t\t\t<div class=\"elementor-element elementor-element-5d7deaa animate-on-display elementor-widget elementor-widget-heading\" data-id=\"5d7deaa\" data-element_type=\"widget\" data-e-type=\"widget\" data-widget_type=\"heading.default\">\n\t\t\t\t<div class=\"elementor-widget-container\">\n\t\t\t\t\t<h3 class=\"elementor-heading-title elementor-size-default\">Aktion Raiffeisen - 125 Erlebnisse.<\/h3>\t\t\t\t<\/div>\n\t\t\t\t<\/div>\n\t\t\t\t<div class=\"elementor-element elementor-element-b2d5c3f animate-on-display elementor-widget elementor-widget-text-editor\" data-id=\"b2d5c3f\" data-element_type=\"widget\" data-e-type=\"widget\" data-widget_type=\"text-editor.default\">\n\t\t\t\t<div class=\"elementor-widget-container\">\n\t\t\t\t\t\t\t\t\t<p>Auch 2025 setzte Valais\/Wallis Promotion (VWP) die Zusammenarbeit mit der Raiffeisen-Gruppe fort, um Walliser Erlebnisangebote einem breiten Publikum n\u00e4herzubringen. Im Rahmen der Jubil\u00e4umsaktion \u00ab125 Jahre Raiffeisen \u2013 125 Erlebnisse\u00bb profitierten die rund zwei Millionen Raiffeisen-Genossenschafterinnen und -Genossenschafter von exklusiven Angeboten auf dem digitalen Marktplatz von VWP.<\/p><p>Die schweizweite Kommunikationskampagne sorgte f\u00fcr eine grosse Reichweite und erh\u00f6hte die Sichtbarkeit der Walliser Angebote. Zwischen dem 1. M\u00e4rz und dem 30. November 2025 wurden \u00fcber den E-Shop von VWP insgesamt 2030 Angebote verkauft. Besonders gefragt waren Eintritte in Walliser Thermalb\u00e4der.<\/p><p>Das Ergebnis best\u00e4tigt die Attraktivit\u00e4t der Walliser Erlebnisangebote und unterstreicht die Rolle von VWP als Vermittlerin, die ihren Partnern zus\u00e4tzliche Sichtbarkeit und Buchungsm\u00f6glichkeiten bietet.<\/p>\t\t\t\t\t\t\t\t<\/div>\n\t\t\t\t<\/div>\n\t\t\t\t\t<\/div>\n\t\t\t\t<\/div>\n\t\t<div class=\"elementor-element elementor-element-d9a0c18 watch-on-display e-flex e-con-boxed e-con e-parent\" data-id=\"d9a0c18\" data-element_type=\"container\" data-e-type=\"container\" data-settings=\"{&quot;animation&quot;:&quot;none&quot;,&quot;animation_delay&quot;:20}\">\n\t\t\t\t\t<div class=\"e-con-inner\">\n\t\t\t\t<div class=\"elementor-element elementor-element-821aa70 animate-on-display elementor-widget elementor-widget-heading\" data-id=\"821aa70\" data-element_type=\"widget\" data-e-type=\"widget\" data-widget_type=\"heading.default\">\n\t\t\t\t<div class=\"elementor-widget-container\">\n\t\t\t\t\t<h3 class=\"elementor-heading-title elementor-size-default\">Kampagne \u00abLeben und Arbeiten im Wallis\u00bb.<\/h3>\t\t\t\t<\/div>\n\t\t\t\t<\/div>\n\t\t\t\t<div class=\"elementor-element elementor-element-2fd7f32 animate-on-display elementor-widget elementor-widget-image\" data-id=\"2fd7f32\" data-element_type=\"widget\" data-e-type=\"widget\" data-widget_type=\"image.default\">\n\t\t\t\t<div class=\"elementor-widget-container\">\n\t\t\t\t\t\t\t\t\t\t\t\t\t\t\t\t<a href=\"https:\/\/rapport-valais.ch\/wp-content\/uploads\/2026\/04\/VeT_online-ads_DE.png\" data-elementor-open-lightbox=\"yes\" data-elementor-lightbox-title=\"VeT_online ads_DE\" data-e-action-hash=\"#elementor-action%3Aaction%3Dlightbox%26settings%3DeyJpZCI6MTY5NTEsInVybCI6Imh0dHBzOlwvXC9yYXBwb3J0LXZhbGFpcy5jaFwvd3AtY29udGVudFwvdXBsb2Fkc1wvMjAyNlwvMDRcL1ZlVF9vbmxpbmUtYWRzX0RFLnBuZyJ9\">\n\t\t\t\t\t\t\t<img loading=\"lazy\" decoding=\"async\" width=\"800\" height=\"400\" src=\"https:\/\/rapport-valais.ch\/wp-content\/uploads\/2026\/04\/VeT_online-ads_DE-1024x512.png\" class=\"attachment-large size-large wp-image-16951\" alt=\"\" srcset=\"https:\/\/rapport-valais.ch\/wp-content\/uploads\/2026\/04\/VeT_online-ads_DE-1024x512.png 1024w, https:\/\/rapport-valais.ch\/wp-content\/uploads\/2026\/04\/VeT_online-ads_DE-300x150.png 300w, https:\/\/rapport-valais.ch\/wp-content\/uploads\/2026\/04\/VeT_online-ads_DE-768x384.png 768w, https:\/\/rapport-valais.ch\/wp-content\/uploads\/2026\/04\/VeT_online-ads_DE-1536x768.png 1536w, https:\/\/rapport-valais.ch\/wp-content\/uploads\/2026\/04\/VeT_online-ads_DE.png 2000w\" sizes=\"(max-width: 800px) 100vw, 800px\" \/>\t\t\t\t\t\t\t\t<\/a>\n\t\t\t\t\t\t\t\t\t\t\t\t\t\t\t<\/div>\n\t\t\t\t<\/div>\n\t\t\t\t<div class=\"elementor-element elementor-element-1161f12 animate-on-display elementor-widget elementor-widget-text-editor\" data-id=\"1161f12\" data-element_type=\"widget\" data-e-type=\"widget\" data-widget_type=\"text-editor.default\">\n\t\t\t\t<div class=\"elementor-widget-container\">\n\t\t\t\t\t\t\t\t\t<p>Valais\/Wallis Promotion setzte 2025 die digitale Kampagne zum Thema \u00abLeben und Arbeiten im Wallis\u00bb fort. Ziel war es, die Attraktivit\u00e4t des Kantons als Lebens- und Arbeitsort zu st\u00e4rken und Fachkr\u00e4fte gezielt anzusprechen.<\/p><p>Die Kampagne lief in mehreren Wellen \u00fcber das Jahr hinweg und erzielte insgesamt 4,8 Millionen Sichtkontakte. Sie erreichte rund 1,3 Millionen Personen, generierte \u00fcber 356&#8217;000 Klicks und mehr als 66\u2019000 qualifizierte Besuche auf den Kampagnenseiten. Die Resultate zeigen das wachsende Interesse am Wallis als Lebens- und Arbeitsort.<\/p><p>Erg\u00e4nzend wurden Video-Testimonials produziert, die authentische Einblicke in das Leben und Arbeiten im Wallis geben. Gleichzeitig unterst\u00fctzte VWP Walliser Unternehmen mit Kommunikationsmitteln, um ihre Rekrutierungsaktivit\u00e4ten zu st\u00e4rken.<\/p><p><a href=\"https:\/\/www.vwpnet.ch\/de\/seiten\/kommunikation-und-werbemittel-zum-herunterladen-%7C-toolbox-2872\" target=\"_blank\" rel=\"noopener\">Zur Toolbox<\/a><\/p>\t\t\t\t\t\t\t\t<\/div>\n\t\t\t\t<\/div>\n\t\t<div class=\"elementor-element elementor-element-17bd10b e-con-full e-flex e-con e-child\" data-id=\"17bd10b\" data-element_type=\"container\" data-e-type=\"container\">\n\t\t<div class=\"elementor-element elementor-element-0dc0537 e-flex e-con-boxed e-con e-child\" data-id=\"0dc0537\" data-element_type=\"container\" data-e-type=\"container\" data-settings=\"{&quot;background_background&quot;:&quot;classic&quot;,&quot;background_motion_fx_motion_fx_scrolling&quot;:&quot;yes&quot;,&quot;background_motion_fx_translateY_effect&quot;:&quot;yes&quot;,&quot;background_motion_fx_translateY_speed&quot;:{&quot;unit&quot;:&quot;px&quot;,&quot;size&quot;:2,&quot;sizes&quot;:[]},&quot;background_motion_fx_translateY_affectedRange&quot;:{&quot;unit&quot;:&quot;%&quot;,&quot;size&quot;:&quot;&quot;,&quot;sizes&quot;:{&quot;start&quot;:0,&quot;end&quot;:100}},&quot;background_motion_fx_devices&quot;:[&quot;desktop&quot;,&quot;tablet&quot;,&quot;mobile&quot;]}\">\n\t\t\t\t\t<div class=\"e-con-inner\">\n\t\t\t\t\t<\/div>\n\t\t\t\t<\/div>\n\t\t<div class=\"elementor-element elementor-element-eefc003 e-con-full e-flex e-con e-child\" data-id=\"eefc003\" data-element_type=\"container\" data-e-type=\"container\">\n\t\t<div class=\"elementor-element elementor-element-bf9521b e-con-full watch-on-display e-flex e-con e-child\" data-id=\"bf9521b\" data-element_type=\"container\" data-e-type=\"container\" data-settings=\"{&quot;background_background&quot;:&quot;classic&quot;,&quot;position&quot;:&quot;absolute&quot;}\">\n\t\t\t\t<div class=\"elementor-element elementor-element-bbfe992 animate-on-display elementor-widget elementor-widget-heading\" data-id=\"bbfe992\" data-element_type=\"widget\" data-e-type=\"widget\" data-widget_type=\"heading.default\">\n\t\t\t\t<div class=\"elementor-widget-container\">\n\t\t\t\t\t<h3 class=\"elementor-heading-title elementor-size-default\">Probeleben im Wallis.<\/h3>\t\t\t\t<\/div>\n\t\t\t\t<\/div>\n\t\t\t\t<div class=\"elementor-element elementor-element-f7e69e1 animate-on-display elementor-widget elementor-widget-text-editor\" data-id=\"f7e69e1\" data-element_type=\"widget\" data-e-type=\"widget\" id=\"Probeleben im Wallis\" data-widget_type=\"text-editor.default\">\n\t\t\t\t<div class=\"elementor-widget-container\">\n\t\t\t\t\t\t\t\t\t<p style=\"font-weight: 400;\">Mit dem Projekt \u00abProbeleben im Wallis\u00bb zeigte Valais\/Wallis Promotion, wie es sich im Kanton lebt und arbeitet. Eine Familie aus dem Kanton Bern verbrachte eine Woche im Wallis und erhielt Einblicke in Alltag, Berufsm\u00f6glichkeiten und Lebensqualit\u00e4t. Das Programm umfasste Aktivit\u00e4ten in der Natur, Begegnungen mit potenziellen Arbeitgebern sowie kulturelle und kulinarische Erlebnisse. Die Woche wurde filmisch begleitet und in f\u00fcnf authentischen Videos festgehalten. Das Projekt erreichte eine breite nationale \u00d6ffentlichkeit und setzte einen gezielten Impuls, das Wallis als attraktiven Lebens- und Arbeitsort zu positionieren.<\/p>\t\t\t\t\t\t\t\t<\/div>\n\t\t\t\t<\/div>\n\t\t\t\t<div class=\"elementor-element elementor-element-fb5fa4e animate-on-display elementor-widget elementor-widget-button\" data-id=\"fb5fa4e\" data-element_type=\"widget\" data-e-type=\"widget\" data-widget_type=\"button.default\">\n\t\t\t\t<div class=\"elementor-widget-container\">\n\t\t\t\t\t\t\t\t\t<div class=\"elementor-button-wrapper\">\n\t\t\t\t\t<a class=\"elementor-button elementor-button-link elementor-size-md\" href=\"https:\/\/www.vwpnet.ch\/de\/news\/partnerinformation\/probeleben-im-wallis-eintauchen-in-den-alltag-des-kantons-4122\" target=\"_blank\">\n\t\t\t\t\t\t<span class=\"elementor-button-content-wrapper\">\n\t\t\t\t\t\t<span class=\"elementor-button-icon\">\n\t\t\t\t<svg xmlns=\"http:\/\/www.w3.org\/2000\/svg\" id=\"Calque_1\" data-name=\"Calque 1\" viewBox=\"0 0 114.5 114.5\"><defs><style>.cls-1{fill:#fafafa;}.cls-2{fill:#a8091a;}<\/style><\/defs><path class=\"cls-1\" d=\"M57.25,0A57.25,57.25,0,1,0,114.5,57.25,57.25,57.25,0,0,0,57.25,0Zm-6.1,77.9a2.6,2.6,0,0,1-3.68-3.68l17-17-17-17a2.6,2.6,0,0,1,3.68-3.68L71.8,57.25Z\"><\/path><path class=\"cls-2\" d=\"M47.47,36.6a2.6,2.6,0,0,0,0,3.68l17,17-17,17a2.6,2.6,0,0,0,3.68,3.68L71.8,57.25,51.15,36.6A2.6,2.6,0,0,0,47.47,36.6Z\"><\/path><\/svg>\t\t\t<\/span>\n\t\t\t\t\t\t\t\t\t<span class=\"elementor-button-text\">Mehr erfahren<\/span>\n\t\t\t\t\t<\/span>\n\t\t\t\t\t<\/a>\n\t\t\t\t<\/div>\n\t\t\t\t\t\t\t\t<\/div>\n\t\t\t\t<\/div>\n\t\t\t\t<\/div>\n\t\t\t\t<\/div>\n\t\t\t\t<\/div>\n\t\t\t\t\t<\/div>\n\t\t\t\t<\/div>\n\t\t<div class=\"elementor-element elementor-element-8dc9169 watch-on-display e-flex e-con-boxed e-con e-parent\" data-id=\"8dc9169\" data-element_type=\"container\" data-e-type=\"container\">\n\t\t\t\t\t<div class=\"e-con-inner\">\n\t\t<div class=\"elementor-element elementor-element-de877f3 e-con-full e-flex e-con e-child\" data-id=\"de877f3\" data-element_type=\"container\" data-e-type=\"container\">\n\t\t\t\t<div class=\"elementor-element elementor-element-a4cb9fe animate-on-display elementor-widget elementor-widget-text-editor\" data-id=\"a4cb9fe\" data-element_type=\"widget\" data-e-type=\"widget\" data-widget_type=\"text-editor.default\">\n\t\t\t\t<div class=\"elementor-widget-container\">\n\t\t\t\t\t\t\t\t\t<p style=\"font-weight: 400;\"><em><img loading=\"lazy\" decoding=\"async\" class=\"alignright wp-image-16889\" src=\"https:\/\/rapport-valais.ch\/wp-content\/uploads\/2026\/03\/Simone-Braunschweiler-1.png\" alt=\"\" width=\"152\" height=\"152\" srcset=\"https:\/\/rapport-valais.ch\/wp-content\/uploads\/2026\/03\/Simone-Braunschweiler-1.png 250w, https:\/\/rapport-valais.ch\/wp-content\/uploads\/2026\/03\/Simone-Braunschweiler-1-150x150.png 150w\" sizes=\"(max-width: 152px) 100vw, 152px\" \/><\/em><\/p><div><p><i><span lang=\"DE-CH\"><strong>\u00abDas Wallis \u00fcberzeugt nicht nur mit seiner eindr\u00fccklichen Landschaft, sondern vor allem mit seinen Menschen: offen, herzlich und nahbar. Was man hier sp\u00fcrt, ist keine Enge zwischen Bergen, sondern eine besondere Form von Geborgenheit.\u00bb\u00a0<\/strong><\/span><\/i><\/p><\/div><div><p><span lang=\"DE-CH\">Simone Braunschweiler, Teilnehmerin \u00abProbeleben im Wallis\u00bb<\/span><\/p><\/div>\t\t\t\t\t\t\t\t<\/div>\n\t\t\t\t<\/div>\n\t\t\t\t<\/div>\n\t\t\t\t\t<\/div>\n\t\t\t\t<\/div>\n\t\t<div class=\"elementor-element elementor-element-5f2407c6 watch-on-display e-flex e-con-boxed e-con e-parent\" data-id=\"5f2407c6\" data-element_type=\"container\" data-e-type=\"container\">\n\t\t\t\t\t<div class=\"e-con-inner\">\n\t\t<div class=\"elementor-element elementor-element-4b605380 e-flex e-con-boxed e-con e-child\" data-id=\"4b605380\" data-element_type=\"container\" data-e-type=\"container\">\n\t\t\t\t\t<div class=\"e-con-inner\">\n\t\t\t\t<div class=\"elementor-element elementor-element-31950bbf animate-on-display elementor-widget elementor-widget-heading\" data-id=\"31950bbf\" data-element_type=\"widget\" data-e-type=\"widget\" id=\"digital\" data-widget_type=\"heading.default\">\n\t\t\t\t<div class=\"elementor-widget-container\">\n\t\t\t\t\t<h2 class=\"elementor-heading-title elementor-size-default\">Digital.<\/h2>\t\t\t\t<\/div>\n\t\t\t\t<\/div>\n\t\t<div class=\"elementor-element elementor-element-7d418247 e-grid e-con-boxed e-con e-child\" data-id=\"7d418247\" data-element_type=\"container\" data-e-type=\"container\" data-settings=\"{&quot;background_background&quot;:&quot;classic&quot;}\">\n\t\t\t\t\t<div class=\"e-con-inner\">\n\t\t<div class=\"elementor-element elementor-element-7b8e964 animate-on-display e-flex e-con-boxed e-con e-child\" data-id=\"7b8e964\" data-element_type=\"container\" data-e-type=\"container\" data-settings=\"{&quot;background_background&quot;:&quot;classic&quot;}\">\n\t\t\t\t\t<div class=\"e-con-inner\">\n\t\t\t\t<div class=\"elementor-element elementor-element-124ae7f elementor-widget elementor-widget-heading\" data-id=\"124ae7f\" data-element_type=\"widget\" data-e-type=\"widget\" data-widget_type=\"heading.default\">\n\t\t\t\t<div class=\"elementor-widget-container\">\n\t\t\t\t\t<h3 class=\"elementor-heading-title elementor-size-default\">5,3 <span>Mio.<\/span><\/h3>\t\t\t\t<\/div>\n\t\t\t\t<\/div>\n\t\t\t\t<div class=\"elementor-element elementor-element-71b0a711 elementor-widget elementor-widget-text-editor\" data-id=\"71b0a711\" data-element_type=\"widget\" data-e-type=\"widget\" data-widget_type=\"text-editor.default\">\n\t\t\t\t<div class=\"elementor-widget-container\">\n\t\t\t\t\t\t\t\t\t<div><span lang=\"DE-CH\">Besuche auf wallis.ch<\/span><\/div>\t\t\t\t\t\t\t\t<\/div>\n\t\t\t\t<\/div>\n\t\t\t\t\t<\/div>\n\t\t\t\t<\/div>\n\t\t<div class=\"elementor-element elementor-element-a260118 animate-on-display e-flex e-con-boxed e-con e-child\" data-id=\"a260118\" data-element_type=\"container\" data-e-type=\"container\" data-settings=\"{&quot;background_background&quot;:&quot;classic&quot;}\">\n\t\t\t\t\t<div class=\"e-con-inner\">\n\t\t\t\t<div class=\"elementor-element elementor-element-31c7f6c elementor-widget elementor-widget-heading\" data-id=\"31c7f6c\" data-element_type=\"widget\" data-e-type=\"widget\" data-widget_type=\"heading.default\">\n\t\t\t\t<div class=\"elementor-widget-container\">\n\t\t\t\t\t<h3 class=\"elementor-heading-title elementor-size-default\">2,3 <span>Mio.<\/span><\/h3>\t\t\t\t<\/div>\n\t\t\t\t<\/div>\n\t\t\t\t<div class=\"elementor-element elementor-element-3f87542 elementor-widget elementor-widget-text-editor\" data-id=\"3f87542\" data-element_type=\"widget\" data-e-type=\"widget\" data-widget_type=\"text-editor.default\">\n\t\t\t\t<div class=\"elementor-widget-container\">\n\t\t\t\t\t\t\t\t\t<div><span lang=\"DE-CH\">qualifizierter Traffic auf wallis.ch<\/span><\/div>\t\t\t\t\t\t\t\t<\/div>\n\t\t\t\t<\/div>\n\t\t\t\t\t<\/div>\n\t\t\t\t<\/div>\n\t\t<div class=\"elementor-element elementor-element-68a7ac4 animate-on-display e-flex e-con-boxed e-con e-child\" data-id=\"68a7ac4\" data-element_type=\"container\" data-e-type=\"container\" data-settings=\"{&quot;background_background&quot;:&quot;classic&quot;}\">\n\t\t\t\t\t<div class=\"e-con-inner\">\n\t\t\t\t<div class=\"elementor-element elementor-element-7405492b elementor-widget elementor-widget-heading\" data-id=\"7405492b\" data-element_type=\"widget\" data-e-type=\"widget\" data-widget_type=\"heading.default\">\n\t\t\t\t<div class=\"elementor-widget-container\">\n\t\t\t\t\t<h3 class=\"elementor-heading-title elementor-size-default\">9,6 <span>Mio.<\/span><\/h3>\t\t\t\t<\/div>\n\t\t\t\t<\/div>\n\t\t\t\t<div class=\"elementor-element elementor-element-5842a788 elementor-widget elementor-widget-text-editor\" data-id=\"5842a788\" data-element_type=\"widget\" data-e-type=\"widget\" data-widget_type=\"text-editor.default\">\n\t\t\t\t<div class=\"elementor-widget-container\">\n\t\t\t\t\t\t\t\t\t<p style=\"font-weight: 400;\">Seitenaufrufe auf wallis.ch<\/p>\t\t\t\t\t\t\t\t<\/div>\n\t\t\t\t<\/div>\n\t\t\t\t\t<\/div>\n\t\t\t\t<\/div>\n\t\t<div class=\"elementor-element elementor-element-07e89d3 animate-on-display e-flex e-con-boxed e-con e-child\" data-id=\"07e89d3\" data-element_type=\"container\" data-e-type=\"container\" data-settings=\"{&quot;background_background&quot;:&quot;classic&quot;}\">\n\t\t\t\t\t<div class=\"e-con-inner\">\n\t\t\t\t<div class=\"elementor-element elementor-element-a878aec elementor-widget elementor-widget-heading\" data-id=\"a878aec\" data-element_type=\"widget\" data-e-type=\"widget\" data-widget_type=\"heading.default\">\n\t\t\t\t<div class=\"elementor-widget-container\">\n\t\t\t\t\t<h3 class=\"elementor-heading-title elementor-size-default\"><span>Herkunft der Webseitenbesuchenden<\/span><\/h3>\t\t\t\t<\/div>\n\t\t\t\t<\/div>\n\t\t\t\t<div class=\"elementor-element elementor-element-cf1b78c elementor-widget elementor-widget-text-editor\" data-id=\"cf1b78c\" data-element_type=\"widget\" data-e-type=\"widget\" data-widget_type=\"text-editor.default\">\n\t\t\t\t<div class=\"elementor-widget-container\">\n\t\t\t\t\t\t\t\t\t<ol><li>Schweiz<\/li><li>Frankreich<\/li><li>Deutschland<\/li><\/ol>\t\t\t\t\t\t\t\t<\/div>\n\t\t\t\t<\/div>\n\t\t\t\t\t<\/div>\n\t\t\t\t<\/div>\n\t\t<div class=\"elementor-element elementor-element-7c86f88 animate-on-display e-flex e-con-boxed e-con e-child\" data-id=\"7c86f88\" data-element_type=\"container\" data-e-type=\"container\" data-settings=\"{&quot;background_background&quot;:&quot;classic&quot;}\">\n\t\t\t\t\t<div class=\"e-con-inner\">\n\t\t\t\t<div class=\"elementor-element elementor-element-a8697af elementor-widget elementor-widget-heading\" data-id=\"a8697af\" data-element_type=\"widget\" data-e-type=\"widget\" data-widget_type=\"heading.default\">\n\t\t\t\t<div class=\"elementor-widget-container\">\n\t\t\t\t\t<h3 class=\"elementor-heading-title elementor-size-default\">3'788<\/h3>\t\t\t\t<\/div>\n\t\t\t\t<\/div>\n\t\t\t\t<div class=\"elementor-element elementor-element-6072b56 elementor-widget elementor-widget-text-editor\" data-id=\"6072b56\" data-element_type=\"widget\" data-e-type=\"widget\" data-widget_type=\"text-editor.default\">\n\t\t\t\t<div class=\"elementor-widget-container\">\n\t\t\t\t\t\t\t\t\t<div><span lang=\"DE-CH\">Seitenaufrufe im Media Corner<\/span><\/div>\t\t\t\t\t\t\t\t<\/div>\n\t\t\t\t<\/div>\n\t\t\t\t\t<\/div>\n\t\t\t\t<\/div>\n\t\t<div class=\"elementor-element elementor-element-4a9a792 animate-on-display e-flex e-con-boxed e-con e-child\" data-id=\"4a9a792\" data-element_type=\"container\" data-e-type=\"container\" data-settings=\"{&quot;background_background&quot;:&quot;classic&quot;}\">\n\t\t\t\t\t<div class=\"e-con-inner\">\n\t\t\t\t<div class=\"elementor-element elementor-element-e3c59e8 elementor-widget elementor-widget-heading\" data-id=\"e3c59e8\" data-element_type=\"widget\" data-e-type=\"widget\" data-widget_type=\"heading.default\">\n\t\t\t\t<div class=\"elementor-widget-container\">\n\t\t\t\t\t<h3 class=\"elementor-heading-title elementor-size-default\">CHF 2 Mio.<\/h3>\t\t\t\t<\/div>\n\t\t\t\t<\/div>\n\t\t\t\t<div class=\"elementor-element elementor-element-5a358a9 elementor-widget elementor-widget-text-editor\" data-id=\"5a358a9\" data-element_type=\"widget\" data-e-type=\"widget\" data-widget_type=\"text-editor.default\">\n\t\t\t\t<div class=\"elementor-widget-container\">\n\t\t\t\t\t\t\t\t\t<div><span lang=\"DE-CH\">AVE (Werbe\u00e4quivalenzwert)<\/span><\/div>\t\t\t\t\t\t\t\t<\/div>\n\t\t\t\t<\/div>\n\t\t\t\t\t<\/div>\n\t\t\t\t<\/div>\n\t\t\t\t\t<\/div>\n\t\t\t\t<\/div>\n\t\t\t\t\t<\/div>\n\t\t\t\t<\/div>\n\t\t\t\t\t<\/div>\n\t\t\t\t<\/div>\n\t\t<div class=\"elementor-element elementor-element-af8ec8d watch-on-display e-flex e-con-boxed e-con e-parent\" data-id=\"af8ec8d\" data-element_type=\"container\" data-e-type=\"container\" data-settings=\"{&quot;animation&quot;:&quot;none&quot;,&quot;animation_delay&quot;:20}\">\n\t\t\t\t\t<div class=\"e-con-inner\">\n\t\t\t\t<div class=\"elementor-element elementor-element-5dbc86e animate-on-display elementor-widget elementor-widget-text-editor\" data-id=\"5dbc86e\" data-element_type=\"widget\" data-e-type=\"widget\" data-widget_type=\"text-editor.default\">\n\t\t\t\t<div class=\"elementor-widget-container\">\n\t\t\t\t\t\t\t\t\t<p style=\"font-weight: 400;\">Die Website wallis.ch geh\u00f6rt zu den meistbesuchten regionalen Webseiten der Schweiz: 2025 wurden mehr als 5,3 Millionen Besuche verzeichnet (+4% gg\u00fc. 2024).<\/p>\t\t\t\t\t\t\t\t<\/div>\n\t\t\t\t<\/div>\n\t\t\t\t\t<\/div>\n\t\t\t\t<\/div>\n\t\t<div class=\"elementor-element elementor-element-f414466 watch-on-display e-flex e-con-boxed e-con e-parent\" data-id=\"f414466\" data-element_type=\"container\" data-e-type=\"container\">\n\t\t\t\t\t<div class=\"e-con-inner\">\n\t\t<div class=\"elementor-element elementor-element-f61d521 e-con-full e-flex e-con e-child\" data-id=\"f61d521\" data-element_type=\"container\" data-e-type=\"container\">\n\t\t\t\t<div class=\"elementor-element elementor-element-c314e38 animate-on-display elementor-widget elementor-widget-heading\" data-id=\"c314e38\" data-element_type=\"widget\" data-e-type=\"widget\" id=\"Neugestaltung\" data-widget_type=\"heading.default\">\n\t\t\t\t<div class=\"elementor-widget-container\">\n\t\t\t\t\t<h4 class=\"elementor-heading-title elementor-size-default\">Website wallis.ch.<\/h4>\t\t\t\t<\/div>\n\t\t\t\t<\/div>\n\t\t\t\t<div class=\"elementor-element elementor-element-515844c animate-on-display elementor-widget elementor-widget-text-editor\" data-id=\"515844c\" data-element_type=\"widget\" data-e-type=\"widget\" data-widget_type=\"text-editor.default\">\n\t\t\t\t<div class=\"elementor-widget-container\">\n\t\t\t\t\t\t\t\t\t<p>Die Website wallis.ch entwickelte sich auch im Jahr 2025 positiv und best\u00e4tigte ihre zentrale Rolle in der digitalen Promotion des Wallis.<\/p><p>Insbesondere die Mountainbike-Kampagne im Zusammenhang mit der Weltmeisterschaft trug wesentlich zur Sichtbarkeit und Nutzung der Plattform bei.<\/p><p>Mit \u00fcber 5,3 Millionen Besuchen wurde das Jahresziel leicht \u00fcbertroffen und gegen\u00fcber 2024 erneut ein Wachstum erzielt (+6 %). Gleichzeitig stieg die Zahl der qualifizierten Besuche auf 2,3 Millionen. Ein Hinweis auf die hohe Relevanz der Inhalte und die gezielte Ansprache der Nutzerinnen und Nutzer.<\/p><p>Besonders gefragt waren neben der Startseite und den Kampagnenseiten vor allem Inhalte rund um Aktivit\u00e4ten wie Wandern und Suonen sowie Rezepte mit regionalen Produkten.<\/p><p>Auch praktische Informationen wie Wetter, Webcams und Veranstaltungen wurden intensiv genutzt.<\/p>\t\t\t\t\t\t\t\t<\/div>\n\t\t\t\t<\/div>\n\t\t\t\t<div class=\"elementor-element elementor-element-2f21548 animate-on-display elementor-widget elementor-widget-button\" data-id=\"2f21548\" data-element_type=\"widget\" data-e-type=\"widget\" data-widget_type=\"button.default\">\n\t\t\t\t<div class=\"elementor-widget-container\">\n\t\t\t\t\t\t\t\t\t<div class=\"elementor-button-wrapper\">\n\t\t\t\t\t<a class=\"elementor-button elementor-button-link elementor-size-md\" href=\"https:\/\/www.valais.ch\/de\" target=\"_blank\">\n\t\t\t\t\t\t<span class=\"elementor-button-content-wrapper\">\n\t\t\t\t\t\t<span class=\"elementor-button-icon\">\n\t\t\t\t<svg xmlns=\"http:\/\/www.w3.org\/2000\/svg\" id=\"Calque_1\" data-name=\"Calque 1\" viewBox=\"0 0 114.5 114.5\"><defs><style>.cls-1{fill:#fafafa;}.cls-2{fill:#a8091a;}<\/style><\/defs><path class=\"cls-1\" d=\"M57.25,0A57.25,57.25,0,1,0,114.5,57.25,57.25,57.25,0,0,0,57.25,0Zm-6.1,77.9a2.6,2.6,0,0,1-3.68-3.68l17-17-17-17a2.6,2.6,0,0,1,3.68-3.68L71.8,57.25Z\"><\/path><path class=\"cls-2\" d=\"M47.47,36.6a2.6,2.6,0,0,0,0,3.68l17,17-17,17a2.6,2.6,0,0,0,3.68,3.68L71.8,57.25,51.15,36.6A2.6,2.6,0,0,0,47.47,36.6Z\"><\/path><\/svg>\t\t\t<\/span>\n\t\t\t\t\t\t\t\t\t<span class=\"elementor-button-text\">wallis.ch<\/span>\n\t\t\t\t\t<\/span>\n\t\t\t\t\t<\/a>\n\t\t\t\t<\/div>\n\t\t\t\t\t\t\t\t<\/div>\n\t\t\t\t<\/div>\n\t\t\t\t<\/div>\n\t\t<div class=\"elementor-element elementor-element-64d3e1e e-con-full e-flex e-con e-child\" data-id=\"64d3e1e\" data-element_type=\"container\" data-e-type=\"container\">\n\t\t\t\t<div class=\"elementor-element elementor-element-c0c1dde animate-on-display elementor-widget elementor-widget-image\" data-id=\"c0c1dde\" data-element_type=\"widget\" data-e-type=\"widget\" data-widget_type=\"image.default\">\n\t\t\t\t<div class=\"elementor-widget-container\">\n\t\t\t\t\t\t\t\t\t\t\t\t\t\t\t\t<a href=\"https:\/\/rapport-valais.ch\/wp-content\/uploads\/2026\/04\/Website-Wallis-1.png\" data-elementor-open-lightbox=\"yes\" data-elementor-lightbox-title=\"Website Wallis\" data-e-action-hash=\"#elementor-action%3Aaction%3Dlightbox%26settings%3DeyJpZCI6MTY5ODAsInVybCI6Imh0dHBzOlwvXC9yYXBwb3J0LXZhbGFpcy5jaFwvd3AtY29udGVudFwvdXBsb2Fkc1wvMjAyNlwvMDRcL1dlYnNpdGUtV2FsbGlzLTEucG5nIn0%3D\">\n\t\t\t\t\t\t\t<img loading=\"lazy\" decoding=\"async\" width=\"617\" height=\"786\" src=\"https:\/\/rapport-valais.ch\/wp-content\/uploads\/2026\/04\/Website-Wallis-1.png\" class=\"attachment-large size-large wp-image-16980\" alt=\"\" srcset=\"https:\/\/rapport-valais.ch\/wp-content\/uploads\/2026\/04\/Website-Wallis-1.png 617w, https:\/\/rapport-valais.ch\/wp-content\/uploads\/2026\/04\/Website-Wallis-1-235x300.png 235w\" sizes=\"(max-width: 617px) 100vw, 617px\" \/>\t\t\t\t\t\t\t\t<\/a>\n\t\t\t\t\t\t\t\t\t\t\t\t\t\t\t<\/div>\n\t\t\t\t<\/div>\n\t\t\t\t<\/div>\n\t\t\t\t\t<\/div>\n\t\t\t\t<\/div>\n\t\t<div class=\"elementor-element elementor-element-53f0913 watch-on-display e-flex e-con-boxed e-con e-parent\" data-id=\"53f0913\" data-element_type=\"container\" data-e-type=\"container\" data-settings=\"{&quot;animation&quot;:&quot;none&quot;,&quot;animation_delay&quot;:20}\">\n\t\t\t\t\t<div class=\"e-con-inner\">\n\t\t\t\t<div class=\"elementor-element elementor-element-ff81d92 animate-on-display elementor-widget elementor-widget-text-editor\" data-id=\"ff81d92\" data-element_type=\"widget\" data-e-type=\"widget\" data-widget_type=\"text-editor.default\">\n\t\t\t\t<div class=\"elementor-widget-container\">\n\t\t\t\t\t\t\t\t\t<div><b><span lang=\"DE-CH\">eCRM (System zur Verwaltung der Kundenbeziehungen).<\/span><\/b><\/div>\t\t\t\t\t\t\t\t<\/div>\n\t\t\t\t<\/div>\n\t\t<div class=\"elementor-element elementor-element-5adb422 e-grid e-con-boxed e-con e-child\" data-id=\"5adb422\" data-element_type=\"container\" data-e-type=\"container\" data-settings=\"{&quot;background_background&quot;:&quot;classic&quot;}\">\n\t\t\t\t\t<div class=\"e-con-inner\">\n\t\t<div class=\"elementor-element elementor-element-d142077 animate-on-display e-flex e-con-boxed e-con e-child\" data-id=\"d142077\" data-element_type=\"container\" data-e-type=\"container\" data-settings=\"{&quot;background_background&quot;:&quot;classic&quot;}\">\n\t\t\t\t\t<div class=\"e-con-inner\">\n\t\t\t\t<div class=\"elementor-element elementor-element-3ed8816 elementor-widget elementor-widget-heading\" data-id=\"3ed8816\" data-element_type=\"widget\" data-e-type=\"widget\" data-widget_type=\"heading.default\">\n\t\t\t\t<div class=\"elementor-widget-container\">\n\t\t\t\t\t<h3 class=\"elementor-heading-title elementor-size-default\"><span>G\u00e4stenewsletter<\/span><\/h3>\t\t\t\t<\/div>\n\t\t\t\t<\/div>\n\t\t\t\t<div class=\"elementor-element elementor-element-7ec5df2 elementor-widget elementor-widget-text-editor\" data-id=\"7ec5df2\" data-element_type=\"widget\" data-e-type=\"widget\" data-widget_type=\"text-editor.default\">\n\t\t\t\t<div class=\"elementor-widget-container\">\n\t\t\t\t\t\t\t\t\t<p>20 <span lang=\"DE-CH\">Newsletter versandt<br \/><\/span>34&#8217;100 <span lang=\"DE-CH\">G\u00e4ste<br \/><\/span><\/p>\t\t\t\t\t\t\t\t<\/div>\n\t\t\t\t<\/div>\n\t\t\t\t\t<\/div>\n\t\t\t\t<\/div>\n\t\t<div class=\"elementor-element elementor-element-20d27cc animate-on-display e-flex e-con-boxed e-con e-child\" data-id=\"20d27cc\" data-element_type=\"container\" data-e-type=\"container\" data-settings=\"{&quot;background_background&quot;:&quot;classic&quot;}\">\n\t\t\t\t\t<div class=\"e-con-inner\">\n\t\t\t\t<div class=\"elementor-element elementor-element-c905d72 elementor-widget elementor-widget-heading\" data-id=\"c905d72\" data-element_type=\"widget\" data-e-type=\"widget\" data-widget_type=\"heading.default\">\n\t\t\t\t<div class=\"elementor-widget-container\">\n\t\t\t\t\t<h3 class=\"elementor-heading-title elementor-size-default\"><span>Newsletter Medien international <\/span><\/h3>\t\t\t\t<\/div>\n\t\t\t\t<\/div>\n\t\t\t\t<div class=\"elementor-element elementor-element-6999b10 elementor-widget elementor-widget-text-editor\" data-id=\"6999b10\" data-element_type=\"widget\" data-e-type=\"widget\" data-widget_type=\"text-editor.default\">\n\t\t\t\t<div class=\"elementor-widget-container\">\n\t\t\t\t\t\t\t\t\t<p><span lang=\"DE-CH\">4 Newsletter versandt<br \/><\/span>770 <span lang=\"DE-CH\">Kunden<br \/><\/span><\/p>\t\t\t\t\t\t\t\t<\/div>\n\t\t\t\t<\/div>\n\t\t\t\t\t<\/div>\n\t\t\t\t<\/div>\n\t\t<div class=\"elementor-element elementor-element-296f6b1 animate-on-display e-flex e-con-boxed e-con e-child\" data-id=\"296f6b1\" data-element_type=\"container\" data-e-type=\"container\" data-settings=\"{&quot;background_background&quot;:&quot;classic&quot;}\">\n\t\t\t\t\t<div class=\"e-con-inner\">\n\t\t\t\t<div class=\"elementor-element elementor-element-24a2fcc elementor-widget elementor-widget-heading\" data-id=\"24a2fcc\" data-element_type=\"widget\" data-e-type=\"widget\" data-widget_type=\"heading.default\">\n\t\t\t\t<div class=\"elementor-widget-container\">\n\t\t\t\t\t<h3 class=\"elementor-heading-title elementor-size-default\"><span>Partnernewsletter<\/span><\/h3>\t\t\t\t<\/div>\n\t\t\t\t<\/div>\n\t\t\t\t<div class=\"elementor-element elementor-element-2f29984 elementor-widget elementor-widget-text-editor\" data-id=\"2f29984\" data-element_type=\"widget\" data-e-type=\"widget\" data-widget_type=\"text-editor.default\">\n\t\t\t\t<div class=\"elementor-widget-container\">\n\t\t\t\t\t\t\t\t\t<p><span lang=\"DE-CH\">6 Newsletter versandt<br \/><\/span>725 <span lang=\"DE-CH\">Partner<br \/><\/span><\/p>\t\t\t\t\t\t\t\t<\/div>\n\t\t\t\t<\/div>\n\t\t\t\t\t<\/div>\n\t\t\t\t<\/div>\n\t\t\t\t\t<\/div>\n\t\t\t\t<\/div>\n\t\t\t\t\t<\/div>\n\t\t\t\t<\/div>\n\t\t<div class=\"elementor-element elementor-element-30fd7924 watch-on-display e-flex e-con-boxed e-con e-parent\" data-id=\"30fd7924\" data-element_type=\"container\" data-e-type=\"container\">\n\t\t\t\t\t<div class=\"e-con-inner\">\n\t\t<div class=\"elementor-element elementor-element-70520e74 e-flex e-con-boxed e-con e-child\" data-id=\"70520e74\" data-element_type=\"container\" data-e-type=\"container\">\n\t\t\t\t\t<div class=\"e-con-inner\">\n\t\t\t\t<div class=\"elementor-element elementor-element-3eb81aea animate-on-display elementor-widget elementor-widget-heading\" data-id=\"3eb81aea\" data-element_type=\"widget\" data-e-type=\"widget\" data-widget_type=\"heading.default\">\n\t\t\t\t<div class=\"elementor-widget-container\">\n\t\t\t\t\t<h3 class=\"elementor-heading-title elementor-size-default\">Social media<\/h3>\t\t\t\t<\/div>\n\t\t\t\t<\/div>\n\t\t<div class=\"elementor-element elementor-element-798752 e-grid e-con-boxed e-con e-child\" data-id=\"798752\" data-element_type=\"container\" data-e-type=\"container\" data-settings=\"{&quot;background_background&quot;:&quot;classic&quot;}\">\n\t\t\t\t\t<div class=\"e-con-inner\">\n\t\t<div class=\"elementor-element elementor-element-50cbf6a3 animate-on-display e-flex e-con-boxed e-con e-child\" data-id=\"50cbf6a3\" data-element_type=\"container\" data-e-type=\"container\" data-settings=\"{&quot;background_background&quot;:&quot;classic&quot;}\">\n\t\t\t\t\t<div class=\"e-con-inner\">\n\t\t\t\t<div class=\"elementor-element elementor-element-2676fba6 elementor-widget elementor-widget-heading\" data-id=\"2676fba6\" data-element_type=\"widget\" data-e-type=\"widget\" data-widget_type=\"heading.default\">\n\t\t\t\t<div class=\"elementor-widget-container\">\n\t\t\t\t\t<h3 class=\"elementor-heading-title elementor-size-default\">340\u2019780 <span>Followers<\/span><\/h3>\t\t\t\t<\/div>\n\t\t\t\t<\/div>\n\t\t\t\t<div class=\"elementor-element elementor-element-305d6124 elementor-widget elementor-widget-text-editor\" data-id=\"305d6124\" data-element_type=\"widget\" data-e-type=\"widget\" data-widget_type=\"text-editor.default\">\n\t\t\t\t<div class=\"elementor-widget-container\">\n\t\t\t\t\t\t\t\t\t<p>+6,3% gg\u00fc. 2024<\/p>\t\t\t\t\t\t\t\t<\/div>\n\t\t\t\t<\/div>\n\t\t\t\t\t<\/div>\n\t\t\t\t<\/div>\n\t\t<div class=\"elementor-element elementor-element-3ecfeddc animate-on-display e-flex e-con-boxed e-con e-child\" data-id=\"3ecfeddc\" data-element_type=\"container\" data-e-type=\"container\" data-settings=\"{&quot;background_background&quot;:&quot;classic&quot;}\">\n\t\t\t\t\t<div class=\"e-con-inner\">\n\t\t\t\t<div class=\"elementor-element elementor-element-77215693 elementor-widget elementor-widget-heading\" data-id=\"77215693\" data-element_type=\"widget\" data-e-type=\"widget\" data-widget_type=\"heading.default\">\n\t\t\t\t<div class=\"elementor-widget-container\">\n\t\t\t\t\t<h3 class=\"elementor-heading-title elementor-size-default\">38'235\u2019813 <span> Mio.<\/span><\/h3>\t\t\t\t<\/div>\n\t\t\t\t<\/div>\n\t\t\t\t<div class=\"elementor-element elementor-element-585721cd elementor-widget elementor-widget-text-editor\" data-id=\"585721cd\" data-element_type=\"widget\" data-e-type=\"widget\" data-widget_type=\"text-editor.default\">\n\t\t\t\t<div class=\"elementor-widget-container\">\n\t\t\t\t\t\t\t\t\t<p style=\"font-weight: 400;\">in den sozialen Netzwerken erreichte Personen<br \/>+4% gg\u00fc. 2024<\/p>\t\t\t\t\t\t\t\t<\/div>\n\t\t\t\t<\/div>\n\t\t\t\t\t<\/div>\n\t\t\t\t<\/div>\n\t\t<div class=\"elementor-element elementor-element-46702f4 animate-on-display e-flex e-con-boxed e-con e-child\" data-id=\"46702f4\" data-element_type=\"container\" data-e-type=\"container\" data-settings=\"{&quot;background_background&quot;:&quot;classic&quot;}\">\n\t\t\t\t\t<div class=\"e-con-inner\">\n\t\t\t\t<div class=\"elementor-element elementor-element-a11b8b5 elementor-widget elementor-widget-heading\" data-id=\"a11b8b5\" data-element_type=\"widget\" data-e-type=\"widget\" data-widget_type=\"heading.default\">\n\t\t\t\t<div class=\"elementor-widget-container\">\n\t\t\t\t\t<h3 class=\"elementor-heading-title elementor-size-default\">156\u2019366 <span> Followers auf Facebook<\/span><\/h3>\t\t\t\t<\/div>\n\t\t\t\t<\/div>\n\t\t\t\t<div class=\"elementor-element elementor-element-4ad2fbb1 elementor-widget elementor-widget-text-editor\" data-id=\"4ad2fbb1\" data-element_type=\"widget\" data-e-type=\"widget\" data-widget_type=\"text-editor.default\">\n\t\t\t\t<div class=\"elementor-widget-container\">\n\t\t\t\t\t\t\t\t\t<p><span lang=\"EN-US\">+1,6%<\/span><span lang=\"EN-US\"> gg\u00fc. 2024<\/span><\/p>\t\t\t\t\t\t\t\t<\/div>\n\t\t\t\t<\/div>\n\t\t\t\t\t<\/div>\n\t\t\t\t<\/div>\n\t\t<div class=\"elementor-element elementor-element-5661ec70 animate-on-display e-flex e-con-boxed e-con e-child\" data-id=\"5661ec70\" data-element_type=\"container\" data-e-type=\"container\" data-settings=\"{&quot;background_background&quot;:&quot;classic&quot;}\">\n\t\t\t\t\t<div class=\"e-con-inner\">\n\t\t\t\t<div class=\"elementor-element elementor-element-68eea25e elementor-widget elementor-widget-heading\" data-id=\"68eea25e\" data-element_type=\"widget\" data-e-type=\"widget\" data-widget_type=\"heading.default\">\n\t\t\t\t<div class=\"elementor-widget-container\">\n\t\t\t\t\t<h3 class=\"elementor-heading-title elementor-size-default\">117\u2019899<span> Followers Instagram<\/span><\/h3>\t\t\t\t<\/div>\n\t\t\t\t<\/div>\n\t\t\t\t<div class=\"elementor-element elementor-element-8942f42 elementor-widget elementor-widget-text-editor\" data-id=\"8942f42\" data-element_type=\"widget\" data-e-type=\"widget\" data-widget_type=\"text-editor.default\">\n\t\t\t\t<div class=\"elementor-widget-container\">\n\t\t\t\t\t\t\t\t\t<p><span lang=\"EN-US\">+9,7% <\/span><span lang=\"EN-US\">gg\u00fc. 2024<\/span><\/p>\t\t\t\t\t\t\t\t<\/div>\n\t\t\t\t<\/div>\n\t\t\t\t\t<\/div>\n\t\t\t\t<\/div>\n\t\t<div class=\"elementor-element elementor-element-6d88ad9d animate-on-display e-flex e-con-boxed e-con e-child\" data-id=\"6d88ad9d\" data-element_type=\"container\" data-e-type=\"container\" data-settings=\"{&quot;background_background&quot;:&quot;classic&quot;}\">\n\t\t\t\t\t<div class=\"e-con-inner\">\n\t\t\t\t<div class=\"elementor-element elementor-element-7b0a2809 elementor-widget elementor-widget-heading\" data-id=\"7b0a2809\" data-element_type=\"widget\" data-e-type=\"widget\" data-widget_type=\"heading.default\">\n\t\t\t\t<div class=\"elementor-widget-container\">\n\t\t\t\t\t<h3 class=\"elementor-heading-title elementor-size-default\">4\u2019899 <span>Followers auf TikTok<\/span><\/h3>\t\t\t\t<\/div>\n\t\t\t\t<\/div>\n\t\t\t\t<div class=\"elementor-element elementor-element-3ff4b577 elementor-widget elementor-widget-text-editor\" data-id=\"3ff4b577\" data-element_type=\"widget\" data-e-type=\"widget\" data-widget_type=\"text-editor.default\">\n\t\t\t\t<div class=\"elementor-widget-container\">\n\t\t\t\t\t\t\t\t\t<p><span lang=\"EN-US\">+61,3% <\/span><span lang=\"EN-US\">gg\u00fc. 2024<\/span><\/p>\t\t\t\t\t\t\t\t<\/div>\n\t\t\t\t<\/div>\n\t\t\t\t\t<\/div>\n\t\t\t\t<\/div>\n\t\t<div class=\"elementor-element elementor-element-3425fa31 animate-on-display e-flex e-con-boxed e-con e-child\" data-id=\"3425fa31\" data-element_type=\"container\" data-e-type=\"container\" data-settings=\"{&quot;background_background&quot;:&quot;classic&quot;}\">\n\t\t\t\t\t<div class=\"e-con-inner\">\n\t\t\t\t<div class=\"elementor-element elementor-element-24e983d0 elementor-widget elementor-widget-heading\" data-id=\"24e983d0\" data-element_type=\"widget\" data-e-type=\"widget\" data-widget_type=\"heading.default\">\n\t\t\t\t<div class=\"elementor-widget-container\">\n\t\t\t\t\t<h3 class=\"elementor-heading-title elementor-size-default\">17\u2019387<span> Followers auf LinkedIn<\/span><\/h3>\t\t\t\t<\/div>\n\t\t\t\t<\/div>\n\t\t\t\t<div class=\"elementor-element elementor-element-6ed6f9d0 elementor-widget elementor-widget-text-editor\" data-id=\"6ed6f9d0\" data-element_type=\"widget\" data-e-type=\"widget\" data-widget_type=\"text-editor.default\">\n\t\t\t\t<div class=\"elementor-widget-container\">\n\t\t\t\t\t\t\t\t\t<p><span lang=\"DE-CH\">+11,9% <\/span><span lang=\"DE-CH\">gg\u00fc. 2024<\/span><\/p>\t\t\t\t\t\t\t\t<\/div>\n\t\t\t\t<\/div>\n\t\t\t\t\t<\/div>\n\t\t\t\t<\/div>\n\t\t\t\t\t<\/div>\n\t\t\t\t<\/div>\n\t\t\t\t<div class=\"elementor-element elementor-element-4f9f3e35 animate-on-display elementor-widget elementor-widget-text-editor\" data-id=\"4f9f3e35\" data-element_type=\"widget\" data-e-type=\"widget\" data-widget_type=\"text-editor.default\">\n\t\t\t\t<div class=\"elementor-widget-container\">\n\t\t\t\t\t\t\t\t\t<p><strong>Entwicklung und Reichweite<br \/><\/strong>Die Social-Media-Aktivit\u00e4ten von Valais\/Wallis Promotion entwickelten sich 2025 weiterhin positiv und best\u00e4tigten die zunehmende Bedeutung der eigenen Kan\u00e4le. Insgesamt konnten \u00fcber 34 Millionen Personen organisch erreicht werden. Unter Einbezug von Influencerkooperationen stieg die Reichweite auf \u00fcber 38 Millionen Kontakte.<\/p><p>Auch die Community wuchs weiter und z\u00e4hlt neu rund 341\u2019000 Followerinnen und Follower, was einem Plus von 6,3 Prozent gegen\u00fcber dem Vorjahr entspricht. Besonders dynamisch entwickelten sich dabei Instagram (+9,7 %) und LinkedIn (+11,9 %), w\u00e4hrend Facebook weiterhin eine stabile Basis bildet (+1,6 %).<\/p><p><strong>Plattformen und Kan\u00e4le<br \/><\/strong>Parallel dazu wurden neue Plattformen gezielt aufgebaut und weiterentwickelt. TikTok verzeichnete mit einem Wachstum von \u00fcber 60 Prozent die st\u00e4rkste Dynamik, w\u00e4hrend auch Threads und YouTube zus\u00e4tzliche Reichweiten generieren konnten. Neu wurde zudem ein WhatsApp Business Account lanciert, um Inhalte direkter und zielgerichteter zu verbreiten. Auf die Plattform X wurde hingegen verzichtet, um Ressourcen gezielt auf wachstumsstarke und inhaltlich relevante Kan\u00e4le zu konzentrieren.<\/p><p><strong>Content, Formate und Partnerschaften<br \/><\/strong>Einen wichtigen Beitrag zur Reichweite leisteten auch Influencerkooperationen: Im Jahr 2025 wurden rund ein Dutzend Kooperationen umgesetzt, die zusammen eine Reichweite von \u00fcber 4 Millionen Personen und mehr als 8 Millionen Impressionen erzielten.<\/p><p>Erg\u00e4nzend dazu wurden sechs <a href=\"https:\/\/www.valais.ch\/de\/erleben\/inspirationen\/videostories\" target=\"_blank\" rel=\"noopener\">Videostories<\/a>\u00a0realisiert \u2013 unter anderem zu einer Patrouilleurin, einer Skibergsteigerin, zur Grande Dixence sowie zu Aprikosen-, K\u00e4se- und Getreideanbau.\u00a0<span style=\"text-align: start;\">Die Videostories werden von einem Walliser Unternehmen produziert und von der f\u00fcr das Thema gew\u00e4hlten Destination mitfinanziert.<\/span><span style=\"text-align: start;\">\u00a0<\/span>Diese Formate erreichten \u00fcber 2 Millionen Personen und generierten mehr als 3 Millionen Impressionen.\u00a0Alle Videos sind auch auf dem <a href=\"https:\/\/www.youtube.com\/playlist?list=PLZ5zJ-dR548bskhA3UfgdVOxc4OHmLeB-\" target=\"_blank\" rel=\"noopener\">YouTube-Kanal Valais Wallis<\/a> zu sehen.<\/p><p>Auch die Instagram-Takeovers wurden 2025 rege genutzt und weitergef\u00fchrt. Insgesamt wurden 56 Takeovers umgesetzt \u2013 25 im Winter und 31 im Sommer. Destinationen erhielten dabei die M\u00f6glichkeit, ihre Angebote authentisch und aus erster Hand zu pr\u00e4sentieren. Dieses Format st\u00e4rkte die Einbindung der Partner und sorgte gleichzeitig f\u00fcr eine hohe Glaubw\u00fcrdigkeit in der Ansprache der Community.<\/p><p>Insgesamt unterstreichen die Zahlen die erfolgreiche Ausrichtung auf eine diversifizierte, plattform\u00fcbergreifende Content-Strategie und die wachsende Bedeutung von Social Media als zentralem Kommunikations- und Inspirationsinstrument f\u00fcr das Wallis.<\/p>\t\t\t\t\t\t\t\t<\/div>\n\t\t\t\t<\/div>\n\t\t\t\t\t<\/div>\n\t\t\t\t<\/div>\n\t\t\t\t\t<\/div>\n\t\t\t\t<\/div>\n\t\t<div class=\"elementor-element elementor-element-652d6109 watch-on-display e-flex e-con-boxed e-con e-parent\" data-id=\"652d6109\" data-element_type=\"container\" data-e-type=\"container\">\n\t\t\t\t\t<div class=\"e-con-inner\">\n\t\t\t\t<div class=\"elementor-element elementor-element-1b488d95 animate-on-display elementor-widget elementor-widget-heading\" data-id=\"1b488d95\" data-element_type=\"widget\" data-e-type=\"widget\" id=\"evenements\" data-widget_type=\"heading.default\">\n\t\t\t\t<div class=\"elementor-widget-container\">\n\t\t\t\t\t<h2 class=\"elementor-heading-title elementor-size-default\">Solidarit\u00e4t im L\u00f6tschental.<\/h2>\t\t\t\t<\/div>\n\t\t\t\t<\/div>\n\t\t\t\t\t<\/div>\n\t\t\t\t<\/div>\n\t\t<div class=\"elementor-element elementor-element-d188850 e-flex e-con-boxed e-con e-parent\" data-id=\"d188850\" data-element_type=\"container\" data-e-type=\"container\">\n\t\t\t\t\t<div class=\"e-con-inner\">\n\t\t<div class=\"elementor-element elementor-element-9a6e357 e-flex e-con-boxed e-con e-child\" data-id=\"9a6e357\" data-element_type=\"container\" data-e-type=\"container\" data-settings=\"{&quot;background_background&quot;:&quot;classic&quot;,&quot;background_motion_fx_motion_fx_scrolling&quot;:&quot;yes&quot;,&quot;background_motion_fx_translateY_effect&quot;:&quot;yes&quot;,&quot;background_motion_fx_translateY_speed&quot;:{&quot;unit&quot;:&quot;px&quot;,&quot;size&quot;:2,&quot;sizes&quot;:[]},&quot;background_motion_fx_translateY_affectedRange&quot;:{&quot;unit&quot;:&quot;%&quot;,&quot;size&quot;:&quot;&quot;,&quot;sizes&quot;:{&quot;start&quot;:0,&quot;end&quot;:100}},&quot;background_motion_fx_devices&quot;:[&quot;desktop&quot;,&quot;tablet&quot;,&quot;mobile&quot;]}\">\n\t\t\t\t\t<div class=\"e-con-inner\">\n\t\t\t\t\t<\/div>\n\t\t\t\t<\/div>\n\t\t<div class=\"elementor-element elementor-element-7b66136 e-con-full e-flex e-con e-child\" data-id=\"7b66136\" data-element_type=\"container\" data-e-type=\"container\">\n\t\t<div class=\"elementor-element elementor-element-a947129 e-con-full watch-on-display e-flex e-con e-child\" data-id=\"a947129\" data-element_type=\"container\" data-e-type=\"container\" data-settings=\"{&quot;background_background&quot;:&quot;classic&quot;,&quot;position&quot;:&quot;absolute&quot;}\">\n\t\t\t\t<div class=\"elementor-element elementor-element-9c56af2 animate-on-display elementor-widget elementor-widget-heading\" data-id=\"9c56af2\" data-element_type=\"widget\" data-e-type=\"widget\" id=\"Mein Herz schl\u00e4gt f\u00fcr das L\u00f6tschental\" data-widget_type=\"heading.default\">\n\t\t\t\t<div class=\"elementor-widget-container\">\n\t\t\t\t\t<h3 class=\"elementor-heading-title elementor-size-default\">Mein Herz schl\u00e4gt f\u00fcr das L\u00f6tschental.<\/h3>\t\t\t\t<\/div>\n\t\t\t\t<\/div>\n\t\t\t\t<div class=\"elementor-element elementor-element-4574d1d animate-on-display elementor-widget elementor-widget-text-editor\" data-id=\"4574d1d\" data-element_type=\"widget\" data-e-type=\"widget\" data-widget_type=\"text-editor.default\">\n\t\t\t\t<div class=\"elementor-widget-container\">\n\t\t\t\t\t\t\t\t\t<p style=\"font-weight: 400;\">Der Berg- und Gletschersturz oberhalb von Blatten im Mai 2025 versch\u00fcttete ein ganzes Dorf. Zahlreiche Menschen und Betriebe verloren ihre Existenzgrundlage. Gleichzeitig zeigte sich eine grosse Welle der Solidarit\u00e4t: Unter dem Zeichen \u00abMein Herz schl\u00e4gt f\u00fcr das L\u00f6tschental\u00bb unterst\u00fctzten Menschen aus dem Wallis, der ganzen Schweiz und dar\u00fcber hinaus die betroffene Region. Ein Zeichen des Aufbruchs folgte wenige Monate sp\u00e4ter: Am 19. Dezember 2025 wurde auf der Lauchernalp das Hotel \u00abMomentum \u2013 die Lauchernalp Lodge\u00bb er\u00f6ffnet. In Rekordzeit realisiert, steht es sinnbildlich f\u00fcr den Wiederaufbau und den gemeinsamen Willen, der Region eine Zukunft zu geben.<\/p>\t\t\t\t\t\t\t\t<\/div>\n\t\t\t\t<\/div>\n\t\t\t\t<\/div>\n\t\t\t\t<\/div>\n\t\t\t\t\t<\/div>\n\t\t\t\t<\/div>\n\t\t<div class=\"elementor-element elementor-element-9bec95e watch-on-display e-flex e-con-boxed e-con e-parent\" data-id=\"9bec95e\" data-element_type=\"container\" data-e-type=\"container\" data-settings=\"{&quot;animation&quot;:&quot;none&quot;,&quot;animation_delay&quot;:20}\">\n\t\t\t\t\t<div class=\"e-con-inner\">\n\t\t\t\t<div class=\"elementor-element elementor-element-26431e7 animate-on-display elementor-widget elementor-widget-text-editor\" data-id=\"26431e7\" data-element_type=\"widget\" data-e-type=\"widget\" data-widget_type=\"text-editor.default\">\n\t\t\t\t<div class=\"elementor-widget-container\">\n\t\t\t\t\t\t\t\t\t<p style=\"font-weight: 400;\"><em><img loading=\"lazy\" decoding=\"async\" class=\"alignright wp-image-17108\" src=\"https:\/\/rapport-valais.ch\/wp-content\/uploads\/2026\/04\/Mathias-Fleischmann-1-300x232.png\" alt=\"\" width=\"152\" height=\"152\"><\/em><\/p>\n<div>\n<p><i><span lang=\"DE-CH\"><strong>\u00abDie Natur, die Kultur und die Menschen, welche unser authentisches Bergtal ausmachen, bleiben die St\u00e4rken unseres Tourismus. Dies stimmt uns zuversichtlich, dass die G\u00e4ste unser Tal auch k\u00fcnftig gerne besuchen werden und der Tourismus die wirtschaftliche Grundlage der Region bleiben wird.\u00bb&nbsp;<\/strong><\/span><\/i><\/p>\n<\/div>\n<div>\n<p><span lang=\"DE-CH\">Mathias Fleischmann, CEO der Lauchernalp Bergbahnen AG und der L\u00f6tschental Marketing AG<\/span><\/p>\n<\/div>\t\t\t\t\t\t\t\t<\/div>\n\t\t\t\t<\/div>\n\t\t\t\t\t<\/div>\n\t\t\t\t<\/div>\n\t\t<div class=\"elementor-element elementor-element-478d8bc watch-on-display e-flex e-con-boxed e-con e-parent\" data-id=\"478d8bc\" data-element_type=\"container\" data-e-type=\"container\">\n\t\t\t\t\t<div class=\"e-con-inner\">\n\t\t<div class=\"elementor-element elementor-element-c669bbc e-flex e-con-boxed e-con e-child\" data-id=\"c669bbc\" data-element_type=\"container\" data-e-type=\"container\">\n\t\t\t\t\t<div class=\"e-con-inner\">\n\t\t\t\t<div class=\"elementor-element elementor-element-25834b4 animate-on-display elementor-widget elementor-widget-heading\" data-id=\"25834b4\" data-element_type=\"widget\" data-e-type=\"widget\" data-widget_type=\"heading.default\">\n\t\t\t\t<div class=\"elementor-widget-container\">\n\t\t\t\t\t<h2 class=\"elementor-heading-title elementor-size-default\">Veranstaltungen.<\/h2>\t\t\t\t<\/div>\n\t\t\t\t<\/div>\n\t\t<div class=\"elementor-element elementor-element-c4b5e4c e-grid e-con-boxed e-con e-child\" data-id=\"c4b5e4c\" data-element_type=\"container\" data-e-type=\"container\" data-settings=\"{&quot;background_background&quot;:&quot;classic&quot;}\">\n\t\t\t\t\t<div class=\"e-con-inner\">\n\t\t<div class=\"elementor-element elementor-element-15dbfee e-con-full animate-on-display e-flex e-con e-child\" data-id=\"15dbfee\" data-element_type=\"container\" data-e-type=\"container\" data-settings=\"{&quot;background_background&quot;:&quot;classic&quot;}\">\n\t\t<div class=\"elementor-element elementor-element-e805b73 e-con-full e-flex e-con e-child\" data-id=\"e805b73\" data-element_type=\"container\" data-e-type=\"container\">\n\t\t\t\t<div class=\"elementor-element elementor-element-9639379 elementor-widget elementor-widget-image\" data-id=\"9639379\" data-element_type=\"widget\" data-e-type=\"widget\" data-widget_type=\"image.default\">\n\t\t\t\t<div class=\"elementor-widget-container\">\n\t\t\t\t\t\t\t\t\t\t\t\t\t\t\t<img loading=\"lazy\" decoding=\"async\" width=\"120\" height=\"120\" src=\"https:\/\/rapport-valais.ch\/wp-content\/uploads\/2024\/02\/pavilion-m.jpg\" class=\"attachment-large size-large wp-image-13114\" alt=\"\" \/>\t\t\t\t\t\t\t\t\t\t\t\t\t\t\t<\/div>\n\t\t\t\t<\/div>\n\t\t\t\t<\/div>\n\t\t<div class=\"elementor-element elementor-element-38d882d e-con-full e-flex e-con e-child\" data-id=\"38d882d\" data-element_type=\"container\" data-e-type=\"container\">\n\t\t\t\t<div class=\"elementor-element elementor-element-bef780a elementor-widget elementor-widget-heading\" data-id=\"bef780a\" data-element_type=\"widget\" data-e-type=\"widget\" data-widget_type=\"heading.default\">\n\t\t\t\t<div class=\"elementor-widget-container\">\n\t\t\t\t\t<h3 class=\"elementor-heading-title elementor-size-default\">80 <span>Veranstaltungen <\/span><\/h3>\t\t\t\t<\/div>\n\t\t\t\t<\/div>\n\t\t\t\t<div class=\"elementor-element elementor-element-35fce59 elementor-widget elementor-widget-text-editor\" data-id=\"35fce59\" data-element_type=\"widget\" data-e-type=\"widget\" data-widget_type=\"text-editor.default\">\n\t\t\t\t<div class=\"elementor-widget-container\">\n\t\t\t\t\t\t\t\t\t<div><span lang=\"DE-CH\">mit Aktivierung der Marke Wallis<\/span><\/div>\t\t\t\t\t\t\t\t<\/div>\n\t\t\t\t<\/div>\n\t\t\t\t<\/div>\n\t\t\t\t<div class=\"elementor-element elementor-element-9466e9d elementor-absolute elementor-widget elementor-widget-image\" data-id=\"9466e9d\" data-element_type=\"widget\" data-e-type=\"widget\" data-settings=\"{&quot;_position&quot;:&quot;absolute&quot;}\" data-widget_type=\"image.default\">\n\t\t\t\t<div class=\"elementor-widget-container\">\n\t\t\t\t\t\t\t\t\t\t\t\t\t\t\t<img loading=\"lazy\" decoding=\"async\" width=\"1\" height=\"1\" src=\"https:\/\/rapport-valais.ch\/wp-content\/uploads\/2024\/01\/arrow-trsnprnt.svg\" class=\"attachment-large size-large wp-image-8932\" alt=\"\" \/>\t\t\t\t\t\t\t\t\t\t\t\t\t\t\t<\/div>\n\t\t\t\t<\/div>\n\t\t\t\t<\/div>\n\t\t<div class=\"elementor-element elementor-element-4f7657e e-con-full animate-on-display e-flex e-con e-child\" data-id=\"4f7657e\" data-element_type=\"container\" data-e-type=\"container\" data-settings=\"{&quot;background_background&quot;:&quot;classic&quot;}\">\n\t\t<div class=\"elementor-element elementor-element-56ba750 e-con-full e-flex e-con e-child\" data-id=\"56ba750\" data-element_type=\"container\" data-e-type=\"container\">\n\t\t\t\t<div class=\"elementor-element elementor-element-ce98238 elementor-widget elementor-widget-image\" data-id=\"ce98238\" data-element_type=\"widget\" data-e-type=\"widget\" data-widget_type=\"image.default\">\n\t\t\t\t<div class=\"elementor-widget-container\">\n\t\t\t\t\t\t\t\t\t\t\t\t\t\t\t<img loading=\"lazy\" decoding=\"async\" width=\"120\" height=\"120\" src=\"https:\/\/rapport-valais.ch\/wp-content\/uploads\/2024\/02\/family-m.jpg\" class=\"attachment-large size-large wp-image-13115\" alt=\"\" \/>\t\t\t\t\t\t\t\t\t\t\t\t\t\t\t<\/div>\n\t\t\t\t<\/div>\n\t\t\t\t<\/div>\n\t\t<div class=\"elementor-element elementor-element-80c2bbe e-con-full e-flex e-con e-child\" data-id=\"80c2bbe\" data-element_type=\"container\" data-e-type=\"container\">\n\t\t\t\t<div class=\"elementor-element elementor-element-2c9b0d0 elementor-widget elementor-widget-heading\" data-id=\"2c9b0d0\" data-element_type=\"widget\" data-e-type=\"widget\" data-widget_type=\"heading.default\">\n\t\t\t\t<div class=\"elementor-widget-container\">\n\t\t\t\t\t<h3 class=\"elementor-heading-title elementor-size-default\">1'185'000 <span>Personen<\/span><\/h3>\t\t\t\t<\/div>\n\t\t\t\t<\/div>\n\t\t\t\t<div class=\"elementor-element elementor-element-edf0c8c elementor-widget elementor-widget-text-editor\" data-id=\"edf0c8c\" data-element_type=\"widget\" data-e-type=\"widget\" data-widget_type=\"text-editor.default\">\n\t\t\t\t<div class=\"elementor-widget-container\">\n\t\t\t\t\t\t\t\t\t<div><span lang=\"DE-CH\">vor Ort erreicht<\/span><\/div>\t\t\t\t\t\t\t\t<\/div>\n\t\t\t\t<\/div>\n\t\t\t\t<\/div>\n\t\t\t\t<div class=\"elementor-element elementor-element-39480f5 elementor-absolute elementor-widget elementor-widget-image\" data-id=\"39480f5\" data-element_type=\"widget\" data-e-type=\"widget\" data-settings=\"{&quot;_position&quot;:&quot;absolute&quot;}\" data-widget_type=\"image.default\">\n\t\t\t\t<div class=\"elementor-widget-container\">\n\t\t\t\t\t\t\t\t\t\t\t\t\t\t\t<img loading=\"lazy\" decoding=\"async\" width=\"1\" height=\"1\" src=\"https:\/\/rapport-valais.ch\/wp-content\/uploads\/2024\/01\/arrow-trsnprnt.svg\" class=\"attachment-large size-large wp-image-8932\" alt=\"\" \/>\t\t\t\t\t\t\t\t\t\t\t\t\t\t\t<\/div>\n\t\t\t\t<\/div>\n\t\t\t\t<\/div>\n\t\t<div class=\"elementor-element elementor-element-98d85b5 e-con-full animate-on-display e-flex e-con e-child\" data-id=\"98d85b5\" data-element_type=\"container\" data-e-type=\"container\" data-settings=\"{&quot;background_background&quot;:&quot;classic&quot;}\">\n\t\t<div class=\"elementor-element elementor-element-0ba3db9 e-con-full e-flex e-con e-child\" data-id=\"0ba3db9\" data-element_type=\"container\" data-e-type=\"container\">\n\t\t\t\t<div class=\"elementor-element elementor-element-763b87e elementor-widget elementor-widget-image\" data-id=\"763b87e\" data-element_type=\"widget\" data-e-type=\"widget\" data-widget_type=\"image.default\">\n\t\t\t\t<div class=\"elementor-widget-container\">\n\t\t\t\t\t\t\t\t\t\t\t\t\t\t\t<img loading=\"lazy\" decoding=\"async\" width=\"120\" height=\"120\" src=\"https:\/\/rapport-valais.ch\/wp-content\/uploads\/2026\/03\/cycling-m.png\" class=\"attachment-large size-large wp-image-16322\" alt=\"\" \/>\t\t\t\t\t\t\t\t\t\t\t\t\t\t\t<\/div>\n\t\t\t\t<\/div>\n\t\t\t\t<\/div>\n\t\t<div class=\"elementor-element elementor-element-7445f19 e-con-full e-flex e-con e-child\" data-id=\"7445f19\" data-element_type=\"container\" data-e-type=\"container\">\n\t\t\t\t<div class=\"elementor-element elementor-element-b06c585 elementor-widget elementor-widget-heading\" data-id=\"b06c585\" data-element_type=\"widget\" data-e-type=\"widget\" data-widget_type=\"heading.default\">\n\t\t\t\t<div class=\"elementor-widget-container\">\n\t\t\t\t\t<h3 class=\"elementor-heading-title elementor-size-default\">3 <span>Weltmeisterschaften <\/span><\/h3>\t\t\t\t<\/div>\n\t\t\t\t<\/div>\n\t\t\t\t<div class=\"elementor-element elementor-element-629ec5b elementor-widget elementor-widget-text-editor\" data-id=\"629ec5b\" data-element_type=\"widget\" data-e-type=\"widget\" data-widget_type=\"text-editor.default\">\n\t\t\t\t<div class=\"elementor-widget-container\">\n\t\t\t\t\t\t\t\t\t<p style=\"font-weight: 400;\">MTB, Skibergsteigen, Raclette<\/p>\t\t\t\t\t\t\t\t<\/div>\n\t\t\t\t<\/div>\n\t\t\t\t<\/div>\n\t\t\t\t<div class=\"elementor-element elementor-element-a6dd321 elementor-absolute elementor-widget elementor-widget-image\" data-id=\"a6dd321\" data-element_type=\"widget\" data-e-type=\"widget\" data-settings=\"{&quot;_position&quot;:&quot;absolute&quot;}\" data-widget_type=\"image.default\">\n\t\t\t\t<div class=\"elementor-widget-container\">\n\t\t\t\t\t\t\t\t\t\t\t\t\t\t\t<img loading=\"lazy\" decoding=\"async\" width=\"1\" height=\"1\" src=\"https:\/\/rapport-valais.ch\/wp-content\/uploads\/2024\/01\/arrow-trsnprnt.svg\" class=\"attachment-large size-large wp-image-8932\" alt=\"\" \/>\t\t\t\t\t\t\t\t\t\t\t\t\t\t\t<\/div>\n\t\t\t\t<\/div>\n\t\t\t\t<\/div>\n\t\t\t\t\t<\/div>\n\t\t\t\t<\/div>\n\t\t\t\t\t<\/div>\n\t\t\t\t<\/div>\n\t\t\t\t\t<\/div>\n\t\t\t\t<\/div>\n\t\t<div class=\"elementor-element elementor-element-b1b30a0 e-flex e-con-boxed e-con e-parent\" data-id=\"b1b30a0\" data-element_type=\"container\" data-e-type=\"container\">\n\t\t\t\t\t<div class=\"e-con-inner\">\n\t\t<div class=\"elementor-element elementor-element-4d00620 e-flex e-con-boxed e-con e-child\" data-id=\"4d00620\" data-element_type=\"container\" data-e-type=\"container\" data-settings=\"{&quot;background_background&quot;:&quot;classic&quot;,&quot;background_motion_fx_motion_fx_scrolling&quot;:&quot;yes&quot;,&quot;background_motion_fx_translateY_effect&quot;:&quot;yes&quot;,&quot;background_motion_fx_translateY_speed&quot;:{&quot;unit&quot;:&quot;px&quot;,&quot;size&quot;:2,&quot;sizes&quot;:[]},&quot;background_motion_fx_translateY_affectedRange&quot;:{&quot;unit&quot;:&quot;%&quot;,&quot;size&quot;:&quot;&quot;,&quot;sizes&quot;:{&quot;start&quot;:0,&quot;end&quot;:100}},&quot;background_motion_fx_devices&quot;:[&quot;desktop&quot;,&quot;tablet&quot;,&quot;mobile&quot;]}\">\n\t\t\t\t\t<div class=\"e-con-inner\">\n\t\t\t\t\t<\/div>\n\t\t\t\t<\/div>\n\t\t<div class=\"elementor-element elementor-element-0eacabe e-con-full e-flex e-con e-child\" data-id=\"0eacabe\" data-element_type=\"container\" data-e-type=\"container\">\n\t\t<div class=\"elementor-element elementor-element-512c542 e-con-full watch-on-display e-flex e-con e-child\" data-id=\"512c542\" data-element_type=\"container\" data-e-type=\"container\" data-settings=\"{&quot;background_background&quot;:&quot;classic&quot;,&quot;position&quot;:&quot;absolute&quot;}\">\n\t\t\t\t<div class=\"elementor-element elementor-element-68991e6 animate-on-display elementor-widget elementor-widget-heading\" data-id=\"68991e6\" data-element_type=\"widget\" data-e-type=\"widget\" id=\"FIS Ski-Weltcup Crans-Montana\" data-widget_type=\"heading.default\">\n\t\t\t\t<div class=\"elementor-widget-container\">\n\t\t\t\t\t<h3 class=\"elementor-heading-title elementor-size-default\">FIS Ski-Weltcup Crans-Montana.<\/h3>\t\t\t\t<\/div>\n\t\t\t\t<\/div>\n\t\t\t\t<div class=\"elementor-element elementor-element-dd6325c animate-on-display elementor-widget elementor-widget-text-editor\" data-id=\"dd6325c\" data-element_type=\"widget\" data-e-type=\"widget\" data-widget_type=\"text-editor.default\">\n\t\t\t\t<div class=\"elementor-widget-container\">\n\t\t\t\t\t\t\t\t\t<p style=\"font-weight: 400;\">Am 22. und 23. Februar 2025 erlebte Crans-Montana ein historisches Weltcup-Wochenende: In der Abfahrt gelang den Schweizern mit Franjo von Allmen, Marco Odermatt und Alexis Monney ein Dreifachsieg, im Super-G folgte ein Schweizer Doppelsieg durch Marco Odermatt und Alexis Monney.<\/p><p style=\"font-weight: 400;\">Tausende Fans sorgten f\u00fcr eine eindr\u00fcckliche Atmosph\u00e4re entlang der Piste, w\u00e4hrend Millionen die Rennen im Fernsehen verfolgten. Der Anlass unterstrich die Bedeutung von Crans-Montana als Weltcup-Standort und k\u00fcnftigen Austragungsort der Ski-WM 2027. Die Marke Wallis war auf und neben der Piste pr\u00e4sent.<\/p>\t\t\t\t\t\t\t\t<\/div>\n\t\t\t\t<\/div>\n\t\t\t\t<\/div>\n\t\t\t\t<\/div>\n\t\t\t\t\t<\/div>\n\t\t\t\t<\/div>\n\t\t<div class=\"elementor-element elementor-element-0f9c86f e-flex e-con-boxed e-con e-parent\" data-id=\"0f9c86f\" data-element_type=\"container\" data-e-type=\"container\">\n\t\t\t\t\t<div class=\"e-con-inner\">\n\t\t<div class=\"elementor-element elementor-element-98714ca e-con-full e-flex e-con e-child\" data-id=\"98714ca\" data-element_type=\"container\" data-e-type=\"container\">\n\t\t<div class=\"elementor-element elementor-element-b4949de e-con-full watch-on-display e-flex e-con e-child\" data-id=\"b4949de\" data-element_type=\"container\" data-e-type=\"container\" data-settings=\"{&quot;background_background&quot;:&quot;classic&quot;,&quot;position&quot;:&quot;absolute&quot;}\">\n\t\t\t\t<div class=\"elementor-element elementor-element-d372bc6 animate-on-display elementor-widget elementor-widget-heading\" data-id=\"d372bc6\" data-element_type=\"widget\" data-e-type=\"widget\" id=\"ISMF WM im Skibergsteigen in Morgins\" data-widget_type=\"heading.default\">\n\t\t\t\t<div class=\"elementor-widget-container\">\n\t\t\t\t\t<h3 class=\"elementor-heading-title elementor-size-default\">ISMF WM im Skibergsteigen in Morgins.<\/h3>\t\t\t\t<\/div>\n\t\t\t\t<\/div>\n\t\t\t\t<div class=\"elementor-element elementor-element-172f576 animate-on-display elementor-widget elementor-widget-text-editor\" data-id=\"172f576\" data-element_type=\"widget\" data-e-type=\"widget\" data-widget_type=\"text-editor.default\">\n\t\t\t\t<div class=\"elementor-widget-container\">\n\t\t\t\t\t\t\t\t\t<p style=\"font-weight: 400;\">Die ISMF World Championships in Morgins machten das Wallis vom 2. bis 8. M\u00e4rz 2025 zum Zentrum des internationalen Skibergsteigens. Rund 400 Athletinnen und Athleten aus 25 Nationen sorgten an den Titelk\u00e4mpfen f\u00fcr hochklassigen Sport und internationale Sichtbarkeit. Gleichzeitig unterstrich der Anlass \u2013 im Vorfeld der olympischen Premiere der Disziplin 2026 \u2013 die F\u00e4higkeit des Wallis, internationale Bergsport-Grossveranstaltungen professionell auszurichten und seine alpine Kompetenz einem weltweiten Publikum zu pr\u00e4sentieren.<\/p>\t\t\t\t\t\t\t\t<\/div>\n\t\t\t\t<\/div>\n\t\t\t\t<div class=\"elementor-element elementor-element-6250efb animate-on-display elementor-widget elementor-widget-button\" data-id=\"6250efb\" data-element_type=\"widget\" data-e-type=\"widget\" data-widget_type=\"button.default\">\n\t\t\t\t<div class=\"elementor-widget-container\">\n\t\t\t\t\t\t\t\t\t<div class=\"elementor-button-wrapper\">\n\t\t\t\t\t<a class=\"elementor-button elementor-button-link elementor-size-md\" href=\"https:\/\/www.regiondentsdumidi.ch\/fr\/ismf-world-championships-region-dents-du-midi-35344\/\" target=\"_blank\">\n\t\t\t\t\t\t<span class=\"elementor-button-content-wrapper\">\n\t\t\t\t\t\t<span class=\"elementor-button-icon\">\n\t\t\t\t<svg xmlns=\"http:\/\/www.w3.org\/2000\/svg\" id=\"Calque_1\" data-name=\"Calque 1\" viewBox=\"0 0 114.5 114.5\"><defs><style>.cls-1{fill:#fafafa;}.cls-2{fill:#a8091a;}<\/style><\/defs><path class=\"cls-1\" d=\"M57.25,0A57.25,57.25,0,1,0,114.5,57.25,57.25,57.25,0,0,0,57.25,0Zm-6.1,77.9a2.6,2.6,0,0,1-3.68-3.68l17-17-17-17a2.6,2.6,0,0,1,3.68-3.68L71.8,57.25Z\"><\/path><path class=\"cls-2\" d=\"M47.47,36.6a2.6,2.6,0,0,0,0,3.68l17,17-17,17a2.6,2.6,0,0,0,3.68,3.68L71.8,57.25,51.15,36.6A2.6,2.6,0,0,0,47.47,36.6Z\"><\/path><\/svg>\t\t\t<\/span>\n\t\t\t\t\t\t\t\t\t<span class=\"elementor-button-text\">Mehr erfahren<\/span>\n\t\t\t\t\t<\/span>\n\t\t\t\t\t<\/a>\n\t\t\t\t<\/div>\n\t\t\t\t\t\t\t\t<\/div>\n\t\t\t\t<\/div>\n\t\t\t\t<\/div>\n\t\t\t\t<\/div>\n\t\t<div class=\"elementor-element elementor-element-b8cb3e9 e-flex e-con-boxed e-con e-child\" data-id=\"b8cb3e9\" data-element_type=\"container\" data-e-type=\"container\" data-settings=\"{&quot;background_background&quot;:&quot;classic&quot;,&quot;background_motion_fx_motion_fx_scrolling&quot;:&quot;yes&quot;,&quot;background_motion_fx_translateY_effect&quot;:&quot;yes&quot;,&quot;background_motion_fx_translateY_speed&quot;:{&quot;unit&quot;:&quot;px&quot;,&quot;size&quot;:2,&quot;sizes&quot;:[]},&quot;background_motion_fx_translateY_affectedRange&quot;:{&quot;unit&quot;:&quot;%&quot;,&quot;size&quot;:&quot;&quot;,&quot;sizes&quot;:{&quot;start&quot;:0,&quot;end&quot;:100}},&quot;background_motion_fx_devices&quot;:[&quot;desktop&quot;,&quot;tablet&quot;,&quot;mobile&quot;]}\">\n\t\t\t\t\t<div class=\"e-con-inner\">\n\t\t\t\t\t<\/div>\n\t\t\t\t<\/div>\n\t\t\t\t\t<\/div>\n\t\t\t\t<\/div>\n\t\t<div class=\"elementor-element elementor-element-e967a49 e-flex e-con-boxed e-con e-parent\" data-id=\"e967a49\" data-element_type=\"container\" data-e-type=\"container\">\n\t\t\t\t\t<div class=\"e-con-inner\">\n\t\t<div class=\"elementor-element elementor-element-5ad91e9 e-flex e-con-boxed e-con e-child\" data-id=\"5ad91e9\" data-element_type=\"container\" data-e-type=\"container\" data-settings=\"{&quot;background_background&quot;:&quot;classic&quot;,&quot;background_motion_fx_motion_fx_scrolling&quot;:&quot;yes&quot;,&quot;background_motion_fx_translateY_effect&quot;:&quot;yes&quot;,&quot;background_motion_fx_translateY_speed&quot;:{&quot;unit&quot;:&quot;px&quot;,&quot;size&quot;:2,&quot;sizes&quot;:[]},&quot;background_motion_fx_translateY_affectedRange&quot;:{&quot;unit&quot;:&quot;%&quot;,&quot;size&quot;:&quot;&quot;,&quot;sizes&quot;:{&quot;start&quot;:0,&quot;end&quot;:100}},&quot;background_motion_fx_devices&quot;:[&quot;desktop&quot;,&quot;tablet&quot;,&quot;mobile&quot;]}\">\n\t\t\t\t\t<div class=\"e-con-inner\">\n\t\t\t\t\t<\/div>\n\t\t\t\t<\/div>\n\t\t<div class=\"elementor-element elementor-element-c73e912 e-con-full e-flex e-con e-child\" data-id=\"c73e912\" data-element_type=\"container\" data-e-type=\"container\">\n\t\t<div class=\"elementor-element elementor-element-ea63390 e-con-full watch-on-display e-flex e-con e-child\" data-id=\"ea63390\" data-element_type=\"container\" data-e-type=\"container\" data-settings=\"{&quot;background_background&quot;:&quot;classic&quot;,&quot;position&quot;:&quot;absolute&quot;}\">\n\t\t\t\t<div class=\"elementor-element elementor-element-1245fe5 animate-on-display elementor-widget elementor-widget-heading\" data-id=\"1245fe5\" data-element_type=\"widget\" data-e-type=\"widget\" id=\"Cycle Week Z\u00fcrich\" data-widget_type=\"heading.default\">\n\t\t\t\t<div class=\"elementor-widget-container\">\n\t\t\t\t\t<h3 class=\"elementor-heading-title elementor-size-default\">Cycle Week Z\u00fcrich.<\/h3>\t\t\t\t<\/div>\n\t\t\t\t<\/div>\n\t\t\t\t<div class=\"elementor-element elementor-element-b74d085 animate-on-display elementor-widget elementor-widget-text-editor\" data-id=\"b74d085\" data-element_type=\"widget\" data-e-type=\"widget\" data-widget_type=\"text-editor.default\">\n\t\t\t\t<div class=\"elementor-widget-container\">\n\t\t\t\t\t\t\t\t\t<p style=\"font-weight: 400;\">Vom 22. bis 25. Mai 2025 pr\u00e4sentierte sich Valais\/Wallis Promotion an der Cycle Week in Z\u00fcrich, dem nationalen Treffpunkt der Veloszene. Ziel war es, das Wallis als f\u00fchrende Mountainbike-Destination zu positionieren und die UCI Mountainbike-Weltmeisterschaften im Wallis ins Rampenlicht zu r\u00fccken.<\/p><p style=\"font-weight: 400;\">Am zentralen Valais-Stand auf dem Europaplatz traten acht Partnerregionen gemeinsam auf. Interaktive Aktivit\u00e4ten, ein Wettbewerb und Walliser Spezialit\u00e4ten sorgten f\u00fcr grossen Andrang. Ein Medienanlass unter dem Motto \u201e100 days to go\u201c leitete zudem den Countdown zur Mountainbike-WM ein.<\/p>\t\t\t\t\t\t\t\t<\/div>\n\t\t\t\t<\/div>\n\t\t\t\t<div class=\"elementor-element elementor-element-f388c1e animate-on-display elementor-widget elementor-widget-button\" data-id=\"f388c1e\" data-element_type=\"widget\" data-e-type=\"widget\" data-widget_type=\"button.default\">\n\t\t\t\t<div class=\"elementor-widget-container\">\n\t\t\t\t\t\t\t\t\t<div class=\"elementor-button-wrapper\">\n\t\t\t\t\t<a class=\"elementor-button elementor-button-link elementor-size-md\" href=\"https:\/\/www.vwpnet.ch\/de\/news\/partnerinformation\/cycle-week-2025-das-wallis-positioniert-sich-als-fuhrende-mountainbike-destination-3959\" target=\"_blank\">\n\t\t\t\t\t\t<span class=\"elementor-button-content-wrapper\">\n\t\t\t\t\t\t<span class=\"elementor-button-icon\">\n\t\t\t\t<svg xmlns=\"http:\/\/www.w3.org\/2000\/svg\" id=\"Calque_1\" data-name=\"Calque 1\" viewBox=\"0 0 114.5 114.5\"><defs><style>.cls-1{fill:#fafafa;}.cls-2{fill:#a8091a;}<\/style><\/defs><path class=\"cls-1\" d=\"M57.25,0A57.25,57.25,0,1,0,114.5,57.25,57.25,57.25,0,0,0,57.25,0Zm-6.1,77.9a2.6,2.6,0,0,1-3.68-3.68l17-17-17-17a2.6,2.6,0,0,1,3.68-3.68L71.8,57.25Z\"><\/path><path class=\"cls-2\" d=\"M47.47,36.6a2.6,2.6,0,0,0,0,3.68l17,17-17,17a2.6,2.6,0,0,0,3.68,3.68L71.8,57.25,51.15,36.6A2.6,2.6,0,0,0,47.47,36.6Z\"><\/path><\/svg>\t\t\t<\/span>\n\t\t\t\t\t\t\t\t\t<span class=\"elementor-button-text\">Mehr erfahren<\/span>\n\t\t\t\t\t<\/span>\n\t\t\t\t\t<\/a>\n\t\t\t\t<\/div>\n\t\t\t\t\t\t\t\t<\/div>\n\t\t\t\t<\/div>\n\t\t\t\t<\/div>\n\t\t\t\t<\/div>\n\t\t\t\t\t<\/div>\n\t\t\t\t<\/div>\n\t\t<div class=\"elementor-element elementor-element-cdc2cbd e-flex e-con-boxed e-con e-parent\" data-id=\"cdc2cbd\" data-element_type=\"container\" data-e-type=\"container\">\n\t\t\t\t\t<div class=\"e-con-inner\">\n\t\t<div class=\"elementor-element elementor-element-4920724 e-con-full e-flex e-con e-child\" data-id=\"4920724\" data-element_type=\"container\" data-e-type=\"container\">\n\t\t<div class=\"elementor-element elementor-element-a8f8f5e e-con-full watch-on-display e-flex e-con e-child\" data-id=\"a8f8f5e\" data-element_type=\"container\" data-e-type=\"container\" data-settings=\"{&quot;background_background&quot;:&quot;classic&quot;,&quot;position&quot;:&quot;absolute&quot;}\">\n\t\t\t\t<div class=\"elementor-element elementor-element-c18c22c animate-on-display elementor-widget elementor-widget-heading\" data-id=\"c18c22c\" data-element_type=\"widget\" data-e-type=\"widget\" id=\"Nationales Finale der Eringerrasse\" data-widget_type=\"heading.default\">\n\t\t\t\t<div class=\"elementor-widget-container\">\n\t\t\t\t\t<h3 class=\"elementor-heading-title elementor-size-default\">Nationales Finale der Eringerrasse.<\/h3>\t\t\t\t<\/div>\n\t\t\t\t<\/div>\n\t\t\t\t<div class=\"elementor-element elementor-element-08476b1 animate-on-display elementor-widget elementor-widget-text-editor\" data-id=\"08476b1\" data-element_type=\"widget\" data-e-type=\"widget\" data-widget_type=\"text-editor.default\">\n\t\t\t\t<div class=\"elementor-widget-container\">\n\t\t\t\t\t\t\t\t\t<p style=\"font-weight: 400;\">Am 10. und 11. Mai 2025 fand in Aproz das Finale der Eringerrasse Tour statt \u2013 ein H\u00f6hepunkt der Walliser Tradition. Vor rund 13\u2019000 Zuschauerinnen und Zuschauern setzte sich Nubie aus der Stallung von Bastian und Kilian Eyer aus Ried-Brig durch und wurde zur \u00abReine des Reines\u00bb gekr\u00f6nt.<\/p><p style=\"font-weight: 400;\">Der Anlass vereinte Spannung, Emotionen und Volksfeststimmung und wurde auch landesweit im Fernsehen verfolgt. Valais\/Wallis Promotion war vor Ort pr\u00e4sent und unterst\u00fctzte die Medienarbeit. Rund 400 freiwillige Helferinnen und Helfer trugen zum Erfolg des Wochenendes bei und unterstrichen die Bedeutung der Eringertradition f\u00fcr das Wallis.<\/p>\t\t\t\t\t\t\t\t<\/div>\n\t\t\t\t<\/div>\n\t\t\t\t<\/div>\n\t\t\t\t<\/div>\n\t\t<div class=\"elementor-element elementor-element-4a4ceb7 e-flex e-con-boxed e-con e-child\" data-id=\"4a4ceb7\" data-element_type=\"container\" data-e-type=\"container\" data-settings=\"{&quot;background_background&quot;:&quot;classic&quot;,&quot;background_motion_fx_motion_fx_scrolling&quot;:&quot;yes&quot;,&quot;background_motion_fx_translateY_effect&quot;:&quot;yes&quot;,&quot;background_motion_fx_translateY_speed&quot;:{&quot;unit&quot;:&quot;px&quot;,&quot;size&quot;:2,&quot;sizes&quot;:[]},&quot;background_motion_fx_translateY_affectedRange&quot;:{&quot;unit&quot;:&quot;%&quot;,&quot;size&quot;:&quot;&quot;,&quot;sizes&quot;:{&quot;start&quot;:0,&quot;end&quot;:100}},&quot;background_motion_fx_devices&quot;:[&quot;desktop&quot;,&quot;tablet&quot;,&quot;mobile&quot;]}\">\n\t\t\t\t\t<div class=\"e-con-inner\">\n\t\t\t\t\t<\/div>\n\t\t\t\t<\/div>\n\t\t\t\t\t<\/div>\n\t\t\t\t<\/div>\n\t\t<div class=\"elementor-element elementor-element-ba346d2 e-flex e-con-boxed e-con e-parent\" data-id=\"ba346d2\" data-element_type=\"container\" data-e-type=\"container\">\n\t\t\t\t\t<div class=\"e-con-inner\">\n\t\t<div class=\"elementor-element elementor-element-8771761 e-flex e-con-boxed e-con e-child\" data-id=\"8771761\" data-element_type=\"container\" data-e-type=\"container\" data-settings=\"{&quot;background_background&quot;:&quot;classic&quot;,&quot;background_motion_fx_motion_fx_scrolling&quot;:&quot;yes&quot;,&quot;background_motion_fx_translateY_effect&quot;:&quot;yes&quot;,&quot;background_motion_fx_translateY_speed&quot;:{&quot;unit&quot;:&quot;px&quot;,&quot;size&quot;:2,&quot;sizes&quot;:[]},&quot;background_motion_fx_translateY_affectedRange&quot;:{&quot;unit&quot;:&quot;%&quot;,&quot;size&quot;:&quot;&quot;,&quot;sizes&quot;:{&quot;start&quot;:0,&quot;end&quot;:100}},&quot;background_motion_fx_devices&quot;:[&quot;desktop&quot;,&quot;tablet&quot;,&quot;mobile&quot;]}\">\n\t\t\t\t\t<div class=\"e-con-inner\">\n\t\t\t\t\t<\/div>\n\t\t\t\t<\/div>\n\t\t<div class=\"elementor-element elementor-element-5d929ad e-con-full e-flex e-con e-child\" data-id=\"5d929ad\" data-element_type=\"container\" data-e-type=\"container\">\n\t\t<div class=\"elementor-element elementor-element-0f843e7 e-con-full watch-on-display e-flex e-con e-child\" data-id=\"0f843e7\" data-element_type=\"container\" data-e-type=\"container\" data-settings=\"{&quot;background_background&quot;:&quot;classic&quot;,&quot;position&quot;:&quot;absolute&quot;}\">\n\t\t\t\t<div class=\"elementor-element elementor-element-d486afb animate-on-display elementor-widget elementor-widget-heading\" data-id=\"d486afb\" data-element_type=\"widget\" data-e-type=\"widget\" id=\"UEFA Frauenfussball-EM\" data-widget_type=\"heading.default\">\n\t\t\t\t<div class=\"elementor-widget-container\">\n\t\t\t\t\t<h3 class=\"elementor-heading-title elementor-size-default\">UEFA Frauenfussball-EM.<\/h3>\t\t\t\t<\/div>\n\t\t\t\t<\/div>\n\t\t\t\t<div class=\"elementor-element elementor-element-32288fc animate-on-display elementor-widget elementor-widget-text-editor\" data-id=\"32288fc\" data-element_type=\"widget\" data-e-type=\"widget\" data-widget_type=\"text-editor.default\">\n\t\t\t\t<div class=\"elementor-widget-container\">\n\t\t\t\t\t\t\t\t\t<p style=\"font-weight: 400;\">Im Sommer 2025 war die Schweiz erstmals Austragungsland der UEFA Women\u2019s EURO. Mit drei Spielen in Sion war auch das Wallis Teil des Wettbewerbs. Insgesamt 22\u2019640 Zuschauerinnen und Zuschauer verfolgten die Partien vor Ort, rund 30 Prozent davon aus dem Ausland.<\/p><p style=\"font-weight: 400;\">Valais\/Wallis Promotion nutzte die EM zur gezielten Positionierung des Kantons. Promotionsinstallationen, Willkommenspakete und internationale Aktivierungen sorgten f\u00fcr zus\u00e4tzliche Sichtbarkeit. Die belgische Nationalmannschaft war w\u00e4hrend des Turniers in Saillon stationiert und generierte mediale Aufmerksamkeit.<\/p>\t\t\t\t\t\t\t\t<\/div>\n\t\t\t\t<\/div>\n\t\t\t\t<\/div>\n\t\t\t\t<\/div>\n\t\t\t\t\t<\/div>\n\t\t\t\t<\/div>\n\t\t<div class=\"elementor-element elementor-element-44dc234 e-flex e-con-boxed e-con e-parent\" data-id=\"44dc234\" data-element_type=\"container\" data-e-type=\"container\">\n\t\t\t\t\t<div class=\"e-con-inner\">\n\t\t<div class=\"elementor-element elementor-element-ec00050 e-con-full e-flex e-con e-child\" data-id=\"ec00050\" data-element_type=\"container\" data-e-type=\"container\">\n\t\t<div class=\"elementor-element elementor-element-5a41f16 e-con-full watch-on-display e-flex e-con e-child\" data-id=\"5a41f16\" data-element_type=\"container\" data-e-type=\"container\" data-settings=\"{&quot;background_background&quot;:&quot;classic&quot;,&quot;position&quot;:&quot;absolute&quot;}\">\n\t\t\t\t<div class=\"elementor-element elementor-element-573aaf9 animate-on-display elementor-widget elementor-widget-heading\" data-id=\"573aaf9\" data-element_type=\"widget\" data-e-type=\"widget\" id=\"Omega European Masters\" data-widget_type=\"heading.default\">\n\t\t\t\t<div class=\"elementor-widget-container\">\n\t\t\t\t\t<h3 class=\"elementor-heading-title elementor-size-default\">Omega European Masters.<\/h3>\t\t\t\t<\/div>\n\t\t\t\t<\/div>\n\t\t\t\t<div class=\"elementor-element elementor-element-4460085 animate-on-display elementor-widget elementor-widget-text-editor\" data-id=\"4460085\" data-element_type=\"widget\" data-e-type=\"widget\" data-widget_type=\"text-editor.default\">\n\t\t\t\t<div class=\"elementor-widget-container\">\n\t\t\t\t\t\t\t\t\t<p style=\"font-weight: 400;\">Vom 28. bis 31. August 2025 fand in Crans-Montana die 78. Ausgabe des Omega European Masters statt. Das Turnier bot hochstehenden Golfsport vor internationaler Konkurrenz. Den Sieg sicherte sich der S\u00fcdafrikaner Thriston Lawrence, der sich mit einem Score von -22 durchsetzte. Tausende Zuschauerinnen und Zuschauer verfolgten das Turnier vor Ort, mit Spitzenwerten von \u00fcber 16\u2019000 Personen an den Wochenendtagen. Valais\/Wallis Promotion nutzte den Anlass, um das Wallis einem internationalen Publikum zu pr\u00e4sentieren, und war mit dem \u00abHouse of Valais\u00bb vor Ort pr\u00e4sent, wo regionale Produkte und Weine erlebbar gemacht wurden.<\/p>\t\t\t\t\t\t\t\t<\/div>\n\t\t\t\t<\/div>\n\t\t\t\t<\/div>\n\t\t\t\t<\/div>\n\t\t<div class=\"elementor-element elementor-element-12d0a04 e-flex e-con-boxed e-con e-child\" data-id=\"12d0a04\" data-element_type=\"container\" data-e-type=\"container\" data-settings=\"{&quot;background_background&quot;:&quot;classic&quot;,&quot;background_motion_fx_motion_fx_scrolling&quot;:&quot;yes&quot;,&quot;background_motion_fx_translateY_effect&quot;:&quot;yes&quot;,&quot;background_motion_fx_translateY_speed&quot;:{&quot;unit&quot;:&quot;px&quot;,&quot;size&quot;:2,&quot;sizes&quot;:[]},&quot;background_motion_fx_translateY_affectedRange&quot;:{&quot;unit&quot;:&quot;%&quot;,&quot;size&quot;:&quot;&quot;,&quot;sizes&quot;:{&quot;start&quot;:0,&quot;end&quot;:100}},&quot;background_motion_fx_devices&quot;:[&quot;desktop&quot;,&quot;tablet&quot;,&quot;mobile&quot;]}\">\n\t\t\t\t\t<div class=\"e-con-inner\">\n\t\t\t\t\t<\/div>\n\t\t\t\t<\/div>\n\t\t\t\t\t<\/div>\n\t\t\t\t<\/div>\n\t\t<div class=\"elementor-element elementor-element-dbbd0e4 e-flex e-con-boxed e-con e-parent\" data-id=\"dbbd0e4\" data-element_type=\"container\" data-e-type=\"container\">\n\t\t\t\t\t<div class=\"e-con-inner\">\n\t\t<div class=\"elementor-element elementor-element-cb4f082 e-flex e-con-boxed e-con e-child\" data-id=\"cb4f082\" data-element_type=\"container\" data-e-type=\"container\" data-settings=\"{&quot;background_background&quot;:&quot;classic&quot;,&quot;background_motion_fx_motion_fx_scrolling&quot;:&quot;yes&quot;,&quot;background_motion_fx_translateY_effect&quot;:&quot;yes&quot;,&quot;background_motion_fx_translateY_speed&quot;:{&quot;unit&quot;:&quot;px&quot;,&quot;size&quot;:2,&quot;sizes&quot;:[]},&quot;background_motion_fx_translateY_affectedRange&quot;:{&quot;unit&quot;:&quot;%&quot;,&quot;size&quot;:&quot;&quot;,&quot;sizes&quot;:{&quot;start&quot;:0,&quot;end&quot;:100}},&quot;background_motion_fx_devices&quot;:[&quot;desktop&quot;,&quot;tablet&quot;,&quot;mobile&quot;]}\">\n\t\t\t\t\t<div class=\"e-con-inner\">\n\t\t\t\t\t<\/div>\n\t\t\t\t<\/div>\n\t\t<div class=\"elementor-element elementor-element-3efbf81 e-con-full e-flex e-con e-child\" data-id=\"3efbf81\" data-element_type=\"container\" data-e-type=\"container\">\n\t\t<div class=\"elementor-element elementor-element-8063ebe e-con-full watch-on-display e-flex e-con e-child\" data-id=\"8063ebe\" data-element_type=\"container\" data-e-type=\"container\" data-settings=\"{&quot;background_background&quot;:&quot;classic&quot;,&quot;position&quot;:&quot;absolute&quot;}\">\n\t\t\t\t<div class=\"elementor-element elementor-element-3233241 animate-on-display elementor-widget elementor-widget-heading\" data-id=\"3233241\" data-element_type=\"widget\" data-e-type=\"widget\" id=\"UCI Mountainbike-WM Valais 2025\" data-widget_type=\"heading.default\">\n\t\t\t\t<div class=\"elementor-widget-container\">\n\t\t\t\t\t<h3 class=\"elementor-heading-title elementor-size-default\">UCI Mountainbike-WM Valais 2025.<\/h3>\t\t\t\t<\/div>\n\t\t\t\t<\/div>\n\t\t\t\t<div class=\"elementor-element elementor-element-7b847f6 animate-on-display elementor-widget elementor-widget-text-editor\" data-id=\"7b847f6\" data-element_type=\"widget\" data-e-type=\"widget\" data-widget_type=\"text-editor.default\">\n\t\t\t\t<div class=\"elementor-widget-container\">\n\t\t\t\t\t\t\t\t\t<p style=\"font-weight: 400;\">Vom 30. August bis 14. September fanden im Wallis die UCI Mountainbike-Weltmeisterschaften statt. Erstmals wurde eine WM gleichzeitig in mehreren Destinationen ausgetragen. Ein Pionierprojekt, initiiert von Valais\/Wallis Promotion und getragen von der Zusammenarbeit im ganzen Kanton. \u00dcber 110\u2019000 Zuschauerinnen und Zuschauer verfolgten die Wettk\u00e4mpfe vor Ort. Die direkten finanziellen Effekte beliefen sich auf 19,3 Millionen Franken, der Medienwert auf 7,7 Millionen Franken. Gleichzeitig stieg die Wahrnehmung des Wallis als f\u00fchrende Mountainbike-Destination in der Schweiz von 48 auf 66 Prozent.<\/p>\t\t\t\t\t\t\t\t<\/div>\n\t\t\t\t<\/div>\n\t\t\t\t<div class=\"elementor-element elementor-element-0e46c48 animate-on-display elementor-widget elementor-widget-button\" data-id=\"0e46c48\" data-element_type=\"widget\" data-e-type=\"widget\" data-widget_type=\"button.default\">\n\t\t\t\t<div class=\"elementor-widget-container\">\n\t\t\t\t\t\t\t\t\t<div class=\"elementor-button-wrapper\">\n\t\t\t\t\t<a class=\"elementor-button elementor-button-link elementor-size-md\" href=\"https:\/\/www.vwpnet.ch\/media\/document\/0\/Final_Economic_Report.pdf\" target=\"_blank\">\n\t\t\t\t\t\t<span class=\"elementor-button-content-wrapper\">\n\t\t\t\t\t\t<span class=\"elementor-button-icon\">\n\t\t\t\t<svg xmlns=\"http:\/\/www.w3.org\/2000\/svg\" id=\"Calque_1\" data-name=\"Calque 1\" viewBox=\"0 0 114.5 114.5\"><defs><style>.cls-1{fill:#fafafa;}.cls-2{fill:#a8091a;}<\/style><\/defs><path class=\"cls-1\" d=\"M57.25,0A57.25,57.25,0,1,0,114.5,57.25,57.25,57.25,0,0,0,57.25,0Zm-6.1,77.9a2.6,2.6,0,0,1-3.68-3.68l17-17-17-17a2.6,2.6,0,0,1,3.68-3.68L71.8,57.25Z\"><\/path><path class=\"cls-2\" d=\"M47.47,36.6a2.6,2.6,0,0,0,0,3.68l17,17-17,17a2.6,2.6,0,0,0,3.68,3.68L71.8,57.25,51.15,36.6A2.6,2.6,0,0,0,47.47,36.6Z\"><\/path><\/svg>\t\t\t<\/span>\n\t\t\t\t\t\t\t\t\t<span class=\"elementor-button-text\">Mehr erfahren<\/span>\n\t\t\t\t\t<\/span>\n\t\t\t\t\t<\/a>\n\t\t\t\t<\/div>\n\t\t\t\t\t\t\t\t<\/div>\n\t\t\t\t<\/div>\n\t\t\t\t<\/div>\n\t\t\t\t<\/div>\n\t\t\t\t\t<\/div>\n\t\t\t\t<\/div>\n\t\t<div class=\"elementor-element elementor-element-6d67a6a watch-on-display e-flex e-con-boxed e-con e-parent\" data-id=\"6d67a6a\" data-element_type=\"container\" data-e-type=\"container\" data-settings=\"{&quot;animation&quot;:&quot;none&quot;,&quot;animation_delay&quot;:20}\">\n\t\t\t\t\t<div class=\"e-con-inner\">\n\t\t\t\t<div class=\"elementor-element elementor-element-56a5fea animate-on-display elementor-widget elementor-widget-text-editor\" data-id=\"56a5fea\" data-element_type=\"widget\" data-e-type=\"widget\" data-widget_type=\"text-editor.default\">\n\t\t\t\t<div class=\"elementor-widget-container\">\n\t\t\t\t\t\t\t\t\t<p><img loading=\"lazy\" decoding=\"async\" class=\"wp-image-17097 alignright\" src=\"https:\/\/rapport-valais.ch\/wp-content\/uploads\/2026\/04\/Raphael-Brandou-300x300.png\" alt=\"\" width=\"152\" height=\"152\" srcset=\"https:\/\/rapport-valais.ch\/wp-content\/uploads\/2026\/04\/Raphael-Brandou-300x300.png 300w, https:\/\/rapport-valais.ch\/wp-content\/uploads\/2026\/04\/Raphael-Brandou-150x150.png 150w, https:\/\/rapport-valais.ch\/wp-content\/uploads\/2026\/04\/Raphael-Brandou.png 560w\" sizes=\"(max-width: 152px) 100vw, 152px\" \/><\/p><div><p><em><span lang=\"DE-CH\"><strong>\u00a0<\/strong><\/span><\/em><em><span lang=\"DE-CH\"><strong>\u00ab<\/strong><\/span><\/em><i><span lang=\"DE-CH\"><em><b>Die UCI Mountainbike-Weltmeisterschaften Valais 2025 stellten eine hervorragende B\u00fchne f\u00fcr die Region Dents du Midi dar und st\u00e4rkten ihre Sichtbarkeit auf nationaler und internationaler Ebene. Die Veranstaltung erm\u00f6glichte es zudem, unser Know-how in den Bereichen Empfang und Organisation hervorzuheben, die lokalen Akteure rund um ein sinnstiftendes Projekt zu vereinen und nachhaltige positive Effekte f\u00fcr die gesamte regionale Wirtschaft zu schaffen.\u00bb <\/b><\/em><\/span><\/i><\/p><p>Rapha\u00ebl Brandou, Directeur R\u00e9gion Dents du Midi SA<\/p><\/div>\t\t\t\t\t\t\t\t<\/div>\n\t\t\t\t<\/div>\n\t\t\t\t\t<\/div>\n\t\t\t\t<\/div>\n\t\t<div class=\"elementor-element elementor-element-2138e02 e-flex e-con-boxed e-con e-parent\" data-id=\"2138e02\" data-element_type=\"container\" data-e-type=\"container\">\n\t\t\t\t\t<div class=\"e-con-inner\">\n\t\t<div class=\"elementor-element elementor-element-8567ca3 e-con-full e-flex e-con e-child\" data-id=\"8567ca3\" data-element_type=\"container\" data-e-type=\"container\">\n\t\t<div class=\"elementor-element elementor-element-52b2cbe e-con-full watch-on-display e-flex e-con e-child\" data-id=\"52b2cbe\" data-element_type=\"container\" data-e-type=\"container\" data-settings=\"{&quot;background_background&quot;:&quot;classic&quot;,&quot;position&quot;:&quot;absolute&quot;}\">\n\t\t\t\t<div class=\"elementor-element elementor-element-2a785bb animate-on-display elementor-widget elementor-widget-heading\" data-id=\"2a785bb\" data-element_type=\"widget\" data-e-type=\"widget\" id=\"Das Wallis als Ehrengast an der OLMA\" data-widget_type=\"heading.default\">\n\t\t\t\t<div class=\"elementor-widget-container\">\n\t\t\t\t\t<h3 class=\"elementor-heading-title elementor-size-default\">Das Wallis als Ehrengast an der OLMA.<\/h3>\t\t\t\t<\/div>\n\t\t\t\t<\/div>\n\t\t\t\t<div class=\"elementor-element elementor-element-8f71477 animate-on-display elementor-widget elementor-widget-text-editor\" data-id=\"8f71477\" data-element_type=\"widget\" data-e-type=\"widget\" data-widget_type=\"text-editor.default\">\n\t\t\t\t<div class=\"elementor-widget-container\">\n\t\t\t\t\t\t\t\t\t<p style=\"font-weight: 400;\">Vom 9. bis 19. Oktober nutzte das Wallis die OLMA-B\u00fchne in St. Gallen, um seine Vielfalt einem breiten Publikum zu pr\u00e4sentieren. Von den insgesamt 335\u2019000 Besuchenden erlebten rund 150\u2019000 das immersive \u00abWOW WOW WALLIS\u00bb-Konzept, das Tradition, Innovation und regionale Gen\u00fcsse vereinte. H\u00f6hepunkt war der grosse Umzug mit \u00fcber 700 Mitwirkenden vor 25\u2019000 Zuschauerinnen und Zuschauern. In den Messehallen unterstrichen 73 Tiere aus zehn Walliser Rassen die Bedeutung der Landwirtschaft. Mit \u00fcber 15 Millionen Medienkontakten wirkte der Auftritt weit \u00fcber die Messetage hinaus und positionierte das Wallis als authentischen und zukunftsorientierten Kanton.<\/p>\t\t\t\t\t\t\t\t<\/div>\n\t\t\t\t<\/div>\n\t\t\t\t<div class=\"elementor-element elementor-element-d050f03 animate-on-display elementor-widget elementor-widget-button\" data-id=\"d050f03\" data-element_type=\"widget\" data-e-type=\"widget\" data-widget_type=\"button.default\">\n\t\t\t\t<div class=\"elementor-widget-container\">\n\t\t\t\t\t\t\t\t\t<div class=\"elementor-button-wrapper\">\n\t\t\t\t\t<a class=\"elementor-button elementor-button-link elementor-size-md\" href=\"https:\/\/www.vwpnet.ch\/de\/news\/partnerinformation\/olma-2025-die-highlights-aus-dem-schlussberichts-4156\" target=\"_blank\">\n\t\t\t\t\t\t<span class=\"elementor-button-content-wrapper\">\n\t\t\t\t\t\t<span class=\"elementor-button-icon\">\n\t\t\t\t<svg xmlns=\"http:\/\/www.w3.org\/2000\/svg\" id=\"Calque_1\" data-name=\"Calque 1\" viewBox=\"0 0 114.5 114.5\"><defs><style>.cls-1{fill:#fafafa;}.cls-2{fill:#a8091a;}<\/style><\/defs><path class=\"cls-1\" d=\"M57.25,0A57.25,57.25,0,1,0,114.5,57.25,57.25,57.25,0,0,0,57.25,0Zm-6.1,77.9a2.6,2.6,0,0,1-3.68-3.68l17-17-17-17a2.6,2.6,0,0,1,3.68-3.68L71.8,57.25Z\"><\/path><path class=\"cls-2\" d=\"M47.47,36.6a2.6,2.6,0,0,0,0,3.68l17,17-17,17a2.6,2.6,0,0,0,3.68,3.68L71.8,57.25,51.15,36.6A2.6,2.6,0,0,0,47.47,36.6Z\"><\/path><\/svg>\t\t\t<\/span>\n\t\t\t\t\t\t\t\t\t<span class=\"elementor-button-text\">Mehr erfahren<\/span>\n\t\t\t\t\t<\/span>\n\t\t\t\t\t<\/a>\n\t\t\t\t<\/div>\n\t\t\t\t\t\t\t\t<\/div>\n\t\t\t\t<\/div>\n\t\t\t\t<\/div>\n\t\t\t\t<\/div>\n\t\t<div class=\"elementor-element elementor-element-4e13a5d e-flex e-con-boxed e-con e-child\" data-id=\"4e13a5d\" data-element_type=\"container\" data-e-type=\"container\" data-settings=\"{&quot;background_background&quot;:&quot;classic&quot;,&quot;background_motion_fx_motion_fx_scrolling&quot;:&quot;yes&quot;,&quot;background_motion_fx_translateY_effect&quot;:&quot;yes&quot;,&quot;background_motion_fx_translateY_speed&quot;:{&quot;unit&quot;:&quot;px&quot;,&quot;size&quot;:2,&quot;sizes&quot;:[]},&quot;background_motion_fx_translateY_affectedRange&quot;:{&quot;unit&quot;:&quot;%&quot;,&quot;size&quot;:&quot;&quot;,&quot;sizes&quot;:{&quot;start&quot;:0,&quot;end&quot;:100}},&quot;background_motion_fx_devices&quot;:[&quot;desktop&quot;,&quot;tablet&quot;,&quot;mobile&quot;]}\">\n\t\t\t\t\t<div class=\"e-con-inner\">\n\t\t\t\t\t<\/div>\n\t\t\t\t<\/div>\n\t\t\t\t\t<\/div>\n\t\t\t\t<\/div>\n\t\t<div class=\"elementor-element elementor-element-62aea74 watch-on-display e-flex e-con-boxed e-con e-parent\" data-id=\"62aea74\" data-element_type=\"container\" data-e-type=\"container\">\n\t\t\t\t\t<div class=\"e-con-inner\">\n\t\t\t\t<div class=\"elementor-element elementor-element-ca6d2c2 animate-on-display elementor-widget elementor-widget-text-editor\" data-id=\"ca6d2c2\" data-element_type=\"widget\" data-e-type=\"widget\" data-widget_type=\"text-editor.default\">\n\t\t\t\t<div class=\"elementor-widget-container\">\n\t\t\t\t\t\t\t\t\t<p style=\"font-weight: 400;\"><em><img loading=\"lazy\" decoding=\"async\" class=\"wp-image-17108 alignleft\" src=\"https:\/\/rapport-valais.ch\/wp-content\/uploads\/2026\/03\/Christine-Bolt-OLMA.png\" alt=\"\" width=\"152\" height=\"152\" \/><\/em><\/p><div><p><i><span lang=\"DE-CH\"><strong>\u00abDer Walliser Auftritt an der OLMA war sehr vielseitig. Er hat moderne Facetten gezeigt und gleichzeitig Tradition erlebbar gemacht. Am Umzug haben wir eindr\u00fcckliche Gestalten und Tiere gesehen. Die Sonderschau war digital, aber stets gepr\u00e4gt und beseelt von Menschen. Besonders in Erinnerung bleiben wird uns auch die sehr herzliche und professionelle Zusammenarbeit. Ich glaube, ich darf im Namen von ganz St. Gallen sagen: Wir haben das Wallis ins Herz gemeisselt.\u00bb\u00a0<\/strong><\/span><\/i><\/p><\/div><div><p><span lang=\"DE-CH\">Christine Bolt, Direktorin OLMA Messen<\/span><\/p><\/div>\t\t\t\t\t\t\t\t<\/div>\n\t\t\t\t<\/div>\n\t\t\t\t\t<\/div>\n\t\t\t\t<\/div>\n\t\t<div class=\"elementor-element elementor-element-e13e380 e-flex e-con-boxed e-con e-parent\" data-id=\"e13e380\" data-element_type=\"container\" data-e-type=\"container\">\n\t\t\t\t\t<div class=\"e-con-inner\">\n\t\t<div class=\"elementor-element elementor-element-65fc772 e-con-full e-flex e-con e-child\" data-id=\"65fc772\" data-element_type=\"container\" data-e-type=\"container\">\n\t\t<div class=\"elementor-element elementor-element-dec450b e-con-full watch-on-display e-flex e-con e-child\" data-id=\"dec450b\" data-element_type=\"container\" data-e-type=\"container\" data-settings=\"{&quot;background_background&quot;:&quot;classic&quot;,&quot;position&quot;:&quot;absolute&quot;}\">\n\t\t\t\t<div class=\"elementor-element elementor-element-4493086 animate-on-display elementor-widget elementor-widget-heading\" data-id=\"4493086\" data-element_type=\"widget\" data-e-type=\"widget\" id=\"Salon des Go\u00fbts et Terroirs\" data-widget_type=\"heading.default\">\n\t\t\t\t<div class=\"elementor-widget-container\">\n\t\t\t\t\t<h3 class=\"elementor-heading-title elementor-size-default\">Salon des Go\u00fbts et Terroirs.<\/h3>\t\t\t\t<\/div>\n\t\t\t\t<\/div>\n\t\t\t\t<div class=\"elementor-element elementor-element-3489181 animate-on-display elementor-widget elementor-widget-text-editor\" data-id=\"3489181\" data-element_type=\"widget\" data-e-type=\"widget\" id=\"Die Marke Wallis am Salon des Go\u00fbts et Terroirs\" data-widget_type=\"text-editor.default\">\n\t\t\t\t<div class=\"elementor-widget-container\">\n\t\t\t\t\t\t\t\t\t<p style=\"font-weight: 400;\">Vom 29. Oktober bis 2. November pr\u00e4sentierte sich die Marke Wallis am Salon des Go\u00fbts et Terroirs in Bulle. Mit Ausstellungsfl\u00e4chen und gezielten Animationen wurde das Walliser Terroir einem breiten Publikum n\u00e4hergebracht. Im Restaurant \u00abWalliser Genuss\u00bb erlebten Besucherinnen und Besucher Spezialit\u00e4ten wie Raclette und Walliser Weine. Erg\u00e4nzend boten St\u00e4nde mit zertifizierten Produkten und Produzenten Einblick in die Vielfalt und Qualit\u00e4t der regionalen Erzeugnisse. Valais\/Wallis Promotion st\u00e4rkte mit einem konsistenten Auftritt die Sichtbarkeit der Marke Wallis und positionierte den Kanton als authentische Genussregion.<\/p>\t\t\t\t\t\t\t\t<\/div>\n\t\t\t\t<\/div>\n\t\t\t\t<\/div>\n\t\t\t\t<\/div>\n\t\t<div class=\"elementor-element elementor-element-41cf1d3 e-flex e-con-boxed e-con e-child\" data-id=\"41cf1d3\" data-element_type=\"container\" data-e-type=\"container\" data-settings=\"{&quot;background_background&quot;:&quot;classic&quot;,&quot;background_motion_fx_motion_fx_scrolling&quot;:&quot;yes&quot;,&quot;background_motion_fx_translateY_effect&quot;:&quot;yes&quot;,&quot;background_motion_fx_translateY_speed&quot;:{&quot;unit&quot;:&quot;px&quot;,&quot;size&quot;:2,&quot;sizes&quot;:[]},&quot;background_motion_fx_translateY_affectedRange&quot;:{&quot;unit&quot;:&quot;%&quot;,&quot;size&quot;:&quot;&quot;,&quot;sizes&quot;:{&quot;start&quot;:0,&quot;end&quot;:100}},&quot;background_motion_fx_devices&quot;:[&quot;desktop&quot;,&quot;tablet&quot;,&quot;mobile&quot;]}\">\n\t\t\t\t\t<div class=\"e-con-inner\">\n\t\t\t\t\t<\/div>\n\t\t\t\t<\/div>\n\t\t\t\t\t<\/div>\n\t\t\t\t<\/div>\n\t\t<div class=\"elementor-element elementor-element-7d0f31d e-flex e-con-boxed e-con e-parent\" data-id=\"7d0f31d\" data-element_type=\"container\" data-e-type=\"container\">\n\t\t\t\t\t<div class=\"e-con-inner\">\n\t\t<div class=\"elementor-element elementor-element-de679f7 e-flex e-con-boxed e-con e-child\" data-id=\"de679f7\" data-element_type=\"container\" data-e-type=\"container\" data-settings=\"{&quot;background_background&quot;:&quot;classic&quot;,&quot;background_motion_fx_motion_fx_scrolling&quot;:&quot;yes&quot;,&quot;background_motion_fx_translateY_effect&quot;:&quot;yes&quot;,&quot;background_motion_fx_translateY_speed&quot;:{&quot;unit&quot;:&quot;px&quot;,&quot;size&quot;:2,&quot;sizes&quot;:[]},&quot;background_motion_fx_translateY_affectedRange&quot;:{&quot;unit&quot;:&quot;%&quot;,&quot;size&quot;:&quot;&quot;,&quot;sizes&quot;:{&quot;start&quot;:0,&quot;end&quot;:100}},&quot;background_motion_fx_devices&quot;:[&quot;desktop&quot;,&quot;tablet&quot;,&quot;mobile&quot;]}\">\n\t\t\t\t\t<div class=\"e-con-inner\">\n\t\t\t\t\t<\/div>\n\t\t\t\t<\/div>\n\t\t<div class=\"elementor-element elementor-element-64cf1bf e-con-full e-flex e-con e-child\" data-id=\"64cf1bf\" data-element_type=\"container\" data-e-type=\"container\">\n\t\t<div class=\"elementor-element elementor-element-2133914 e-con-full watch-on-display e-flex e-con e-child\" data-id=\"2133914\" data-element_type=\"container\" data-e-type=\"container\" data-settings=\"{&quot;background_background&quot;:&quot;classic&quot;,&quot;position&quot;:&quot;absolute&quot;}\">\n\t\t\t\t<div class=\"elementor-element elementor-element-8d6468e animate-on-display elementor-widget elementor-widget-heading\" data-id=\"8d6468e\" data-element_type=\"widget\" data-e-type=\"widget\" id=\"Raclette-Weltmeisterschaften Morgins.\" data-widget_type=\"heading.default\">\n\t\t\t\t<div class=\"elementor-widget-container\">\n\t\t\t\t\t<h3 class=\"elementor-heading-title elementor-size-default\">Raclette-Weltmeisterschaften Morgins.<\/h3>\t\t\t\t<\/div>\n\t\t\t\t<\/div>\n\t\t\t\t<div class=\"elementor-element elementor-element-8c58604 animate-on-display elementor-widget elementor-widget-text-editor\" data-id=\"8c58604\" data-element_type=\"widget\" data-e-type=\"widget\" data-widget_type=\"text-editor.default\">\n\t\t\t\t<div class=\"elementor-widget-container\">\n\t\t\t\t\t\t\t\t\t<p style=\"font-weight: 400;\">Ende Oktober fand in Morgins die zweite Ausgabe der Raclette-Weltmeisterschaften statt und zog rund 20\u2019000 Besucherinnen und Besucher an. Teilnehmende aus zw\u00f6lf L\u00e4ndern pr\u00e4sentierten \u00fcber 150 K\u00e4sesorten; insgesamt wurden f\u00fcnf Weltmeistertitel vergeben, darunter mehrere f\u00fcr Walliser Produzenten. Der Anlass unterstrich die internationale Strahlkraft der Walliser Raclettekultur und die Qualit\u00e4t regionaler Produkte. Rund 50\u2019000 Raclettes wurden serviert. Valais\/Wallis Promotion nutzte den Anlass, um das Wallis als authentische Genussregion zu positionieren und die Marke Wallis international zu st\u00e4rken.<\/p>\t\t\t\t\t\t\t\t<\/div>\n\t\t\t\t<\/div>\n\t\t\t\t<\/div>\n\t\t\t\t<\/div>\n\t\t\t\t\t<\/div>\n\t\t\t\t<\/div>\n\t\t<div class=\"elementor-element elementor-element-de5b9f9 e-flex e-con-boxed e-con e-parent\" data-id=\"de5b9f9\" data-element_type=\"container\" data-e-type=\"container\">\n\t\t\t\t\t<div class=\"e-con-inner\">\n\t\t<div class=\"elementor-element elementor-element-c431e85 e-con-full e-flex e-con e-child\" data-id=\"c431e85\" data-element_type=\"container\" data-e-type=\"container\">\n\t\t<div class=\"elementor-element elementor-element-f9e40ba e-con-full watch-on-display e-flex e-con e-child\" data-id=\"f9e40ba\" data-element_type=\"container\" data-e-type=\"container\" data-settings=\"{&quot;background_background&quot;:&quot;classic&quot;,&quot;position&quot;:&quot;absolute&quot;}\">\n\t\t\t\t<div class=\"elementor-element elementor-element-34438bf animate-on-display elementor-widget elementor-widget-heading\" data-id=\"34438bf\" data-element_type=\"widget\" data-e-type=\"widget\" id=\"Offene Weinkeller zum Jahresende\" data-widget_type=\"heading.default\">\n\t\t\t\t<div class=\"elementor-widget-container\">\n\t\t\t\t\t<h3 class=\"elementor-heading-title elementor-size-default\">Offene Weinkeller zum Jahresende.<\/h3>\t\t\t\t<\/div>\n\t\t\t\t<\/div>\n\t\t\t\t<div class=\"elementor-element elementor-element-acbcc4e animate-on-display elementor-widget elementor-widget-text-editor\" data-id=\"acbcc4e\" data-element_type=\"widget\" data-e-type=\"widget\" data-widget_type=\"text-editor.default\">\n\t\t\t\t<div class=\"elementor-widget-container\">\n\t\t\t\t\t\t\t\t\t<p style=\"font-weight: 400;\">Mit den offenen Weinkellern luden die Walliser Winzerinnen und Winzer 2025 erneut dazu ein, ihre Weine vor Ort zu entdecken. \u00dcber hundert Betriebe im ganzen Kanton \u00f6ffneten ihre T\u00fcren und boten Degustationen in pers\u00f6nlicher Atmosph\u00e4re. Die Veranstaltung st\u00e4rkt den Direktverkauf, f\u00f6rdert die Verbindung zwischen Produzenten und Konsumenten und gibt Einblick in die Vielfalt der Walliser Weinlandschaft. Valais\/Wallis Promotion unterst\u00fctzte den Anlass kommunikativ und trug dazu bei, die Walliser Weine als Ausdruck von Qualit\u00e4t, Tradition und alpiner Identit\u00e4t zu positionieren.<\/p>\t\t\t\t\t\t\t\t<\/div>\n\t\t\t\t<\/div>\n\t\t\t\t<\/div>\n\t\t\t\t<\/div>\n\t\t<div class=\"elementor-element elementor-element-197f70c e-flex e-con-boxed e-con e-child\" data-id=\"197f70c\" data-element_type=\"container\" data-e-type=\"container\" data-settings=\"{&quot;background_background&quot;:&quot;classic&quot;,&quot;background_motion_fx_motion_fx_scrolling&quot;:&quot;yes&quot;,&quot;background_motion_fx_translateY_effect&quot;:&quot;yes&quot;,&quot;background_motion_fx_translateY_speed&quot;:{&quot;unit&quot;:&quot;px&quot;,&quot;size&quot;:2,&quot;sizes&quot;:[]},&quot;background_motion_fx_translateY_affectedRange&quot;:{&quot;unit&quot;:&quot;%&quot;,&quot;size&quot;:&quot;&quot;,&quot;sizes&quot;:{&quot;start&quot;:0,&quot;end&quot;:100}},&quot;background_motion_fx_devices&quot;:[&quot;desktop&quot;,&quot;tablet&quot;,&quot;mobile&quot;]}\">\n\t\t\t\t\t<div class=\"e-con-inner\">\n\t\t\t\t\t<\/div>\n\t\t\t\t<\/div>\n\t\t\t\t\t<\/div>\n\t\t\t\t<\/div>\n\t\t<div class=\"elementor-element elementor-element-9cc34a6 e-flex e-con-boxed e-con e-parent\" data-id=\"9cc34a6\" data-element_type=\"container\" data-e-type=\"container\">\n\t\t\t\t\t<div class=\"e-con-inner\">\n\t\t<div class=\"elementor-element elementor-element-8fcd233 e-flex e-con-boxed e-con e-child\" data-id=\"8fcd233\" data-element_type=\"container\" data-e-type=\"container\" data-settings=\"{&quot;background_background&quot;:&quot;classic&quot;,&quot;background_motion_fx_motion_fx_scrolling&quot;:&quot;yes&quot;,&quot;background_motion_fx_translateY_effect&quot;:&quot;yes&quot;,&quot;background_motion_fx_translateY_speed&quot;:{&quot;unit&quot;:&quot;px&quot;,&quot;size&quot;:2,&quot;sizes&quot;:[]},&quot;background_motion_fx_translateY_affectedRange&quot;:{&quot;unit&quot;:&quot;%&quot;,&quot;size&quot;:&quot;&quot;,&quot;sizes&quot;:{&quot;start&quot;:0,&quot;end&quot;:100}},&quot;background_motion_fx_devices&quot;:[&quot;desktop&quot;,&quot;tablet&quot;,&quot;mobile&quot;]}\">\n\t\t\t\t\t<div class=\"e-con-inner\">\n\t\t\t\t\t<\/div>\n\t\t\t\t<\/div>\n\t\t<div class=\"elementor-element elementor-element-c2e9d8a e-con-full e-flex e-con e-child\" data-id=\"c2e9d8a\" data-element_type=\"container\" data-e-type=\"container\">\n\t\t<div class=\"elementor-element elementor-element-af5c52f e-con-full watch-on-display e-flex e-con e-child\" data-id=\"af5c52f\" data-element_type=\"container\" data-e-type=\"container\" data-settings=\"{&quot;background_background&quot;:&quot;classic&quot;,&quot;position&quot;:&quot;absolute&quot;}\">\n\t\t\t\t<div class=\"elementor-element elementor-element-02fb561 animate-on-display elementor-widget elementor-widget-heading\" data-id=\"02fb561\" data-element_type=\"widget\" data-e-type=\"widget\" id=\"Partnerfr\u00fchst\u00fcck VWP\" data-widget_type=\"heading.default\">\n\t\t\t\t<div class=\"elementor-widget-container\">\n\t\t\t\t\t<h3 class=\"elementor-heading-title elementor-size-default\">Partnerfr\u00fchst\u00fcck VWP.<\/h3>\t\t\t\t<\/div>\n\t\t\t\t<\/div>\n\t\t\t\t<div class=\"elementor-element elementor-element-1d17245 animate-on-display elementor-widget elementor-widget-text-editor\" data-id=\"1d17245\" data-element_type=\"widget\" data-e-type=\"widget\" data-widget_type=\"text-editor.default\">\n\t\t\t\t<div class=\"elementor-widget-container\">\n\t\t\t\t\t\t\t\t\t<p style=\"font-weight: 400;\">Am 16. Dezember 2025 fand das traditionelle Partnerfr\u00fchst\u00fcck von Valais\/Wallis Promotion statt. In einem offenen und pers\u00f6nlichen Rahmen kamen Partner aus Tourismus, Wirtschaft, Landwirtschaft und Politik zusammen, um das Jahr in einem gem\u00fctlichen Rahmen ausklingen zu lassen und sich auszutauschen. Pr\u00e4sident Julien Moulin, Direktor Damian Constantin sowie Staatsrat Christophe Darbellay richteten kurze Ansprachen an die Anwesenden. Das Partnerfr\u00fchst\u00fcck unterstrich einmal mehr die Bedeutung eines starken Netzwerks und einer engen Zusammenarbeit f\u00fcr die nachhaltige Entwicklung im Wallis.<\/p>\t\t\t\t\t\t\t\t<\/div>\n\t\t\t\t<\/div>\n\t\t\t\t<\/div>\n\t\t\t\t<\/div>\n\t\t\t\t\t<\/div>\n\t\t\t\t<\/div>\n\t\t<div class=\"elementor-element elementor-element-f049ea3 watch-on-display e-flex e-con-boxed e-con e-parent\" data-id=\"f049ea3\" data-element_type=\"container\" data-e-type=\"container\">\n\t\t\t\t\t<div class=\"e-con-inner\">\n\t\t<div class=\"elementor-element elementor-element-24e540f e-flex e-con-boxed e-con e-child\" data-id=\"24e540f\" data-element_type=\"container\" data-e-type=\"container\">\n\t\t\t\t\t<div class=\"e-con-inner\">\n\t\t\t\t<div class=\"elementor-element elementor-element-e1be279 animate-on-display elementor-widget elementor-widget-heading\" data-id=\"e1be279\" data-element_type=\"widget\" data-e-type=\"widget\" data-widget_type=\"heading.default\">\n\t\t\t\t<div class=\"elementor-widget-container\">\n\t\t\t\t\t<h2 class=\"elementor-heading-title elementor-size-default\">Valais Film Commission.<\/h2>\t\t\t\t<\/div>\n\t\t\t\t<\/div>\n\t\t\t\t\t<\/div>\n\t\t\t\t<\/div>\n\t\t\t\t\t<\/div>\n\t\t\t\t<\/div>\n\t\t<div class=\"elementor-element elementor-element-0bd19e2 e-flex e-con-boxed e-con e-parent\" data-id=\"0bd19e2\" data-element_type=\"container\" data-e-type=\"container\">\n\t\t\t\t\t<div class=\"e-con-inner\">\n\t\t<div class=\"elementor-element elementor-element-ccffc5a e-con-full e-flex e-con e-child\" data-id=\"ccffc5a\" data-element_type=\"container\" data-e-type=\"container\">\n\t\t<div class=\"elementor-element elementor-element-1ebefab e-con-full watch-on-display e-flex e-con e-child\" data-id=\"1ebefab\" data-element_type=\"container\" data-e-type=\"container\" data-settings=\"{&quot;background_background&quot;:&quot;classic&quot;,&quot;position&quot;:&quot;absolute&quot;}\">\n\t\t\t\t<div class=\"elementor-element elementor-element-5b088be animate-on-display elementor-widget elementor-widget-heading\" data-id=\"5b088be\" data-element_type=\"widget\" data-e-type=\"widget\" id=\"Erneuerung Mandat Valais Film Commission\" data-widget_type=\"heading.default\">\n\t\t\t\t<div class=\"elementor-widget-container\">\n\t\t\t\t\t<h3 class=\"elementor-heading-title elementor-size-default\">Erneuerung Mandat Valais Film Commission.<\/h3>\t\t\t\t<\/div>\n\t\t\t\t<\/div>\n\t\t\t\t<div class=\"elementor-element elementor-element-9896563 animate-on-display elementor-widget elementor-widget-text-editor\" data-id=\"9896563\" data-element_type=\"widget\" data-e-type=\"widget\" data-widget_type=\"text-editor.default\">\n\t\t\t\t<div class=\"elementor-widget-container\">\n\t\t\t\t\t\t\t\t\t<p style=\"font-weight: 400;\">Seit 2022 hat sich die Valais Film Commission (VFC) als wichtiger Akteur f\u00fcr den audiovisuellen Sektor im Wallis etabliert. Zahlreiche Produktionen konnten in die Region geholt werden \u2013 darunter der Kinoerfolg \u00abMein Freund Barry\u00bb. Die direkten wirtschaftlichen Effekte belaufen sich auf rund 4 Millionen Franken. Der Kanton Wallis hat das Mandat f\u00fcr 2025\u20132028 erneuert und mit Valais\/Wallis Promotion eine neue Leistungsvereinbarung abgeschlossen. Mit einem Budget von 3 Millionen Franken wird die F\u00f6rderung weiter ausgebaut und das Wallis als Filmstandort gest\u00e4rkt.<\/p>\t\t\t\t\t\t\t\t<\/div>\n\t\t\t\t<\/div>\n\t\t\t\t<div class=\"elementor-element elementor-element-a5f2b15 animate-on-display elementor-widget elementor-widget-button\" data-id=\"a5f2b15\" data-element_type=\"widget\" data-e-type=\"widget\" data-widget_type=\"button.default\">\n\t\t\t\t<div class=\"elementor-widget-container\">\n\t\t\t\t\t\t\t\t\t<div class=\"elementor-button-wrapper\">\n\t\t\t\t\t<a class=\"elementor-button elementor-button-link elementor-size-md\" href=\"https:\/\/valaisfilmcommission.ch\/de\/\" target=\"_blank\">\n\t\t\t\t\t\t<span class=\"elementor-button-content-wrapper\">\n\t\t\t\t\t\t<span class=\"elementor-button-icon\">\n\t\t\t\t<svg xmlns=\"http:\/\/www.w3.org\/2000\/svg\" id=\"Calque_1\" data-name=\"Calque 1\" viewBox=\"0 0 114.5 114.5\"><defs><style>.cls-1{fill:#fafafa;}.cls-2{fill:#a8091a;}<\/style><\/defs><path class=\"cls-1\" d=\"M57.25,0A57.25,57.25,0,1,0,114.5,57.25,57.25,57.25,0,0,0,57.25,0Zm-6.1,77.9a2.6,2.6,0,0,1-3.68-3.68l17-17-17-17a2.6,2.6,0,0,1,3.68-3.68L71.8,57.25Z\"><\/path><path class=\"cls-2\" d=\"M47.47,36.6a2.6,2.6,0,0,0,0,3.68l17,17-17,17a2.6,2.6,0,0,0,3.68,3.68L71.8,57.25,51.15,36.6A2.6,2.6,0,0,0,47.47,36.6Z\"><\/path><\/svg>\t\t\t<\/span>\n\t\t\t\t\t\t\t\t\t<span class=\"elementor-button-text\">Mehr erfahren<\/span>\n\t\t\t\t\t<\/span>\n\t\t\t\t\t<\/a>\n\t\t\t\t<\/div>\n\t\t\t\t\t\t\t\t<\/div>\n\t\t\t\t<\/div>\n\t\t\t\t<\/div>\n\t\t\t\t<\/div>\n\t\t<div class=\"elementor-element elementor-element-35a0e34 e-flex e-con-boxed e-con e-child\" data-id=\"35a0e34\" data-element_type=\"container\" data-e-type=\"container\" data-settings=\"{&quot;background_background&quot;:&quot;classic&quot;,&quot;background_motion_fx_motion_fx_scrolling&quot;:&quot;yes&quot;,&quot;background_motion_fx_translateY_effect&quot;:&quot;yes&quot;,&quot;background_motion_fx_translateY_speed&quot;:{&quot;unit&quot;:&quot;px&quot;,&quot;size&quot;:2,&quot;sizes&quot;:[]},&quot;background_motion_fx_translateY_affectedRange&quot;:{&quot;unit&quot;:&quot;%&quot;,&quot;size&quot;:&quot;&quot;,&quot;sizes&quot;:{&quot;start&quot;:0,&quot;end&quot;:100}},&quot;background_motion_fx_devices&quot;:[&quot;desktop&quot;,&quot;tablet&quot;,&quot;mobile&quot;]}\">\n\t\t\t\t\t<div class=\"e-con-inner\">\n\t\t\t\t\t<\/div>\n\t\t\t\t<\/div>\n\t\t\t\t\t<\/div>\n\t\t\t\t<\/div>\n\t\t<div class=\"elementor-element elementor-element-4392553e watch-on-display e-flex e-con-boxed e-con e-parent\" data-id=\"4392553e\" data-element_type=\"container\" data-e-type=\"container\" data-settings=\"{&quot;animation&quot;:&quot;none&quot;,&quot;animation_delay&quot;:20}\">\n\t\t\t\t\t<div class=\"e-con-inner\">\n\t\t\t\t<div class=\"elementor-element elementor-element-16cc14d9 animate-on-display elementor-widget elementor-widget-heading\" data-id=\"16cc14d9\" data-element_type=\"widget\" data-e-type=\"widget\" data-widget_type=\"heading.default\">\n\t\t\t\t<div class=\"elementor-widget-container\">\n\t\t\t\t\t<h2 class=\"elementor-heading-title elementor-size-default\">Partnerschaften.<\/h2>\t\t\t\t<\/div>\n\t\t\t\t<\/div>\n\t\t\t\t\t<\/div>\n\t\t\t\t<\/div>\n\t\t<div class=\"elementor-element elementor-element-e0c9925 watch-on-display e-flex e-con-boxed e-con e-parent\" data-id=\"e0c9925\" data-element_type=\"container\" data-e-type=\"container\" id=\"emil-frey\">\n\t\t\t\t\t<div class=\"e-con-inner\">\n\t\t<div class=\"elementor-element elementor-element-f880ff9 e-con-full e-flex e-con e-child\" data-id=\"f880ff9\" data-element_type=\"container\" data-e-type=\"container\">\n\t\t\t\t<div class=\"elementor-element elementor-element-440b84b animate-on-display elementor-widget elementor-widget-heading\" data-id=\"440b84b\" data-element_type=\"widget\" data-e-type=\"widget\" data-widget_type=\"heading.default\">\n\t\t\t\t<div class=\"elementor-widget-container\">\n\t\t\t\t\t<h3 class=\"elementor-heading-title elementor-size-default\">Emil Frey Sion.<\/h3>\t\t\t\t<\/div>\n\t\t\t\t<\/div>\n\t\t\t\t<div class=\"elementor-element elementor-element-d71294d animate-on-display elementor-widget elementor-widget-text-editor\" data-id=\"d71294d\" data-element_type=\"widget\" data-e-type=\"widget\" data-widget_type=\"text-editor.default\">\n\t\t\t\t<div class=\"elementor-widget-container\">\n\t\t\t\t\t\t\t\t\t<p style=\"font-weight: 400;\">Die erfolgreiche Partnerschaft zwischen Valais\/Wallis Promotion und der Garage Emil Frey in Sion wurde auch 2025 fortgesetzt. Im Rahmen der Zusammenarbeit setzt VWP weiterhin auf nachhaltige Mobilit\u00e4t: Die Fahrzeugflotte besteht vollst\u00e4ndig aus vollelektrischen Toyota bZ4X-Modellen, die mit lokaler Energie betrieben werden. Diese Partnerschaft unterstreicht das gemeinsame Engagement f\u00fcr eine umweltfreundliche Fortbewegung im Wallis.<\/p><p><a href=\"https:\/\/www.emilfrey.ch\/de\/sion\" target=\"_blank\" rel=\"noopener\">Mehr \u00fcber Emil Frey erfahren<\/a><\/p><p><a href=\"https:\/\/www.emilfrey.ch\/de\/sion\" target=\"_blank\" rel=\"noopener\"><img loading=\"lazy\" decoding=\"async\" class=\"alignnone wp-image-13725\" src=\"https:\/\/rapport-valais.ch\/wp-content\/uploads\/2024\/04\/Emil-Frey-Sion-DE-300x83.png\" alt=\"\" width=\"200\" height=\"55\" srcset=\"https:\/\/rapport-valais.ch\/wp-content\/uploads\/2024\/04\/Emil-Frey-Sion-DE-300x83.png 300w, https:\/\/rapport-valais.ch\/wp-content\/uploads\/2024\/04\/Emil-Frey-Sion-DE.png 460w\" sizes=\"(max-width: 200px) 100vw, 200px\" \/><\/a><\/p>\t\t\t\t\t\t\t\t<\/div>\n\t\t\t\t<\/div>\n\t\t\t\t<\/div>\n\t\t<div class=\"elementor-element elementor-element-89386a3 e-con-full e-flex e-con e-child\" data-id=\"89386a3\" data-element_type=\"container\" data-e-type=\"container\">\n\t\t\t\t<div class=\"elementor-element elementor-element-beb8ebc animate-on-display elementor-widget elementor-widget-image\" data-id=\"beb8ebc\" data-element_type=\"widget\" data-e-type=\"widget\" data-widget_type=\"image.default\">\n\t\t\t\t<div class=\"elementor-widget-container\">\n\t\t\t\t\t\t\t\t\t\t\t\t\t\t\t\t<a href=\"https:\/\/rapport-valais.ch\/wp-content\/uploads\/2024\/02\/Emil-Frey-scaled.jpg\" data-elementor-open-lightbox=\"yes\" data-elementor-lightbox-title=\"Emil Frey\" data-e-action-hash=\"#elementor-action%3Aaction%3Dlightbox%26settings%3DeyJpZCI6MTMwOTQsInVybCI6Imh0dHBzOlwvXC9yYXBwb3J0LXZhbGFpcy5jaFwvd3AtY29udGVudFwvdXBsb2Fkc1wvMjAyNFwvMDJcL0VtaWwtRnJleS1zY2FsZWQuanBnIn0%3D\">\n\t\t\t\t\t\t\t<img loading=\"lazy\" decoding=\"async\" width=\"800\" height=\"527\" src=\"https:\/\/rapport-valais.ch\/wp-content\/uploads\/2024\/02\/Emil-Frey-1024x675.jpg\" class=\"attachment-large size-large wp-image-13094\" alt=\"\" srcset=\"https:\/\/rapport-valais.ch\/wp-content\/uploads\/2024\/02\/Emil-Frey-1024x675.jpg 1024w, https:\/\/rapport-valais.ch\/wp-content\/uploads\/2024\/02\/Emil-Frey-300x198.jpg 300w, https:\/\/rapport-valais.ch\/wp-content\/uploads\/2024\/02\/Emil-Frey-768x506.jpg 768w, https:\/\/rapport-valais.ch\/wp-content\/uploads\/2024\/02\/Emil-Frey-1536x1012.jpg 1536w, https:\/\/rapport-valais.ch\/wp-content\/uploads\/2024\/02\/Emil-Frey-2048x1350.jpg 2048w\" sizes=\"(max-width: 800px) 100vw, 800px\" \/>\t\t\t\t\t\t\t\t<\/a>\n\t\t\t\t\t\t\t\t\t\t\t\t\t\t\t<\/div>\n\t\t\t\t<\/div>\n\t\t\t\t<\/div>\n\t\t\t\t\t<\/div>\n\t\t\t\t<\/div>\n\t\t<div class=\"elementor-element elementor-element-5bebfe0 watch-on-display e-flex e-con-boxed e-con e-parent\" data-id=\"5bebfe0\" data-element_type=\"container\" data-e-type=\"container\" data-settings=\"{&quot;animation&quot;:&quot;none&quot;,&quot;animation_delay&quot;:20}\">\n\t\t\t\t\t<div class=\"e-con-inner\">\n\t\t\t\t<div class=\"elementor-element elementor-element-1e4e815 animate-on-display elementor-widget elementor-widget-heading\" data-id=\"1e4e815\" data-element_type=\"widget\" data-e-type=\"widget\" id=\"club-entreprises\" data-widget_type=\"heading.default\">\n\t\t\t\t<div class=\"elementor-widget-container\">\n\t\t\t\t\t<h3 class=\"elementor-heading-title elementor-size-default\">Klub der Unternehmen.<\/h3>\t\t\t\t<\/div>\n\t\t\t\t<\/div>\n\t\t\t\t<div class=\"elementor-element elementor-element-430a740 animate-on-display elementor-widget elementor-widget-text-editor\" data-id=\"430a740\" data-element_type=\"widget\" data-e-type=\"widget\" data-widget_type=\"text-editor.default\">\n\t\t\t\t<div class=\"elementor-widget-container\">\n\t\t\t\t\t\t\t\t\t<p style=\"font-weight: 400;\">Der Klub der Unternehmen Wallis hat zum Zweck, die Walliser Unternehmen in die Promotion des Kantons als attraktiven Arbeits- und Lebensraum einzubeziehen, deren Vernetzung zu f\u00f6rdern und die Sichtbarkeit des Wallis als leistungsstarke und innovative Wirtschaftsregion zu verbessern.<\/p><p><a href=\"https:\/\/www.valais.ch\/de\/leben-und-arbeiten\/arbeiten-und-studieren\/klub-der-unternehmen\" target=\"_blank\" rel=\"noopener\">Mehr erfahren<\/a><\/p>\t\t\t\t\t\t\t\t<\/div>\n\t\t\t\t<\/div>\n\t\t<div class=\"elementor-element elementor-element-440498ce e-grid e-con-boxed e-con e-child\" data-id=\"440498ce\" data-element_type=\"container\" data-e-type=\"container\" data-settings=\"{&quot;background_background&quot;:&quot;classic&quot;}\">\n\t\t\t\t\t<div class=\"e-con-inner\">\n\t\t\t\t<div class=\"elementor-element elementor-element-471d4109 animate-on-display elementor-widget elementor-widget-image\" data-id=\"471d4109\" data-element_type=\"widget\" data-e-type=\"widget\" data-widget_type=\"image.default\">\n\t\t\t\t<div class=\"elementor-widget-container\">\n\t\t\t\t\t\t\t\t\t\t\t\t\t\t\t\t<a href=\"https:\/\/www.emilfrey.ch\/de\/sion\" target=\"_blank\">\n\t\t\t\t\t\t\t<img loading=\"lazy\" decoding=\"async\" width=\"460\" height=\"355\" src=\"https:\/\/rapport-valais.ch\/wp-content\/uploads\/2026\/03\/Emil-Frey-Sion-1.png\" class=\"attachment-large size-large wp-image-16867\" alt=\"\" srcset=\"https:\/\/rapport-valais.ch\/wp-content\/uploads\/2026\/03\/Emil-Frey-Sion-1.png 460w, https:\/\/rapport-valais.ch\/wp-content\/uploads\/2026\/03\/Emil-Frey-Sion-1-300x232.png 300w\" sizes=\"(max-width: 460px) 100vw, 460px\" \/>\t\t\t\t\t\t\t\t<\/a>\n\t\t\t\t\t\t\t\t\t\t\t\t\t\t\t<\/div>\n\t\t\t\t<\/div>\n\t\t\t\t<div class=\"elementor-element elementor-element-5c6d069 animate-on-display elementor-widget elementor-widget-image\" data-id=\"5c6d069\" data-element_type=\"widget\" data-e-type=\"widget\" data-widget_type=\"image.default\">\n\t\t\t\t<div class=\"elementor-widget-container\">\n\t\t\t\t\t\t\t\t\t\t\t\t\t\t\t\t<a href=\"https:\/\/www.ubs.com\/ch\/de.html\" target=\"_blank\">\n\t\t\t\t\t\t\t<img loading=\"lazy\" decoding=\"async\" width=\"460\" height=\"355\" src=\"https:\/\/rapport-valais.ch\/wp-content\/uploads\/2026\/03\/UBS-2.png\" class=\"attachment-large size-large wp-image-16869\" alt=\"\" srcset=\"https:\/\/rapport-valais.ch\/wp-content\/uploads\/2026\/03\/UBS-2.png 460w, https:\/\/rapport-valais.ch\/wp-content\/uploads\/2026\/03\/UBS-2-300x232.png 300w\" sizes=\"(max-width: 460px) 100vw, 460px\" \/>\t\t\t\t\t\t\t\t<\/a>\n\t\t\t\t\t\t\t\t\t\t\t\t\t\t\t<\/div>\n\t\t\t\t<\/div>\n\t\t\t\t<div class=\"elementor-element elementor-element-bf4a73d animate-on-display elementor-widget elementor-widget-image\" data-id=\"bf4a73d\" data-element_type=\"widget\" data-e-type=\"widget\" data-widget_type=\"image.default\">\n\t\t\t\t<div class=\"elementor-widget-container\">\n\t\t\t\t\t\t\t\t\t\t\t\t\t\t\t\t<a href=\"https:\/\/www.bcvs.ch\/de\/\" target=\"_blank\">\n\t\t\t\t\t\t\t<img loading=\"lazy\" decoding=\"async\" width=\"460\" height=\"355\" src=\"https:\/\/rapport-valais.ch\/wp-content\/uploads\/2026\/03\/WKB-2.png\" class=\"attachment-large size-large wp-image-16864\" alt=\"\" srcset=\"https:\/\/rapport-valais.ch\/wp-content\/uploads\/2026\/03\/WKB-2.png 460w, https:\/\/rapport-valais.ch\/wp-content\/uploads\/2026\/03\/WKB-2-300x232.png 300w\" sizes=\"(max-width: 460px) 100vw, 460px\" \/>\t\t\t\t\t\t\t\t<\/a>\n\t\t\t\t\t\t\t\t\t\t\t\t\t\t\t<\/div>\n\t\t\t\t<\/div>\n\t\t\t\t<div class=\"elementor-element elementor-element-4d64ae7 animate-on-display elementor-widget elementor-widget-image\" data-id=\"4d64ae7\" data-element_type=\"widget\" data-e-type=\"widget\" data-widget_type=\"image.default\">\n\t\t\t\t<div class=\"elementor-widget-container\">\n\t\t\t\t\t\t\t\t\t\t\t\t\t\t\t\t<a href=\"https:\/\/www.fmv.ch\/de\/\" target=\"_blank\">\n\t\t\t\t\t\t\t<img loading=\"lazy\" decoding=\"async\" width=\"460\" height=\"355\" src=\"https:\/\/rapport-valais.ch\/wp-content\/uploads\/2026\/03\/FMV-2.png\" class=\"attachment-large size-large wp-image-16871\" alt=\"\" srcset=\"https:\/\/rapport-valais.ch\/wp-content\/uploads\/2026\/03\/FMV-2.png 460w, https:\/\/rapport-valais.ch\/wp-content\/uploads\/2026\/03\/FMV-2-300x232.png 300w\" sizes=\"(max-width: 460px) 100vw, 460px\" \/>\t\t\t\t\t\t\t\t<\/a>\n\t\t\t\t\t\t\t\t\t\t\t\t\t\t\t<\/div>\n\t\t\t\t<\/div>\n\t\t\t\t<div class=\"elementor-element elementor-element-9ee021b animate-on-display elementor-widget elementor-widget-image\" data-id=\"9ee021b\" data-element_type=\"widget\" data-e-type=\"widget\" data-widget_type=\"image.default\">\n\t\t\t\t<div class=\"elementor-widget-container\">\n\t\t\t\t\t\t\t\t\t\t\t\t\t\t\t\t<a href=\"https:\/\/www.bitz-savoye.ch\/\" target=\"_blank\">\n\t\t\t\t\t\t\t<img loading=\"lazy\" decoding=\"async\" width=\"460\" height=\"355\" src=\"https:\/\/rapport-valais.ch\/wp-content\/uploads\/2026\/03\/bitzsavoye-2.png\" class=\"attachment-large size-large wp-image-16873\" alt=\"\" srcset=\"https:\/\/rapport-valais.ch\/wp-content\/uploads\/2026\/03\/bitzsavoye-2.png 460w, https:\/\/rapport-valais.ch\/wp-content\/uploads\/2026\/03\/bitzsavoye-2-300x232.png 300w\" sizes=\"(max-width: 460px) 100vw, 460px\" \/>\t\t\t\t\t\t\t\t<\/a>\n\t\t\t\t\t\t\t\t\t\t\t\t\t\t\t<\/div>\n\t\t\t\t<\/div>\n\t\t\t\t<div class=\"elementor-element elementor-element-3cee955 animate-on-display elementor-widget elementor-widget-image\" data-id=\"3cee955\" data-element_type=\"widget\" data-e-type=\"widget\" data-widget_type=\"image.default\">\n\t\t\t\t<div class=\"elementor-widget-container\">\n\t\t\t\t\t\t\t\t\t\t\t\t\t\t\t\t<a href=\"https:\/\/www.axius.ch\/fr\/\" target=\"_blank\">\n\t\t\t\t\t\t\t<img loading=\"lazy\" decoding=\"async\" width=\"460\" height=\"355\" src=\"https:\/\/rapport-valais.ch\/wp-content\/uploads\/2026\/03\/Axius-2.png\" class=\"attachment-large size-large wp-image-16858\" alt=\"\" srcset=\"https:\/\/rapport-valais.ch\/wp-content\/uploads\/2026\/03\/Axius-2.png 460w, https:\/\/rapport-valais.ch\/wp-content\/uploads\/2026\/03\/Axius-2-300x232.png 300w\" sizes=\"(max-width: 460px) 100vw, 460px\" \/>\t\t\t\t\t\t\t\t<\/a>\n\t\t\t\t\t\t\t\t\t\t\t\t\t\t\t<\/div>\n\t\t\t\t<\/div>\n\t\t\t\t<div class=\"elementor-element elementor-element-9cb6442 animate-on-display elementor-widget elementor-widget-image\" data-id=\"9cb6442\" data-element_type=\"widget\" data-e-type=\"widget\" data-widget_type=\"image.default\">\n\t\t\t\t<div class=\"elementor-widget-container\">\n\t\t\t\t\t\t\t\t\t\t\t\t\t\t\t\t<a href=\"https:\/\/valais.migros.ch\/de.html\" target=\"_blank\">\n\t\t\t\t\t\t\t<img loading=\"lazy\" decoding=\"async\" width=\"460\" height=\"355\" src=\"https:\/\/rapport-valais.ch\/wp-content\/uploads\/2026\/03\/Migros-Wallis-1.png\" class=\"attachment-large size-large wp-image-16875\" alt=\"\" srcset=\"https:\/\/rapport-valais.ch\/wp-content\/uploads\/2026\/03\/Migros-Wallis-1.png 460w, https:\/\/rapport-valais.ch\/wp-content\/uploads\/2026\/03\/Migros-Wallis-1-300x232.png 300w\" sizes=\"(max-width: 460px) 100vw, 460px\" \/>\t\t\t\t\t\t\t\t<\/a>\n\t\t\t\t\t\t\t\t\t\t\t\t\t\t\t<\/div>\n\t\t\t\t<\/div>\n\t\t\t\t<div class=\"elementor-element elementor-element-81ad394 animate-on-display elementor-widget elementor-widget-image\" data-id=\"81ad394\" data-element_type=\"widget\" data-e-type=\"widget\" data-widget_type=\"image.default\">\n\t\t\t\t<div class=\"elementor-widget-container\">\n\t\t\t\t\t\t\t\t\t\t\t\t\t\t\t\t<a href=\"https:\/\/www.postauto.ch\/de\" target=\"_blank\">\n\t\t\t\t\t\t\t<img loading=\"lazy\" decoding=\"async\" width=\"460\" height=\"355\" src=\"https:\/\/rapport-valais.ch\/wp-content\/uploads\/2026\/03\/Postauto-3.png\" class=\"attachment-large size-large wp-image-16862\" alt=\"\" srcset=\"https:\/\/rapport-valais.ch\/wp-content\/uploads\/2026\/03\/Postauto-3.png 460w, https:\/\/rapport-valais.ch\/wp-content\/uploads\/2026\/03\/Postauto-3-300x232.png 300w\" sizes=\"(max-width: 460px) 100vw, 460px\" \/>\t\t\t\t\t\t\t\t<\/a>\n\t\t\t\t\t\t\t\t\t\t\t\t\t\t\t<\/div>\n\t\t\t\t<\/div>\n\t\t\t\t<div class=\"elementor-element elementor-element-4c5d19a animate-on-display elementor-widget elementor-widget-image\" data-id=\"4c5d19a\" data-element_type=\"widget\" data-e-type=\"widget\" data-widget_type=\"image.default\">\n\t\t\t\t<div class=\"elementor-widget-container\">\n\t\t\t\t\t\t\t\t\t\t\t\t\t\t\t\t<a href=\"https:\/\/www.lonza.com\/\" target=\"_blank\">\n\t\t\t\t\t\t\t<img loading=\"lazy\" decoding=\"async\" width=\"460\" height=\"355\" src=\"https:\/\/rapport-valais.ch\/wp-content\/uploads\/2026\/03\/Lonza-3.png\" class=\"attachment-large size-large wp-image-16877\" alt=\"\" srcset=\"https:\/\/rapport-valais.ch\/wp-content\/uploads\/2026\/03\/Lonza-3.png 460w, https:\/\/rapport-valais.ch\/wp-content\/uploads\/2026\/03\/Lonza-3-300x232.png 300w\" sizes=\"(max-width: 460px) 100vw, 460px\" \/>\t\t\t\t\t\t\t\t<\/a>\n\t\t\t\t\t\t\t\t\t\t\t\t\t\t\t<\/div>\n\t\t\t\t<\/div>\n\t\t\t\t<div class=\"elementor-element elementor-element-339ee41 animate-on-display elementor-widget elementor-widget-image\" data-id=\"339ee41\" data-element_type=\"widget\" data-e-type=\"widget\" data-widget_type=\"image.default\">\n\t\t\t\t<div class=\"elementor-widget-container\">\n\t\t\t\t\t\t\t\t\t\t\t\t\t\t\t\t<a href=\"https:\/\/www.regionalps.ch\/\" target=\"_blank\">\n\t\t\t\t\t\t\t<img loading=\"lazy\" decoding=\"async\" width=\"460\" height=\"355\" src=\"https:\/\/rapport-valais.ch\/wp-content\/uploads\/2026\/03\/RegionAlps-2.png\" class=\"attachment-large size-large wp-image-16879\" alt=\"\" srcset=\"https:\/\/rapport-valais.ch\/wp-content\/uploads\/2026\/03\/RegionAlps-2.png 460w, https:\/\/rapport-valais.ch\/wp-content\/uploads\/2026\/03\/RegionAlps-2-300x232.png 300w\" sizes=\"(max-width: 460px) 100vw, 460px\" \/>\t\t\t\t\t\t\t\t<\/a>\n\t\t\t\t\t\t\t\t\t\t\t\t\t\t\t<\/div>\n\t\t\t\t<\/div>\n\t\t\t\t<div class=\"elementor-element elementor-element-a4f198c animate-on-display elementor-widget elementor-widget-image\" data-id=\"a4f198c\" data-element_type=\"widget\" data-e-type=\"widget\" data-widget_type=\"image.default\">\n\t\t\t\t<div class=\"elementor-widget-container\">\n\t\t\t\t\t\t\t\t\t\t\t\t\t\t\t\t<a href=\"https:\/\/www.matterhorngotthardbahn.ch\/de\/\" target=\"_blank\">\n\t\t\t\t\t\t\t<img loading=\"lazy\" decoding=\"async\" width=\"460\" height=\"355\" src=\"https:\/\/rapport-valais.ch\/wp-content\/uploads\/2026\/03\/MGBahn-1.png\" class=\"attachment-large size-large wp-image-16881\" alt=\"\" srcset=\"https:\/\/rapport-valais.ch\/wp-content\/uploads\/2026\/03\/MGBahn-1.png 460w, https:\/\/rapport-valais.ch\/wp-content\/uploads\/2026\/03\/MGBahn-1-300x232.png 300w\" sizes=\"(max-width: 460px) 100vw, 460px\" \/>\t\t\t\t\t\t\t\t<\/a>\n\t\t\t\t\t\t\t\t\t\t\t\t\t\t\t<\/div>\n\t\t\t\t<\/div>\n\t\t\t\t<div class=\"elementor-element elementor-element-e748894 animate-on-display elementor-widget elementor-widget-image\" data-id=\"e748894\" data-element_type=\"widget\" data-e-type=\"widget\" data-widget_type=\"image.default\">\n\t\t\t\t<div class=\"elementor-widget-container\">\n\t\t\t\t\t\t\t\t\t\t\t\t\t\t\t\t<a href=\"https:\/\/www.groupemutuel.ch\/de\/Privatkunden.html\" target=\"_blank\">\n\t\t\t\t\t\t\t<img loading=\"lazy\" decoding=\"async\" width=\"460\" height=\"355\" src=\"https:\/\/rapport-valais.ch\/wp-content\/uploads\/2026\/03\/Groupe-Mutuel-2.png\" class=\"attachment-large size-large wp-image-16860\" alt=\"\" srcset=\"https:\/\/rapport-valais.ch\/wp-content\/uploads\/2026\/03\/Groupe-Mutuel-2.png 460w, https:\/\/rapport-valais.ch\/wp-content\/uploads\/2026\/03\/Groupe-Mutuel-2-300x232.png 300w\" sizes=\"(max-width: 460px) 100vw, 460px\" \/>\t\t\t\t\t\t\t\t<\/a>\n\t\t\t\t\t\t\t\t\t\t\t\t\t\t\t<\/div>\n\t\t\t\t<\/div>\n\t\t\t\t\t<\/div>\n\t\t\t\t<\/div>\n\t\t\t\t\t<\/div>\n\t\t\t\t<\/div>\n\t\t<div class=\"elementor-element elementor-element-f5439d2 watch-on-display e-flex e-con-boxed e-con e-parent\" data-id=\"f5439d2\" data-element_type=\"container\" data-e-type=\"container\">\n\t\t\t\t\t<div class=\"e-con-inner\">\n\t\t<div class=\"elementor-element elementor-element-4d232b2 e-con-full e-flex e-con e-child\" data-id=\"4d232b2\" data-element_type=\"container\" data-e-type=\"container\">\n\t\t\t\t<div class=\"elementor-element elementor-element-a359341 animate-on-display elementor-widget elementor-widget-text-editor\" data-id=\"a359341\" data-element_type=\"widget\" data-e-type=\"widget\" data-widget_type=\"text-editor.default\">\n\t\t\t\t<div class=\"elementor-widget-container\">\n\t\t\t\t\t\t\t\t\t<p style=\"font-weight: 400;\"><img loading=\"lazy\" decoding=\"async\" class=\" wp-image-14853 alignleft\" src=\"https:\/\/rapport-valais.ch\/wp-content\/uploads\/2025\/03\/2025_UCI_MTB_WCH_LOGO_Valais_RGB_HOST-DESTINATION_stacked_POS-300x138.png\" alt=\"\" width=\"264\" height=\"122\" srcset=\"https:\/\/rapport-valais.ch\/wp-content\/uploads\/2025\/03\/2025_UCI_MTB_WCH_LOGO_Valais_RGB_HOST-DESTINATION_stacked_POS-300x138.png 300w, https:\/\/rapport-valais.ch\/wp-content\/uploads\/2025\/03\/2025_UCI_MTB_WCH_LOGO_Valais_RGB_HOST-DESTINATION_stacked_POS-1024x471.png 1024w, https:\/\/rapport-valais.ch\/wp-content\/uploads\/2025\/03\/2025_UCI_MTB_WCH_LOGO_Valais_RGB_HOST-DESTINATION_stacked_POS-768x353.png 768w, https:\/\/rapport-valais.ch\/wp-content\/uploads\/2025\/03\/2025_UCI_MTB_WCH_LOGO_Valais_RGB_HOST-DESTINATION_stacked_POS-1536x707.png 1536w, https:\/\/rapport-valais.ch\/wp-content\/uploads\/2025\/03\/2025_UCI_MTB_WCH_LOGO_Valais_RGB_HOST-DESTINATION_stacked_POS-2048x942.png 2048w\" sizes=\"(max-width: 264px) 100vw, 264px\" \/><\/p><div><p><strong>UCI Mountainbike-Weltmeisterschaften 2025 im Wallis.<\/strong><\/p><p>2025 ist das Jahr des Mountainbikes im Wallis\u00a0\u2013 schliesslich richtet es die UCI Mountainbike-Weltmeisterschaften 2025 aus. Die Organisation dieses Events von internationaler Bedeutung ist eine einmalige Gelegenheit f\u00fcr das Wallis, sich als tonangebende Velo- und Mountainbike-Destination zu positionieren und diese beiden Sportarten bei der Bev\u00f6lkerung zu f\u00f6rdern. Ausserdem bieten die Weltmeisterschaften Valais\/Wallis Promotion die M\u00f6glichkeit, ihre Kommunikation zum strategischen Thema Mountainbike weiter zu st\u00e4rken.<\/p><\/div>\t\t\t\t\t\t\t\t<\/div>\n\t\t\t\t<\/div>\n\t\t\t\t<\/div>\n\t\t\t\t\t<\/div>\n\t\t\t\t<\/div>\n\t\t<div class=\"elementor-element elementor-element-b510da3 watch-on-display e-flex e-con-boxed e-con e-parent\" data-id=\"b510da3\" data-element_type=\"container\" data-e-type=\"container\">\n\t\t\t\t\t<div class=\"e-con-inner\">\n\t\t<div class=\"elementor-element elementor-element-4be61af e-con-full e-flex e-con e-child\" data-id=\"4be61af\" data-element_type=\"container\" data-e-type=\"container\">\n\t\t\t\t<div class=\"elementor-element elementor-element-229c031 animate-on-display elementor-widget elementor-widget-text-editor\" data-id=\"229c031\" data-element_type=\"widget\" data-e-type=\"widget\" data-widget_type=\"text-editor.default\">\n\t\t\t\t<div class=\"elementor-widget-container\">\n\t\t\t\t\t\t\t\t\t<p><img loading=\"lazy\" decoding=\"async\" class=\"wp-image-16240 alignright\" src=\"https:\/\/rapport-valais.ch\/wp-content\/uploads\/2026\/03\/Visual-Schaf-definitive-Version-300x300.png\" alt=\"\" width=\"171\" height=\"171\" srcset=\"https:\/\/rapport-valais.ch\/wp-content\/uploads\/2026\/03\/Visual-Schaf-definitive-Version-300x300.png 300w, https:\/\/rapport-valais.ch\/wp-content\/uploads\/2026\/03\/Visual-Schaf-definitive-Version-150x150.png 150w, https:\/\/rapport-valais.ch\/wp-content\/uploads\/2026\/03\/Visual-Schaf-definitive-Version-768x766.png 768w, https:\/\/rapport-valais.ch\/wp-content\/uploads\/2026\/03\/Visual-Schaf-definitive-Version.png 964w\" sizes=\"(max-width: 171px) 100vw, 171px\" \/><\/p><div><p><strong>Wallis Ehrengast an der OLMA 2025.<\/strong><\/p><p>Im Jahr 2024 erhielt Valais\/Wallis Promotion (VWP) vom Staatsrat den Auftrag, die Gesamtkonzeption und Umsetzung des Walliser Auftritts als Gastkanton an der OLMA 2025 zu \u00fcbernehmen. Dieses Mandat umfasst die strategische Planung, Organisation und Koordination s\u00e4mtlicher Aktivit\u00e4ten rund um den Gastkanton-Auftritt an der gr\u00f6\u00dften Schweizer Messe f\u00fcr Landwirtschaft und Ern\u00e4hrung.\u00a0<span style=\"color: var( --e-global-color-text ); font-family: var( --e-global-typography-text-font-family ), Sans-serif; font-size: var( --e-global-typography-text-font-size ); font-weight: var( --e-global-typography-text-font-weight ); text-align: var(--text-align);\">Mit diesem Mandat verfolgt VWP das Ziel, das Wallis als innovative, wirtschaftlich starke und touristisch attraktive Region zu positionieren und eine nachhaltige Wirkung \u00fcber die OLMA hinaus zu erzielen.<\/span><\/p><\/div>\t\t\t\t\t\t\t\t<\/div>\n\t\t\t\t<\/div>\n\t\t\t\t<\/div>\n\t\t\t\t\t<\/div>\n\t\t\t\t<\/div>\n\t\t<div class=\"elementor-element elementor-element-e5b6bc6 watch-on-display e-flex e-con-boxed e-con e-parent\" data-id=\"e5b6bc6\" data-element_type=\"container\" data-e-type=\"container\">\n\t\t\t\t\t<div class=\"e-con-inner\">\n\t\t<div class=\"elementor-element elementor-element-dd951ea e-con-full e-flex e-con e-child\" data-id=\"dd951ea\" data-element_type=\"container\" data-e-type=\"container\">\n\t\t\t\t<div class=\"elementor-element elementor-element-d9797bc animate-on-display elementor-widget elementor-widget-text-editor\" data-id=\"d9797bc\" data-element_type=\"widget\" data-e-type=\"widget\" data-widget_type=\"text-editor.default\">\n\t\t\t\t<div class=\"elementor-widget-container\">\n\t\t\t\t\t\t\t\t\t<p><img loading=\"lazy\" decoding=\"async\" class=\" wp-image-16906 alignleft\" src=\"https:\/\/rapport-valais.ch\/wp-content\/uploads\/2026\/04\/Ski-WM-2027-Crans-Montana-300x170.png\" alt=\"\" width=\"241\" height=\"136\" srcset=\"https:\/\/rapport-valais.ch\/wp-content\/uploads\/2026\/04\/Ski-WM-2027-Crans-Montana-300x170.png 300w, https:\/\/rapport-valais.ch\/wp-content\/uploads\/2026\/04\/Ski-WM-2027-Crans-Montana-768x436.png 768w, https:\/\/rapport-valais.ch\/wp-content\/uploads\/2026\/04\/Ski-WM-2027-Crans-Montana.png 887w\" sizes=\"(max-width: 241px) 100vw, 241px\" \/><\/p><div><p><strong>FIS Alpine Ski Weltmeisterschaften 2027 in Crans-Montana.<\/strong><\/p><p><span lang=\"DE-CH\">Valais\/Wallis Promotion hat 2025 gemeinsam mit nationalen und regionalen Partnern die Grundlagen f\u00fcr die Aktivierungen rund um die FIS Ski Alpin Weltmeisterschaften 2027 in Crans-Montana gelegt. Ziel ist es, die Kommunikationsm\u00f6glichkeiten im Umfeld des Grossanlasses gezielt zu nutzen, um das Wallis, seine regionalen Produkte und seine winterlichen Aktivit\u00e4ten national und international zu positionieren. Die geplanten Massnahmen erfolgen in enger Zusammenarbeit mit den Organisatoren, Swiss-Ski sowie weiteren Partnern.<\/span><\/p><\/div>\t\t\t\t\t\t\t\t<\/div>\n\t\t\t\t<\/div>\n\t\t\t\t<\/div>\n\t\t\t\t\t<\/div>\n\t\t\t\t<\/div>\n\t\t<div class=\"elementor-element elementor-element-657714e watch-on-display e-flex e-con-boxed e-con e-parent\" data-id=\"657714e\" data-element_type=\"container\" data-e-type=\"container\">\n\t\t\t\t\t<div class=\"e-con-inner\">\n\t\t<div class=\"elementor-element elementor-element-6bc29dd e-con-full e-flex e-con e-child\" data-id=\"6bc29dd\" data-element_type=\"container\" data-e-type=\"container\">\n\t\t\t\t<div class=\"elementor-element elementor-element-af9bbf5 animate-on-display elementor-widget elementor-widget-text-editor\" data-id=\"af9bbf5\" data-element_type=\"widget\" data-e-type=\"widget\" data-widget_type=\"text-editor.default\">\n\t\t\t\t<div class=\"elementor-widget-container\">\n\t\t\t\t\t\t\t\t\t<p><img loading=\"lazy\" decoding=\"async\" class=\" wp-image-16908 alignright\" src=\"https:\/\/rapport-valais.ch\/wp-content\/uploads\/2026\/04\/Mobility-Ticketjpg-300x200.jpg\" alt=\"\" width=\"228\" height=\"152\" srcset=\"https:\/\/rapport-valais.ch\/wp-content\/uploads\/2026\/04\/Mobility-Ticketjpg-300x200.jpg 300w, https:\/\/rapport-valais.ch\/wp-content\/uploads\/2026\/04\/Mobility-Ticketjpg-1024x683.jpg 1024w, https:\/\/rapport-valais.ch\/wp-content\/uploads\/2026\/04\/Mobility-Ticketjpg-768x512.jpg 768w, https:\/\/rapport-valais.ch\/wp-content\/uploads\/2026\/04\/Mobility-Ticketjpg-1536x1024.jpg 1536w, https:\/\/rapport-valais.ch\/wp-content\/uploads\/2026\/04\/Mobility-Ticketjpg-2048x1365.jpg 2048w\" sizes=\"(max-width: 228px) 100vw, 228px\" \/><strong>Mobility Ticket.<\/strong><\/p><div><p>Valais\/Wallis Promotion lanciert 2025 das Mobility Ticket als Projekt. Das Angebot soll G\u00e4sten aus der Schweiz eine kostenlose An- und Abreise mit dem \u00f6ffentlichen Verkehr bei einem Aufenthalt von mindestens zwei N\u00e4chten in teilnehmenden Walliser Hotels erm\u00f6glichen. Das Projekt entsteht aus einer engen Zusammenarbeit mit der Regional Tourism Alliance, dem Walliser Hotelier-Verein, der Alliance SwissPass, dem Verband \u00f6ffentlicher Verkehr Wallis, der Fachhochschule HES-SO Valais-Wallis, der HCommunity, der Agenda 2030 sowie den Dienststellen f\u00fcr Mobilit\u00e4t (DFM) und Wirtschaft, Tourismus und Innovation (DWTI) des Kantons Wallis. Die Lancierung des Angebots ist f\u00fcr 2026 vorgesehen.<\/p><\/div>\t\t\t\t\t\t\t\t<\/div>\n\t\t\t\t<\/div>\n\t\t\t\t<\/div>\n\t\t\t\t\t<\/div>\n\t\t\t\t<\/div>\n\t\t<div class=\"elementor-element elementor-element-e3da1d0 watch-on-display e-flex e-con-boxed e-con e-parent\" data-id=\"e3da1d0\" data-element_type=\"container\" data-e-type=\"container\">\n\t\t\t\t\t<div class=\"e-con-inner\">\n\t\t<div class=\"elementor-element elementor-element-8b35266 e-con-full e-flex e-con e-child\" data-id=\"8b35266\" data-element_type=\"container\" data-e-type=\"container\">\n\t\t\t\t<div class=\"elementor-element elementor-element-7f9cd3b animate-on-display elementor-widget elementor-widget-text-editor\" data-id=\"7f9cd3b\" data-element_type=\"widget\" data-e-type=\"widget\" data-widget_type=\"text-editor.default\">\n\t\t\t\t<div class=\"elementor-widget-container\">\n\t\t\t\t\t\t\t\t\t<p><img loading=\"lazy\" decoding=\"async\" class=\" wp-image-16910 alignleft\" src=\"https:\/\/rapport-valais.ch\/wp-content\/uploads\/2026\/04\/Pass13-300x168.jpg\" alt=\"\" width=\"259\" height=\"145\" srcset=\"https:\/\/rapport-valais.ch\/wp-content\/uploads\/2026\/04\/Pass13-300x168.jpg 300w, https:\/\/rapport-valais.ch\/wp-content\/uploads\/2026\/04\/Pass13-1024x575.jpg 1024w, https:\/\/rapport-valais.ch\/wp-content\/uploads\/2026\/04\/Pass13-768x431.jpg 768w, https:\/\/rapport-valais.ch\/wp-content\/uploads\/2026\/04\/Pass13-1536x862.jpg 1536w, https:\/\/rapport-valais.ch\/wp-content\/uploads\/2026\/04\/Pass13-2048x1150.jpg 2048w\" sizes=\"(max-width: 259px) 100vw, 259px\" \/><\/p><div><p><strong>PASS 13*.<\/strong><\/p><p>Der PASS 13* ist ein im Wallis g\u00fcltiges Guthaben f\u00fcr den \u00f6ffentlichen Verkehr, das mit der FAIRTIQ-App verwendet werden kann. <span lang=\"DE-CH\">Ziel des PASS 13* ist es, der Walliser Bev\u00f6lkerung einen attraktiven und flexiblen Fahrausweis anzubieten, der verschiedenen Bed\u00fcrfnissen gerecht wird und die Nutzung der \u00f6ffentlichen Verkehrsmittel f\u00f6rdert.<\/span><\/p><\/div>\t\t\t\t\t\t\t\t<\/div>\n\t\t\t\t<\/div>\n\t\t\t\t<\/div>\n\t\t\t\t\t<\/div>\n\t\t\t\t<\/div>\n\t\t<div class=\"elementor-element elementor-element-4d86829d watch-on-display e-flex e-con-boxed e-con e-parent\" data-id=\"4d86829d\" data-element_type=\"container\" data-e-type=\"container\" data-settings=\"{&quot;animation&quot;:&quot;none&quot;,&quot;animation_delay&quot;:20}\">\n\t\t\t\t\t<div class=\"e-con-inner\">\n\t\t\t\t<div class=\"elementor-element elementor-element-28ab0f9c animate-on-display elementor-widget elementor-widget-heading\" data-id=\"28ab0f9c\" data-element_type=\"widget\" data-e-type=\"widget\" id=\"commercialisation\" data-widget_type=\"heading.default\">\n\t\t\t\t<div class=\"elementor-widget-container\">\n\t\t\t\t\t<h2 class=\"elementor-heading-title elementor-size-default\">Vermarktung.<\/h2>\t\t\t\t<\/div>\n\t\t\t\t<\/div>\n\t\t\t\t<div class=\"elementor-element elementor-element-7a2a492 animate-on-display elementor-widget elementor-widget-heading\" data-id=\"7a2a492\" data-element_type=\"widget\" data-e-type=\"widget\" id=\"strategie\" data-widget_type=\"heading.default\">\n\t\t\t\t<div class=\"elementor-widget-container\">\n\t\t\t\t\t<h3 class=\"elementor-heading-title elementor-size-default\">Angebotsstrategie.<\/h3>\t\t\t\t<\/div>\n\t\t\t\t<\/div>\n\t\t\t\t<div class=\"elementor-element elementor-element-4cbd307c animate-on-display elementor-widget elementor-widget-text-editor\" data-id=\"4cbd307c\" data-element_type=\"widget\" data-e-type=\"widget\" data-widget_type=\"text-editor.default\">\n\t\t\t\t<div class=\"elementor-widget-container\">\n\t\t\t\t\t\t\t\t\t<div><span lang=\"DE-CH\">Um erfolgreich zu sein, m\u00fcssen die Verf\u00fcgbarkeit, die Qualit\u00e4t und die Preise der Produkte\/Erlebnisse auf dem digitalen Walliser Marktplatz B2C und B2B sichergestellt werden und den Markterwartungen entsprechen. Das Angebot wurde professionalisiert, um attraktive und hochwertige, auf die Bed\u00fcrfnisse der Kundschaft ausgerichtete Angebote zu schaffen, und diese im Rahmen einer Zusammenarbeit im Wallis zu etablieren.<\/span><\/div>\t\t\t\t\t\t\t\t<\/div>\n\t\t\t\t<\/div>\n\t\t\t\t\t<\/div>\n\t\t\t\t<\/div>\n\t\t<div class=\"elementor-element elementor-element-294430cf watch-on-display e-flex e-con-boxed e-con e-parent\" data-id=\"294430cf\" data-element_type=\"container\" data-e-type=\"container\">\n\t\t\t\t\t<div class=\"e-con-inner\">\n\t\t<div class=\"elementor-element elementor-element-714c72df e-flex e-con-boxed e-con e-child\" data-id=\"714c72df\" data-element_type=\"container\" data-e-type=\"container\">\n\t\t\t\t\t<div class=\"e-con-inner\">\n\t\t\t\t<div class=\"elementor-element elementor-element-27e106f4 animate-on-display elementor-widget elementor-widget-heading\" data-id=\"27e106f4\" data-element_type=\"widget\" data-e-type=\"widget\" id=\"b2c\" data-widget_type=\"heading.default\">\n\t\t\t\t<div class=\"elementor-widget-container\">\n\t\t\t\t\t<h3 class=\"elementor-heading-title elementor-size-default\">B2C.<\/h3>\t\t\t\t<\/div>\n\t\t\t\t<\/div>\n\t\t\t\t<div class=\"elementor-element elementor-element-27ced593 animate-on-display elementor-widget elementor-widget-text-editor\" data-id=\"27ced593\" data-element_type=\"widget\" data-e-type=\"widget\" data-widget_type=\"text-editor.default\">\n\t\t\t\t<div class=\"elementor-widget-container\">\n\t\t\t\t\t\t\t\t\t<p>Der digitale Marktplatz wurde 2025 gezielt weiterentwickelt und optimiert. Das mit dem Ziel, das Angebot zu sch\u00e4rfen und die Nutzung f\u00fcr die Kundinnen und Kunden weiter zu verbessern.<\/p><p>Ein neues, gestaffeltes Treueprogramm wurde in einer Testphase eingef\u00fchrt. Es belohnt wiederkehrende K\u00e4ufe mit attraktiven Vorteilen und greift gleichzeitig ein St\u00fcck Walliser Kultur auf: Die Fortschrittslogik orientiert sich an einer Eringerkuh.<\/p><p>Im Bereich \u00abAktivit\u00e4ten\u00bb wurden zudem klare Qualit\u00e4tskriterien definiert. Sie erm\u00f6glichen eine gezielte und nachvollziehbare Auswahl und tragen dazu bei, das Angebot \u00fcbersichtlicher und konsistenter zu gestalten.<\/p><p>Der PASS 13* wurde ab dem zweiten Halbjahr erneut angeboten \u2013 diesmal dauerhaft.<\/p><p>Mit Nendaz Tourismus wurde ausserdem ein neuer White-Label-Shop entwickelt. Das Projekt wurde Ende 2025 lanciert und geht 2026 online.<\/p>\t\t\t\t\t\t\t\t<\/div>\n\t\t\t\t<\/div>\n\t\t<div class=\"elementor-element elementor-element-77a33747 e-grid e-con-boxed e-con e-child\" data-id=\"77a33747\" data-element_type=\"container\" data-e-type=\"container\" data-settings=\"{&quot;background_background&quot;:&quot;classic&quot;}\">\n\t\t\t\t\t<div class=\"e-con-inner\">\n\t\t<div class=\"elementor-element elementor-element-2caefd1b animate-on-display e-flex e-con-boxed e-con e-child\" data-id=\"2caefd1b\" data-element_type=\"container\" data-e-type=\"container\" data-settings=\"{&quot;background_background&quot;:&quot;classic&quot;}\">\n\t\t\t\t\t<div class=\"e-con-inner\">\n\t\t\t\t<div class=\"elementor-element elementor-element-189dbec3 elementor-widget elementor-widget-heading\" data-id=\"189dbec3\" data-element_type=\"widget\" data-e-type=\"widget\" data-widget_type=\"heading.default\">\n\t\t\t\t<div class=\"elementor-widget-container\">\n\t\t\t\t\t<h3 class=\"elementor-heading-title elementor-size-default\">CHF 1'012\u2019625<\/h3>\t\t\t\t<\/div>\n\t\t\t\t<\/div>\n\t\t\t\t<div class=\"elementor-element elementor-element-6c13b127 elementor-widget elementor-widget-text-editor\" data-id=\"6c13b127\" data-element_type=\"widget\" data-e-type=\"widget\" data-widget_type=\"text-editor.default\">\n\t\t\t\t<div class=\"elementor-widget-container\">\n\t\t\t\t\t\t\t\t\t<div><span lang=\"DE-CH\">Umsatz B2C<\/span><\/div><p>+69% gg\u00fc. 2024<\/p>\t\t\t\t\t\t\t\t<\/div>\n\t\t\t\t<\/div>\n\t\t\t\t\t<\/div>\n\t\t\t\t<\/div>\n\t\t\t\t\t<\/div>\n\t\t\t\t<\/div>\n\t\t\t\t\t<\/div>\n\t\t\t\t<\/div>\n\t\t\t\t\t<\/div>\n\t\t\t\t<\/div>\n\t\t<div class=\"elementor-element elementor-element-11c77b03 watch-on-display e-flex e-con-boxed e-con e-parent\" data-id=\"11c77b03\" data-element_type=\"container\" data-e-type=\"container\" data-settings=\"{&quot;animation&quot;:&quot;none&quot;,&quot;animation_delay&quot;:20}\">\n\t\t\t\t\t<div class=\"e-con-inner\">\n\t\t\t\t<div class=\"elementor-element elementor-element-6e8facfd animate-on-display elementor-widget elementor-widget-heading\" data-id=\"6e8facfd\" data-element_type=\"widget\" data-e-type=\"widget\" data-widget_type=\"heading.default\">\n\t\t\t\t<div class=\"elementor-widget-container\">\n\t\t\t\t\t<h4 class=\"elementor-heading-title elementor-size-default\">Umsatz nach Produktkategorien<\/h4>\t\t\t\t<\/div>\n\t\t\t\t<\/div>\n\t\t\t\t<div class=\"elementor-element elementor-element-405c458 animate-on-display elementor-widget elementor-widget-valdev-bar-chart\" data-id=\"405c458\" data-element_type=\"widget\" data-e-type=\"widget\" data-widget_type=\"valdev-bar-chart.default\">\n\t\t\t\t<div class=\"elementor-widget-container\">\n\t\t\t\t\t\r\n        <canvas class=\"valdev-bar\" id=\"valdev-bar-405c458\"><\/canvas>\r\n\r\n                    <script>\r\n                document.addEventListener(\"DOMContentLoaded\", () => {\r\n                    let data = [{\"libelle\":\"Skip\\u00e4sse \",\"valeur\":581537,\"_id\":\"0d6870b\"},{\"libelle\":\"Gutscheine \",\"valeur\":95666,\"_id\":\"ed7cef9\"},{\"libelle\":\"Unterk\\u00fcnfte \",\"valeur\":87215,\"_id\":\"c8bcadc\"},{\"libelle\":\"PASS 13* \",\"valeur\":56923,\"_id\":\"9fc8876\"},{\"libelle\":\"Aktivit\\u00e4ten \",\"_id\":\"43cbcfa\",\"valeur\":98421},{\"libelle\":\"Mobilit\\u00e4t \",\"valeur\":82636,\"_id\":\"27c4a18\"},{\"libelle\":\"Sonstige\",\"valeur\":10225,\"_id\":\"abc65e8\"}];\r\n                    let element = document.getElementById('valdev-bar-405c458');\r\n                    let created = false;\r\n                    document.addEventListener(\"scroll\", () => {\r\n                        if (!created) {\r\n                            let rect = element.getBoundingClientRect();\r\n                            let elemTop = rect.top;\r\n                            let elemBottom = rect.bottom;\r\n                            let isVisible = (elemTop >= 0) && (elemBottom <= window.innerHeight);\r\n                            if (isVisible) {\r\n                                created = true;\r\n                                createChart();\r\n                            }\r\n                        }\r\n                    })\r\n                    const createChart = () => {\r\n                        new Chart(element, {\r\n                            type: 'bar',\r\n                            data: {\r\n                                labels: data.map(row => row.libelle),\r\n                                datasets: [{\r\n                                    backgroundColor: 'rgba(211, 48, 41, 1)',\r\n                                    data: data.map(row => row.valeur)\r\n                                }]\r\n                            },\r\n                            options: {\r\n                                responsive: true,\r\n                                plugins: {\r\n                                    legend: {\r\n                                        display: false\r\n                                    }\r\n                                }\r\n                            }\r\n                        });\r\n                    }\r\n\r\n                });\r\n            <\/script>\r\n        \r\n\t\t\t\t<\/div>\n\t\t\t\t<\/div>\n\t\t\t\t\t<\/div>\n\t\t\t\t<\/div>\n\t\t<div class=\"elementor-element elementor-element-67733976 watch-on-display e-flex e-con-boxed e-con e-parent\" data-id=\"67733976\" data-element_type=\"container\" data-e-type=\"container\">\n\t\t\t\t\t<div class=\"e-con-inner\">\n\t\t<div class=\"elementor-element elementor-element-6fe3542e e-flex e-con-boxed e-con e-child\" data-id=\"6fe3542e\" data-element_type=\"container\" data-e-type=\"container\">\n\t\t\t\t\t<div class=\"e-con-inner\">\n\t\t\t\t<div class=\"elementor-element elementor-element-ca30266 animate-on-display elementor-widget elementor-widget-heading\" data-id=\"ca30266\" data-element_type=\"widget\" data-e-type=\"widget\" id=\"white-label\" data-widget_type=\"heading.default\">\n\t\t\t\t<div class=\"elementor-widget-container\">\n\t\t\t\t\t<h3 class=\"elementor-heading-title elementor-size-default\">White Label.<\/h3>\t\t\t\t<\/div>\n\t\t\t\t<\/div>\n\t\t\t\t<div class=\"elementor-element elementor-element-9afc9f8 animate-on-display elementor-widget elementor-widget-text-editor\" data-id=\"9afc9f8\" data-element_type=\"widget\" data-e-type=\"widget\" data-widget_type=\"text-editor.default\">\n\t\t\t\t<div class=\"elementor-widget-container\">\n\t\t\t\t\t\t\t\t\t<div><span lang=\"DE-CH\">Mit dem White Label Shop verf\u00fcgen die Walliser Tourismusorganisationen \u00fcber eine interessante L\u00f6sung, um in kurzer Zeit und zu attraktiven Bedingungen eine Vertriebsplattform f\u00fcr den Onlinehandel in ihre Website zu integrieren.<\/span><\/div>\t\t\t\t\t\t\t\t<\/div>\n\t\t\t\t<\/div>\n\t\t<div class=\"elementor-element elementor-element-340fbf0 e-grid e-con-boxed e-con e-child\" data-id=\"340fbf0\" data-element_type=\"container\" data-e-type=\"container\" data-settings=\"{&quot;background_background&quot;:&quot;classic&quot;}\">\n\t\t\t\t\t<div class=\"e-con-inner\">\n\t\t<div class=\"elementor-element elementor-element-6057901 e-transform animate-on-display e-flex e-con-boxed e-con e-child\" data-id=\"6057901\" data-element_type=\"container\" data-e-type=\"container\" data-settings=\"{&quot;background_background&quot;:&quot;classic&quot;,&quot;_transform_scale_effect_hover&quot;:{&quot;unit&quot;:&quot;px&quot;,&quot;size&quot;:1.02,&quot;sizes&quot;:[]},&quot;_transform_scale_effect_hover_tablet&quot;:{&quot;unit&quot;:&quot;px&quot;,&quot;size&quot;:&quot;&quot;,&quot;sizes&quot;:[]},&quot;_transform_scale_effect_hover_mobile&quot;:{&quot;unit&quot;:&quot;px&quot;,&quot;size&quot;:&quot;&quot;,&quot;sizes&quot;:[]}}\">\n\t\t\t\t\t<div class=\"e-con-inner\">\n\t\t<div class=\"elementor-element elementor-element-15281755 animate-on-display e-flex e-con-boxed e-con e-child\" data-id=\"15281755\" data-element_type=\"container\" data-e-type=\"container\" data-settings=\"{&quot;background_background&quot;:&quot;classic&quot;}\">\n\t\t\t\t\t<div class=\"e-con-inner\">\n\t\t\t\t<div class=\"elementor-element elementor-element-fc6f8ce elementor-widget elementor-widget-heading\" data-id=\"fc6f8ce\" data-element_type=\"widget\" data-e-type=\"widget\" data-widget_type=\"heading.default\">\n\t\t\t\t<div class=\"elementor-widget-container\">\n\t\t\t\t\t<h3 class=\"elementor-heading-title elementor-size-default\">CHF 1'324'194<\/h3>\t\t\t\t<\/div>\n\t\t\t\t<\/div>\n\t\t\t\t<div class=\"elementor-element elementor-element-7669f65f elementor-widget elementor-widget-text-editor\" data-id=\"7669f65f\" data-element_type=\"widget\" data-e-type=\"widget\" data-widget_type=\"text-editor.default\">\n\t\t\t\t<div class=\"elementor-widget-container\">\n\t\t\t\t\t\t\t\t\t<div><span lang=\"DE-CH\">Umsatz White Label Shop<\/span><\/div><p>-19,5% gg\u00fc. 2024<\/p>\t\t\t\t\t\t\t\t<\/div>\n\t\t\t\t<\/div>\n\t\t\t\t\t<\/div>\n\t\t\t\t<\/div>\n\t\t\t\t\t<\/div>\n\t\t\t\t<\/div>\n\t\t\t\t\t<\/div>\n\t\t\t\t<\/div>\n\t\t\t\t\t<\/div>\n\t\t\t\t<\/div>\n\t\t\t\t\t<\/div>\n\t\t\t\t<\/div>\n\t\t<div class=\"elementor-element elementor-element-332d803 watch-on-display e-flex e-con-boxed e-con e-parent\" data-id=\"332d803\" data-element_type=\"container\" data-e-type=\"container\">\n\t\t\t\t\t<div class=\"e-con-inner\">\n\t\t<div class=\"elementor-element elementor-element-7b1067b e-flex e-con-boxed e-con e-child\" data-id=\"7b1067b\" data-element_type=\"container\" data-e-type=\"container\">\n\t\t\t\t\t<div class=\"e-con-inner\">\n\t\t\t\t<div class=\"elementor-element elementor-element-fa8f155 animate-on-display elementor-widget elementor-widget-heading\" data-id=\"fa8f155\" data-element_type=\"widget\" data-e-type=\"widget\" id=\"b2b\" data-widget_type=\"heading.default\">\n\t\t\t\t<div class=\"elementor-widget-container\">\n\t\t\t\t\t<h3 class=\"elementor-heading-title elementor-size-default\">B2B.<\/h3>\t\t\t\t<\/div>\n\t\t\t\t<\/div>\n\t\t\t\t<div class=\"elementor-element elementor-element-dc93a65 animate-on-display elementor-widget elementor-widget-text-editor\" data-id=\"dc93a65\" data-element_type=\"widget\" data-e-type=\"widget\" data-widget_type=\"text-editor.default\">\n\t\t\t\t<div class=\"elementor-widget-container\">\n\t\t\t\t\t\t\t\t\t<p style=\"font-weight: 400;\">Seit August 2018 verf\u00fcgt die MRAG \u00fcber einen digitalen Marktplatz f\u00fcr die Gesch\u00e4ftskundschaft der Reisebranche (B2B), \u00fcber den Walliser Produkte und Dienstleistungen vermarktet, vertrieben und verkauft werden.\u00a0<\/p>\t\t\t\t\t\t\t\t<\/div>\n\t\t\t\t<\/div>\n\t\t<div class=\"elementor-element elementor-element-bfe7eb3 e-grid e-con-boxed e-con e-child\" data-id=\"bfe7eb3\" data-element_type=\"container\" data-e-type=\"container\" data-settings=\"{&quot;background_background&quot;:&quot;classic&quot;}\">\n\t\t\t\t\t<div class=\"e-con-inner\">\n\t\t<div class=\"elementor-element elementor-element-cc66166 animate-on-display e-con-full e-flex e-con e-child\" data-id=\"cc66166\" data-element_type=\"container\" data-e-type=\"container\" data-settings=\"{&quot;background_background&quot;:&quot;classic&quot;}\">\n\t\t\t\t<div class=\"elementor-element elementor-element-505c484 elementor-widget elementor-widget-heading\" data-id=\"505c484\" data-element_type=\"widget\" data-e-type=\"widget\" data-widget_type=\"heading.default\">\n\t\t\t\t<div class=\"elementor-widget-container\">\n\t\t\t\t\t<h3 class=\"elementor-heading-title elementor-size-default\">CHF 3\u2019113\u2019500<\/h3>\t\t\t\t<\/div>\n\t\t\t\t<\/div>\n\t\t\t\t<div class=\"elementor-element elementor-element-e3d78cf elementor-widget elementor-widget-text-editor\" data-id=\"e3d78cf\" data-element_type=\"widget\" data-e-type=\"widget\" data-widget_type=\"text-editor.default\">\n\t\t\t\t<div class=\"elementor-widget-container\">\n\t\t\t\t\t\t\t\t\t<div><span lang=\"DE-CH\">Umsatz B2B <\/span><\/div><p>-8,6% gg\u00fc. 2024<\/p>\t\t\t\t\t\t\t\t<\/div>\n\t\t\t\t<\/div>\n\t\t\t\t<\/div>\n\t\t\t\t\t<\/div>\n\t\t\t\t<\/div>\n\t\t\t\t\t<\/div>\n\t\t\t\t<\/div>\n\t\t\t\t\t<\/div>\n\t\t\t\t<\/div>\n\t\t<div class=\"elementor-element elementor-element-1765c43b e-flex e-con-boxed e-con e-parent\" data-id=\"1765c43b\" data-element_type=\"container\" data-e-type=\"container\">\n\t\t\t\t\t<div class=\"e-con-inner\">\n\t\t<div class=\"elementor-element elementor-element-1b6ec57b e-flex e-con-boxed e-con e-child\" data-id=\"1b6ec57b\" data-element_type=\"container\" data-e-type=\"container\" data-settings=\"{&quot;background_background&quot;:&quot;classic&quot;,&quot;background_motion_fx_motion_fx_scrolling&quot;:&quot;yes&quot;,&quot;background_motion_fx_translateY_effect&quot;:&quot;yes&quot;,&quot;background_motion_fx_translateY_speed&quot;:{&quot;unit&quot;:&quot;px&quot;,&quot;size&quot;:2,&quot;sizes&quot;:[]},&quot;background_motion_fx_translateY_affectedRange&quot;:{&quot;unit&quot;:&quot;%&quot;,&quot;size&quot;:&quot;&quot;,&quot;sizes&quot;:{&quot;start&quot;:0,&quot;end&quot;:100}},&quot;background_motion_fx_devices&quot;:[&quot;desktop&quot;,&quot;tablet&quot;,&quot;mobile&quot;]}\">\n\t\t\t\t\t<div class=\"e-con-inner\">\n\t\t\t\t\t<\/div>\n\t\t\t\t<\/div>\n\t\t<div class=\"elementor-element elementor-element-799d23a4 e-con-full e-flex e-con e-child\" data-id=\"799d23a4\" data-element_type=\"container\" data-e-type=\"container\">\n\t\t<div class=\"elementor-element elementor-element-43b040f4 e-con-full watch-on-display e-flex e-con e-child\" data-id=\"43b040f4\" data-element_type=\"container\" data-e-type=\"container\" data-settings=\"{&quot;background_background&quot;:&quot;classic&quot;,&quot;position&quot;:&quot;absolute&quot;}\">\n\t\t\t\t<div class=\"elementor-element elementor-element-1bb2c7d5 animate-on-display elementor-widget elementor-widget-heading\" data-id=\"1bb2c7d5\" data-element_type=\"widget\" data-e-type=\"widget\" id=\"boutique\" data-widget_type=\"heading.default\">\n\t\t\t\t<div class=\"elementor-widget-container\">\n\t\t\t\t\t<h3 class=\"elementor-heading-title elementor-size-default\">Wallis Boutique.<\/h3>\t\t\t\t<\/div>\n\t\t\t\t<\/div>\n\t\t\t\t<div class=\"elementor-element elementor-element-27f3b153 animate-on-display elementor-widget elementor-widget-text-editor\" data-id=\"27f3b153\" data-element_type=\"widget\" data-e-type=\"widget\" data-widget_type=\"text-editor.default\">\n\t\t\t\t<div class=\"elementor-widget-container\">\n\t\t\t\t\t\t\t\t\t<div><span lang=\"DE-CH\">Seit Juli 2021 verf\u00fcgt VWP \u00fcber einen Merchandising-Shop. Auf dieser Plattform k\u00f6nnen Wallis-Fans Kleidung, Accessoires und viele andere Alltagsgegenst\u00e4nde kaufen.<\/span><\/div>\t\t\t\t\t\t\t\t<\/div>\n\t\t\t\t<\/div>\n\t\t<div class=\"elementor-element elementor-element-0a3edd7 e-transform animate-on-display e-con-full e-flex e-con e-child\" data-id=\"0a3edd7\" data-element_type=\"container\" data-e-type=\"container\" data-settings=\"{&quot;background_background&quot;:&quot;classic&quot;,&quot;_transform_scale_effect_hover&quot;:{&quot;unit&quot;:&quot;px&quot;,&quot;size&quot;:1.02,&quot;sizes&quot;:[]},&quot;_transform_scale_effect_hover_tablet&quot;:{&quot;unit&quot;:&quot;px&quot;,&quot;size&quot;:&quot;&quot;,&quot;sizes&quot;:[]},&quot;_transform_scale_effect_hover_mobile&quot;:{&quot;unit&quot;:&quot;px&quot;,&quot;size&quot;:&quot;&quot;,&quot;sizes&quot;:[]}}\">\n\t\t<div class=\"elementor-element elementor-element-08d8087 animate-on-display e-flex e-con-boxed e-con e-child\" data-id=\"08d8087\" data-element_type=\"container\" data-e-type=\"container\" data-settings=\"{&quot;background_background&quot;:&quot;classic&quot;}\">\n\t\t\t\t\t<div class=\"e-con-inner\">\n\t\t\t\t<div class=\"elementor-element elementor-element-86f97f1 elementor-widget elementor-widget-heading\" data-id=\"86f97f1\" data-element_type=\"widget\" data-e-type=\"widget\" data-widget_type=\"heading.default\">\n\t\t\t\t<div class=\"elementor-widget-container\">\n\t\t\t\t\t<h3 class=\"elementor-heading-title elementor-size-default\">CHF 126'095<\/h3>\t\t\t\t<\/div>\n\t\t\t\t<\/div>\n\t\t\t\t<div class=\"elementor-element elementor-element-8531081 elementor-widget elementor-widget-text-editor\" data-id=\"8531081\" data-element_type=\"widget\" data-e-type=\"widget\" data-widget_type=\"text-editor.default\">\n\t\t\t\t<div class=\"elementor-widget-container\">\n\t\t\t\t\t\t\t\t\t<div><span lang=\"DE-CH\">Umsatz Merchandising<\/span><br \/>+76% gg\u00fc. 2024<\/div>\t\t\t\t\t\t\t\t<\/div>\n\t\t\t\t<\/div>\n\t\t\t\t\t<\/div>\n\t\t\t\t<\/div>\n\t\t\t\t<\/div>\n\t\t\t\t<div class=\"elementor-element elementor-element-231a44c7 animate-on-display elementor-widget elementor-widget-button\" data-id=\"231a44c7\" data-element_type=\"widget\" data-e-type=\"widget\" data-widget_type=\"button.default\">\n\t\t\t\t<div class=\"elementor-widget-container\">\n\t\t\t\t\t\t\t\t\t<div class=\"elementor-button-wrapper\">\n\t\t\t\t\t<a class=\"elementor-button elementor-button-link elementor-size-md\" href=\"https:\/\/www.valais.ch\/de\/shop\/empfehlungen\/merchandising\" target=\"_blank\">\n\t\t\t\t\t\t<span class=\"elementor-button-content-wrapper\">\n\t\t\t\t\t\t<span class=\"elementor-button-icon\">\n\t\t\t\t<svg xmlns=\"http:\/\/www.w3.org\/2000\/svg\" id=\"Calque_1\" data-name=\"Calque 1\" viewBox=\"0 0 114.5 114.5\"><defs><style>.cls-1{fill:#fafafa;}.cls-2{fill:#a8091a;}<\/style><\/defs><path class=\"cls-1\" d=\"M57.25,0A57.25,57.25,0,1,0,114.5,57.25,57.25,57.25,0,0,0,57.25,0Zm-6.1,77.9a2.6,2.6,0,0,1-3.68-3.68l17-17-17-17a2.6,2.6,0,0,1,3.68-3.68L71.8,57.25Z\"><\/path><path class=\"cls-2\" d=\"M47.47,36.6a2.6,2.6,0,0,0,0,3.68l17,17-17,17a2.6,2.6,0,0,0,3.68,3.68L71.8,57.25,51.15,36.6A2.6,2.6,0,0,0,47.47,36.6Z\"><\/path><\/svg>\t\t\t<\/span>\n\t\t\t\t\t\t\t\t\t<span class=\"elementor-button-text\">Zur Boutique<\/span>\n\t\t\t\t\t<\/span>\n\t\t\t\t\t<\/a>\n\t\t\t\t<\/div>\n\t\t\t\t\t\t\t\t<\/div>\n\t\t\t\t<\/div>\n\t\t\t\t<\/div>\n\t\t\t\t<\/div>\n\t\t\t\t\t<\/div>\n\t\t\t\t<\/div>\n\t\t<div class=\"elementor-element elementor-element-79ea3d29 watch-on-display e-flex e-con-boxed e-con e-parent\" data-id=\"79ea3d29\" data-element_type=\"container\" data-e-type=\"container\" data-settings=\"{&quot;animation&quot;:&quot;none&quot;,&quot;animation_delay&quot;:20}\">\n\t\t\t\t\t<div class=\"e-con-inner\">\n\t\t\t\t<div class=\"elementor-element elementor-element-58692448 animate-on-display elementor-widget elementor-widget-heading\" data-id=\"58692448\" data-element_type=\"widget\" data-e-type=\"widget\" id=\"marches\" data-widget_type=\"heading.default\">\n\t\t\t\t<div class=\"elementor-widget-container\">\n\t\t\t\t\t<h2 class=\"elementor-heading-title elementor-size-default\">Marktaktivit\u00e4ten.<\/h2>\t\t\t\t<\/div>\n\t\t\t\t<\/div>\n\t\t\t\t<div class=\"elementor-element elementor-element-80d2211 animate-on-display elementor-widget elementor-widget-heading\" data-id=\"80d2211\" data-element_type=\"widget\" data-e-type=\"widget\" id=\"marches-proximite\" data-widget_type=\"heading.default\">\n\t\t\t\t<div class=\"elementor-widget-container\">\n\t\t\t\t\t<h3 class=\"elementor-heading-title elementor-size-default\">Europ\u00e4ische M\u00e4rkte.<\/h3>\t\t\t\t<\/div>\n\t\t\t\t<\/div>\n\t\t\t\t<div class=\"elementor-element elementor-element-eda1e77 animate-on-display elementor-widget elementor-widget-text-editor\" data-id=\"eda1e77\" data-element_type=\"widget\" data-e-type=\"widget\" data-widget_type=\"text-editor.default\">\n\t\t\t\t<div class=\"elementor-widget-container\">\n\t\t\t\t\t\t\t\t\t<p style=\"font-weight: 400;\">Die Bearbeitung der Nahm\u00e4rkte erfolgt in erster Linie digital. Der Ansatz variiert je nach erschlossenem Markt. Im Allgemeinen bucht die Kundschaft ihre Angebote direkt. Deshalb liegt der Schwerpunkt auf thematischen Kampagnen mit verschiedenen Marketingaktivit\u00e4ten. Dadurch erh\u00f6hen wir nicht nur unseren Bekanntheitsgrad, sondern k\u00f6nnen vor allem auch die G\u00e4ste direkt erreichen und sie zu einer Reise ins Wallis ermutigen. In Deutschland, dem Vereinigten K\u00f6nigreich und Irland werden die Buchungen h\u00e4ufiger \u00fcber Reiseveranstalter vorgenommen. Deshalb spielen die B2B-Kontakte bei der Bearbeitung dieser M\u00e4rkte ebenfalls eine wichtige Rolle.<\/p><p style=\"font-weight: 400;\">Im Hinblick auf die Aktivierungen werden abh\u00e4ngig von der Jahreszeit thematische Kampagnen organisiert, die spezifisch auf den jeweiligen Markt zugeschnitten sind. Die europ\u00e4ischen G\u00e4ste bieten grunds\u00e4tzlich viel Potenzial f\u00fcr den Ausbau des Ganzjahrestourismus im Wallis. Aus diesem Grund werden hier neben den Sommer- und Winterkampagnen auch Herbstkampagnen durchgef\u00fchrt. In diesen Kampagnen werden konkrete Angebote der verschiedenen MRAG-Partner pr\u00e4sentiert.<\/p><p style=\"font-weight: 400;\"><a href=\"https:\/\/rapport-valais.ch\/de\/gb-mrag-2025\/\" target=\"_blank\" rel=\"noopener\">Mehr erfahren<\/a><\/p>\t\t\t\t\t\t\t\t<\/div>\n\t\t\t\t<\/div>\n\t\t\t\t<div class=\"elementor-element elementor-element-39f8a34 elementor-widget elementor-widget-text-editor\" data-id=\"39f8a34\" data-element_type=\"widget\" data-e-type=\"widget\" data-widget_type=\"text-editor.default\">\n\t\t\t\t<div class=\"elementor-widget-container\">\n\t\t\t\t\t\t\t\t\t<p><em><img loading=\"lazy\" decoding=\"async\" class=\"alignright wp-image-16413\" src=\"https:\/\/rapport-valais.ch\/wp-content\/uploads\/2026\/03\/Eleonora-Sormani.png\" alt=\"\" width=\"152\" height=\"152\" srcset=\"https:\/\/rapport-valais.ch\/wp-content\/uploads\/2026\/03\/Eleonora-Sormani.png 250w, https:\/\/rapport-valais.ch\/wp-content\/uploads\/2026\/03\/Eleonora-Sormani-150x150.png 150w\" sizes=\"(max-width: 152px) 100vw, 152px\" \/><\/em><\/p><div><p><strong><em><span lang=\"DE-CH\">\u00abWir haben uns sehr gefreut, gemeinsam mit der MRAG an der Kampagne \u00abHerzen auf Schienen\u00bb teilzunehmen. Die Kooperation bot eine hervorragende Gelegenheit, unsere Bahn sowie die Erlebnisse am Berg in einem innovativen Format gezielt im deutschen Markt zu pr\u00e4sentieren.\u00bb <\/span><\/em><\/strong><\/p><p><span style=\"color: var( --e-global-color-text ); text-align: var(--text-align); font-family: var( --e-global-typography-text-font-family ), Sans-serif; font-size: var( --e-global-typography-text-font-size ); font-weight: var( --e-global-typography-text-font-weight );\">Eleonora Sormani, Market Manager Europa bei Matterhorn Gotthard Bahn<\/span><\/p><\/div>\t\t\t\t\t\t\t\t<\/div>\n\t\t\t\t<\/div>\n\t\t\t\t<div class=\"elementor-element elementor-element-a1f8897 animate-on-display elementor-widget elementor-widget-heading\" data-id=\"a1f8897\" data-element_type=\"widget\" data-e-type=\"widget\" id=\"marches-lointains\" data-widget_type=\"heading.default\">\n\t\t\t\t<div class=\"elementor-widget-container\">\n\t\t\t\t\t<h3 class=\"elementor-heading-title elementor-size-default\">Fernm\u00e4rkte.<\/h3>\t\t\t\t<\/div>\n\t\t\t\t<\/div>\n\t\t\t\t<div class=\"elementor-element elementor-element-2bdd0e1 animate-on-display elementor-widget elementor-widget-text-editor\" data-id=\"2bdd0e1\" data-element_type=\"widget\" data-e-type=\"widget\" data-widget_type=\"text-editor.default\">\n\t\t\t\t<div class=\"elementor-widget-container\">\n\t\t\t\t\t\t\t\t\t<div><span lang=\"DE-CH\">Die Marktbearbeitung in den Fernm\u00e4rkten unterscheidet sich von der in den Nahm\u00e4rkten und variiert zudem erheblich zwischen Nordamerika und Asien. <\/span><\/div><div>\u00a0<\/div><div><span lang=\"DE-CH\">In Asien vertreten lokale Market Manager die MRAG vor Ort. Sie treffen sich regelm\u00e4ssig mit Fachleuten der Reisebranche, um Reisen ins Wallis zu bewerben und zu verkaufen, wobei der Schwerpunkt auf B2B-Kunden liegt. Dar\u00fcber hinaus koordinieren sie Kooperationen mit grossen lokalen Unternehmen oder Influencern. Einige Aktivit\u00e4ten werden zudem in enger Zusammenarbeit mit Schweiz Tourismus umgesetzt.<\/span><\/div><div>\u00a0<\/div><div><span lang=\"DE-CH\">In Nordamerika steht der MRAG hingegen kein Market Manager vor Ort zur Verf\u00fcgung, sodass der Grossteil der Marktarbeit \u00fcber Schweiz Tourismus abgewickelt wird. Wie in Asien konzentrieren sich die Aktivit\u00e4ten auch hier haupts\u00e4chlich auf den B2B-Bereich, wobei im Jahr 2025 zus\u00e4tzlich mehrere Aktionen gezielt an B2C-Endkunden \u00fcber soziale Netzwerke gerichtet wurden.<\/span><\/div><div>\u00a0<\/div><p><a href=\"https:\/\/rapport-valais.ch\/de\/gb-mrag-2025\/\" target=\"_blank\" rel=\"noopener\">Mehr erfahren<\/a><\/p>\t\t\t\t\t\t\t\t<\/div>\n\t\t\t\t<\/div>\n\t\t<div class=\"elementor-element elementor-element-043691a e-flex e-con-boxed e-con e-child\" data-id=\"043691a\" data-element_type=\"container\" data-e-type=\"container\">\n\t\t\t\t\t<div class=\"e-con-inner\">\n\t\t\t\t<div class=\"elementor-element elementor-element-78c7d5c elementor-widget elementor-widget-text-editor\" data-id=\"78c7d5c\" data-element_type=\"widget\" data-e-type=\"widget\" data-widget_type=\"text-editor.default\">\n\t\t\t\t<div class=\"elementor-widget-container\">\n\t\t\t\t\t\t\t\t\t<p><em><img loading=\"lazy\" decoding=\"async\" class=\"wp-image-16409 alignleft\" src=\"https:\/\/rapport-valais.ch\/wp-content\/uploads\/2026\/03\/Iwan-Bitschin.png\" alt=\"\" width=\"152\" height=\"152\" srcset=\"https:\/\/rapport-valais.ch\/wp-content\/uploads\/2026\/03\/Iwan-Bitschin.png 250w, https:\/\/rapport-valais.ch\/wp-content\/uploads\/2026\/03\/Iwan-Bitschin-150x150.png 150w\" sizes=\"(max-width: 152px) 100vw, 152px\" \/><\/em><\/p><div><p><strong><em>\u00abDas Projekt \u00abValais-Singapore Ski-Experience\u00bb hat uns erm\u00f6glicht, jungen Menschen aus Singapur die Faszination des Schneesports n\u00e4herzubringen. Gleichzeitig erhielt die Destination Saas-Fee\/Saastal zus\u00e4tzliche Sichtbarkeit. Durch die Zusammenarbeit und die mediale Aufmerksamkeit konnten wir unsere Pr\u00e4senz im asiatischen Markt weiter st\u00e4rken.\u00bb<\/em><\/strong><\/p><\/div><p>Iwan Bitschin, Leiter Marketing und Kommunikation bei Saastal Tourismus AG<\/p>\t\t\t\t\t\t\t\t<\/div>\n\t\t\t\t<\/div>\n\t\t\t\t\t<\/div>\n\t\t\t\t<\/div>\n\t\t\t\t\t<\/div>\n\t\t\t\t<\/div>\n\t\t<div class=\"elementor-element elementor-element-c4d722a watch-on-display e-flex e-con-boxed e-con e-parent\" data-id=\"c4d722a\" data-element_type=\"container\" data-e-type=\"container\" data-settings=\"{&quot;animation&quot;:&quot;none&quot;,&quot;animation_delay&quot;:20}\">\n\t\t\t\t\t<div class=\"e-con-inner\">\n\t\t\t\t<div class=\"elementor-element elementor-element-50715360 animate-on-display elementor-widget elementor-widget-heading\" data-id=\"50715360\" data-element_type=\"widget\" data-e-type=\"widget\" id=\"comptes\" data-widget_type=\"heading.default\">\n\t\t\t\t<div class=\"elementor-widget-container\">\n\t\t\t\t\t<h2 class=\"elementor-heading-title elementor-size-default\">Jahresabschluss 2025.<\/h2>\t\t\t\t<\/div>\n\t\t\t\t<\/div>\n\t\t\t\t<div class=\"elementor-element elementor-element-4a88f41f animate-on-display elementor-widget elementor-widget-text-editor\" data-id=\"4a88f41f\" data-element_type=\"widget\" data-e-type=\"widget\" data-widget_type=\"text-editor.default\">\n\t\t\t\t<div class=\"elementor-widget-container\">\n\t\t\t\t\t\t\t\t\t<p><span style=\"font-family: 'Neutra Text';\">Die Jahresrechnung 2025 von Valais\/Wallis Promotion (VWP) schliesst mit Einnahmen von CHF 16.36 Mio. und Ausgaben von \u00fcber CHF 16.67 Mio. ab. Das Gesamtvolumen der Einnahmen und Ausgaben liegt unter dem Budget, und im urspr\u00fcnglichen Businessplan wurden einige Anpassungen vorgenommen, die jedoch keine wesentlichen Auswirkungen auf das Ergebnis hatten. Der Ausgaben\u00fcberschuss von CHF 312&#8217;340.34 muss gem\u00e4ss Art. 14 Abs. 2 der Verordnung \u00fcber die Schaffung der Walliser Promotionsgesellschaft bis zum Ende der Programmvereinbarung 2025\u20132028 ausgeglichen werden. Zur Erinnerung: Das Budget von VWP muss \u00fcber die vier Jahre der vom Grossen Rat genehmigten Programmvereinbarung ausgeglichen sein. Ein Reservefonds von CHF 755&#8217;000.\u2013 wurde aus den Restmitteln der Programmvereinbarungen 2013\u20132016, 2017\u20132020 und 2021\u20132024 gebildet.<\/span><\/p>\t\t\t\t\t\t\t\t<\/div>\n\t\t\t\t<\/div>\n\t\t\t\t<div class=\"elementor-element elementor-element-6521b283 elementor-button-info elementor-widget elementor-widget-button\" data-id=\"6521b283\" data-element_type=\"widget\" data-e-type=\"widget\" data-widget_type=\"button.default\">\n\t\t\t\t<div class=\"elementor-widget-container\">\n\t\t\t\t\t\t\t\t\t<div class=\"elementor-button-wrapper\">\n\t\t\t\t\t<a class=\"elementor-button elementor-button-link elementor-size-md\" href=\"#elementor-action%3Aaction%3Dpopup%3Aopen%26settings%3DeyJpZCI6MTYxMzAsInRvZ2dsZSI6ZmFsc2V9\">\n\t\t\t\t\t\t<span class=\"elementor-button-content-wrapper\">\n\t\t\t\t\t\t<span class=\"elementor-button-icon\">\n\t\t\t\t<svg xmlns=\"http:\/\/www.w3.org\/2000\/svg\" id=\"Calque_1\" data-name=\"Calque 1\" viewBox=\"0 0 114.5 114.5\"><defs><style>.cls-1{fill:#fafafa;}.cls-2{fill:#a8091a;}<\/style><\/defs><path class=\"cls-1\" d=\"M57.25,0A57.25,57.25,0,1,0,114.5,57.25,57.25,57.25,0,0,0,57.25,0Zm-6.1,77.9a2.6,2.6,0,0,1-3.68-3.68l17-17-17-17a2.6,2.6,0,0,1,3.68-3.68L71.8,57.25Z\"><\/path><path class=\"cls-2\" d=\"M47.47,36.6a2.6,2.6,0,0,0,0,3.68l17,17-17,17a2.6,2.6,0,0,0,3.68,3.68L71.8,57.25,51.15,36.6A2.6,2.6,0,0,0,47.47,36.6Z\"><\/path><\/svg>\t\t\t<\/span>\n\t\t\t\t\t\t\t\t\t<span class=\"elementor-button-text\">Weiterlesen<\/span>\n\t\t\t\t\t<\/span>\n\t\t\t\t\t<\/a>\n\t\t\t\t<\/div>\n\t\t\t\t\t\t\t\t<\/div>\n\t\t\t\t<\/div>\n\t\t\t\t<div class=\"elementor-element elementor-element-5414848 elementor-button-info elementor-widget elementor-widget-button\" data-id=\"5414848\" data-element_type=\"widget\" data-e-type=\"widget\" data-widget_type=\"button.default\">\n\t\t\t\t<div class=\"elementor-widget-container\">\n\t\t\t\t\t\t\t\t\t<div class=\"elementor-button-wrapper\">\n\t\t\t\t\t<a class=\"elementor-button elementor-button-link elementor-size-md\" href=\"https:\/\/rapport-valais.ch\/wp-content\/uploads\/2026\/03\/VWP-Revisionsbericht-Rechnung-2025.pdf\" target=\"_blank\">\n\t\t\t\t\t\t<span class=\"elementor-button-content-wrapper\">\n\t\t\t\t\t\t<span class=\"elementor-button-icon\">\n\t\t\t\t<svg xmlns=\"http:\/\/www.w3.org\/2000\/svg\" id=\"Calque_1\" data-name=\"Calque 1\" viewBox=\"0 0 114.5 114.5\"><defs><style>.cls-1{fill:#fafafa;}.cls-2{fill:#a8091a;}<\/style><\/defs><path class=\"cls-1\" d=\"M57.25,0A57.25,57.25,0,1,0,114.5,57.25,57.25,57.25,0,0,0,57.25,0Zm-6.1,77.9a2.6,2.6,0,0,1-3.68-3.68l17-17-17-17a2.6,2.6,0,0,1,3.68-3.68L71.8,57.25Z\"><\/path><path class=\"cls-2\" d=\"M47.47,36.6a2.6,2.6,0,0,0,0,3.68l17,17-17,17a2.6,2.6,0,0,0,3.68,3.68L71.8,57.25,51.15,36.6A2.6,2.6,0,0,0,47.47,36.6Z\"><\/path><\/svg>\t\t\t<\/span>\n\t\t\t\t\t\t\t\t\t<span class=\"elementor-button-text\">Bericht der Revisionsstelle<\/span>\n\t\t\t\t\t<\/span>\n\t\t\t\t\t<\/a>\n\t\t\t\t<\/div>\n\t\t\t\t\t\t\t\t<\/div>\n\t\t\t\t<\/div>\n\t\t\t\t<div class=\"elementor-element elementor-element-00f74b5 animate-on-display elementor-widget elementor-widget-text-editor\" data-id=\"00f74b5\" data-element_type=\"widget\" data-e-type=\"widget\" data-widget_type=\"text-editor.default\">\n\t\t\t\t<div class=\"elementor-widget-container\">\n\t\t\t\t\t\t\t\t\t<p style=\"font-weight: 400;\"><a href=\"https:\/\/rapport-valais.ch\/wp-content\/uploads\/2026\/03\/VWP-Rechnung-2025_DE.pdf\" target=\"_blank\" rel=\"noopener\">Jahresabschluss herunterladen<\/a><\/p>\t\t\t\t\t\t\t\t<\/div>\n\t\t\t\t<\/div>\n\t\t\t\t\t<\/div>\n\t\t\t\t<\/div>\n\t\t<div class=\"elementor-element elementor-element-1ba6557b watch-on-display e-flex e-con-boxed e-con e-parent\" data-id=\"1ba6557b\" data-element_type=\"container\" data-e-type=\"container\" data-settings=\"{&quot;animation&quot;:&quot;none&quot;,&quot;animation_delay&quot;:20}\">\n\t\t\t\t\t<div class=\"e-con-inner\">\n\t\t\t\t<div class=\"elementor-element elementor-element-70069834 animate-on-display elementor-widget elementor-widget-heading\" data-id=\"70069834\" data-element_type=\"widget\" data-e-type=\"widget\" id=\"pv-22\" data-widget_type=\"heading.default\">\n\t\t\t\t<div class=\"elementor-widget-container\">\n\t\t\t\t\t<h2 class=\"elementor-heading-title elementor-size-default\"><a href=\"https:\/\/rapport-valais.ch\/wp-content\/uploads\/2025\/03\/Protokoll-GV-2024.pdf\">Protokoll  2025.<\/a><\/h2>\t\t\t\t<\/div>\n\t\t\t\t<\/div>\n\t\t\t\t<div class=\"elementor-element elementor-element-6e24d58 elementor-button-info elementor-widget elementor-widget-button\" data-id=\"6e24d58\" data-element_type=\"widget\" data-e-type=\"widget\" data-widget_type=\"button.default\">\n\t\t\t\t<div class=\"elementor-widget-container\">\n\t\t\t\t\t\t\t\t\t<div class=\"elementor-button-wrapper\">\n\t\t\t\t\t<a class=\"elementor-button elementor-button-link elementor-size-md\" href=\"https:\/\/rapport-valais.ch\/wp-content\/uploads\/2026\/03\/Protokoll-GV-2025_DE_Definitiv.pdf\" target=\"_blank\">\n\t\t\t\t\t\t<span class=\"elementor-button-content-wrapper\">\n\t\t\t\t\t\t<span class=\"elementor-button-icon\">\n\t\t\t\t<svg xmlns=\"http:\/\/www.w3.org\/2000\/svg\" id=\"Calque_1\" data-name=\"Calque 1\" viewBox=\"0 0 114.5 114.5\"><defs><style>.cls-1{fill:#fafafa;}.cls-2{fill:#a8091a;}<\/style><\/defs><path class=\"cls-1\" d=\"M57.25,0A57.25,57.25,0,1,0,114.5,57.25,57.25,57.25,0,0,0,57.25,0Zm-6.1,77.9a2.6,2.6,0,0,1-3.68-3.68l17-17-17-17a2.6,2.6,0,0,1,3.68-3.68L71.8,57.25Z\"><\/path><path class=\"cls-2\" d=\"M47.47,36.6a2.6,2.6,0,0,0,0,3.68l17,17-17,17a2.6,2.6,0,0,0,3.68,3.68L71.8,57.25,51.15,36.6A2.6,2.6,0,0,0,47.47,36.6Z\"><\/path><\/svg>\t\t\t<\/span>\n\t\t\t\t\t\t\t\t\t<span class=\"elementor-button-text\">Protokoll lesen<\/span>\n\t\t\t\t\t<\/span>\n\t\t\t\t\t<\/a>\n\t\t\t\t<\/div>\n\t\t\t\t\t\t\t\t<\/div>\n\t\t\t\t<\/div>\n\t\t\t\t\t<\/div>\n\t\t\t\t<\/div>\n\t\t<div class=\"elementor-element elementor-element-2884e10 e-flex e-con-boxed e-con e-parent\" data-id=\"2884e10\" data-element_type=\"container\" data-e-type=\"container\">\n\t\t\t\t\t<div class=\"e-con-inner\">\n\t\t<div class=\"elementor-element elementor-element-402126b e-con-full e-flex e-con e-child\" data-id=\"402126b\" data-element_type=\"container\" data-e-type=\"container\">\n\t\t\t\t<\/div>\n\t\t\t\t\t<\/div>\n\t\t\t\t<\/div>\n\t\t\t\t<\/div>\n\t\t","protected":false},"excerpt":{"rendered":"<p>Valais\/Wallis Promotion Inhalt T\u00e4tigkeitsbericht Valais\/Wallis Promotion 2025 Vorworte. Damian Constantin Ein Jahr der grossen Bilder und der grossen Solidarit\u00e4t Vorwort lesen Julien Moulin Das Wallis Schritt f\u00fcr Schritt erleben Vorwort lesen Mandat. Am 14. Juni 2012 entschied der Grosse Rat des Kantons Wallis einstimmig die Gr\u00fcndung einer einzigen branchen\u00fcbergreifenden und unabh\u00e4ngigen Unternehmung zur F\u00f6rderung des [&hellip;]<\/p>\n","protected":false},"author":16,"featured_media":0,"parent":0,"menu_order":0,"comment_status":"closed","ping_status":"closed","template":"","meta":{"_monsterinsights_skip_tracking":false,"_monsterinsights_sitenote_active":false,"_monsterinsights_sitenote_note":"","_monsterinsights_sitenote_category":0,"footnotes":""},"class_list":["post-15938","page","type-page","status-publish","hentry"],"yoast_head":"<!-- This site is optimized with the Yoast SEO plugin v27.5 - https:\/\/yoast.com\/product\/yoast-seo-wordpress\/ -->\n<title>T\u00e4tigkeitsbericht Valais\/Wallis Promotion - 2025<\/title>\n<meta name=\"robots\" content=\"index, follow, max-snippet:-1, max-image-preview:large, max-video-preview:-1\" \/>\n<link rel=\"canonical\" href=\"https:\/\/rapport-valais.ch\/de\/geschaeftsbericht-vwp-2025\/\" \/>\n<meta property=\"og:locale\" content=\"de_DE\" \/>\n<meta property=\"og:type\" content=\"article\" \/>\n<meta property=\"og:title\" content=\"T\u00e4tigkeitsbericht Valais\/Wallis Promotion - 2023\" \/>\n<meta property=\"og:description\" content=\"Valais\/Wallis Promotion Inhalt T\u00e4tigkeitsbericht Valais\/Wallis Promotion 2025 Vorworte. Damian Constantin Ein Jahr der grossen Bilder und der grossen Solidarit\u00e4t Vorwort lesen Julien Moulin Das Wallis Schritt f\u00fcr Schritt erleben Vorwort lesen Mandat. Am 14. Juni 2012 entschied der Grosse Rat des Kantons Wallis einstimmig die Gr\u00fcndung einer einzigen branchen\u00fcbergreifenden und unabh\u00e4ngigen Unternehmung zur F\u00f6rderung des [&hellip;]\" \/>\n<meta property=\"og:url\" content=\"https:\/\/rapport-valais.ch\/de\/geschaeftsbericht-vwp-2025\/\" \/>\n<meta property=\"og:site_name\" content=\"Lagebericht\" \/>\n<meta property=\"article:modified_time\" content=\"2026-04-29T08:01:43+00:00\" \/>\n<meta property=\"og:image\" content=\"https:\/\/rapport-valais.ch\/wp-content\/uploads\/2024\/03\/Valais_RVB_FR-512.png\" \/>\n\t<meta property=\"og:image:width\" content=\"512\" \/>\n\t<meta property=\"og:image:height\" content=\"462\" \/>\n\t<meta property=\"og:image:type\" content=\"image\/png\" \/>\n<meta name=\"twitter:card\" content=\"summary_large_image\" \/>\n<meta name=\"twitter:site\" content=\"@ValaisFilmCom\" \/>\n<meta name=\"twitter:label1\" content=\"Gesch\u00e4tzte Lesezeit\" \/>\n\t<meta name=\"twitter:data1\" content=\"48\u00a0Minuten\" \/>\n<script type=\"application\/ld+json\" class=\"yoast-schema-graph\">{\"@context\":\"https:\\\/\\\/schema.org\",\"@graph\":[{\"@type\":\"WebPage\",\"@id\":\"https:\\\/\\\/rapport-valais.ch\\\/de\\\/geschaeftsbericht-vwp-2025\\\/\",\"url\":\"https:\\\/\\\/rapport-valais.ch\\\/de\\\/geschaeftsbericht-vwp-2025\\\/\",\"name\":\"T\u00e4tigkeitsbericht Valais\\\/Wallis Promotion - 2025\",\"isPartOf\":{\"@id\":\"https:\\\/\\\/rapport-valais.ch\\\/fr\\\/#website\"},\"primaryImageOfPage\":{\"@id\":\"https:\\\/\\\/rapport-valais.ch\\\/de\\\/geschaeftsbericht-vwp-2025\\\/#primaryimage\"},\"image\":{\"@id\":\"https:\\\/\\\/rapport-valais.ch\\\/de\\\/geschaeftsbericht-vwp-2025\\\/#primaryimage\"},\"thumbnailUrl\":\"https:\\\/\\\/rapport-valais.ch\\\/wp-content\\\/uploads\\\/2024\\\/03\\\/Valais_RVB_FR-512.png\",\"datePublished\":\"2026-03-09T08:45:02+00:00\",\"dateModified\":\"2026-04-29T08:01:43+00:00\",\"breadcrumb\":{\"@id\":\"https:\\\/\\\/rapport-valais.ch\\\/de\\\/geschaeftsbericht-vwp-2025\\\/#breadcrumb\"},\"inLanguage\":\"de\",\"potentialAction\":[{\"@type\":\"ReadAction\",\"target\":[\"https:\\\/\\\/rapport-valais.ch\\\/de\\\/geschaeftsbericht-vwp-2025\\\/\"]}]},{\"@type\":\"ImageObject\",\"inLanguage\":\"de\",\"@id\":\"https:\\\/\\\/rapport-valais.ch\\\/de\\\/geschaeftsbericht-vwp-2025\\\/#primaryimage\",\"url\":\"https:\\\/\\\/rapport-valais.ch\\\/wp-content\\\/uploads\\\/2024\\\/03\\\/Valais_RVB_FR-512.png\",\"contentUrl\":\"https:\\\/\\\/rapport-valais.ch\\\/wp-content\\\/uploads\\\/2024\\\/03\\\/Valais_RVB_FR-512.png\"},{\"@type\":\"BreadcrumbList\",\"@id\":\"https:\\\/\\\/rapport-valais.ch\\\/de\\\/geschaeftsbericht-vwp-2025\\\/#breadcrumb\",\"itemListElement\":[{\"@type\":\"ListItem\",\"position\":1,\"name\":\"Home\",\"item\":\"https:\\\/\\\/rapport-valais.ch\\\/fr\\\/\"},{\"@type\":\"ListItem\",\"position\":2,\"name\":\"T\u00e4tigkeitsbericht Valais\\\/Wallis Promotion 2025\"}]},{\"@type\":\"WebSite\",\"@id\":\"https:\\\/\\\/rapport-valais.ch\\\/fr\\\/#website\",\"url\":\"https:\\\/\\\/rapport-valais.ch\\\/fr\\\/\",\"name\":\"Lagebericht\",\"description\":\"\",\"publisher\":{\"@id\":\"https:\\\/\\\/rapport-valais.ch\\\/fr\\\/#organization\"},\"potentialAction\":[{\"@type\":\"SearchAction\",\"target\":{\"@type\":\"EntryPoint\",\"urlTemplate\":\"https:\\\/\\\/rapport-valais.ch\\\/fr\\\/?s={search_term_string}\"},\"query-input\":{\"@type\":\"PropertyValueSpecification\",\"valueRequired\":true,\"valueName\":\"search_term_string\"}}],\"inLanguage\":\"de\"},{\"@type\":\"Organization\",\"@id\":\"https:\\\/\\\/rapport-valais.ch\\\/fr\\\/#organization\",\"name\":\"Valais Film Commission\",\"url\":\"https:\\\/\\\/rapport-valais.ch\\\/fr\\\/\",\"logo\":{\"@type\":\"ImageObject\",\"inLanguage\":\"de\",\"@id\":\"https:\\\/\\\/rapport-valais.ch\\\/fr\\\/#\\\/schema\\\/logo\\\/image\\\/\",\"url\":\"https:\\\/\\\/rapport-valais.ch\\\/wp-content\\\/uploads\\\/2020\\\/07\\\/Valais_FR.svg\",\"contentUrl\":\"https:\\\/\\\/rapport-valais.ch\\\/wp-content\\\/uploads\\\/2020\\\/07\\\/Valais_FR.svg\",\"width\":1,\"height\":1,\"caption\":\"Valais Film Commission\"},\"image\":{\"@id\":\"https:\\\/\\\/rapport-valais.ch\\\/fr\\\/#\\\/schema\\\/logo\\\/image\\\/\"},\"sameAs\":[\"https:\\\/\\\/x.com\\\/ValaisFilmCom\",\"https:\\\/\\\/www.instagram.com\\\/valaisfilmcommission\\\/\"]}]}<\/script>\n<!-- \/ Yoast SEO plugin. -->","yoast_head_json":{"title":"T\u00e4tigkeitsbericht Valais\/Wallis Promotion - 2025","robots":{"index":"index","follow":"follow","max-snippet":"max-snippet:-1","max-image-preview":"max-image-preview:large","max-video-preview":"max-video-preview:-1"},"canonical":"https:\/\/rapport-valais.ch\/de\/geschaeftsbericht-vwp-2025\/","og_locale":"de_DE","og_type":"article","og_title":"T\u00e4tigkeitsbericht Valais\/Wallis Promotion - 2023","og_description":"Valais\/Wallis Promotion Inhalt T\u00e4tigkeitsbericht Valais\/Wallis Promotion 2025 Vorworte. Damian Constantin Ein Jahr der grossen Bilder und der grossen Solidarit\u00e4t Vorwort lesen Julien Moulin Das Wallis Schritt f\u00fcr Schritt erleben Vorwort lesen Mandat. Am 14. Juni 2012 entschied der Grosse Rat des Kantons Wallis einstimmig die Gr\u00fcndung einer einzigen branchen\u00fcbergreifenden und unabh\u00e4ngigen Unternehmung zur F\u00f6rderung des [&hellip;]","og_url":"https:\/\/rapport-valais.ch\/de\/geschaeftsbericht-vwp-2025\/","og_site_name":"Lagebericht","article_modified_time":"2026-04-29T08:01:43+00:00","og_image":[{"width":512,"height":462,"url":"https:\/\/rapport-valais.ch\/wp-content\/uploads\/2024\/03\/Valais_RVB_FR-512.png","type":"image\/png"}],"twitter_card":"summary_large_image","twitter_site":"@ValaisFilmCom","twitter_misc":{"Gesch\u00e4tzte Lesezeit":"48\u00a0Minuten"},"schema":{"@context":"https:\/\/schema.org","@graph":[{"@type":"WebPage","@id":"https:\/\/rapport-valais.ch\/de\/geschaeftsbericht-vwp-2025\/","url":"https:\/\/rapport-valais.ch\/de\/geschaeftsbericht-vwp-2025\/","name":"T\u00e4tigkeitsbericht Valais\/Wallis Promotion - 2025","isPartOf":{"@id":"https:\/\/rapport-valais.ch\/fr\/#website"},"primaryImageOfPage":{"@id":"https:\/\/rapport-valais.ch\/de\/geschaeftsbericht-vwp-2025\/#primaryimage"},"image":{"@id":"https:\/\/rapport-valais.ch\/de\/geschaeftsbericht-vwp-2025\/#primaryimage"},"thumbnailUrl":"https:\/\/rapport-valais.ch\/wp-content\/uploads\/2024\/03\/Valais_RVB_FR-512.png","datePublished":"2026-03-09T08:45:02+00:00","dateModified":"2026-04-29T08:01:43+00:00","breadcrumb":{"@id":"https:\/\/rapport-valais.ch\/de\/geschaeftsbericht-vwp-2025\/#breadcrumb"},"inLanguage":"de","potentialAction":[{"@type":"ReadAction","target":["https:\/\/rapport-valais.ch\/de\/geschaeftsbericht-vwp-2025\/"]}]},{"@type":"ImageObject","inLanguage":"de","@id":"https:\/\/rapport-valais.ch\/de\/geschaeftsbericht-vwp-2025\/#primaryimage","url":"https:\/\/rapport-valais.ch\/wp-content\/uploads\/2024\/03\/Valais_RVB_FR-512.png","contentUrl":"https:\/\/rapport-valais.ch\/wp-content\/uploads\/2024\/03\/Valais_RVB_FR-512.png"},{"@type":"BreadcrumbList","@id":"https:\/\/rapport-valais.ch\/de\/geschaeftsbericht-vwp-2025\/#breadcrumb","itemListElement":[{"@type":"ListItem","position":1,"name":"Home","item":"https:\/\/rapport-valais.ch\/fr\/"},{"@type":"ListItem","position":2,"name":"T\u00e4tigkeitsbericht Valais\/Wallis Promotion 2025"}]},{"@type":"WebSite","@id":"https:\/\/rapport-valais.ch\/fr\/#website","url":"https:\/\/rapport-valais.ch\/fr\/","name":"Lagebericht","description":"","publisher":{"@id":"https:\/\/rapport-valais.ch\/fr\/#organization"},"potentialAction":[{"@type":"SearchAction","target":{"@type":"EntryPoint","urlTemplate":"https:\/\/rapport-valais.ch\/fr\/?s={search_term_string}"},"query-input":{"@type":"PropertyValueSpecification","valueRequired":true,"valueName":"search_term_string"}}],"inLanguage":"de"},{"@type":"Organization","@id":"https:\/\/rapport-valais.ch\/fr\/#organization","name":"Valais Film Commission","url":"https:\/\/rapport-valais.ch\/fr\/","logo":{"@type":"ImageObject","inLanguage":"de","@id":"https:\/\/rapport-valais.ch\/fr\/#\/schema\/logo\/image\/","url":"https:\/\/rapport-valais.ch\/wp-content\/uploads\/2020\/07\/Valais_FR.svg","contentUrl":"https:\/\/rapport-valais.ch\/wp-content\/uploads\/2020\/07\/Valais_FR.svg","width":1,"height":1,"caption":"Valais Film Commission"},"image":{"@id":"https:\/\/rapport-valais.ch\/fr\/#\/schema\/logo\/image\/"},"sameAs":["https:\/\/x.com\/ValaisFilmCom","https:\/\/www.instagram.com\/valaisfilmcommission\/"]}]}},"_links":{"self":[{"href":"https:\/\/rapport-valais.ch\/de\/wp-json\/wp\/v2\/pages\/15938","targetHints":{"allow":["GET"]}}],"collection":[{"href":"https:\/\/rapport-valais.ch\/de\/wp-json\/wp\/v2\/pages"}],"about":[{"href":"https:\/\/rapport-valais.ch\/de\/wp-json\/wp\/v2\/types\/page"}],"author":[{"embeddable":true,"href":"https:\/\/rapport-valais.ch\/de\/wp-json\/wp\/v2\/users\/16"}],"replies":[{"embeddable":true,"href":"https:\/\/rapport-valais.ch\/de\/wp-json\/wp\/v2\/comments?post=15938"}],"version-history":[{"count":403,"href":"https:\/\/rapport-valais.ch\/de\/wp-json\/wp\/v2\/pages\/15938\/revisions"}],"predecessor-version":[{"id":17406,"href":"https:\/\/rapport-valais.ch\/de\/wp-json\/wp\/v2\/pages\/15938\/revisions\/17406"}],"wp:attachment":[{"href":"https:\/\/rapport-valais.ch\/de\/wp-json\/wp\/v2\/media?parent=15938"}],"curies":[{"name":"wp","href":"https:\/\/api.w.org\/{rel}","templated":true}]}}