{"id":17127,"date":"2026-04-13T16:07:35","date_gmt":"2026-04-13T14:07:35","guid":{"rendered":"https:\/\/rapport-valais.ch\/?page_id=17127"},"modified":"2026-04-27T15:34:09","modified_gmt":"2026-04-27T13:34:09","slug":"rg-2025","status":"publish","type":"page","link":"https:\/\/rapport-valais.ch\/fr\/rg-2025\/","title":{"rendered":"Rapport de gestion Valais\/Wallis Promotion 2025"},"content":{"rendered":"\t\t<div data-elementor-type=\"wp-page\" data-elementor-id=\"17127\" class=\"elementor elementor-17127\" data-elementor-post-type=\"page\">\n\t\t\t\t<div class=\"elementor-element elementor-element-43b9d31f e-con-full e-flex e-con e-parent\" data-id=\"43b9d31f\" data-element_type=\"container\" data-e-type=\"container\">\n\t\t<div class=\"elementor-element elementor-element-1c86d6b9 e-flex e-con-boxed e-con e-child\" data-id=\"1c86d6b9\" data-element_type=\"container\" data-e-type=\"container\" data-settings=\"{&quot;background_background&quot;:&quot;classic&quot;,&quot;position&quot;:&quot;fixed&quot;}\">\n\t\t\t\t\t<div class=\"e-con-inner\">\n\t\t\t\t<div class=\"elementor-element elementor-element-20b36482 elementor-widget elementor-widget-image\" data-id=\"20b36482\" data-element_type=\"widget\" data-e-type=\"widget\" data-widget_type=\"image.default\">\n\t\t\t\t<div class=\"elementor-widget-container\">\n\t\t\t\t\t\t\t\t\t\t\t\t\t\t\t\t<a href=\"https:\/\/www.valais.ch\/en\/information\/trade\">\n\t\t\t\t\t\t\t<img fetchpriority=\"high\" decoding=\"async\" width=\"512\" height=\"462\" src=\"https:\/\/rapport-valais.ch\/wp-content\/uploads\/2024\/03\/Valais_RVB_FR-512.png\" class=\"attachment-large size-large wp-image-12260\" alt=\"\" srcset=\"https:\/\/rapport-valais.ch\/wp-content\/uploads\/2024\/03\/Valais_RVB_FR-512.png 512w, https:\/\/rapport-valais.ch\/wp-content\/uploads\/2024\/03\/Valais_RVB_FR-512-300x271.png 300w\" sizes=\"(max-width: 512px) 100vw, 512px\" \/>\t\t\t\t\t\t\t\t<\/a>\n\t\t\t\t\t\t\t\t\t\t\t\t\t\t\t<\/div>\n\t\t\t\t<\/div>\n\t\t\t\t<div class=\"elementor-element elementor-element-67dca8a2 elementor-widget elementor-widget-heading\" data-id=\"67dca8a2\" data-element_type=\"widget\" data-e-type=\"widget\" data-widget_type=\"heading.default\">\n\t\t\t\t<div class=\"elementor-widget-container\">\n\t\t\t\t\t<h4 class=\"elementor-heading-title elementor-size-default\">Valais\/Wallis Promotion<\/h4>\t\t\t\t<\/div>\n\t\t\t\t<\/div>\n\t\t\t\t<div class=\"elementor-element elementor-element-7bf91d54 elementor-nav-menu__align-end wpml-dd-select elementor-nav-menu--dropdown-tablet elementor-nav-menu__text-align-aside elementor-widget elementor-widget-nav-menu\" data-id=\"7bf91d54\" data-element_type=\"widget\" data-e-type=\"widget\" data-settings=\"{&quot;layout&quot;:&quot;horizontal&quot;,&quot;submenu_icon&quot;:{&quot;value&quot;:&quot;&lt;i class=\\&quot;fas fa-caret-down\\&quot; aria-hidden=\\&quot;true\\&quot;&gt;&lt;\\\/i&gt;&quot;,&quot;library&quot;:&quot;fa-solid&quot;}}\" data-widget_type=\"nav-menu.default\">\n\t\t\t\t<div class=\"elementor-widget-container\">\n\t\t\t\t\t\t\t\t<nav aria-label=\"Menu\" class=\"elementor-nav-menu--main elementor-nav-menu__container elementor-nav-menu--layout-horizontal e--pointer-underline e--animation-fade\">\n\t\t\t\t<ul id=\"menu-1-7bf91d54\" class=\"elementor-nav-menu\"><li class=\"menu-item wpml-ls-slot-14 wpml-ls-item wpml-ls-item-fr wpml-ls-current-language wpml-ls-menu-item wpml-ls-first-item menu-item-type-wpml_ls_menu_item menu-item-object-wpml_ls_menu_item menu-item-has-children menu-item-wpml-ls-14-fr\"><a href=\"https:\/\/rapport-valais.ch\/fr\/\" aria-current=\"page\" aria-expanded=\"false\" aria-controls=\"wpml-ls-submenu-wpml-ls-14-fr\" class=\"elementor-item\"><span class=\"wpml-ls-display\">FR<\/span><\/a>\n<ul class=\"sub-menu elementor-nav-menu--dropdown\">\n\t<li class=\"menu-item wpml-ls-slot-14 wpml-ls-item wpml-ls-item-de wpml-ls-menu-item wpml-ls-last-item menu-item-type-wpml_ls_menu_item menu-item-object-wpml_ls_menu_item menu-item-wpml-ls-14-de\"><a href=\"https:\/\/rapport-valais.ch\/de\/\" title=\"Passer \u00e0 DE\" aria-label=\"Passer \u00e0 DE\" class=\"elementor-sub-item\"><span class=\"wpml-ls-display\">DE<\/span><\/a><\/li>\n<\/ul>\n<\/li>\n<\/ul>\t\t\t<\/nav>\n\t\t\t\t\t\t<nav class=\"elementor-nav-menu--dropdown elementor-nav-menu__container\" aria-hidden=\"true\">\n\t\t\t\t<ul id=\"menu-2-7bf91d54\" class=\"elementor-nav-menu\"><li class=\"menu-item wpml-ls-slot-14 wpml-ls-item wpml-ls-item-fr wpml-ls-current-language wpml-ls-menu-item wpml-ls-first-item menu-item-type-wpml_ls_menu_item menu-item-object-wpml_ls_menu_item menu-item-has-children menu-item-wpml-ls-14-fr\"><a href=\"https:\/\/rapport-valais.ch\/fr\/\" aria-current=\"page\" aria-expanded=\"false\" aria-controls=\"wpml-ls-submenu-wpml-ls-14-fr\" class=\"elementor-item\" tabindex=\"-1\"><span class=\"wpml-ls-display\">FR<\/span><\/a>\n<ul class=\"sub-menu elementor-nav-menu--dropdown\">\n\t<li class=\"menu-item wpml-ls-slot-14 wpml-ls-item wpml-ls-item-de wpml-ls-menu-item wpml-ls-last-item menu-item-type-wpml_ls_menu_item menu-item-object-wpml_ls_menu_item menu-item-wpml-ls-14-de\"><a href=\"https:\/\/rapport-valais.ch\/de\/\" title=\"Passer \u00e0 DE\" aria-label=\"Passer \u00e0 DE\" class=\"elementor-sub-item\" tabindex=\"-1\"><span class=\"wpml-ls-display\">DE<\/span><\/a><\/li>\n<\/ul>\n<\/li>\n<\/ul>\t\t\t<\/nav>\n\t\t\t\t\t\t<\/div>\n\t\t\t\t<\/div>\n\t\t\t\t\t<\/div>\n\t\t\t\t<\/div>\n\t\t\t\t<\/div>\n\t\t<div class=\"elementor-element elementor-element-66356717 tab-matiere e-flex e-con-boxed e-con e-parent\" data-id=\"66356717\" data-element_type=\"container\" data-e-type=\"container\">\n\t\t\t\t\t<div class=\"e-con-inner\">\n\t\t<div class=\"elementor-element elementor-element-48607e96 e-con-full e-flex e-con e-child\" data-id=\"48607e96\" data-element_type=\"container\" data-e-type=\"container\" id=\"div-content-table\" data-settings=\"{&quot;background_background&quot;:&quot;classic&quot;}\">\n\t\t\t\t<div class=\"elementor-element elementor-element-31691a65 elementor-view-default elementor-widget elementor-widget-icon\" data-id=\"31691a65\" data-element_type=\"widget\" data-e-type=\"widget\" id=\"close-icon-content-table-mobile\" data-widget_type=\"icon.default\">\n\t\t\t\t<div class=\"elementor-widget-container\">\n\t\t\t\t\t\t\t<div class=\"elementor-icon-wrapper\">\n\t\t\t<div class=\"elementor-icon\">\n\t\t\t<svg xmlns=\"http:\/\/www.w3.org\/2000\/svg\" width=\"12\" height=\"12\" viewBox=\"0 0 12 12\" fill=\"none\"><path d=\"M1 0.969666L6 5.96966L11 0.969664\" stroke=\"#D22E26\" stroke-width=\"1.5\"><\/path><path d=\"M11 11.273L6 6.27298L1 11.273\" stroke=\"#D22E26\" stroke-width=\"1.5\"><\/path><\/svg>\t\t\t<\/div>\n\t\t<\/div>\n\t\t\t\t\t\t<\/div>\n\t\t\t\t<\/div>\n\t\t\t\t<div class=\"elementor-element elementor-element-2923bac9 elementor-toc--content-ellipsis elementor-widget elementor-widget-table-of-contents\" data-id=\"2923bac9\" data-element_type=\"widget\" data-e-type=\"widget\" id=\"content-table\" data-settings=\"{&quot;headings_by_tags&quot;:[&quot;h2&quot;],&quot;exclude_headings_by_selector&quot;:[],&quot;no_headings_message&quot;:&quot;Aucun titre n\\u2019a \\u00e9t\\u00e9 trouv\\u00e9 sur cette page.&quot;,&quot;marker_view&quot;:&quot;numbers&quot;,&quot;hierarchical_view&quot;:&quot;yes&quot;,&quot;min_height&quot;:{&quot;unit&quot;:&quot;px&quot;,&quot;size&quot;:&quot;&quot;,&quot;sizes&quot;:[]},&quot;min_height_tablet&quot;:{&quot;unit&quot;:&quot;px&quot;,&quot;size&quot;:&quot;&quot;,&quot;sizes&quot;:[]},&quot;min_height_mobile&quot;:{&quot;unit&quot;:&quot;px&quot;,&quot;size&quot;:&quot;&quot;,&quot;sizes&quot;:[]}}\" data-widget_type=\"table-of-contents.default\">\n\t\t\t\t<div class=\"elementor-widget-container\">\n\t\t\t\t\t\t\t\t\t<div class=\"elementor-toc__header\">\n\t\t\t\t\t\t<h2 class=\"elementor-toc__header-title\">\n\t\t\t\tTable des mati\u00e8res\t\t\t<\/h2>\n\t\t\t\t\t\t\t\t<\/div>\n\t\t\t\t<div id=\"elementor-toc__2923bac9\" class=\"elementor-toc__body\">\n\t\t\t<div class=\"elementor-toc__spinner-container\">\n\t\t\t\t<i class=\"elementor-toc__spinner eicon-animation-spin eicon-loading\" aria-hidden=\"true\"><\/i>\t\t\t<\/div>\n\t\t<\/div>\n\t\t\t\t\t\t<\/div>\n\t\t\t\t<\/div>\n\t\t\t\t<\/div>\n\t\t<div class=\"elementor-element elementor-element-349836e2 e-con-full e-flex e-con e-child\" data-id=\"349836e2\" data-element_type=\"container\" data-e-type=\"container\" id=\"open-div-content-table-mobile\" data-settings=\"{&quot;background_background&quot;:&quot;classic&quot;,&quot;position&quot;:&quot;fixed&quot;}\">\n\t\t\t\t<div class=\"elementor-element elementor-element-649e815 elementor-view-default elementor-widget elementor-widget-icon\" data-id=\"649e815\" data-element_type=\"widget\" data-e-type=\"widget\" id=\"open-icon-content-table-mobile\" data-widget_type=\"icon.default\">\n\t\t\t\t<div class=\"elementor-widget-container\">\n\t\t\t\t\t\t\t<div class=\"elementor-icon-wrapper\">\n\t\t\t<div class=\"elementor-icon\">\n\t\t\t<svg xmlns=\"http:\/\/www.w3.org\/2000\/svg\" width=\"17\" height=\"18\" viewBox=\"0 0 17 18\" fill=\"none\"><path d=\"M13.6678 11.2527H6.98578C6.66021 11.2527 6.35945 11.4265 6.1967 11.7083C6.03386 11.9902 6.03386 12.3376 6.1967 12.6195C6.35944 12.9014 6.66019 13.0751 6.98578 13.0751H13.6678C13.9933 13.0751 14.2941 12.9014 14.4569 12.6195C14.6197 12.3376 14.6197 11.9902 14.4569 11.7083C14.2941 11.4265 13.9934 11.2527 13.6678 11.2527Z\" fill=\"white\"><\/path><path d=\"M13.6678 16.1123H6.98578C6.66021 16.1123 6.35945 16.286 6.1967 16.5679C6.03386 16.8497 6.03386 17.1972 6.1967 17.479C6.35944 17.7609 6.66019 17.9346 6.98578 17.9346H13.6678C13.9933 17.9346 14.2941 17.7609 14.4569 17.479C14.6197 17.1972 14.6197 16.8497 14.4569 16.5679C14.2941 16.286 13.9934 16.1123 13.6678 16.1123Z\" fill=\"white\"><\/path><path d=\"M12.7566 0.925964H3.64478C2.34268 0.925964 1.13944 1.62061 0.488298 2.74833C-0.162766 3.87604 -0.162766 5.26534 0.488298 6.39305C1.13936 7.52077 2.3426 8.21542 3.64478 8.21542H12.7566C14.0587 8.21542 15.2619 7.52077 15.9131 6.39305C16.5641 5.26534 16.5641 3.87604 15.9131 2.74833C15.262 1.62061 14.0588 0.925964 12.7566 0.925964ZM12.7566 6.39305H3.64478C2.99372 6.39305 2.39211 6.04572 2.06654 5.48187C1.74107 4.91803 1.74107 4.22335 2.06654 3.65951C2.39211 3.09566 2.99374 2.74833 3.64478 2.74833H12.7566C13.4077 2.74833 14.0093 3.09566 14.3348 3.65951C14.6603 4.22335 14.6603 4.91803 14.3348 5.48187C14.0093 6.04572 13.4076 6.39305 12.7566 6.39305Z\" fill=\"white\"><\/path><path d=\"M3.03733 12.1639C3.03733 12.6672 2.6294 13.0751 2.12615 13.0751C1.6229 13.0751 1.21497 12.6672 1.21497 12.1639C1.21497 11.6607 1.6229 11.2527 2.12615 11.2527C2.6294 11.2527 3.03733 11.6607 3.03733 12.1639Z\" fill=\"white\"><\/path><path d=\"M3.03733 17.0235C3.03733 17.5267 2.6294 17.9346 2.12615 17.9346C1.6229 17.9346 1.21497 17.5267 1.21497 17.0235C1.21497 16.5202 1.6229 16.1123 2.12615 16.1123C2.6294 16.1123 3.03733 16.5202 3.03733 17.0235Z\" fill=\"white\"><\/path><\/svg>\t\t\t<\/div>\n\t\t<\/div>\n\t\t\t\t\t\t<\/div>\n\t\t\t\t<\/div>\n\t\t\t\t<\/div>\n\t\t\t\t\t<\/div>\n\t\t\t\t<\/div>\n\t\t<div class=\"elementor-element elementor-element-dbe0979 watch-on-display e-flex e-con-boxed e-con e-parent\" data-id=\"dbe0979\" data-element_type=\"container\" data-e-type=\"container\" data-settings=\"{&quot;background_background&quot;:&quot;classic&quot;,&quot;background_motion_fx_motion_fx_scrolling&quot;:&quot;yes&quot;,&quot;background_motion_fx_translateY_effect&quot;:&quot;yes&quot;,&quot;background_motion_fx_translateY_speed&quot;:{&quot;unit&quot;:&quot;px&quot;,&quot;size&quot;:3,&quot;sizes&quot;:[]},&quot;background_motion_fx_translateY_affectedRange&quot;:{&quot;unit&quot;:&quot;%&quot;,&quot;size&quot;:&quot;&quot;,&quot;sizes&quot;:{&quot;start&quot;:0,&quot;end&quot;:100}},&quot;background_motion_fx_devices&quot;:[&quot;desktop&quot;,&quot;tablet&quot;,&quot;mobile&quot;]}\">\n\t\t\t\t\t<div class=\"e-con-inner\">\n\t\t\t\t<div class=\"elementor-element elementor-element-b8598e4 animate-on-display elementor-widget elementor-widget-heading\" data-id=\"b8598e4\" data-element_type=\"widget\" data-e-type=\"widget\" data-widget_type=\"heading.default\">\n\t\t\t\t<div class=\"elementor-widget-container\">\n\t\t\t\t\t<h1 class=\"elementor-heading-title elementor-size-default\">Rapport d'activit\u00e9s<br>Valais\/Wallis Promotion<\/h1>\t\t\t\t<\/div>\n\t\t\t\t<\/div>\n\t\t\t\t<div class=\"elementor-element elementor-element-e09370d animate-on-display elementor-widget elementor-widget-heading\" data-id=\"e09370d\" data-element_type=\"widget\" data-e-type=\"widget\" data-widget_type=\"heading.default\">\n\t\t\t\t<div class=\"elementor-widget-container\">\n\t\t\t\t\t<h1 class=\"elementor-heading-title elementor-size-default\">2025<\/h1>\t\t\t\t<\/div>\n\t\t\t\t<\/div>\n\t\t\t\t\t<\/div>\n\t\t\t\t<\/div>\n\t\t<div class=\"elementor-element elementor-element-331cabf0 watch-on-display e-flex e-con-boxed e-con e-parent\" data-id=\"331cabf0\" data-element_type=\"container\" data-e-type=\"container\">\n\t\t\t\t\t<div class=\"e-con-inner\">\n\t\t\t\t<div class=\"elementor-element elementor-element-7930e0c4 elementor-widget elementor-widget-heading\" data-id=\"7930e0c4\" data-element_type=\"widget\" data-e-type=\"widget\" data-widget_type=\"heading.default\">\n\t\t\t\t<div class=\"elementor-widget-container\">\n\t\t\t\t\t<h2 class=\"elementor-heading-title elementor-size-default\">Editoriaux.<\/h2>\t\t\t\t<\/div>\n\t\t\t\t<\/div>\n\t\t<div class=\"elementor-element elementor-element-179462b5 e-grid e-con-boxed e-con e-child\" data-id=\"179462b5\" data-element_type=\"container\" data-e-type=\"container\" data-settings=\"{&quot;background_background&quot;:&quot;classic&quot;}\">\n\t\t\t\t\t<div class=\"e-con-inner\">\n\t\t<div class=\"elementor-element elementor-element-34fd85a4 e-transform animate-on-display e-flex e-con-boxed e-con e-child\" data-id=\"34fd85a4\" data-element_type=\"container\" data-e-type=\"container\" data-settings=\"{&quot;background_background&quot;:&quot;classic&quot;,&quot;_transform_scale_effect_hover&quot;:{&quot;unit&quot;:&quot;px&quot;,&quot;size&quot;:1.02,&quot;sizes&quot;:[]},&quot;_transform_scale_effect_hover_tablet&quot;:{&quot;unit&quot;:&quot;px&quot;,&quot;size&quot;:&quot;&quot;,&quot;sizes&quot;:[]},&quot;_transform_scale_effect_hover_mobile&quot;:{&quot;unit&quot;:&quot;px&quot;,&quot;size&quot;:&quot;&quot;,&quot;sizes&quot;:[]}}\">\n\t\t\t\t\t<div class=\"e-con-inner\">\n\t\t<div class=\"elementor-element elementor-element-1106f86d e-con-full e-flex e-con e-child\" data-id=\"1106f86d\" data-element_type=\"container\" data-e-type=\"container\">\n\t\t\t\t<div class=\"elementor-element elementor-element-1f5e10c5 elementor-widget elementor-widget-image\" data-id=\"1f5e10c5\" data-element_type=\"widget\" data-e-type=\"widget\" data-widget_type=\"image.default\">\n\t\t\t\t<div class=\"elementor-widget-container\">\n\t\t\t\t\t\t\t\t\t\t\t\t\t\t\t<img decoding=\"async\" width=\"683\" height=\"1024\" src=\"https:\/\/rapport-valais.ch\/wp-content\/uploads\/2025\/03\/240528-VALAIS-WALLIS-PROMOTION-DIRECTION-15-683x1024.jpg\" class=\"attachment-large size-large wp-image-14802\" alt=\"\" srcset=\"https:\/\/rapport-valais.ch\/wp-content\/uploads\/2025\/03\/240528-VALAIS-WALLIS-PROMOTION-DIRECTION-15-683x1024.jpg 683w, https:\/\/rapport-valais.ch\/wp-content\/uploads\/2025\/03\/240528-VALAIS-WALLIS-PROMOTION-DIRECTION-15-200x300.jpg 200w, https:\/\/rapport-valais.ch\/wp-content\/uploads\/2025\/03\/240528-VALAIS-WALLIS-PROMOTION-DIRECTION-15-768x1152.jpg 768w, https:\/\/rapport-valais.ch\/wp-content\/uploads\/2025\/03\/240528-VALAIS-WALLIS-PROMOTION-DIRECTION-15-1024x1536.jpg 1024w, https:\/\/rapport-valais.ch\/wp-content\/uploads\/2025\/03\/240528-VALAIS-WALLIS-PROMOTION-DIRECTION-15-1365x2048.jpg 1365w, https:\/\/rapport-valais.ch\/wp-content\/uploads\/2025\/03\/240528-VALAIS-WALLIS-PROMOTION-DIRECTION-15-scaled.jpg 1707w\" sizes=\"(max-width: 683px) 100vw, 683px\" \/>\t\t\t\t\t\t\t\t\t\t\t\t\t\t\t<\/div>\n\t\t\t\t<\/div>\n\t\t\t\t<\/div>\n\t\t<div class=\"elementor-element elementor-element-3eca6057 e-flex e-con-boxed e-con e-child\" data-id=\"3eca6057\" data-element_type=\"container\" data-e-type=\"container\">\n\t\t\t\t\t<div class=\"e-con-inner\">\n\t\t\t\t<div class=\"elementor-element elementor-element-488b7b37 elementor-widget elementor-widget-heading\" data-id=\"488b7b37\" data-element_type=\"widget\" data-e-type=\"widget\" data-widget_type=\"heading.default\">\n\t\t\t\t<div class=\"elementor-widget-container\">\n\t\t\t\t\t<h4 class=\"elementor-heading-title elementor-size-default\">Damian Constantin<\/h4>\t\t\t\t<\/div>\n\t\t\t\t<\/div>\n\t\t\t\t<div class=\"elementor-element elementor-element-7028ca2d elementor-widget elementor-widget-text-editor\" data-id=\"7028ca2d\" data-element_type=\"widget\" data-e-type=\"widget\" data-widget_type=\"text-editor.default\">\n\t\t\t\t<div class=\"elementor-widget-container\">\n\t\t\t\t\t\t\t\t\t<p>Une ann\u00e9e marqu\u00e9e par des images fortes<\/p>\t\t\t\t\t\t\t\t<\/div>\n\t\t\t\t<\/div>\n\t\t\t\t<div class=\"elementor-element elementor-element-7eda55dd elementor-button-info elementor-widget elementor-widget-button\" data-id=\"7eda55dd\" data-element_type=\"widget\" data-e-type=\"widget\" data-widget_type=\"button.default\">\n\t\t\t\t<div class=\"elementor-widget-container\">\n\t\t\t\t\t\t\t\t\t<div class=\"elementor-button-wrapper\">\n\t\t\t\t\t<a class=\"elementor-button elementor-button-link elementor-size-md\" href=\"#elementor-action%3Aaction%3Dpopup%3Aopen%26settings%3DeyJpZCI6MTcxMjksInRvZ2dsZSI6ZmFsc2V9\">\n\t\t\t\t\t\t<span class=\"elementor-button-content-wrapper\">\n\t\t\t\t\t\t<span class=\"elementor-button-icon\">\n\t\t\t\t<svg xmlns=\"http:\/\/www.w3.org\/2000\/svg\" id=\"Calque_1\" data-name=\"Calque 1\" viewBox=\"0 0 114.5 114.5\"><defs><style>.cls-1{fill:#fafafa;}.cls-2{fill:#a8091a;}<\/style><\/defs><path class=\"cls-1\" d=\"M57.25,0A57.25,57.25,0,1,0,114.5,57.25,57.25,57.25,0,0,0,57.25,0Zm-6.1,77.9a2.6,2.6,0,0,1-3.68-3.68l17-17-17-17a2.6,2.6,0,0,1,3.68-3.68L71.8,57.25Z\"><\/path><path class=\"cls-2\" d=\"M47.47,36.6a2.6,2.6,0,0,0,0,3.68l17,17-17,17a2.6,2.6,0,0,0,3.68,3.68L71.8,57.25,51.15,36.6A2.6,2.6,0,0,0,47.47,36.6Z\"><\/path><\/svg>\t\t\t<\/span>\n\t\t\t\t\t\t\t\t\t<span class=\"elementor-button-text\">Lire le mot<\/span>\n\t\t\t\t\t<\/span>\n\t\t\t\t\t<\/a>\n\t\t\t\t<\/div>\n\t\t\t\t\t\t\t\t<\/div>\n\t\t\t\t<\/div>\n\t\t\t\t\t<\/div>\n\t\t\t\t<\/div>\n\t\t\t\t\t<\/div>\n\t\t\t\t<\/div>\n\t\t<div class=\"elementor-element elementor-element-747e1ba2 e-transform animate-on-display e-flex e-con-boxed e-con e-child\" data-id=\"747e1ba2\" data-element_type=\"container\" data-e-type=\"container\" data-settings=\"{&quot;background_background&quot;:&quot;classic&quot;,&quot;_transform_scale_effect_hover&quot;:{&quot;unit&quot;:&quot;px&quot;,&quot;size&quot;:1.02,&quot;sizes&quot;:[]},&quot;_transform_scale_effect_hover_tablet&quot;:{&quot;unit&quot;:&quot;px&quot;,&quot;size&quot;:&quot;&quot;,&quot;sizes&quot;:[]},&quot;_transform_scale_effect_hover_mobile&quot;:{&quot;unit&quot;:&quot;px&quot;,&quot;size&quot;:&quot;&quot;,&quot;sizes&quot;:[]}}\">\n\t\t\t\t\t<div class=\"e-con-inner\">\n\t\t<div class=\"elementor-element elementor-element-4416a13c e-con-full e-flex e-con e-child\" data-id=\"4416a13c\" data-element_type=\"container\" data-e-type=\"container\">\n\t\t\t\t<div class=\"elementor-element elementor-element-50ae13b3 elementor-widget elementor-widget-image\" data-id=\"50ae13b3\" data-element_type=\"widget\" data-e-type=\"widget\" data-widget_type=\"image.default\">\n\t\t\t\t<div class=\"elementor-widget-container\">\n\t\t\t\t\t\t\t\t\t\t\t\t\t\t\t<img decoding=\"async\" width=\"683\" height=\"1024\" src=\"https:\/\/rapport-valais.ch\/wp-content\/uploads\/2025\/03\/240528-VALAIS-WALLIS-PROMOTION-DIRECTION-16-683x1024.jpg\" class=\"attachment-large size-large wp-image-14800\" alt=\"\" srcset=\"https:\/\/rapport-valais.ch\/wp-content\/uploads\/2025\/03\/240528-VALAIS-WALLIS-PROMOTION-DIRECTION-16-683x1024.jpg 683w, https:\/\/rapport-valais.ch\/wp-content\/uploads\/2025\/03\/240528-VALAIS-WALLIS-PROMOTION-DIRECTION-16-200x300.jpg 200w, https:\/\/rapport-valais.ch\/wp-content\/uploads\/2025\/03\/240528-VALAIS-WALLIS-PROMOTION-DIRECTION-16-768x1152.jpg 768w, https:\/\/rapport-valais.ch\/wp-content\/uploads\/2025\/03\/240528-VALAIS-WALLIS-PROMOTION-DIRECTION-16-1024x1536.jpg 1024w, https:\/\/rapport-valais.ch\/wp-content\/uploads\/2025\/03\/240528-VALAIS-WALLIS-PROMOTION-DIRECTION-16-1365x2048.jpg 1365w, https:\/\/rapport-valais.ch\/wp-content\/uploads\/2025\/03\/240528-VALAIS-WALLIS-PROMOTION-DIRECTION-16-scaled.jpg 1707w\" sizes=\"(max-width: 683px) 100vw, 683px\" \/>\t\t\t\t\t\t\t\t\t\t\t\t\t\t\t<\/div>\n\t\t\t\t<\/div>\n\t\t\t\t<\/div>\n\t\t<div class=\"elementor-element elementor-element-7aaab9a6 e-flex e-con-boxed e-con e-child\" data-id=\"7aaab9a6\" data-element_type=\"container\" data-e-type=\"container\">\n\t\t\t\t\t<div class=\"e-con-inner\">\n\t\t\t\t<div class=\"elementor-element elementor-element-522fc734 elementor-widget elementor-widget-heading\" data-id=\"522fc734\" data-element_type=\"widget\" data-e-type=\"widget\" data-widget_type=\"heading.default\">\n\t\t\t\t<div class=\"elementor-widget-container\">\n\t\t\t\t\t<h4 class=\"elementor-heading-title elementor-size-default\">Julien Moulin<\/h4>\t\t\t\t<\/div>\n\t\t\t\t<\/div>\n\t\t\t\t<div class=\"elementor-element elementor-element-4d4589db elementor-widget elementor-widget-text-editor\" data-id=\"4d4589db\" data-element_type=\"widget\" data-e-type=\"widget\" data-widget_type=\"text-editor.default\">\n\t\t\t\t<div class=\"elementor-widget-container\">\n\t\t\t\t\t\t\t\t\t<p>D\u00e9couvrir le Valais\u00a0 \u00a0 \u00a0 \u00a0 \u00a0 \u00a0 \u00a0 \u00a0 pas \u00e0 pas\u00a0<\/p>\t\t\t\t\t\t\t\t<\/div>\n\t\t\t\t<\/div>\n\t\t\t\t<div class=\"elementor-element elementor-element-10ce084a elementor-button-info elementor-widget elementor-widget-button\" data-id=\"10ce084a\" data-element_type=\"widget\" data-e-type=\"widget\" data-widget_type=\"button.default\">\n\t\t\t\t<div class=\"elementor-widget-container\">\n\t\t\t\t\t\t\t\t\t<div class=\"elementor-button-wrapper\">\n\t\t\t\t\t<a class=\"elementor-button elementor-button-link elementor-size-md\" href=\"#elementor-action%3Aaction%3Dpopup%3Aopen%26settings%3DeyJpZCI6MTcxMzEsInRvZ2dsZSI6ZmFsc2V9\">\n\t\t\t\t\t\t<span class=\"elementor-button-content-wrapper\">\n\t\t\t\t\t\t<span class=\"elementor-button-icon\">\n\t\t\t\t<svg xmlns=\"http:\/\/www.w3.org\/2000\/svg\" id=\"Calque_1\" data-name=\"Calque 1\" viewBox=\"0 0 114.5 114.5\"><defs><style>.cls-1{fill:#fafafa;}.cls-2{fill:#a8091a;}<\/style><\/defs><path class=\"cls-1\" d=\"M57.25,0A57.25,57.25,0,1,0,114.5,57.25,57.25,57.25,0,0,0,57.25,0Zm-6.1,77.9a2.6,2.6,0,0,1-3.68-3.68l17-17-17-17a2.6,2.6,0,0,1,3.68-3.68L71.8,57.25Z\"><\/path><path class=\"cls-2\" d=\"M47.47,36.6a2.6,2.6,0,0,0,0,3.68l17,17-17,17a2.6,2.6,0,0,0,3.68,3.68L71.8,57.25,51.15,36.6A2.6,2.6,0,0,0,47.47,36.6Z\"><\/path><\/svg>\t\t\t<\/span>\n\t\t\t\t\t\t\t\t\t<span class=\"elementor-button-text\">Lire le mot<\/span>\n\t\t\t\t\t<\/span>\n\t\t\t\t\t<\/a>\n\t\t\t\t<\/div>\n\t\t\t\t\t\t\t\t<\/div>\n\t\t\t\t<\/div>\n\t\t\t\t\t<\/div>\n\t\t\t\t<\/div>\n\t\t\t\t\t<\/div>\n\t\t\t\t<\/div>\n\t\t\t\t\t<\/div>\n\t\t\t\t<\/div>\n\t\t\t\t\t<\/div>\n\t\t\t\t<\/div>\n\t\t<div class=\"elementor-element elementor-element-2e59549 watch-on-display e-flex e-con-boxed e-con e-parent\" data-id=\"2e59549\" data-element_type=\"container\" data-e-type=\"container\" data-settings=\"{&quot;animation&quot;:&quot;none&quot;,&quot;animation_delay&quot;:20}\">\n\t\t\t\t\t<div class=\"e-con-inner\">\n\t\t\t\t<div class=\"elementor-element elementor-element-1752cc4d animate-on-display elementor-widget elementor-widget-heading\" data-id=\"1752cc4d\" data-element_type=\"widget\" data-e-type=\"widget\" data-widget_type=\"heading.default\">\n\t\t\t\t<div class=\"elementor-widget-container\">\n\t\t\t\t\t<h2 class=\"elementor-heading-title elementor-size-default\">Mandat.<\/h2>\t\t\t\t<\/div>\n\t\t\t\t<\/div>\n\t\t\t\t<div class=\"elementor-element elementor-element-8c426df elementor-widget elementor-widget-text-editor\" data-id=\"8c426df\" data-element_type=\"widget\" data-e-type=\"widget\" data-widget_type=\"text-editor.default\">\n\t\t\t\t<div class=\"elementor-widget-container\">\n\t\t\t\t\t\t\t\t\t<p>Le 14 juin 2012, le Grand Conseil du canton du Valais se prononce \u00e0 l\u2019unanimit\u00e9 pour la cr\u00e9ation d\u2019une entreprise unique, intersectorielle et ind\u00e9pendante pour la promotion du Valais. L\u2019art. 15bis de la loi sur la politique \u00e9conomique du canton du 11 f\u00e9vrier 2000 fixe les buts suivants \u00e0 cette entit\u00e9 : Elle vise, par une promotion cibl\u00e9e, \u00e0 attirer les visiteurs, les investissements et les entreprises ainsi qu\u2019\u00e0 l\u2019exportation de biens et services produits en Valais. Elle assure \u00e9galement une gestion de marque unifi\u00e9e et elle tient compte des particularit\u00e9s des processus de promotion sp\u00e9cifiques aux diff\u00e9rents secteurs d\u2019activit\u00e9s. Son activit\u00e9 est orient\u00e9e en direction des besoins du march\u00e9 et elle collabore \u00e9troitement avec les diff\u00e9rents repr\u00e9sentants des branches concern\u00e9es.<\/p><p>En d\u00e9cembre 2023, le Parlement valaisan a d\u00e9cid\u00e9, \u00e0 une large majorit\u00e9, de renouveler pour 4 ans la subvention cantonale annuelle de 11,5 millions de francs. Cette d\u00e9cision, en accord avec les recommandations du Conseil d\u2019\u00c9tat, permet d\u2019assurer la continuit\u00e9 des activit\u00e9s existantes de l\u2019organe de promotion intersectorielle. Elle t\u00e9moigne \u00e9galement de la confiance accord\u00e9e par le canton et la politique \u00e0 VWP.<\/p><p><a href=\"https:\/\/vwpnet.ch\/fr\/pages\/qui-sommes-nous\/valais-wallis-promotion\/l-entreprise-de-promotion-du-valais-342\" target=\"_blank\" rel=\"noopener\">En savoir plus<\/a><\/p>\t\t\t\t\t\t\t\t<\/div>\n\t\t\t\t<\/div>\n\t\t\t\t\t<\/div>\n\t\t\t\t<\/div>\n\t\t<div class=\"elementor-element elementor-element-4d6f562c watch-on-display e-flex e-con-boxed e-con e-parent\" data-id=\"4d6f562c\" data-element_type=\"container\" data-e-type=\"container\" data-settings=\"{&quot;animation&quot;:&quot;none&quot;,&quot;animation_delay&quot;:20}\">\n\t\t\t\t\t<div class=\"e-con-inner\">\n\t\t\t\t<div class=\"elementor-element elementor-element-176aae9 animate-on-display elementor-widget elementor-widget-heading\" data-id=\"176aae9\" data-element_type=\"widget\" data-e-type=\"widget\" data-widget_type=\"heading.default\">\n\t\t\t\t<div class=\"elementor-widget-container\">\n\t\t\t\t\t<h2 class=\"elementor-heading-title elementor-size-default\">Strat\u00e9gie.<\/h2>\t\t\t\t<\/div>\n\t\t\t\t<\/div>\n\t\t\t\t<div class=\"elementor-element elementor-element-c1959b4 animate-on-display elementor-widget elementor-widget-text-editor\" data-id=\"c1959b4\" data-element_type=\"widget\" data-e-type=\"widget\" data-widget_type=\"text-editor.default\">\n\t\t\t\t<div class=\"elementor-widget-container\">\n\t\t\t\t\t\t\t\t\t<h3>Strategie 2025-2028<\/h3><p style=\"font-weight: 400;\">La strat\u00e9gie 2025 \u2013 2028 s\u2019inscrit dans la continuit\u00e9 de celle de 2021-2024. Valais\/Wallis Promotion souhaite ainsi poursuivre la strat\u00e9gie actuelle tout en cr\u00e9ant, avec ses partenaires, de la valeur ajout\u00e9e durable pour le canton. VWP oriente son organisation de mani\u00e8re cons\u00e9quente sur les march\u00e9s principaux que sont, en ordre de priorit\u00e9, la Suisse, l\u2019Europe et les march\u00e9s lointains.<\/p><p style=\"font-weight: 400;\">Sur le plan op\u00e9rationnel, avec des expertises sp\u00e9cialis\u00e9es et th\u00e9matiques, VWP s\u2019oriente vers une organisation de projets agile avec des expertises sp\u00e9cialis\u00e9es et th\u00e9matiques, afin de r\u00e9pondre encore plus efficacement aux besoins de ses clients et partenaires.<\/p><p><a href=\"https:\/\/vwpnet.ch\/media\/document\/0\/VWP_RS%2025-28_A4_FR_RVB_20240606.pdf\" target=\"_blank\" rel=\"noopener\">D\u00e9couvrir la strat\u00e9gie<\/a><\/p>\t\t\t\t\t\t\t\t<\/div>\n\t\t\t\t<\/div>\n\t\t\t\t\t<\/div>\n\t\t\t\t<\/div>\n\t\t<div class=\"elementor-element elementor-element-0b70233 watch-on-display e-flex e-con-boxed e-con e-parent\" data-id=\"0b70233\" data-element_type=\"container\" data-e-type=\"container\">\n\t\t\t\t\t<div class=\"e-con-inner\">\n\t\t<div class=\"elementor-element elementor-element-ea0a036 e-con-full e-flex e-con e-child\" data-id=\"ea0a036\" data-element_type=\"container\" data-e-type=\"container\">\n\t\t\t\t<div class=\"elementor-element elementor-element-9d506e7 animate-on-display elementor-widget elementor-widget-text-editor\" data-id=\"9d506e7\" data-element_type=\"widget\" data-e-type=\"widget\" data-widget_type=\"text-editor.default\">\n\t\t\t\t<div class=\"elementor-widget-container\">\n\t\t\t\t\t\t\t\t\t<h3>Responsabilit\u00e9 soci\u00e9tale de VWP.<\/h3><p>Naturellement int\u00e9gr\u00e9e dans les activit\u00e9s de l\u2019organisation depuis plusieurs ann\u00e9es, la durabilit\u00e9 s\u2019inscrit d\u00e9sormais pleinement dans la strat\u00e9gie 2025\u20132028. Certifi\u00e9e Valais Excellence depuis sa cr\u00e9ation et Swisstainable niveau III (leading), VWP a mis en place en 2024 un centre de comp\u00e9tences interne d\u00e9di\u00e9 et mandat\u00e9 une agence externe pour le soutenir dans cette d\u00e9marche de positionnement, avec comme objectif de \u00ab structurer une strat\u00e9gie de responsabilit\u00e9 soci\u00e9tale (RSE) claire, accessible et efficace \u00bb.<\/p><p>Un diagnostic approfondi a permis d\u2019identifier les bonnes pratiques existantes, de proposer des axes de d\u00e9veloppement et de poser les bases d\u2019un engagement \u00e0 long terme. Six enjeux strat\u00e9giques prioritaires ont ainsi \u00e9t\u00e9 d\u00e9fini pour fa\u00e7onner le Valais de demain. En parall\u00e8le, VWP est en train de r\u00e9aliser un bilan carbone afin d\u2019identifier des actions concr\u00e8tes pour r\u00e9duire ses \u00e9missions de CO2. Cette d\u00e9marche t\u00e9moigne de l\u2019engagement de VWP \u00e0 faire preuve d\u2019exemplarit\u00e9 et \u00e0 contribuer activement au d\u00e9veloppement d\u2019un Valais durable sur le plan \u00e9cologique, \u00e9conomique et social.<\/p><p><a href=\"https:\/\/www.vwpnet.ch\/fr\/pages\/durabilite\/enjeux-strategiques-et-initiatives-concretes-3911\" target=\"_blank\" rel=\"noopener\">Plus d&rsquo;informations<\/a><\/p>\t\t\t\t\t\t\t\t<\/div>\n\t\t\t\t<\/div>\n\t\t\t\t<\/div>\n\t\t<div class=\"elementor-element elementor-element-c805223 e-con-full e-flex e-con e-child\" data-id=\"c805223\" data-element_type=\"container\" data-e-type=\"container\">\n\t\t\t\t<div class=\"elementor-element elementor-element-effbaf7 animate-on-display elementor-widget elementor-widget-image\" data-id=\"effbaf7\" data-element_type=\"widget\" data-e-type=\"widget\" data-widget_type=\"image.default\">\n\t\t\t\t<div class=\"elementor-widget-container\">\n\t\t\t\t\t\t\t\t\t\t\t\t\t\t\t\t<a href=\"https:\/\/rapport-valais.ch\/wp-content\/uploads\/2025\/05\/Bildschirmfoto-2025-05-13-um-12.21.47.png\" data-elementor-open-lightbox=\"yes\" data-elementor-lightbox-title=\"Bildschirmfoto 2025-05-13 um 12.21.47\" data-e-action-hash=\"#elementor-action%3Aaction%3Dlightbox%26settings%3DeyJpZCI6MTU1MTQsInVybCI6Imh0dHBzOlwvXC9yYXBwb3J0LXZhbGFpcy5jaFwvd3AtY29udGVudFwvdXBsb2Fkc1wvMjAyNVwvMDVcL0JpbGRzY2hpcm1mb3RvLTIwMjUtMDUtMTMtdW0tMTIuMjEuNDcucG5nIn0%3D\">\n\t\t\t\t\t\t\t<img loading=\"lazy\" decoding=\"async\" width=\"800\" height=\"879\" src=\"https:\/\/rapport-valais.ch\/wp-content\/uploads\/2025\/05\/Bildschirmfoto-2025-05-13-um-12.21.47-932x1024.png\" class=\"attachment-large size-large wp-image-15514\" alt=\"\" srcset=\"https:\/\/rapport-valais.ch\/wp-content\/uploads\/2025\/05\/Bildschirmfoto-2025-05-13-um-12.21.47-932x1024.png 932w, https:\/\/rapport-valais.ch\/wp-content\/uploads\/2025\/05\/Bildschirmfoto-2025-05-13-um-12.21.47-273x300.png 273w, https:\/\/rapport-valais.ch\/wp-content\/uploads\/2025\/05\/Bildschirmfoto-2025-05-13-um-12.21.47-768x844.png 768w, https:\/\/rapport-valais.ch\/wp-content\/uploads\/2025\/05\/Bildschirmfoto-2025-05-13-um-12.21.47.png 1012w\" sizes=\"(max-width: 800px) 100vw, 800px\" \/>\t\t\t\t\t\t\t\t<\/a>\n\t\t\t\t\t\t\t\t\t\t\t\t\t\t\t<\/div>\n\t\t\t\t<\/div>\n\t\t\t\t<\/div>\n\t\t\t\t\t<\/div>\n\t\t\t\t<\/div>\n\t\t<div class=\"elementor-element elementor-element-7af9f76 e-flex e-con-boxed e-con e-parent\" data-id=\"7af9f76\" data-element_type=\"container\" data-e-type=\"container\">\n\t\t\t\t\t<div class=\"e-con-inner\">\n\t\t<div class=\"elementor-element elementor-element-9b3c24d e-con-full e-flex e-con e-child\" data-id=\"9b3c24d\" data-element_type=\"container\" data-e-type=\"container\">\n\t\t<div class=\"elementor-element elementor-element-4a944f9 e-con-full watch-on-display e-flex e-con e-child\" data-id=\"4a944f9\" data-element_type=\"container\" data-e-type=\"container\" data-settings=\"{&quot;background_background&quot;:&quot;classic&quot;,&quot;position&quot;:&quot;absolute&quot;}\">\n\t\t\t\t<div class=\"elementor-element elementor-element-e55b244 animate-on-display elementor-widget elementor-widget-heading\" data-id=\"e55b244\" data-element_type=\"widget\" data-e-type=\"widget\" id=\"Manifeste des Alpes\" data-widget_type=\"heading.default\">\n\t\t\t\t<div class=\"elementor-widget-container\">\n\t\t\t\t\t<h3 class=\"elementor-heading-title elementor-size-default\">Manifeste des Alpes.<\/h3>\t\t\t\t<\/div>\n\t\t\t\t<\/div>\n\t\t\t\t<div class=\"elementor-element elementor-element-3c468b8 animate-on-display elementor-widget elementor-widget-text-editor\" data-id=\"3c468b8\" data-element_type=\"widget\" data-e-type=\"widget\" data-widget_type=\"text-editor.default\">\n\t\t\t\t<div class=\"elementor-widget-container\">\n\t\t\t\t\t\t\t\t\t<p style=\"font-weight: 400;\">En juin 2025, le r\u00e9seau touristique AlpNet a pr\u00e9sent\u00e9 le Manifeste des Alpes lors de l\u2019Alpine Climate Summit organis\u00e9 sur la Zugspitze. Neuf destinations d\u2019Allemagne, d\u2019Autriche, de Suisse et d\u2019Italie y affirment leur engagement en faveur d\u2019un tourisme responsable et durable dans l\u2019espace alpin. Le Manifeste \u00e9nonce dix principes directeurs et explique, \u00e0 travers des projets concrets, comment mettre en \u0153uvre un tourisme alpin durable. En participant \u00e0 cette initiative, Valais\/Wallis Promotion souligne l\u2019engagement du Valais en faveur d\u2019une approche p\u00e9renne et une r\u00e9elle volont\u00e9 de coop\u00e9ration transfrontali\u00e8re.<\/p>\t\t\t\t\t\t\t\t<\/div>\n\t\t\t\t<\/div>\n\t\t\t\t<div class=\"elementor-element elementor-element-90c1ed7 animate-on-display elementor-widget elementor-widget-button\" data-id=\"90c1ed7\" data-element_type=\"widget\" data-e-type=\"widget\" data-widget_type=\"button.default\">\n\t\t\t\t<div class=\"elementor-widget-container\">\n\t\t\t\t\t\t\t\t\t<div class=\"elementor-button-wrapper\">\n\t\t\t\t\t<a class=\"elementor-button elementor-button-link elementor-size-md\" href=\"https:\/\/www.vwpnet.ch\/fr\/news\/informations-partenaires\/manifeste-des-alpes--un-nouveau-cap-pour-un-tourisme-alpin-responsable-3961\" target=\"_blank\">\n\t\t\t\t\t\t<span class=\"elementor-button-content-wrapper\">\n\t\t\t\t\t\t<span class=\"elementor-button-icon\">\n\t\t\t\t<svg xmlns=\"http:\/\/www.w3.org\/2000\/svg\" id=\"Calque_1\" data-name=\"Calque 1\" viewBox=\"0 0 114.5 114.5\"><defs><style>.cls-1{fill:#fafafa;}.cls-2{fill:#a8091a;}<\/style><\/defs><path class=\"cls-1\" d=\"M57.25,0A57.25,57.25,0,1,0,114.5,57.25,57.25,57.25,0,0,0,57.25,0Zm-6.1,77.9a2.6,2.6,0,0,1-3.68-3.68l17-17-17-17a2.6,2.6,0,0,1,3.68-3.68L71.8,57.25Z\"><\/path><path class=\"cls-2\" d=\"M47.47,36.6a2.6,2.6,0,0,0,0,3.68l17,17-17,17a2.6,2.6,0,0,0,3.68,3.68L71.8,57.25,51.15,36.6A2.6,2.6,0,0,0,47.47,36.6Z\"><\/path><\/svg>\t\t\t<\/span>\n\t\t\t\t\t\t\t\t\t<span class=\"elementor-button-text\">D\u00e9couvrir<\/span>\n\t\t\t\t\t<\/span>\n\t\t\t\t\t<\/a>\n\t\t\t\t<\/div>\n\t\t\t\t\t\t\t\t<\/div>\n\t\t\t\t<\/div>\n\t\t\t\t<\/div>\n\t\t\t\t<\/div>\n\t\t<div class=\"elementor-element elementor-element-13445f7 e-flex e-con-boxed e-con e-child\" data-id=\"13445f7\" data-element_type=\"container\" data-e-type=\"container\" data-settings=\"{&quot;background_background&quot;:&quot;classic&quot;,&quot;background_motion_fx_motion_fx_scrolling&quot;:&quot;yes&quot;,&quot;background_motion_fx_translateY_effect&quot;:&quot;yes&quot;,&quot;background_motion_fx_translateY_speed&quot;:{&quot;unit&quot;:&quot;px&quot;,&quot;size&quot;:2,&quot;sizes&quot;:[]},&quot;background_motion_fx_translateY_affectedRange&quot;:{&quot;unit&quot;:&quot;%&quot;,&quot;size&quot;:&quot;&quot;,&quot;sizes&quot;:{&quot;start&quot;:0,&quot;end&quot;:100}},&quot;background_motion_fx_devices&quot;:[&quot;desktop&quot;,&quot;tablet&quot;,&quot;mobile&quot;]}\">\n\t\t\t\t\t<div class=\"e-con-inner\">\n\t\t\t\t\t<\/div>\n\t\t\t\t<\/div>\n\t\t\t\t\t<\/div>\n\t\t\t\t<\/div>\n\t\t<div class=\"elementor-element elementor-element-50a8655 watch-on-display e-flex e-con-boxed e-con e-parent\" data-id=\"50a8655\" data-element_type=\"container\" data-e-type=\"container\">\n\t\t\t\t\t<div class=\"e-con-inner\">\n\t\t\t\t<div class=\"elementor-element elementor-element-7ae1355 animate-on-display elementor-widget elementor-widget-heading\" data-id=\"7ae1355\" data-element_type=\"widget\" data-e-type=\"widget\" data-widget_type=\"heading.default\">\n\t\t\t\t<div class=\"elementor-widget-container\">\n\t\t\t\t\t<h2 class=\"elementor-heading-title elementor-size-default\">Vid\u00e9o 2025 en cours de r\u00e9alisation<\/h2>\t\t\t\t<\/div>\n\t\t\t\t<\/div>\n\t\t\t\t<div class=\"elementor-element elementor-element-f7db8f5 elementor-widget elementor-widget-video\" data-id=\"f7db8f5\" data-element_type=\"widget\" data-e-type=\"widget\" data-settings=\"{&quot;youtube_url&quot;:&quot;https:\\\/\\\/www.youtube.com\\\/watch?v=j9tLfeZvXAU&quot;,&quot;video_type&quot;:&quot;youtube&quot;,&quot;controls&quot;:&quot;yes&quot;}\" data-widget_type=\"video.default\">\n\t\t\t\t<div class=\"elementor-widget-container\">\n\t\t\t\t\t\t\t<div class=\"elementor-wrapper elementor-open-inline\">\n\t\t\t<div class=\"elementor-video\"><\/div>\t\t<\/div>\n\t\t\t\t\t\t<\/div>\n\t\t\t\t<\/div>\n\t\t\t\t\t<\/div>\n\t\t\t\t<\/div>\n\t\t<div class=\"elementor-element elementor-element-9080f51 e-con-full e-flex e-con e-parent\" data-id=\"9080f51\" data-element_type=\"container\" data-e-type=\"container\">\n\t\t<div class=\"elementor-element elementor-element-68e2e2e e-flex e-con-boxed e-con e-child\" data-id=\"68e2e2e\" data-element_type=\"container\" data-e-type=\"container\">\n\t\t\t\t\t<div class=\"e-con-inner\">\n\t\t\t\t<div class=\"elementor-element elementor-element-a6e82f0 animate-on-display elementor-widget elementor-widget-heading\" data-id=\"a6e82f0\" data-element_type=\"widget\" data-e-type=\"widget\" data-widget_type=\"heading.default\">\n\t\t\t\t<div class=\"elementor-widget-container\">\n\t\t\t\t\t<h2 class=\"elementor-heading-title elementor-size-default\">Jalons.<\/h2>\t\t\t\t<\/div>\n\t\t\t\t<\/div>\n\t\t\t\t\t<\/div>\n\t\t\t\t<\/div>\n\t\t\t\t<div class=\"elementor-element elementor-element-3b00928 elementor-widget elementor-widget-valdev-timeline\" data-id=\"3b00928\" data-element_type=\"widget\" data-e-type=\"widget\" data-widget_type=\"valdev-timeline.default\">\n\t\t\t\t<div class=\"elementor-widget-container\">\n\t\t\t\t\t<script>\n    const animateTimeline = (entries) => {\n        entries.forEach((entry) => {\n        const elementsToAnimate = entry.target.querySelectorAll('.animate-timeline')\n        if (entry.isIntersecting) elementsToAnimate.forEach((elementToAnimate) => elementToAnimate.classList.add('ae-timeline'))\n        else elementsToAnimate.forEach((elementToAnimate) => elementToAnimate.classList.remove('ae-timeline'))\n        })\n    }\n\n    const observertimeline = new IntersectionObserver(animateTimeline)\n\n    document.addEventListener(\"DOMContentLoaded\", () => {\n        document.querySelectorAll('.watch-timeline').forEach((element) => observertimeline.observe(element))\n        var elements = document.getElementsByClassName(\"animate-timeline\");\n            for (var i = 0; i < elements.length; i++) {\n            elements[i].style.visibility = \"hidden\";\n        }\n    })\n<\/script>\n<div class=\"main-ctn\">\n    <div class=\"grid-ctn watch-timeline\">\n\n        \n                                    <a class=\"card-ctn animate-timeline janvier\" href=\"#Renouvellement du mandat Valais Film Commission\">\n                        <div class=\"card haveLink\">\n                                                            <img decoding=\"async\" src=\"https:\/\/rapport-valais.ch\/wp-content\/uploads\/2026\/03\/VFC_MFB_BTS_DT11_Simplon_021_\u00a9-Atlantis-Pictures-ltd-scaled.jpg\">\n                                                        <div class=\"txt\">Renouvellement du mandat Valais Film Commission<\/div>\n                            <span class=\"btn\">D\u00e9couvrir<\/span>\n                        <\/div>\n                        <div class=\"line-ctn\">\n                                                            <span class=\"month-name \">Janvier<\/span>\n                                                    <\/div>\n                    <\/a>\n                \n\n            \n        \n                                    <a class=\"card-ctn animate-timeline fevrier\" href=\"#FIS Ski World Cup Crans-Montana\">\n                        <div class=\"card haveLink\">\n                                                            <img decoding=\"async\" src=\"https:\/\/rapport-valais.ch\/wp-content\/uploads\/2026\/03\/cdm25_MarcoOdermattArrivee_360DSM-scaled.jpg\">\n                                                        <div class=\"txt\">FIS Ski World Cup Crans-Montana<\/div>\n                            <span class=\"btn\">D\u00e9couvrir<\/span>\n                        <\/div>\n                        <div class=\"line-ctn\">\n                                                            <span class=\"month-name \">F\u00e9vrier<\/span>\n                                                    <\/div>\n                    <\/a>\n                \n\n            \n        \n                                    <a class=\"card-ctn animate-timeline mars\" href=\"#ISMF World Championships R\u00e9gion Dents du Midi\">\n                        <div class=\"card haveLink\">\n                                                            <img decoding=\"async\" src=\"https:\/\/rapport-valais.ch\/wp-content\/uploads\/2026\/03\/ISMF-WM-Morgins-scaled-e1773660254607.jpg\">\n                                                        <div class=\"txt\">ISMF World Championships R\u00e9gion Dents du Midi<\/div>\n                            <span class=\"btn\">D\u00e9couvrir<\/span>\n                        <\/div>\n                        <div class=\"line-ctn\">\n                                                            <span class=\"month-name \">Mars<\/span>\n                                                    <\/div>\n                    <\/a>\n                \n\n            \n        \n                                    <a class=\"card-ctn animate-timeline avril\">\n                        <div class=\"card\">\n                                                            <img decoding=\"async\" src=\"https:\/\/rapport-valais.ch\/wp-content\/uploads\/2026\/03\/AG-MRAG-2025-5_cValais_Wallis-Promotion-1-scaled.jpg\">\n                                                        <div class=\"txt\">Assembl\u00e9e g\u00e9n\u00e9rale de la MRAG<\/div>\n                        <\/div>\n                        <div class=\"line-ctn\">\n                                                            <span class=\"month-name \">Avril<\/span>\n                                                    <\/div>\n                    <\/a>\n                \n\n            \n        \n                                    <a class=\"card-ctn animate-timeline mai\">\n                        <div class=\"card\">\n                                                            <img decoding=\"async\" src=\"https:\/\/rapport-valais.ch\/wp-content\/uploads\/2026\/03\/GV-VWP-2025-scaled-e1773661519161.jpg\">\n                                                        <div class=\"txt\">Assembl\u00e9e g\u00e9n\u00e9rale Valais\/Wallis Promotion<\/div>\n                        <\/div>\n                        <div class=\"line-ctn\">\n                                                    <\/div>\n                    <\/a>\n                \n\n            \n                                    <a class=\"card-ctn animate-timeline mai\" href=\"#Cycle Week Zurich\">\n                        <div class=\"card haveLink\">\n                                                            <img decoding=\"async\" src=\"https:\/\/rapport-valais.ch\/wp-content\/uploads\/2026\/03\/Cycle-Week-2.jpg\">\n                                                        <div class=\"txt\">Cycle Week Zurich<\/div>\n                            <span class=\"btn\">D\u00e9couvrir<\/span>\n                        <\/div>\n                        <div class=\"line-ctn\">\n                                                            <span class=\"month-name half\">Mai<\/span>\n                                                    <\/div>\n                    <\/a>\n                \n\n            \n                                    <a class=\"card-ctn animate-timeline mai\" href=\"#Finale nationale de la race d\u2019H\u00e9rens\">\n                        <div class=\"card haveLink\">\n                                                            <img decoding=\"async\" src=\"https:\/\/rapport-valais.ch\/wp-content\/uploads\/2026\/03\/Eringer-Aproz-Finale-2025-scaled.jpg\">\n                                                        <div class=\"txt\">Finale nationale de la race d\u2019H\u00e9rens<\/div>\n                            <span class=\"btn\">D\u00e9couvrir<\/span>\n                        <\/div>\n                        <div class=\"line-ctn\">\n                                                    <\/div>\n                    <\/a>\n                \n\n            \n                                    <a class=\"card-ctn animate-timeline mai\" href=\"#Mon c\u0153ur bat pour le L\u00f6tschental\">\n                        <div class=\"card haveLink\">\n                                                            <img decoding=\"async\" src=\"https:\/\/rapport-valais.ch\/wp-content\/uploads\/2026\/04\/Mon-Coeur-Loetschental-e1776857940550.jpeg\">\n                                                        <div class=\"txt\">Mon c\u0153ur bat pour le L\u00f6tschental<\/div>\n                            <span class=\"btn\">D\u00e9couvrir<\/span>\n                        <\/div>\n                        <div class=\"line-ctn\">\n                                                    <\/div>\n                    <\/a>\n                \n\n            \n        \n                                    <a class=\"card-ctn animate-timeline juin\" href=\"#Manifeste des Alpes\">\n                        <div class=\"card haveLink\">\n                                                            <img decoding=\"async\" src=\"https:\/\/rapport-valais.ch\/wp-content\/uploads\/2026\/03\/AlpNet_Principles_Illustration.jpg\">\n                                                        <div class=\"txt\">Manifeste des Alpes<\/div>\n                            <span class=\"btn\">D\u00e9couvrir<\/span>\n                        <\/div>\n                        <div class=\"line-ctn\">\n                                                            <span class=\"month-name \">Juin<\/span>\n                                                    <\/div>\n                    <\/a>\n                \n\n            \n        \n                                    <a class=\"card-ctn animate-timeline juillet\" href=\"#UEFA Women\u2019s EURO\">\n                        <div class=\"card haveLink\">\n                                                            <img decoding=\"async\" src=\"https:\/\/rapport-valais.ch\/wp-content\/uploads\/2026\/03\/WEuro-2025-scaled.jpg\">\n                                                        <div class=\"txt\">UEFA Women\u2019s EURO<\/div>\n                            <span class=\"btn\">D\u00e9couvrir<\/span>\n                        <\/div>\n                        <div class=\"line-ctn\">\n                                                            <span class=\"month-name half\">Juillet<\/span>\n                                                    <\/div>\n                    <\/a>\n                \n\n            \n                                    <a class=\"card-ctn animate-timeline juillet\" href=\"#Calendrier saisonnier digital des produits r\u00e9gionaux\">\n                        <div class=\"card haveLink\">\n                                                            <img decoding=\"async\" src=\"https:\/\/rapport-valais.ch\/wp-content\/uploads\/2026\/03\/VWP_Fruit-et-Legumes_072-H-OK-13-scaled.jpg\">\n                                                        <div class=\"txt\">Calendrier saisonnier digital des produits r\u00e9gionaux<\/div>\n                            <span class=\"btn\">D\u00e9couvrir<\/span>\n                        <\/div>\n                        <div class=\"line-ctn\">\n                                                    <\/div>\n                    <\/a>\n                \n\n            \n        \n                                    <a class=\"card-ctn animate-timeline aout\" href=\"#Omega European Masters\">\n                        <div class=\"card haveLink\">\n                                                            <img decoding=\"async\" src=\"https:\/\/rapport-valais.ch\/wp-content\/uploads\/2026\/03\/OEM25_Green13_Wallace_Lawrence_Fitzpatrick_DeprezPhoto-scaled.jpg\">\n                                                        <div class=\"txt\">Omega European Masters<\/div>\n                            <span class=\"btn\">D\u00e9couvrir<\/span>\n                        <\/div>\n                        <div class=\"line-ctn\">\n                                                            <span class=\"month-name \">Ao\u00fbt<\/span>\n                                                    <\/div>\n                    <\/a>\n                \n\n            \n        \n                                    <a class=\"card-ctn animate-timeline septembre\" href=\"#Championnats du Monde Mountain Bike UCI 2025\">\n                        <div class=\"card haveLink\">\n                                                            <img decoding=\"async\" src=\"https:\/\/rapport-valais.ch\/wp-content\/uploads\/2026\/03\/DHI_WomenElite_Champery_Valais-2025_UCI-Worldchampionships_@SWpix-scaled.jpg\">\n                                                        <div class=\"txt\">Championnats du Monde Mountain Bike UCI 2025<\/div>\n                            <span class=\"btn\">D\u00e9couvrir<\/span>\n                        <\/div>\n                        <div class=\"line-ctn\">\n                                                            <span class=\"month-name half\">Septembre<\/span>\n                                                    <\/div>\n                    <\/a>\n                \n\n            \n                                    <a class=\"card-ctn animate-timeline septembre\">\n                        <div class=\"card\">\n                                                            <img decoding=\"async\" src=\"https:\/\/rapport-valais.ch\/wp-content\/uploads\/2026\/03\/Switzerland-travel-mart-scaled.jpg\">\n                                                        <div class=\"txt\">Switzerland Travel Mart \u00e0 Zermatt<\/div>\n                        <\/div>\n                        <div class=\"line-ctn\">\n                                                    <\/div>\n                    <\/a>\n                \n\n            \n        \n                                    <a class=\"card-ctn animate-timeline octobre\" href=\"#Le Valais, h\u00f4te d\u2019honneur de l\u2019OLMA\">\n                        <div class=\"card haveLink\">\n                                                            <img decoding=\"async\" src=\"https:\/\/rapport-valais.ch\/wp-content\/uploads\/2026\/03\/2025_St-Gall_OLMA_\u00a9Valais_Wallis-Promotion-levin.studio_VWP-OLMA25-119-scaled-e1773669328231.jpg\">\n                                                        <div class=\"txt\">Le Valais, h\u00f4te d\u2019honneur de l\u2019OLMA<\/div>\n                            <span class=\"btn\">D\u00e9couvrir<\/span>\n                        <\/div>\n                        <div class=\"line-ctn\">\n                                                    <\/div>\n                    <\/a>\n                \n\n            \n                                    <a class=\"card-ctn animate-timeline octobre\" href=\"#Tester la vie en Valais\">\n                        <div class=\"card haveLink\">\n                                                            <img decoding=\"async\" src=\"https:\/\/rapport-valais.ch\/wp-content\/uploads\/2026\/03\/Probeleben_MINTworld_Visp_Familie-Braunschweiler_10\u00a9VWP_Roger-Brunner-scaled.jpg\">\n                                                        <div class=\"txt\">Tester la vie en Valais<\/div>\n                            <span class=\"btn\">D\u00e9couvrir<\/span>\n                        <\/div>\n                        <div class=\"line-ctn\">\n                                                            <span class=\"month-name half\">Octobre<\/span>\n                                                    <\/div>\n                    <\/a>\n                \n\n            \n                                    <a class=\"card-ctn animate-timeline octobre\" href=\"#Salon Suisse des Go\u00fbts et Terroirs\">\n                        <div class=\"card haveLink\">\n                                                            <img decoding=\"async\" src=\"https:\/\/rapport-valais.ch\/wp-content\/uploads\/2026\/03\/Salon-des-gouts-et-Terroirs1-scaled.jpg\">\n                                                        <div class=\"txt\">Salon Suisse des Go\u00fbts et Terroirs<\/div>\n                            <span class=\"btn\">D\u00e9couvrir<\/span>\n                        <\/div>\n                        <div class=\"line-ctn\">\n                                                    <\/div>\n                    <\/a>\n                \n\n            \n                                    <a class=\"card-ctn animate-timeline octobre\" href=\"#Championnats du Monde de la Raclette\">\n                        <div class=\"card haveLink\">\n                                                            <img decoding=\"async\" src=\"https:\/\/rapport-valais.ch\/wp-content\/uploads\/2026\/03\/Raclette-WM-Morgins.jpg\">\n                                                        <div class=\"txt\">Championnats du Monde de la Raclette<\/div>\n                            <span class=\"btn\">D\u00e9couvrir<\/span>\n                        <\/div>\n                        <div class=\"line-ctn\">\n                                                    <\/div>\n                    <\/a>\n                \n\n            \n        \n                                    <a class=\"card-ctn animate-timeline novembre\" href=\"#Caves ouvertes en fin d\u2019ann\u00e9e\">\n                        <div class=\"card haveLink\">\n                                                            <img decoding=\"async\" src=\"https:\/\/rapport-valais.ch\/wp-content\/uploads\/2026\/03\/2025_Oenotourisme_cave-germanier_\u00a9Valais-Wallis-Promotion-Colla-Images_250718_VWP_1814-scaled.jpg\">\n                                                        <div class=\"txt\">Caves ouvertes en fin d\u2019ann\u00e9e<\/div>\n                            <span class=\"btn\">D\u00e9couvrir<\/span>\n                        <\/div>\n                        <div class=\"line-ctn\">\n                                                            <span class=\"month-name \">Novembre<\/span>\n                                                    <\/div>\n                    <\/a>\n                \n\n            \n        \n                                    <a class=\"card-ctn animate-timeline decembre\" href=\"#Petit-d\u00e9jeuner des partenaires VWP\">\n                        <div class=\"card haveLink\">\n                                                            <img decoding=\"async\" src=\"https:\/\/rapport-valais.ch\/wp-content\/uploads\/2026\/03\/VWP-Partnerfruhstuck-2025_2-scaled.jpg\">\n                                                        <div class=\"txt\">Petit-d\u00e9jeuner des partenaires VWP<\/div>\n                            <span class=\"btn\">D\u00e9couvrir<\/span>\n                        <\/div>\n                        <div class=\"line-ctn\">\n                                                            <span class=\"month-name \">D\u00e9cembre<\/span>\n                                                    <\/div>\n                    <\/a>\n                \n\n            \n        \n    <\/div>\n<\/div>\t\t\t\t<\/div>\n\t\t\t\t<\/div>\n\t\t\t\t<\/div>\n\t\t<div class=\"elementor-element elementor-element-27fa93bd watch-on-display e-flex e-con-boxed e-con e-parent\" data-id=\"27fa93bd\" data-element_type=\"container\" data-e-type=\"container\" data-settings=\"{&quot;animation&quot;:&quot;none&quot;,&quot;animation_delay&quot;:20}\">\n\t\t\t\t\t<div class=\"e-con-inner\">\n\t\t\t\t<div class=\"elementor-element elementor-element-18f5d042 animate-on-display elementor-widget elementor-widget-heading\" data-id=\"18f5d042\" data-element_type=\"widget\" data-e-type=\"widget\" data-widget_type=\"heading.default\">\n\t\t\t\t<div class=\"elementor-widget-container\">\n\t\t\t\t\t<h2 class=\"elementor-heading-title elementor-size-default\">Analyse des march\u00e9s.<\/h2>\t\t\t\t<\/div>\n\t\t\t\t<\/div>\n\t\t\t\t\t<\/div>\n\t\t\t\t<\/div>\n\t\t<div class=\"elementor-element elementor-element-2a81ef47 watch-on-display e-flex e-con-boxed e-con e-parent\" data-id=\"2a81ef47\" data-element_type=\"container\" data-e-type=\"container\">\n\t\t\t\t\t<div class=\"e-con-inner\">\n\t\t<div class=\"elementor-element elementor-element-3ac31e4e e-flex e-con-boxed e-con e-child\" data-id=\"3ac31e4e\" data-element_type=\"container\" data-e-type=\"container\">\n\t\t\t\t\t<div class=\"e-con-inner\">\n\t\t\t\t<div class=\"elementor-element elementor-element-1f0ee26f animate-on-display elementor-widget elementor-widget-heading\" data-id=\"1f0ee26f\" data-element_type=\"widget\" data-e-type=\"widget\" data-widget_type=\"heading.default\">\n\t\t\t\t<div class=\"elementor-widget-container\">\n\t\t\t\t\t<h3 class=\"elementor-heading-title elementor-size-default\">Structure des march\u00e9s du Valais.<\/h3>\t\t\t\t<\/div>\n\t\t\t\t<\/div>\n\t\t\t\t<div class=\"elementor-element elementor-element-3b4c166 animate-on-display elementor-widget elementor-widget-heading\" data-id=\"3b4c166\" data-element_type=\"widget\" data-e-type=\"widget\" data-widget_type=\"heading.default\">\n\t\t\t\t<div class=\"elementor-widget-container\">\n\t\t\t\t\t<h4 class=\"elementor-heading-title elementor-size-default\">Bilan annuel. Nuit\u00e9es h\u00f4teli\u00e8res Valais 2025: 4'532'842 (+2,2%)<\/h4>\t\t\t\t<\/div>\n\t\t\t\t<\/div>\n\t\t\t\t<div class=\"elementor-element elementor-element-d5332ab table-ctn animate-on-display elementor-widget elementor-widget-shortcode\" data-id=\"d5332ab\" data-element_type=\"widget\" data-e-type=\"widget\" data-widget_type=\"shortcode.default\">\n\t\t\t\t<div class=\"elementor-widget-container\">\n\t\t\t\t\t\t\t<div class=\"elementor-shortcode\">\n<table id=\"tablepress-15\" class=\"tablepress tablepress-id-15 custom-table\" aria-describedby=\"tablepress-15-description\">\n<tbody class=\"row-hover\">\n<tr class=\"row-1\">\n\t<td class=\"column-1\">March\u00e9<\/td><td class=\"column-2\">Suisse<\/td><td class=\"column-3\">Proximit\u00e9<\/td><td class=\"column-4\"><\/td><td class=\"column-5\"><\/td><td class=\"column-6\"><\/td><td class=\"column-7\"><\/td><td class=\"column-8\"><\/td><td class=\"column-9\">Lointain<\/td><td class=\"column-10\"><\/td><td class=\"column-11\"><\/td><td class=\"column-12\"><\/td>\n<\/tr>\n<tr class=\"row-2\">\n\t<td class=\"column-1\">Pays<\/td><td class=\"column-2\">CH<\/td><td class=\"column-3\">DE<\/td><td class=\"column-4\">BNL<\/td><td class=\"column-5\">FR<\/td><td class=\"column-6\">IT<\/td><td class=\"column-7\">UK\/IRL<\/td><td class=\"column-8\">NORDICS<\/td><td class=\"column-9\">USA\/CA<\/td><td class=\"column-10\">CN<\/td><td class=\"column-11\">KOR<\/td><td class=\"column-12\">SEA<\/td>\n<\/tr>\n<tr class=\"row-3\">\n\t<td class=\"column-1\">Nuit\u00e9es<\/td><td class=\"column-2\"><font color=\"#8d1711\">-1,3%<\/font><\/td><td class=\"column-3\"><font color=\"#0AA700\">+5,7%<\/font><\/td><td class=\"column-4\"><font color=\"#8d1711\">-6,2%<\/font><\/td><td class=\"column-5\"><font color=\"#0AA700\">+5,6%<\/font><\/td><td class=\"column-6\"><font color=\"#0AA700\">+6,1%<\/font><\/td><td class=\"column-7\"><font color=\"#0AA700\">+6%<\/font><\/td><td class=\"column-8\"><font color=\"#8d1711\">-1,5%<\/font><\/td><td class=\"column-9\"><font color=\"#0AA700\">+15,9%<\/font><\/td><td class=\"column-10\"><font color=\"#0AA700\">+4,8%<\/font><\/td><td class=\"column-11\"><font color=\"#8d1711\">-15,1%<\/font><\/td><td class=\"column-12\"><font color=\"#8d1711\">-6,1%<\/font><\/td>\n<\/tr>\n<tr class=\"row-4\">\n\t<td class=\"column-1\">Nuit\u00e9es totales<\/td><td class=\"column-2\">2'376'683<\/td><td class=\"column-3\">291'351<\/td><td class=\"column-4\">220'087<\/td><td class=\"column-5\">183'014<\/td><td class=\"column-6\">57'498<\/td><td class=\"column-7\">226'846<\/td><td class=\"column-8\">49'327<\/td><td class=\"column-9\">442'712<\/td><td class=\"column-10\">41'652<\/td><td class=\"column-11\">35'834<\/td><td class=\"column-12\">75'966<\/td>\n<\/tr>\n<tr class=\"row-5\">\n\t<td class=\"column-1\">Parts de march\u00e9<\/td><td class=\"column-2\">52,4%<\/td><td class=\"column-3\">6,4%<\/td><td class=\"column-4\">4,9%<\/td><td class=\"column-5\">4%<\/td><td class=\"column-6\">1,3%<\/td><td class=\"column-7\">5%<\/td><td class=\"column-8\">1,1%<\/td><td class=\"column-9\">9,8%<\/td><td class=\"column-10\">0,9%<\/td><td class=\"column-11\">0,8%<\/td><td class=\"column-12\">1,7%<\/td>\n<\/tr>\n<tr class=\"row-6\">\n\t<td class=\"column-1\">Moy. du s\u00e9jour<\/td><td class=\"column-2\">2,1 nuits<\/td><td class=\"column-3\">2,8 nuits<\/td><td class=\"column-4\">3,5 nuits<\/td><td class=\"column-5\">2 nuits<\/td><td class=\"column-6\">2,1 nuits<\/td><td class=\"column-7\">3 nuits<\/td><td class=\"column-8\">2,8 nuits<\/td><td class=\"column-9\">2,4 nuits<\/td><td class=\"column-10\">1,5 nuits<\/td><td class=\"column-11\">1,3 nuits<\/td><td class=\"column-12\">1,7 nuits<\/td>\n<\/tr>\n<\/tbody>\n<\/table>\n<span id=\"tablepress-15-description\" class=\"tablepress-table-description tablepress-table-description-id-15\"><div style=\"text-align: right; width: 100%;\">(Statistique de l'h\u00e9bergement HESTA - OFS, 2026)\u200b<\/div><br \/>\n<\/span>\n<!-- #tablepress-15 from cache --><\/div>\n\t\t\t\t\t\t<\/div>\n\t\t\t\t<\/div>\n\t\t\t\t\t<\/div>\n\t\t\t\t<\/div>\n\t\t\t\t\t<\/div>\n\t\t\t\t<\/div>\n\t\t<div class=\"elementor-element elementor-element-731b7c7b watch-on-display e-flex e-con-boxed e-con e-parent\" data-id=\"731b7c7b\" data-element_type=\"container\" data-e-type=\"container\">\n\t\t\t\t\t<div class=\"e-con-inner\">\n\t\t<div class=\"elementor-element elementor-element-4a11e179 e-flex e-con-boxed e-con e-child\" data-id=\"4a11e179\" data-element_type=\"container\" data-e-type=\"container\">\n\t\t\t\t\t<div class=\"e-con-inner\">\n\t\t\t\t<div class=\"elementor-element elementor-element-6532c8ba animate-on-display elementor-widget elementor-widget-heading\" data-id=\"6532c8ba\" data-element_type=\"widget\" data-e-type=\"widget\" data-widget_type=\"heading.default\">\n\t\t\t\t<div class=\"elementor-widget-container\">\n\t\t\t\t\t<h4 class=\"elementor-heading-title elementor-size-default\">Bilan hiver 2024\/25.<\/h4>\t\t\t\t<\/div>\n\t\t\t\t<\/div>\n\t\t<div class=\"elementor-element elementor-element-4e38a16f e-grid e-con-boxed e-con e-child\" data-id=\"4e38a16f\" data-element_type=\"container\" data-e-type=\"container\" data-settings=\"{&quot;background_background&quot;:&quot;classic&quot;}\">\n\t\t\t\t\t<div class=\"e-con-inner\">\n\t\t<div class=\"elementor-element elementor-element-6907a2cb e-con-full animate-on-display e-flex e-con e-child\" data-id=\"6907a2cb\" data-element_type=\"container\" data-e-type=\"container\" data-settings=\"{&quot;background_background&quot;:&quot;classic&quot;}\">\n\t\t<div class=\"elementor-element elementor-element-3fb90dbe e-con-full e-flex e-con e-child\" data-id=\"3fb90dbe\" data-element_type=\"container\" data-e-type=\"container\">\n\t\t\t\t<div class=\"elementor-element elementor-element-10b7ddf7 elementor-widget elementor-widget-image\" data-id=\"10b7ddf7\" data-element_type=\"widget\" data-e-type=\"widget\" data-widget_type=\"image.default\">\n\t\t\t\t<div class=\"elementor-widget-container\">\n\t\t\t\t\t\t\t\t\t\t\t\t\t\t\t<img loading=\"lazy\" decoding=\"async\" width=\"120\" height=\"120\" src=\"https:\/\/rapport-valais.ch\/wp-content\/uploads\/2024\/02\/picto-hotel-1.jpg\" class=\"attachment-large size-large wp-image-10230\" alt=\"\" \/>\t\t\t\t\t\t\t\t\t\t\t\t\t\t\t<\/div>\n\t\t\t\t<\/div>\n\t\t\t\t<\/div>\n\t\t<div class=\"elementor-element elementor-element-57dc0a87 e-con-full e-flex e-con e-child\" data-id=\"57dc0a87\" data-element_type=\"container\" data-e-type=\"container\">\n\t\t\t\t<div class=\"elementor-element elementor-element-50bd057d elementor-widget elementor-widget-heading\" data-id=\"50bd057d\" data-element_type=\"widget\" data-e-type=\"widget\" data-widget_type=\"heading.default\">\n\t\t\t\t<div class=\"elementor-widget-container\">\n\t\t\t\t\t<h3 class=\"elementor-heading-title elementor-size-default\">2'290'948 <span>(+0,58% vs. 2024<\/span><span>).<\/span><\/h3>\t\t\t\t<\/div>\n\t\t\t\t<\/div>\n\t\t\t\t<div class=\"elementor-element elementor-element-6818b271 elementor-widget elementor-widget-text-editor\" data-id=\"6818b271\" data-element_type=\"widget\" data-e-type=\"widget\" data-widget_type=\"text-editor.default\">\n\t\t\t\t<div class=\"elementor-widget-container\">\n\t\t\t\t\t\t\t\t\t<p style=\"font-weight: 400;\">Nuit\u00e9es h\u00f4teli\u00e8res en Valais de novembre 2024 \u00e0 avril 2025.<\/p>\t\t\t\t\t\t\t\t<\/div>\n\t\t\t\t<\/div>\n\t\t\t\t<\/div>\n\t\t\t\t<div class=\"elementor-element elementor-element-12d4905f elementor-absolute elementor-widget elementor-widget-image\" data-id=\"12d4905f\" data-element_type=\"widget\" data-e-type=\"widget\" data-settings=\"{&quot;_position&quot;:&quot;absolute&quot;}\" data-widget_type=\"image.default\">\n\t\t\t\t<div class=\"elementor-widget-container\">\n\t\t\t\t\t\t\t\t\t\t\t\t\t\t\t<img loading=\"lazy\" decoding=\"async\" width=\"1\" height=\"1\" src=\"https:\/\/rapport-valais.ch\/wp-content\/uploads\/2024\/01\/arrow-trsnprnt.svg\" class=\"attachment-large size-large wp-image-8930\" alt=\"\" \/>\t\t\t\t\t\t\t\t\t\t\t\t\t\t\t<\/div>\n\t\t\t\t<\/div>\n\t\t\t\t<\/div>\n\t\t<div class=\"elementor-element elementor-element-4040029c e-con-full animate-on-display e-flex e-con e-child\" data-id=\"4040029c\" data-element_type=\"container\" data-e-type=\"container\" data-settings=\"{&quot;background_background&quot;:&quot;classic&quot;}\">\n\t\t<div class=\"elementor-element elementor-element-4159f7e7 e-con-full e-flex e-con e-child\" data-id=\"4159f7e7\" data-element_type=\"container\" data-e-type=\"container\">\n\t\t\t\t<div class=\"elementor-element elementor-element-1411d453 elementor-widget elementor-widget-image\" data-id=\"1411d453\" data-element_type=\"widget\" data-e-type=\"widget\" data-widget_type=\"image.default\">\n\t\t\t\t<div class=\"elementor-widget-container\">\n\t\t\t\t\t\t\t\t\t\t\t\t\t\t\t<img loading=\"lazy\" decoding=\"async\" width=\"120\" height=\"120\" src=\"https:\/\/rapport-valais.ch\/wp-content\/uploads\/2024\/02\/picto-ski-1.jpg\" class=\"attachment-large size-large wp-image-10231\" alt=\"\" \/>\t\t\t\t\t\t\t\t\t\t\t\t\t\t\t<\/div>\n\t\t\t\t<\/div>\n\t\t\t\t<\/div>\n\t\t<div class=\"elementor-element elementor-element-284f3e53 e-con-full e-flex e-con e-child\" data-id=\"284f3e53\" data-element_type=\"container\" data-e-type=\"container\">\n\t\t\t\t<div class=\"elementor-element elementor-element-4806709c elementor-widget elementor-widget-heading\" data-id=\"4806709c\" data-element_type=\"widget\" data-e-type=\"widget\" data-widget_type=\"heading.default\">\n\t\t\t\t<div class=\"elementor-widget-container\">\n\t\t\t\t\t<h3 class=\"elementor-heading-title elementor-size-default\">9'995'518 <span>(+6,76%).<\/span><\/h3>\t\t\t\t<\/div>\n\t\t\t\t<\/div>\n\t\t\t\t<div class=\"elementor-element elementor-element-3e29cfb2 elementor-widget elementor-widget-text-editor\" data-id=\"3e29cfb2\" data-element_type=\"widget\" data-e-type=\"widget\" data-widget_type=\"text-editor.default\">\n\t\t\t\t<div class=\"elementor-widget-container\">\n\t\t\t\t\t\t\t\t\t<div><span lang=\"DE-CH\">Journ\u00e9e skieurs en Valais de novembre 2024 \u00e0 avril 2025<\/span><span style=\"color: var( --e-global-color-text ); text-align: var(--text-align); font-family: var( --e-global-typography-text-font-family ), Sans-serif; font-size: var( --e-global-typography-text-font-size ); font-weight: var( --e-global-typography-text-font-weight );\">.<\/span><\/div>\t\t\t\t\t\t\t\t<\/div>\n\t\t\t\t<\/div>\n\t\t\t\t<\/div>\n\t\t\t\t<div class=\"elementor-element elementor-element-2b755b2b elementor-absolute elementor-widget elementor-widget-image\" data-id=\"2b755b2b\" data-element_type=\"widget\" data-e-type=\"widget\" data-settings=\"{&quot;_position&quot;:&quot;absolute&quot;}\" data-widget_type=\"image.default\">\n\t\t\t\t<div class=\"elementor-widget-container\">\n\t\t\t\t\t\t\t\t\t\t\t\t\t\t\t<img loading=\"lazy\" decoding=\"async\" width=\"1\" height=\"1\" src=\"https:\/\/rapport-valais.ch\/wp-content\/uploads\/2024\/01\/arrow-trsnprnt.svg\" class=\"attachment-large size-large wp-image-8930\" alt=\"\" \/>\t\t\t\t\t\t\t\t\t\t\t\t\t\t\t<\/div>\n\t\t\t\t<\/div>\n\t\t\t\t<\/div>\n\t\t\t\t\t<\/div>\n\t\t\t\t<\/div>\n\t\t\t\t\t<\/div>\n\t\t\t\t<\/div>\n\t\t\t\t\t<\/div>\n\t\t\t\t<\/div>\n\t\t<div class=\"elementor-element elementor-element-7eb6248 watch-on-display e-flex e-con-boxed e-con e-parent\" data-id=\"7eb6248\" data-element_type=\"container\" data-e-type=\"container\">\n\t\t\t\t\t<div class=\"e-con-inner\">\n\t\t<div class=\"elementor-element elementor-element-796ec24 e-con-full e-flex e-con e-child\" data-id=\"796ec24\" data-element_type=\"container\" data-e-type=\"container\">\n\t\t\t\t<div class=\"elementor-element elementor-element-7da000b animate-on-display elementor-widget elementor-widget-heading\" data-id=\"7da000b\" data-element_type=\"widget\" data-e-type=\"widget\" data-widget_type=\"heading.default\">\n\t\t\t\t<div class=\"elementor-widget-container\">\n\t\t\t\t\t<h4 class=\"elementor-heading-title elementor-size-default\">2024-2025<\/h4>\t\t\t\t<\/div>\n\t\t\t\t<\/div>\n\t\t\t\t<div class=\"elementor-element elementor-element-182b2b4 animate-on-display elementor-widget__width-initial elementor-widget elementor-widget-valdev-doughnut\" data-id=\"182b2b4\" data-element_type=\"widget\" data-e-type=\"widget\" data-widget_type=\"valdev-doughnut.default\">\n\t\t\t\t<div class=\"elementor-widget-container\">\n\t\t\t\t\t\n        <canvas class=\"valdev-bar\" id=\"valdev-doughnut-182b2b4\">\n\n        \n            <script>\n                document.addEventListener(\"DOMContentLoaded\", () => {\n\n                    let data = [{\"libelle\":\"Client\\u00e8le suisse\",\"valeur\":54.46,\"couleur\":\"#D12F28\",\"_id\":\"1dc31b5\"},{\"libelle\":\"Client\\u00e8le europ\\u00e9enne \",\"valeur\":28.35,\"couleur\":\"#E8D2BD\",\"_id\":\"23059fb\"},{\"libelle\":\"Client\\u00e8le des march\\u00e9s lointains\",\"valeur\":17.19,\"couleur\":\"#795032\",\"_id\":\"58d54c4\"}];\n                    let element = document.getElementById('valdev-doughnut-182b2b4');\n                    let display_percent = \"yes\";\n\n                    const createChart = () => {\n                        new Chart(\n                            element, {\n                                type: 'doughnut',\n                                plugins: [\n                                    ChartDataLabels,\n                                ],\n                                data: {\n                                    labels: data.map(row => row.libelle),\n                                    datasets: [{\n                                        label: '',\n                                        data: data.map(row => row.valeur),\n                                        backgroundColor: data.map(row => row.couleur),\n                                        hoverOffset: 4\n                                    }]\n                                },\n                                options: {\n                                    responsive: true,\n                                    events: [],\n                                    plugins: {\n                                        legend: {\n                                            position: 'bottom',\n                                            onClick: (e) => e.stopPropagation(),\n                                            labels: {\n                                                boxWidth: 15,\n                                                boxHeight: 15,\n                                                useBorderRadius: true,\n                                                borderRadius: 2,\n                                            },\n                                        },\n                                        datalabels: {\n                                            \"color\": \"white\",\n                                            formatter: (value) => {\n                                                if(display_percent)\n                                                    return value + '%';\n                                                return value;\n                                            },\n                                            font: {\n                                                weight: 'bold'\n                                            }\n                                        },\n                                    }\n                                }\n                            }\n                        );\n                    }\n\n                    let created = false;\n                    document.addEventListener(\"scroll\", () => {\n                        if (!created) {\n                            let rect = element.getBoundingClientRect();\n                            let elemTop = rect.top;\n                            let elemBottom = rect.bottom;\n                            let isVisible = (elemTop >= 0) && (elemBottom <= window.innerHeight);\n                            if (isVisible) {\n                                created = true;\n                                createChart();\n                            }\n                        }\n                    })\n\n                });\n            <\/script>\n            \t\t\t\t<\/div>\n\t\t\t\t<\/div>\n\t\t\t\t<\/div>\n\t\t<div class=\"elementor-element elementor-element-2ab5045 e-con-full e-flex e-con e-child\" data-id=\"2ab5045\" data-element_type=\"container\" data-e-type=\"container\">\n\t\t\t\t<div class=\"elementor-element elementor-element-3415cb5 animate-on-display elementor-widget elementor-widget-heading\" data-id=\"3415cb5\" data-element_type=\"widget\" data-e-type=\"widget\" data-widget_type=\"heading.default\">\n\t\t\t\t<div class=\"elementor-widget-container\">\n\t\t\t\t\t<h4 class=\"elementor-heading-title elementor-size-default\">2023-2024<\/h4>\t\t\t\t<\/div>\n\t\t\t\t<\/div>\n\t\t\t\t<div class=\"elementor-element elementor-element-75c8489 animate-on-display elementor-widget__width-initial elementor-widget elementor-widget-valdev-doughnut\" data-id=\"75c8489\" data-element_type=\"widget\" data-e-type=\"widget\" data-widget_type=\"valdev-doughnut.default\">\n\t\t\t\t<div class=\"elementor-widget-container\">\n\t\t\t\t\t\n        <canvas class=\"valdev-bar\" id=\"valdev-doughnut-75c8489\">\n\n        \n            <script>\n                document.addEventListener(\"DOMContentLoaded\", () => {\n\n                    let data = [{\"libelle\":\"Client\\u00e8le suisse\",\"valeur\":57.12,\"couleur\":\"#D12F28\",\"_id\":\"1dc31b5\"},{\"libelle\":\"Client\\u00e8le europ\\u00e9enne\",\"valeur\":23.1,\"couleur\":\"#E8D2BD\",\"_id\":\"23059fb\"},{\"libelle\":\"Client\\u00e8le des march\\u00e9s lointains\",\"valeur\":19.78,\"couleur\":\"#795032\",\"_id\":\"58d54c4\"}];\n                    let element = document.getElementById('valdev-doughnut-75c8489');\n                    let display_percent = \"yes\";\n\n                    const createChart = () => {\n                        new Chart(\n                            element, {\n                                type: 'doughnut',\n                                plugins: [\n                                    ChartDataLabels,\n                                ],\n                                data: {\n                                    labels: data.map(row => row.libelle),\n                                    datasets: [{\n                                        label: '',\n                                        data: data.map(row => row.valeur),\n                                        backgroundColor: data.map(row => row.couleur),\n                                        hoverOffset: 4\n                                    }]\n                                },\n                                options: {\n                                    responsive: true,\n                                    events: [],\n                                    plugins: {\n                                        legend: {\n                                            position: 'bottom',\n                                            onClick: (e) => e.stopPropagation(),\n                                            labels: {\n                                                boxWidth: 15,\n                                                boxHeight: 15,\n                                                useBorderRadius: true,\n                                                borderRadius: 2,\n                                            },\n                                        },\n                                        datalabels: {\n                                            \"color\": \"white\",\n                                            formatter: (value) => {\n                                                if(display_percent)\n                                                    return value + '%';\n                                                return value;\n                                            },\n                                            font: {\n                                                weight: 'bold'\n                                            }\n                                        },\n                                    }\n                                }\n                            }\n                        );\n                    }\n\n                    let created = false;\n                    document.addEventListener(\"scroll\", () => {\n                        if (!created) {\n                            let rect = element.getBoundingClientRect();\n                            let elemTop = rect.top;\n                            let elemBottom = rect.bottom;\n                            let isVisible = (elemTop >= 0) && (elemBottom <= window.innerHeight);\n                            if (isVisible) {\n                                created = true;\n                                createChart();\n                            }\n                        }\n                    })\n\n                });\n            <\/script>\n            \t\t\t\t<\/div>\n\t\t\t\t<\/div>\n\t\t\t\t<\/div>\n\t\t\t\t\t<\/div>\n\t\t\t\t<\/div>\n\t\t<div class=\"elementor-element elementor-element-0447e1e watch-on-display e-flex e-con-boxed e-con e-parent\" data-id=\"0447e1e\" data-element_type=\"container\" data-e-type=\"container\">\n\t\t\t\t\t<div class=\"e-con-inner\">\n\t\t<div class=\"elementor-element elementor-element-0ada16a e-flex e-con-boxed e-con e-child\" data-id=\"0ada16a\" data-element_type=\"container\" data-e-type=\"container\">\n\t\t\t\t\t<div class=\"e-con-inner\">\n\t\t\t\t<div class=\"elementor-element elementor-element-2c2ffc4 animate-on-display elementor-widget elementor-widget-heading\" data-id=\"2c2ffc4\" data-element_type=\"widget\" data-e-type=\"widget\" data-widget_type=\"heading.default\">\n\t\t\t\t<div class=\"elementor-widget-container\">\n\t\t\t\t\t<h4 class=\"elementor-heading-title elementor-size-default\">Bilan \u00e9t\u00e9 2025.<\/h4>\t\t\t\t<\/div>\n\t\t\t\t<\/div>\n\t\t<div class=\"elementor-element elementor-element-b5ab232 e-grid e-con-boxed e-con e-child\" data-id=\"b5ab232\" data-element_type=\"container\" data-e-type=\"container\" data-settings=\"{&quot;background_background&quot;:&quot;classic&quot;}\">\n\t\t\t\t\t<div class=\"e-con-inner\">\n\t\t<div class=\"elementor-element elementor-element-8bc6c22 e-con-full animate-on-display e-flex e-con e-child\" data-id=\"8bc6c22\" data-element_type=\"container\" data-e-type=\"container\" data-settings=\"{&quot;background_background&quot;:&quot;classic&quot;}\">\n\t\t<div class=\"elementor-element elementor-element-5cf7e8c e-con-full e-flex e-con e-child\" data-id=\"5cf7e8c\" data-element_type=\"container\" data-e-type=\"container\">\n\t\t\t\t<div class=\"elementor-element elementor-element-9472608 elementor-widget elementor-widget-image\" data-id=\"9472608\" data-element_type=\"widget\" data-e-type=\"widget\" data-widget_type=\"image.default\">\n\t\t\t\t<div class=\"elementor-widget-container\">\n\t\t\t\t\t\t\t\t\t\t\t\t\t\t\t<img loading=\"lazy\" decoding=\"async\" width=\"120\" height=\"120\" src=\"https:\/\/rapport-valais.ch\/wp-content\/uploads\/2024\/02\/picto-hotel-1.jpg\" class=\"attachment-large size-large wp-image-10230\" alt=\"\" \/>\t\t\t\t\t\t\t\t\t\t\t\t\t\t\t<\/div>\n\t\t\t\t<\/div>\n\t\t\t\t<\/div>\n\t\t<div class=\"elementor-element elementor-element-c4095e1 e-con-full e-flex e-con e-child\" data-id=\"c4095e1\" data-element_type=\"container\" data-e-type=\"container\">\n\t\t\t\t<div class=\"elementor-element elementor-element-70538a4 elementor-widget elementor-widget-heading\" data-id=\"70538a4\" data-element_type=\"widget\" data-e-type=\"widget\" data-widget_type=\"heading.default\">\n\t\t\t\t<div class=\"elementor-widget-container\">\n\t\t\t\t\t<h3 class=\"elementor-heading-title elementor-size-default\">2'216'592 <span>(+4,15% vs. 2024).<\/span><\/h3>\t\t\t\t<\/div>\n\t\t\t\t<\/div>\n\t\t\t\t<div class=\"elementor-element elementor-element-10ceab4 elementor-widget elementor-widget-text-editor\" data-id=\"10ceab4\" data-element_type=\"widget\" data-e-type=\"widget\" data-widget_type=\"text-editor.default\">\n\t\t\t\t<div class=\"elementor-widget-container\">\n\t\t\t\t\t\t\t\t\t<p style=\"font-weight: 400;\">Nuit\u00e9es h\u00f4teli\u00e8res en Valais de mai \u00e0 octobre 2025.<\/p>\t\t\t\t\t\t\t\t<\/div>\n\t\t\t\t<\/div>\n\t\t\t\t<\/div>\n\t\t\t\t<div class=\"elementor-element elementor-element-3adc634 elementor-absolute elementor-widget elementor-widget-image\" data-id=\"3adc634\" data-element_type=\"widget\" data-e-type=\"widget\" data-settings=\"{&quot;_position&quot;:&quot;absolute&quot;}\" data-widget_type=\"image.default\">\n\t\t\t\t<div class=\"elementor-widget-container\">\n\t\t\t\t\t\t\t\t\t\t\t\t\t\t\t<img loading=\"lazy\" decoding=\"async\" width=\"1\" height=\"1\" src=\"https:\/\/rapport-valais.ch\/wp-content\/uploads\/2024\/01\/arrow-trsnprnt.svg\" class=\"attachment-large size-large wp-image-8930\" alt=\"\" \/>\t\t\t\t\t\t\t\t\t\t\t\t\t\t\t<\/div>\n\t\t\t\t<\/div>\n\t\t\t\t<\/div>\n\t\t\t\t\t<\/div>\n\t\t\t\t<\/div>\n\t\t\t\t\t<\/div>\n\t\t\t\t<\/div>\n\t\t\t\t\t<\/div>\n\t\t\t\t<\/div>\n\t\t<div class=\"elementor-element elementor-element-4f609d60 watch-on-display e-flex e-con-boxed e-con e-parent\" data-id=\"4f609d60\" data-element_type=\"container\" data-e-type=\"container\">\n\t\t\t\t\t<div class=\"e-con-inner\">\n\t\t<div class=\"elementor-element elementor-element-4ed9eaae e-con-full e-flex e-con e-child\" data-id=\"4ed9eaae\" data-element_type=\"container\" data-e-type=\"container\">\n\t\t\t\t<div class=\"elementor-element elementor-element-134daa39 animate-on-display elementor-widget elementor-widget-heading\" data-id=\"134daa39\" data-element_type=\"widget\" data-e-type=\"widget\" data-widget_type=\"heading.default\">\n\t\t\t\t<div class=\"elementor-widget-container\">\n\t\t\t\t\t<h4 class=\"elementor-heading-title elementor-size-default\">2025<\/h4>\t\t\t\t<\/div>\n\t\t\t\t<\/div>\n\t\t\t\t<div class=\"elementor-element elementor-element-4f2e941e animate-on-display elementor-widget__width-initial elementor-widget elementor-widget-valdev-doughnut\" data-id=\"4f2e941e\" data-element_type=\"widget\" data-e-type=\"widget\" data-widget_type=\"valdev-doughnut.default\">\n\t\t\t\t<div class=\"elementor-widget-container\">\n\t\t\t\t\t\n        <canvas class=\"valdev-bar\" id=\"valdev-doughnut-4f2e941e\">\n\n        \n            <script>\n                document.addEventListener(\"DOMContentLoaded\", () => {\n\n                    let data = [{\"libelle\":\"Client\\u00e8le suisse\",\"valeur\":50.96,\"couleur\":\"#D12F28\",\"_id\":\"1dc31b5\"},{\"libelle\":\"Client\\u00e8le europ\\u00e9enne \",\"valeur\":24.65,\"couleur\":\"#E8D2BD\",\"_id\":\"23059fb\"},{\"libelle\":\"Client\\u00e8le des march\\u00e9s lointains\",\"valeur\":24.39,\"couleur\":\"#795032\",\"_id\":\"58d54c4\"}];\n                    let element = document.getElementById('valdev-doughnut-4f2e941e');\n                    let display_percent = \"yes\";\n\n                    const createChart = () => {\n                        new Chart(\n                            element, {\n                                type: 'doughnut',\n                                plugins: [\n                                    ChartDataLabels,\n                                ],\n                                data: {\n                                    labels: data.map(row => row.libelle),\n                                    datasets: [{\n                                        label: '',\n                                        data: data.map(row => row.valeur),\n                                        backgroundColor: data.map(row => row.couleur),\n                                        hoverOffset: 4\n                                    }]\n                                },\n                                options: {\n                                    responsive: true,\n                                    events: [],\n                                    plugins: {\n                                        legend: {\n                                            position: 'bottom',\n                                            onClick: (e) => e.stopPropagation(),\n                                            labels: {\n                                                boxWidth: 15,\n                                                boxHeight: 15,\n                                                useBorderRadius: true,\n                                                borderRadius: 2,\n                                            },\n                                        },\n                                        datalabels: {\n                                            \"color\": \"white\",\n                                            formatter: (value) => {\n                                                if(display_percent)\n                                                    return value + '%';\n                                                return value;\n                                            },\n                                            font: {\n                                                weight: 'bold'\n                                            }\n                                        },\n                                    }\n                                }\n                            }\n                        );\n                    }\n\n                    let created = false;\n                    document.addEventListener(\"scroll\", () => {\n                        if (!created) {\n                            let rect = element.getBoundingClientRect();\n                            let elemTop = rect.top;\n                            let elemBottom = rect.bottom;\n                            let isVisible = (elemTop >= 0) && (elemBottom <= window.innerHeight);\n                            if (isVisible) {\n                                created = true;\n                                createChart();\n                            }\n                        }\n                    })\n\n                });\n            <\/script>\n            \t\t\t\t<\/div>\n\t\t\t\t<\/div>\n\t\t\t\t<\/div>\n\t\t<div class=\"elementor-element elementor-element-4aa22c27 e-con-full e-flex e-con e-child\" data-id=\"4aa22c27\" data-element_type=\"container\" data-e-type=\"container\">\n\t\t\t\t<div class=\"elementor-element elementor-element-555418b5 animate-on-display elementor-widget elementor-widget-heading\" data-id=\"555418b5\" data-element_type=\"widget\" data-e-type=\"widget\" data-widget_type=\"heading.default\">\n\t\t\t\t<div class=\"elementor-widget-container\">\n\t\t\t\t\t<h4 class=\"elementor-heading-title elementor-size-default\">2024<\/h4>\t\t\t\t<\/div>\n\t\t\t\t<\/div>\n\t\t\t\t<div class=\"elementor-element elementor-element-6fa073da animate-on-display elementor-widget__width-initial elementor-widget elementor-widget-valdev-doughnut\" data-id=\"6fa073da\" data-element_type=\"widget\" data-e-type=\"widget\" data-widget_type=\"valdev-doughnut.default\">\n\t\t\t\t<div class=\"elementor-widget-container\">\n\t\t\t\t\t\n        <canvas class=\"valdev-bar\" id=\"valdev-doughnut-6fa073da\">\n\n        \n            <script>\n                document.addEventListener(\"DOMContentLoaded\", () => {\n\n                    let data = [{\"libelle\":\"Client\\u00e8le suisse\",\"valeur\":51.41,\"couleur\":\"#D12F28\",\"_id\":\"1dc31b5\"},{\"libelle\":\"Client\\u00e8le europ\\u00e9enne \",\"valeur\":21.54,\"couleur\":\"#E8D2BD\",\"_id\":\"23059fb\"},{\"libelle\":\"Client\\u00e8le des march\\u00e9s lointains\",\"valeur\":27.05,\"couleur\":\"#795032\",\"_id\":\"58d54c4\"}];\n                    let element = document.getElementById('valdev-doughnut-6fa073da');\n                    let display_percent = \"yes\";\n\n                    const createChart = () => {\n                        new Chart(\n                            element, {\n                                type: 'doughnut',\n                                plugins: [\n                                    ChartDataLabels,\n                                ],\n                                data: {\n                                    labels: data.map(row => row.libelle),\n                                    datasets: [{\n                                        label: '',\n                                        data: data.map(row => row.valeur),\n                                        backgroundColor: data.map(row => row.couleur),\n                                        hoverOffset: 4\n                                    }]\n                                },\n                                options: {\n                                    responsive: true,\n                                    events: [],\n                                    plugins: {\n                                        legend: {\n                                            position: 'bottom',\n                                            onClick: (e) => e.stopPropagation(),\n                                            labels: {\n                                                boxWidth: 15,\n                                                boxHeight: 15,\n                                                useBorderRadius: true,\n                                                borderRadius: 2,\n                                            },\n                                        },\n                                        datalabels: {\n                                            \"color\": \"white\",\n                                            formatter: (value) => {\n                                                if(display_percent)\n                                                    return value + '%';\n                                                return value;\n                                            },\n                                            font: {\n                                                weight: 'bold'\n                                            }\n                                        },\n                                    }\n                                }\n                            }\n                        );\n                    }\n\n                    let created = false;\n                    document.addEventListener(\"scroll\", () => {\n                        if (!created) {\n                            let rect = element.getBoundingClientRect();\n                            let elemTop = rect.top;\n                            let elemBottom = rect.bottom;\n                            let isVisible = (elemTop >= 0) && (elemBottom <= window.innerHeight);\n                            if (isVisible) {\n                                created = true;\n                                createChart();\n                            }\n                        }\n                    })\n\n                });\n            <\/script>\n            \t\t\t\t<\/div>\n\t\t\t\t<\/div>\n\t\t\t\t<\/div>\n\t\t\t\t\t<\/div>\n\t\t\t\t<\/div>\n\t\t<div class=\"elementor-element elementor-element-47eee7ce watch-on-display e-flex e-con-boxed e-con e-parent\" data-id=\"47eee7ce\" data-element_type=\"container\" data-e-type=\"container\">\n\t\t\t\t\t<div class=\"e-con-inner\">\n\t\t\t\t<div class=\"elementor-element elementor-element-55a43a57 animate-on-display elementor-widget elementor-widget-heading\" data-id=\"55a43a57\" data-element_type=\"widget\" data-e-type=\"widget\" data-widget_type=\"heading.default\">\n\t\t\t\t<div class=\"elementor-widget-container\">\n\t\t\t\t\t<h3 class=\"elementor-heading-title elementor-size-default\">Comparatif r\u00e9gional sur quelques march\u00e9s cl\u00e9s.<\/h3>\t\t\t\t<\/div>\n\t\t\t\t<\/div>\n\t\t\t\t<div class=\"elementor-element elementor-element-7058c760 table-ctn animate-on-display elementor-widget elementor-widget-shortcode\" data-id=\"7058c760\" data-element_type=\"widget\" data-e-type=\"widget\" data-widget_type=\"shortcode.default\">\n\t\t\t\t<div class=\"elementor-widget-container\">\n\t\t\t\t\t\t\t<div class=\"elementor-shortcode\">\n<table id=\"tablepress-18\" class=\"tablepress tablepress-id-18 custom-table\">\n<tbody class=\"row-hover\">\n<tr class=\"row-1\">\n\t<td class=\"column-1\"><\/td><td class=\"column-2\">Valais<\/td><td class=\"column-3\"><\/td><td class=\"column-4\">Suisse<\/td><td class=\"column-5\"><\/td><td class=\"column-6\">Grisons<\/td><td class=\"column-7\"><\/td><td class=\"column-8\">Oberland bernois<\/td><td class=\"column-9\"><\/td><td class=\"column-10\">Lucerne<\/td><td class=\"column-11\"><\/td><td class=\"column-12\">Allg\u00e4u<\/td><td class=\"column-13\"><\/td><td class=\"column-14\">Tyrol du Sud<\/td><td class=\"column-15\"><\/td><td class=\"column-16\">Tyrol<\/td><td class=\"column-17\"><\/td><td class=\"column-18\">Salzburgerland<\/td><td class=\"column-19\"><\/td><td class=\"column-20\">Trentino<\/td><td class=\"column-21\"><\/td>\n<\/tr>\n<tr class=\"row-2\">\n\t<td class=\"column-1\">Provenance<\/td><td class=\"column-2\">Nuit\u00e9es h\u00f4teli\u00e8res<\/td><td class=\"column-3\">Parts de march\u00e9 (PDM)<\/td><td class=\"column-4\">Nuit\u00e9es<\/td><td class=\"column-5\">PDM<\/td><td class=\"column-6\">Nuit\u00e9es<\/td><td class=\"column-7\">PDM<\/td><td class=\"column-8\">Nuit\u00e9es<\/td><td class=\"column-9\">PDM<\/td><td class=\"column-10\">Nuit\u00e9es<\/td><td class=\"column-11\">PDM<\/td><td class=\"column-12\">Nuit\u00e9es<\/td><td class=\"column-13\">PDM<\/td><td class=\"column-14\">Nuit\u00e9es<\/td><td class=\"column-15\">PDM<\/td><td class=\"column-16\">Nuit\u00e9es<\/td><td class=\"column-17\">PDM<\/td><td class=\"column-18\">Nuit\u00e9es<\/td><td class=\"column-19\">PDM<\/td><td class=\"column-20\">Nuit\u00e9es<\/td><td class=\"column-21\">PDM<\/td>\n<\/tr>\n<tr class=\"row-3\">\n\t<td class=\"column-1\">Suisse<\/td><td class=\"column-2\"><font color=\"#8d1711\">-1,0%<\/font><br \/>\n2'376'683<\/td><td class=\"column-3\">52,4%<\/td><td class=\"column-4\"><font color=\"#0AA700\">+1,4%<\/font><br \/>\n21'146'966<\/td><td class=\"column-5\">48,1%<\/td><td class=\"column-6\"><font color=\"#0AA700\">+1,5%<\/font><br \/>\n3'566'179<\/td><td class=\"column-7\">62,8%<\/td><td class=\"column-8\"><font color=\"#8d1711\">-4,1%<\/font><br \/>\n1'824'724<\/td><td class=\"column-9\">39,6%<\/td><td class=\"column-10\"><font color=\"#0AA700\">+1,2%<\/font><br \/>\n1'897'467<\/td><td class=\"column-11\">45,1%<\/td><td class=\"column-12\"><font color=\"#8d1711\">-0,3%<\/font><br \/>\n459'733<\/td><td class=\"column-13\">3,4%<br \/>\n<\/td><td class=\"column-14\"><font color=\"#0AA700\">+2,2%<\/font><br \/>\n1'703'787<\/td><td class=\"column-15\">4,5%<\/td><td class=\"column-16\"><font color=\"#8d1711\">-3,0%<\/font><br \/>\n1'679'444<\/td><td class=\"column-17\">5,8%<\/td><td class=\"column-18\"><font color=\"#0AA700\">+0,3%<\/font><br \/>\n225'045<br \/>\n<br \/>\n<\/td><td class=\"column-19\">1,3%<\/td><td class=\"column-20\"><font color=\"#0AA700\">+2,4%<\/font><br \/>\n140'275<\/td><td class=\"column-21\">1,0%<br \/>\n<\/td>\n<\/tr>\n<tr class=\"row-4\">\n\t<td class=\"column-1\">Allemagne<\/td><td class=\"column-2\"><font color=\"#0AA700\">+5,6%<\/font><br \/>\n291'351<\/td><td class=\"column-3\">6,4%<\/td><td class=\"column-4\"><font color=\"#0AA700\">+2,0%<\/font><br \/>\n3'864'700<\/td><td class=\"column-5\">8,8%<\/td><td class=\"column-6\"><font color=\"#8d1711\">-1,2%<\/font><br \/>\n761'523<\/td><td class=\"column-7\">13,4%<\/td><td class=\"column-8\"><font color=\"#8d1711\">-5,0%<\/font><br \/>\n292'757<\/td><td class=\"column-9\">6,4%<\/td><td class=\"column-10\"><font color=\"#0AA700\">+1,1%<\/font><br \/>\n363'670<\/td><td class=\"column-11\">8,7%<\/td><td class=\"column-12\"><font color=\"#0AA700\">+0,9%<\/font><br \/>\n11'979'834<br \/>\n<\/td><td class=\"column-13\">88,6%<br \/>\n<\/td><td class=\"column-14\"><font color=\"#8d1711\">-2,0%<\/font><br \/>\n17'178'534<\/td><td class=\"column-15\">44,9%<\/td><td class=\"column-16\"><font color=\"#0AA700\">+0,7%<\/font><br \/>\n15'035'943<\/td><td class=\"column-17\">52,4%<\/td><td class=\"column-18\"><font color=\"#8d1711\">-1,1%<\/font>          <br \/>\n6'694'349<br \/>\n<\/td><td class=\"column-19\">38,8%<\/td><td class=\"column-20\"><font color=\"#8d1711\">-7,7%<\/font><br \/>\n1'464'217<\/td><td class=\"column-21\">10,4%<br \/>\n<\/td>\n<\/tr>\n<tr class=\"row-5\">\n\t<td class=\"column-1\">Grande-Bretagne<\/td><td class=\"column-2\"><font color=\"#0AA700\">+5,6%<\/font><br \/>\n216'165 <\/td><td class=\"column-3\">4,8%<br \/>\n<\/td><td class=\"column-4\"><font color=\"#0AA700\">+7,5%<\/font><br \/>\n1'739'094<\/td><td class=\"column-5\">4,0%<\/td><td class=\"column-6\"><font color=\"#0AA700\">+16,7 %<\/font><br \/>\n188'323<\/td><td class=\"column-7\">3,3%<\/td><td class=\"column-8\"><font color=\"#0AA700\">+4,4%<\/font><br \/>\n232'629<\/td><td class=\"column-9\">5,1%<\/td><td class=\"column-10\"><font color=\"#0AA700\">+8,5%<\/font><br \/>\n126'689<\/td><td class=\"column-11\">3,0%<\/td><td class=\"column-12\"><font color=\"#0AA700\">+4,0%<\/font><br \/>\n53'724<br \/>\n<\/td><td class=\"column-13\">0,4%<\/td><td class=\"column-14\"><font color=\"#0AA700\">+22,6%<\/font><br \/>\n471'886<\/td><td class=\"column-15\">1,2%<\/td><td class=\"column-16\"><font color=\"#0AA700\">+1,6%<\/font><br \/>\n1'006'475<\/td><td class=\"column-17\">3,5%<\/td><td class=\"column-18\"><font color=\"#0AA700\">+3,8%<\/font>       <br \/>\n613'625<\/td><td class=\"column-19\">3,6%<\/td><td class=\"column-20\"><font color=\"#0AA700\">+5,0%<\/font><br \/>\n395'543<\/td><td class=\"column-21\">2,8%<\/td>\n<\/tr>\n<tr class=\"row-6\">\n\t<td class=\"column-1\">Etats-Unis<\/td><td class=\"column-2\"><font color=\"#0AA700\">+15,5%<\/font><br \/>\n403'194<\/td><td class=\"column-3\">8,9%<\/td><td class=\"column-4\"><font color=\"#0AA700\">+5,4%<\/font><br \/>\n3'676'621<\/td><td class=\"column-5\">8,4%<\/td><td class=\"column-6\"><font color=\"#0AA700\">+17,1%<\/font><br \/>\n177'216<\/td><td class=\"column-7\">3,1%<\/td><td class=\"column-8\"><font color=\"#0AA700\">+9,5%<\/font><br \/>\n561'310<\/td><td class=\"column-9\">12,2%<\/td><td class=\"column-10\"><font color=\"#0AA700\">+6,6%<\/font><br \/>\n551'014<\/td><td class=\"column-11\">13,1%<\/td><td class=\"column-12\"><font color=\"#8d1711\">-4,5%<\/font><br \/>\n85'671<br \/>\n<\/td><td class=\"column-13\">0,6%<br \/>\n<\/td><td class=\"column-14\"><font color=\"#0AA700\">+33,6%<\/font><br \/>\n592'690<\/td><td class=\"column-15\">1,5%<\/td><td class=\"column-16\"><font color=\"#0AA700\">+12,1%<\/font><br \/>\n364'863<\/td><td class=\"column-17\">1,3%<\/td><td class=\"column-18\"><font color=\"#0AA700\">+18,4%<\/font>  <br \/>\n435'191<br \/>\n<\/td><td class=\"column-19\">2,5%<br \/>\n<\/td><td class=\"column-20\"><font color=\"#0AA700\">+15,6%<\/font><br \/>\n126'976<\/td><td class=\"column-21\">0,9%<\/td>\n<\/tr>\n<tr class=\"row-7\">\n\t<td class=\"column-1\">Chine<\/td><td class=\"column-2\"><font color=\"#0AA700\">+4,8%<\/font><br \/>\n41'652<\/td><td class=\"column-3\">0,9%<br \/>\n<\/td><td class=\"column-4\"><font color=\"#0AA700\">+9,3%<\/font><br \/>\n792'566<\/td><td class=\"column-5\">1,8%<\/td><td class=\"column-6\"><font color=\"#0AA700\">+5,1%<\/font><br \/>\n16'225<\/td><td class=\"column-7\">0,3%<\/td><td class=\"column-8\"><font color=\"#0AA700\">+76,2%<\/font><br \/>\n171'427<\/td><td class=\"column-9\">3,7%<\/td><td class=\"column-10\"><font color=\"#8d1711\">-2,0%<\/font><br \/>\n130'415<\/td><td class=\"column-11\">3,1%<\/td><td class=\"column-12\"><font color=\"#0AA700\">+16,3%<\/font><br \/>\n41'708<\/td><td class=\"column-13\">0,3%<\/td><td class=\"column-14\"><font color=\"#0AA700\">+56,4%<\/font><br \/>\n122'181<\/td><td class=\"column-15\">0,3%<\/td><td class=\"column-16\"><font color=\"#8d1711\">-2,2%<\/font><br \/>\n123'579<\/td><td class=\"column-17\">0,4%<\/td><td class=\"column-18\"><font color=\"#0AA700\">+8,9%<\/font>     <br \/>\n74'189<br \/>\n<\/td><td class=\"column-19\">0,4%<br \/>\n<\/td><td class=\"column-20\"><font color=\"#0AA700\">+18,8%<\/font><br \/>\n24'558<\/td><td class=\"column-21\">0,2%<br \/>\n<\/td>\n<\/tr>\n<tr class=\"row-8\">\n\t<td class=\"column-1\"><strong>Total<\/strong><\/td><td class=\"column-2\"><strong><font color=\"#0AA700\">+ 2,2%<\/font><br \/>\n4'532'842<\/strong><\/td><td class=\"column-3\"><\/td><td class=\"column-4\"><strong><font color=\"#0AA700\">+ 2,6%<\/font><br \/>\n43'930'146<\/strong><\/td><td class=\"column-5\"><\/td><td class=\"column-6\"><strong><font color=\"#0AA700\">+ 2,8%<\/font><br \/>\n5'679'939<strong><\/strong><\/td><td class=\"column-7\"><\/td><td class=\"column-8\"><strong><font color=\"#8d1711\">-0,9%<\/font><br \/>\n4'603'456<\/strong><\/td><td class=\"column-9\"><\/td><td class=\"column-10\"><strong><font color=\"#0AA700\">+3,3%<\/font><br \/>\n4'202'624<\/strong><\/td><td class=\"column-11\"><\/td><td class=\"column-12\"><strong><font color=\"#0AA700\">+1,1%<\/font><br \/>\n13'517'226<\/strong><br \/>\n<br \/>\n<br \/>\n<\/td><td class=\"column-13\"><\/td><td class=\"column-14\"><strong><font color=\"#0AA700\">+3,2%<\/font><br \/>\n38'241'898<\/strong><\/td><td class=\"column-15\"><\/td><td class=\"column-16\"><strong><font color=\"#0AA700\">+1,2%<\/font><br \/>\n28'684'491<\/strong><\/td><td class=\"column-17\"><\/td><td class=\"column-18\"><strong><font color=\"#0AA700\">+2,6%<\/font><br \/>\n17'252'328<\/strong><\/td><td class=\"column-19\"><\/td><td class=\"column-20\"><strong><font color=\"#0AA700\">+1,8%<\/font><br \/>\n14'022'409<\/strong><\/td><td class=\"column-21\"><\/td>\n<\/tr>\n<tr class=\"row-9\">\n\t<td class=\"column-1\"><\/td><td class=\"column-2\"><\/td><td class=\"column-3\"><\/td><td class=\"column-4\"><\/td><td class=\"column-5\"><\/td><td class=\"column-6\"><\/td><td class=\"column-7\"><\/td><td class=\"column-8\"><\/td><td class=\"column-9\"><\/td><td class=\"column-10\"><\/td><td class=\"column-11\"><\/td><td class=\"column-12\"><\/td><td class=\"column-13\"><\/td><td class=\"column-14\"><\/td><td class=\"column-15\"><\/td><td class=\"column-16\"><\/td><td class=\"column-17\"><\/td><td class=\"column-18\"><\/td><td class=\"column-19\"><\/td><td class=\"column-20\"><\/td><td class=\"column-21\"><\/td>\n<\/tr>\n<\/tbody>\n<\/table>\n<!-- #tablepress-18 from cache --><\/div>\n\t\t\t\t\t\t<\/div>\n\t\t\t\t<\/div>\n\t\t\t\t\t<\/div>\n\t\t\t\t<\/div>\n\t\t<div class=\"elementor-element elementor-element-4d09720b watch-on-display e-flex e-con-boxed e-con e-parent\" data-id=\"4d09720b\" data-element_type=\"container\" data-e-type=\"container\">\n\t\t\t\t\t<div class=\"e-con-inner\">\n\t\t\t\t<div class=\"elementor-element elementor-element-2177021d animate-on-display elementor-widget elementor-widget-heading\" data-id=\"2177021d\" data-element_type=\"widget\" data-e-type=\"widget\" id=\"notoriete\" data-widget_type=\"heading.default\">\n\t\t\t\t<div class=\"elementor-widget-container\">\n\t\t\t\t\t<h2 class=\"elementor-heading-title elementor-size-default\">Notori\u00e9t\u00e9.<\/h2>\t\t\t\t<\/div>\n\t\t\t\t<\/div>\n\t\t\t\t<div class=\"elementor-element elementor-element-bf14bdd animate-on-display elementor-widget elementor-widget-heading\" data-id=\"bf14bdd\" data-element_type=\"widget\" data-e-type=\"widget\" id=\"resultats\" data-widget_type=\"heading.default\">\n\t\t\t\t<div class=\"elementor-widget-container\">\n\t\t\t\t\t<h3 class=\"elementor-heading-title elementor-size-default\">R\u00e9sultats du suivi d'image<\/h3>\t\t\t\t<\/div>\n\t\t\t\t<\/div>\n\t\t\t\t<div class=\"elementor-element elementor-element-7a3d0a4d animate-on-display elementor-widget elementor-widget-text-editor\" data-id=\"7a3d0a4d\" data-element_type=\"widget\" data-e-type=\"widget\" data-widget_type=\"text-editor.default\">\n\t\t\t\t<div class=\"elementor-widget-container\">\n\t\t\t\t\t\t\t\t\t<p><img loading=\"lazy\" decoding=\"async\" class=\"alignright wp-image-11104 \" src=\"https:\/\/rapport-valais.ch\/wp-content\/uploads\/2024\/02\/VALAIS_RGB_PNG_claim_nooutline_FR-e1709132604624-300x189.png\" alt=\"\" width=\"155\" height=\"97\" srcset=\"https:\/\/rapport-valais.ch\/wp-content\/uploads\/2024\/02\/VALAIS_RGB_PNG_claim_nooutline_FR-e1709132604624-300x189.png 300w, https:\/\/rapport-valais.ch\/wp-content\/uploads\/2024\/02\/VALAIS_RGB_PNG_claim_nooutline_FR-e1709132604624-1024x645.png 1024w, https:\/\/rapport-valais.ch\/wp-content\/uploads\/2024\/02\/VALAIS_RGB_PNG_claim_nooutline_FR-e1709132604624-768x484.png 768w, https:\/\/rapport-valais.ch\/wp-content\/uploads\/2024\/02\/VALAIS_RGB_PNG_claim_nooutline_FR-e1709132604624.png 1315w\" sizes=\"(max-width: 155px) 100vw, 155px\" \/><\/p><p>Le Valais continue \u00e0 faire partie des destinations de montagne les plus connues et les plus appr\u00e9ci\u00e9es de Suisse. Les valeurs de la marque restent stables \u00e0 un niveau \u00e9lev\u00e9, avec une notori\u00e9t\u00e9 affichant une nette tendance \u00e0 la hausse. Actuellement, 68 % de la population suisse conna\u00eet la marque Valais ou son logo.<\/p><p>L\u2019image du Valais reste forte et stable, port\u00e9e par d\u2019excellents scores au niveau de l\u2019intention de visite, des produits valaisans attrayants et de l\u2019hospitalit\u00e9. Simultan\u00e9ment, l\u2019aspect \u00e9cologique et durable des offres de vacances continue de gagner en importance, suscitant un int\u00e9r\u00eat croissant par rapport \u00e0 la vague pr\u00e9c\u00e9dente. L\u2019impact publicitaire conna\u00eet lui aussi une dynamique positive : un peu plus d\u2019un quart de la population se souvient spontan\u00e9ment avoir vu r\u00e9cemment une publicit\u00e9 pour le Valais. La notori\u00e9t\u00e9 publicitaire assist\u00e9e atteint 39 %.<\/p><p>Le taux de reconnaissance de la campagne actuelle s\u2019\u00e9l\u00e8ve \u00e0 34 %, une valeur en forte augmentation par rapport \u00e0 la derni\u00e8re vague. L\u2019analyse des groupes cibles montre que l\u2019int\u00e9r\u00eat pour le Valais reste tr\u00e8s r\u00e9pandu, notamment aupr\u00e8s de nouveaux groupes cibles pr\u00e9sentant une forte intention de visite.<\/p>\t\t\t\t\t\t\t\t<\/div>\n\t\t\t\t<\/div>\n\t\t<div class=\"elementor-element elementor-element-5d7a4c75 e-flex e-con-boxed e-con e-child\" data-id=\"5d7a4c75\" data-element_type=\"container\" data-e-type=\"container\">\n\t\t\t\t\t<div class=\"e-con-inner\">\n\t\t<div class=\"elementor-element elementor-element-74a0498f e-grid e-con-boxed e-con e-child\" data-id=\"74a0498f\" data-element_type=\"container\" data-e-type=\"container\" data-settings=\"{&quot;background_background&quot;:&quot;classic&quot;}\">\n\t\t\t\t\t<div class=\"e-con-inner\">\n\t\t<div class=\"elementor-element elementor-element-63240b18 animate-on-display e-flex e-con-boxed e-con e-child\" data-id=\"63240b18\" data-element_type=\"container\" data-e-type=\"container\">\n\t\t\t\t\t<div class=\"e-con-inner\">\n\t\t\t\t<div class=\"elementor-element elementor-element-39b3669f elementor-widget elementor-widget-heading\" data-id=\"39b3669f\" data-element_type=\"widget\" data-e-type=\"widget\" data-widget_type=\"heading.default\">\n\t\t\t\t<div class=\"elementor-widget-container\">\n\t\t\t\t\t<h4 class=\"elementor-heading-title elementor-size-default\">68% <span>des Suisses <\/span><\/h4>\t\t\t\t<\/div>\n\t\t\t\t<\/div>\n\t\t\t\t<div class=\"elementor-element elementor-element-422cbdcd elementor-widget elementor-widget-text-editor\" data-id=\"422cbdcd\" data-element_type=\"widget\" data-e-type=\"widget\" data-widget_type=\"text-editor.default\">\n\t\t\t\t<div class=\"elementor-widget-container\">\n\t\t\t\t\t\t\t\t\t<div><span lang=\"DE-CH\">connaissent la marque Valais<\/span><\/div>\t\t\t\t\t\t\t\t<\/div>\n\t\t\t\t<\/div>\n\t\t\t\t\t<\/div>\n\t\t\t\t<\/div>\n\t\t<div class=\"elementor-element elementor-element-a53ad84 animate-on-display e-flex e-con-boxed e-con e-child\" data-id=\"a53ad84\" data-element_type=\"container\" data-e-type=\"container\">\n\t\t\t\t\t<div class=\"e-con-inner\">\n\t\t\t\t<div class=\"elementor-element elementor-element-3e98e68 elementor-widget elementor-widget-heading\" data-id=\"3e98e68\" data-element_type=\"widget\" data-e-type=\"widget\" data-widget_type=\"heading.default\">\n\t\t\t\t<div class=\"elementor-widget-container\">\n\t\t\t\t\t<h4 class=\"elementor-heading-title elementor-size-default\">39% des Suisses<span> <\/span><\/h4>\t\t\t\t<\/div>\n\t\t\t\t<\/div>\n\t\t\t\t<div class=\"elementor-element elementor-element-8823e42 elementor-widget elementor-widget-text-editor\" data-id=\"8823e42\" data-element_type=\"widget\" data-e-type=\"widget\" data-widget_type=\"text-editor.default\">\n\t\t\t\t<div class=\"elementor-widget-container\">\n\t\t\t\t\t\t\t\t\t<div><span lang=\"DE-CH\">connaissent la publicit\u00e9 pour le Valais<\/span><\/div>\t\t\t\t\t\t\t\t<\/div>\n\t\t\t\t<\/div>\n\t\t\t\t\t<\/div>\n\t\t\t\t<\/div>\n\t\t<div class=\"elementor-element elementor-element-82c5bab animate-on-display e-con-full e-flex e-con e-child\" data-id=\"82c5bab\" data-element_type=\"container\" data-e-type=\"container\">\n\t\t\t\t<div class=\"elementor-element elementor-element-5c356f9 elementor-widget elementor-widget-text-editor\" data-id=\"5c356f9\" data-element_type=\"widget\" data-e-type=\"widget\" data-widget_type=\"text-editor.default\">\n\t\t\t\t<div class=\"elementor-widget-container\">\n\t\t\t\t\t\t\t\t\t<p>Source: Imagetracking YouGov Suisse<\/p>\t\t\t\t\t\t\t\t<\/div>\n\t\t\t\t<\/div>\n\t\t\t\t<\/div>\n\t\t\t\t\t<\/div>\n\t\t\t\t<\/div>\n\t\t\t\t\t<\/div>\n\t\t\t\t<\/div>\n\t\t\t\t\t<\/div>\n\t\t\t\t<\/div>\n\t\t<div class=\"elementor-element elementor-element-60dbb49 e-flex e-con-boxed e-con e-parent\" data-id=\"60dbb49\" data-element_type=\"container\" data-e-type=\"container\">\n\t\t\t\t\t<div class=\"e-con-inner\">\n\t\t\t\t<div class=\"elementor-element elementor-element-91b8523 elementor-widget elementor-widget-image\" data-id=\"91b8523\" data-element_type=\"widget\" data-e-type=\"widget\" data-widget_type=\"image.default\">\n\t\t\t\t<div class=\"elementor-widget-container\">\n\t\t\t\t\t\t\t\t\t\t\t\t<figure class=\"wp-caption\">\n\t\t\t\t\t\t\t\t\t\t\t<a href=\"https:\/\/rapport-valais.ch\/wp-content\/uploads\/2026\/04\/Grafik-Bekanntheit-Marke_FR.png\" data-elementor-open-lightbox=\"yes\" data-elementor-lightbox-title=\"Grafik Bekanntheit Marke_FR\" data-e-action-hash=\"#elementor-action%3Aaction%3Dlightbox%26settings%3DeyJpZCI6MTcyNzYsInVybCI6Imh0dHBzOlwvXC9yYXBwb3J0LXZhbGFpcy5jaFwvd3AtY29udGVudFwvdXBsb2Fkc1wvMjAyNlwvMDRcL0dyYWZpay1CZWthbm50aGVpdC1NYXJrZV9GUi5wbmcifQ%3D%3D\">\n\t\t\t\t\t\t\t<img decoding=\"async\" src=\"https:\/\/rapport-valais.ch\/wp-content\/uploads\/2026\/04\/Grafik-Bekanntheit-Marke_FR.png\" title=\"Grafik Bekanntheit Marke_FR\" alt=\"Grafik Bekanntheit Marke_FR\" loading=\"lazy\" \/>\t\t\t\t\t\t\t\t<\/a>\n\t\t\t\t\t\t\t\t\t\t\t<figcaption class=\"widget-image-caption wp-caption-text\"><\/figcaption>\n\t\t\t\t\t\t\t\t\t\t<\/figure>\n\t\t\t\t\t\t\t\t\t<\/div>\n\t\t\t\t<\/div>\n\t\t\t\t\t<\/div>\n\t\t\t\t<\/div>\n\t\t<div class=\"elementor-element elementor-element-1066d52a watch-on-display e-flex e-con-boxed e-con e-parent\" data-id=\"1066d52a\" data-element_type=\"container\" data-e-type=\"container\">\n\t\t\t\t\t<div class=\"e-con-inner\">\n\t\t<div class=\"elementor-element elementor-element-5db1b914 e-flex e-con-boxed e-con e-child\" data-id=\"5db1b914\" data-element_type=\"container\" data-e-type=\"container\">\n\t\t\t\t\t<div class=\"e-con-inner\">\n\t\t\t\t<div class=\"elementor-element elementor-element-165d328 animate-on-display elementor-widget elementor-widget-heading\" data-id=\"165d328\" data-element_type=\"widget\" data-e-type=\"widget\" id=\"label\" data-widget_type=\"heading.default\">\n\t\t\t\t<div class=\"elementor-widget-container\">\n\t\t\t\t\t<h3 class=\"elementor-heading-title elementor-size-default\">Notori\u00e9t\u00e9 du label marque Valais.<\/h3>\t\t\t\t<\/div>\n\t\t\t\t<\/div>\n\t\t<div class=\"elementor-element elementor-element-79c248ae e-grid e-con-boxed e-con e-child\" data-id=\"79c248ae\" data-element_type=\"container\" data-e-type=\"container\" data-settings=\"{&quot;background_background&quot;:&quot;classic&quot;}\">\n\t\t\t\t\t<div class=\"e-con-inner\">\n\t\t<div class=\"elementor-element elementor-element-7b56ebb9 animate-on-display e-flex e-con-boxed e-con e-child\" data-id=\"7b56ebb9\" data-element_type=\"container\" data-e-type=\"container\">\n\t\t\t\t\t<div class=\"e-con-inner\">\n\t\t\t\t<div class=\"elementor-element elementor-element-41ef74b5 elementor-widget elementor-widget-heading\" data-id=\"41ef74b5\" data-element_type=\"widget\" data-e-type=\"widget\" data-widget_type=\"heading.default\">\n\t\t\t\t<div class=\"elementor-widget-container\">\n\t\t\t\t\t<h4 class=\"elementor-heading-title elementor-size-default\"><span style=\"font-size: 18px\">297<\/span><\/h4>\t\t\t\t<\/div>\n\t\t\t\t<\/div>\n\t\t\t\t<div class=\"elementor-element elementor-element-2183c58b elementor-widget elementor-widget-text-editor\" data-id=\"2183c58b\" data-element_type=\"widget\" data-e-type=\"widget\" data-widget_type=\"text-editor.default\">\n\t\t\t\t<div class=\"elementor-widget-container\">\n\t\t\t\t\t\t\t\t\t<div><span lang=\"DE-CH\">Producteurs autoris\u00e9s<\/span><\/div>\t\t\t\t\t\t\t\t<\/div>\n\t\t\t\t<\/div>\n\t\t\t\t\t<\/div>\n\t\t\t\t<\/div>\n\t\t<div class=\"elementor-element elementor-element-1079610 animate-on-display e-flex e-con-boxed e-con e-child\" data-id=\"1079610\" data-element_type=\"container\" data-e-type=\"container\">\n\t\t\t\t\t<div class=\"e-con-inner\">\n\t\t\t\t<div class=\"elementor-element elementor-element-ff22377 elementor-widget elementor-widget-heading\" data-id=\"ff22377\" data-element_type=\"widget\" data-e-type=\"widget\" data-widget_type=\"heading.default\">\n\t\t\t\t<div class=\"elementor-widget-container\">\n\t\t\t\t\t<h4 class=\"elementor-heading-title elementor-size-default\">+1200<\/h4>\t\t\t\t<\/div>\n\t\t\t\t<\/div>\n\t\t\t\t<div class=\"elementor-element elementor-element-1e7923e elementor-widget elementor-widget-text-editor\" data-id=\"1e7923e\" data-element_type=\"widget\" data-e-type=\"widget\" data-widget_type=\"text-editor.default\">\n\t\t\t\t<div class=\"elementor-widget-container\">\n\t\t\t\t\t\t\t\t\t<div><span lang=\"DE-CH\">Produits certifi\u00e9s<\/span><\/div>\t\t\t\t\t\t\t\t<\/div>\n\t\t\t\t<\/div>\n\t\t\t\t\t<\/div>\n\t\t\t\t<\/div>\n\t\t<div class=\"elementor-element elementor-element-86970f2 animate-on-display e-flex e-con-boxed e-con e-child\" data-id=\"86970f2\" data-element_type=\"container\" data-e-type=\"container\">\n\t\t\t\t\t<div class=\"e-con-inner\">\n\t\t\t\t<div class=\"elementor-element elementor-element-f982a5d elementor-widget elementor-widget-heading\" data-id=\"f982a5d\" data-element_type=\"widget\" data-e-type=\"widget\" data-widget_type=\"heading.default\">\n\t\t\t\t<div class=\"elementor-widget-container\">\n\t\t\t\t\t<h4 class=\"elementor-heading-title elementor-size-default\">4 secteurs<\/h4>\t\t\t\t<\/div>\n\t\t\t\t<\/div>\n\t\t\t\t<div class=\"elementor-element elementor-element-1fcac4c elementor-widget elementor-widget-text-editor\" data-id=\"1fcac4c\" data-element_type=\"widget\" data-e-type=\"widget\" data-widget_type=\"text-editor.default\">\n\t\t\t\t<div class=\"elementor-widget-container\">\n\t\t\t\t\t\t\t\t\t<div><span lang=\"DE-CH\">agriculture, industrie, artisanat, cosm\u00e9tique<\/span><\/div>\t\t\t\t\t\t\t\t<\/div>\n\t\t\t\t<\/div>\n\t\t\t\t\t<\/div>\n\t\t\t\t<\/div>\n\t\t\t\t\t<\/div>\n\t\t\t\t<\/div>\n\t\t\t\t<div class=\"elementor-element elementor-element-d1ebb0c animate-on-display elementor-widget elementor-widget-text-editor\" data-id=\"d1ebb0c\" data-element_type=\"widget\" data-e-type=\"widget\" data-widget_type=\"text-editor.default\">\n\t\t\t\t<div class=\"elementor-widget-container\">\n\t\t\t\t\t\t\t\t\t<p><img loading=\"lazy\" decoding=\"async\" class=\"alignright\" src=\"https:\/\/rapport-valais.ch\/wp-content\/uploads\/2024\/04\/Valais_Label_Qualite__DE_Couleur_RGB-250x300.png\" alt=\"\" width=\"110\" height=\"132\" \/><\/p><p>Le label marque Valais est un gage de reconnaissance, d\u2019origine et de qualit\u00e9 pour les produits et les services embl\u00e9matiques du Valais propos\u00e9s par des entreprises respectueuses de l\u2019environnement et des valeurs sociales.\u00a0<\/p><p>Selon un sondage r\u00e9alis\u00e9 par Elyos en 2024, 90 % des habitants du Valais connaissent ce label. Il jouit \u00e9galement d\u2019une notori\u00e9t\u00e9 consid\u00e9rable dans le reste de la Suisse romande, o\u00f9 au moins un tiers des personnes interrog\u00e9es en ont entendu parler.\u00a0<\/p><p>Le label marque Valais est largement per\u00e7u comme une certification attestant de l\u2019origine locale des produits et comme un moyen de soutenir la production r\u00e9gionale. Parall\u00e8lement, le r\u00e9seau ne cesse de se d\u00e9velopper : le nombre de producteurs et de produits certifi\u00e9s a encore augment\u00e9, et le label couvre aujourd\u2019hui quatre secteurs cl\u00e9s : l\u2019agriculture, l\u2019industrie, l\u2019artisanat et les cosm\u00e9tiques. Cette diversit\u00e9 souligne le r\u00f4le de la marque Valais, qui agit \u00e0 la fois comme trait d\u2019union entre diff\u00e9rents secteurs \u00e9conomiques et embl\u00e8me visible de l\u2019excellence r\u00e9gionale.<\/p>\t\t\t\t\t\t\t\t<\/div>\n\t\t\t\t<\/div>\n\t\t\t\t\t<\/div>\n\t\t\t\t<\/div>\n\t\t\t\t\t<\/div>\n\t\t\t\t<\/div>\n\t\t<div class=\"elementor-element elementor-element-684fb972 watch-on-display e-flex e-con-boxed e-con e-parent\" data-id=\"684fb972\" data-element_type=\"container\" data-e-type=\"container\">\n\t\t\t\t\t<div class=\"e-con-inner\">\n\t\t<div class=\"elementor-element elementor-element-434dbc5b e-flex e-con-boxed e-con e-child\" data-id=\"434dbc5b\" data-element_type=\"container\" data-e-type=\"container\">\n\t\t\t\t\t<div class=\"e-con-inner\">\n\t\t\t\t<div class=\"elementor-element elementor-element-12947b96 animate-on-display elementor-widget elementor-widget-heading\" data-id=\"12947b96\" data-element_type=\"widget\" data-e-type=\"widget\" data-widget_type=\"heading.default\">\n\t\t\t\t<div class=\"elementor-widget-container\">\n\t\t\t\t\t<h2 class=\"elementor-heading-title elementor-size-default\">Campagnes.<\/h2>\t\t\t\t<\/div>\n\t\t\t\t<\/div>\n\t\t<div class=\"elementor-element elementor-element-37198955 e-grid e-con-boxed e-con e-child\" data-id=\"37198955\" data-element_type=\"container\" data-e-type=\"container\" data-settings=\"{&quot;background_background&quot;:&quot;classic&quot;}\">\n\t\t\t\t\t<div class=\"e-con-inner\">\n\t\t<div class=\"elementor-element elementor-element-218da871 e-con-full animate-on-display e-flex e-con e-child\" data-id=\"218da871\" data-element_type=\"container\" data-e-type=\"container\" data-settings=\"{&quot;background_background&quot;:&quot;classic&quot;}\">\n\t\t<div class=\"elementor-element elementor-element-7c282ef4 e-con-full e-flex e-con e-child\" data-id=\"7c282ef4\" data-element_type=\"container\" data-e-type=\"container\">\n\t\t\t\t<div class=\"elementor-element elementor-element-746df68d elementor-widget elementor-widget-image\" data-id=\"746df68d\" data-element_type=\"widget\" data-e-type=\"widget\" data-widget_type=\"image.default\">\n\t\t\t\t<div class=\"elementor-widget-container\">\n\t\t\t\t\t\t\t\t\t\t\t\t\t\t\t<img loading=\"lazy\" decoding=\"async\" width=\"120\" height=\"120\" src=\"https:\/\/rapport-valais.ch\/wp-content\/uploads\/2024\/02\/familien-wanderung-l.jpg\" class=\"attachment-large size-large wp-image-10723\" alt=\"\" \/>\t\t\t\t\t\t\t\t\t\t\t\t\t\t\t<\/div>\n\t\t\t\t<\/div>\n\t\t\t\t<\/div>\n\t\t<div class=\"elementor-element elementor-element-a7d2fb e-con-full e-flex e-con e-child\" data-id=\"a7d2fb\" data-element_type=\"container\" data-e-type=\"container\">\n\t\t\t\t<div class=\"elementor-element elementor-element-2d315e6d elementor-widget elementor-widget-heading\" data-id=\"2d315e6d\" data-element_type=\"widget\" data-e-type=\"widget\" data-widget_type=\"heading.default\">\n\t\t\t\t<div class=\"elementor-widget-container\">\n\t\t\t\t\t<h3 class=\"elementor-heading-title elementor-size-default\">281,4 millions<\/h3>\t\t\t\t<\/div>\n\t\t\t\t<\/div>\n\t\t\t\t<div class=\"elementor-element elementor-element-337594c6 elementor-widget elementor-widget-text-editor\" data-id=\"337594c6\" data-element_type=\"widget\" data-e-type=\"widget\" data-widget_type=\"text-editor.default\">\n\t\t\t\t<div class=\"elementor-widget-container\">\n\t\t\t\t\t\t\t\t\t<p>de contacts pour la campagne Sentiment de libert\u00e9<\/p>\t\t\t\t\t\t\t\t<\/div>\n\t\t\t\t<\/div>\n\t\t\t\t<\/div>\n\t\t\t\t<div class=\"elementor-element elementor-element-48d0af8e elementor-absolute elementor-widget elementor-widget-image\" data-id=\"48d0af8e\" data-element_type=\"widget\" data-e-type=\"widget\" data-settings=\"{&quot;_position&quot;:&quot;absolute&quot;}\" data-widget_type=\"image.default\">\n\t\t\t\t<div class=\"elementor-widget-container\">\n\t\t\t\t\t\t\t\t\t\t\t\t\t\t\t<img loading=\"lazy\" decoding=\"async\" width=\"1\" height=\"1\" src=\"https:\/\/rapport-valais.ch\/wp-content\/uploads\/2024\/01\/arrow-trsnprnt.svg\" class=\"attachment-large size-large wp-image-8930\" alt=\"\" \/>\t\t\t\t\t\t\t\t\t\t\t\t\t\t\t<\/div>\n\t\t\t\t<\/div>\n\t\t\t\t<\/div>\n\t\t<div class=\"elementor-element elementor-element-4b231ece e-con-full animate-on-display e-flex e-con e-child\" data-id=\"4b231ece\" data-element_type=\"container\" data-e-type=\"container\" data-settings=\"{&quot;background_background&quot;:&quot;classic&quot;}\">\n\t\t<div class=\"elementor-element elementor-element-7138d2c5 e-con-full e-flex e-con e-child\" data-id=\"7138d2c5\" data-element_type=\"container\" data-e-type=\"container\">\n\t\t\t\t<div class=\"elementor-element elementor-element-3d292811 elementor-widget elementor-widget-image\" data-id=\"3d292811\" data-element_type=\"widget\" data-e-type=\"widget\" data-widget_type=\"image.default\">\n\t\t\t\t<div class=\"elementor-widget-container\">\n\t\t\t\t\t\t\t\t\t\t\t\t\t\t\t<img loading=\"lazy\" decoding=\"async\" width=\"120\" height=\"120\" src=\"https:\/\/rapport-valais.ch\/wp-content\/uploads\/2024\/02\/factory-l.jpg\" class=\"attachment-large size-large wp-image-10722\" alt=\"\" \/>\t\t\t\t\t\t\t\t\t\t\t\t\t\t\t<\/div>\n\t\t\t\t<\/div>\n\t\t\t\t<\/div>\n\t\t<div class=\"elementor-element elementor-element-2efa84c4 e-con-full e-flex e-con e-child\" data-id=\"2efa84c4\" data-element_type=\"container\" data-e-type=\"container\">\n\t\t\t\t<div class=\"elementor-element elementor-element-240ffaad elementor-widget elementor-widget-heading\" data-id=\"240ffaad\" data-element_type=\"widget\" data-e-type=\"widget\" data-widget_type=\"heading.default\">\n\t\t\t\t<div class=\"elementor-widget-container\">\n\t\t\t\t\t<h3 class=\"elementor-heading-title elementor-size-default\">104,5 millions<\/h3>\t\t\t\t<\/div>\n\t\t\t\t<\/div>\n\t\t\t\t<div class=\"elementor-element elementor-element-269c05ff elementor-widget elementor-widget-text-editor\" data-id=\"269c05ff\" data-element_type=\"widget\" data-e-type=\"widget\" data-widget_type=\"text-editor.default\">\n\t\t\t\t<div class=\"elementor-widget-container\">\n\t\t\t\t\t\t\t\t\t<p>de contacts pour la campagne Vivre et Travailler<\/p>\t\t\t\t\t\t\t\t<\/div>\n\t\t\t\t<\/div>\n\t\t\t\t<\/div>\n\t\t\t\t<div class=\"elementor-element elementor-element-77479b51 elementor-absolute elementor-widget elementor-widget-image\" data-id=\"77479b51\" data-element_type=\"widget\" data-e-type=\"widget\" data-settings=\"{&quot;_position&quot;:&quot;absolute&quot;}\" data-widget_type=\"image.default\">\n\t\t\t\t<div class=\"elementor-widget-container\">\n\t\t\t\t\t\t\t\t\t\t\t\t\t\t\t<img loading=\"lazy\" decoding=\"async\" width=\"1\" height=\"1\" src=\"https:\/\/rapport-valais.ch\/wp-content\/uploads\/2024\/01\/arrow-trsnprnt.svg\" class=\"attachment-large size-large wp-image-8930\" alt=\"\" \/>\t\t\t\t\t\t\t\t\t\t\t\t\t\t\t<\/div>\n\t\t\t\t<\/div>\n\t\t\t\t<\/div>\n\t\t<div class=\"elementor-element elementor-element-889b91d e-con-full animate-on-display e-flex e-con e-child\" data-id=\"889b91d\" data-element_type=\"container\" data-e-type=\"container\" data-settings=\"{&quot;background_background&quot;:&quot;classic&quot;}\">\n\t\t<div class=\"elementor-element elementor-element-489637d7 e-con-full e-flex e-con e-child\" data-id=\"489637d7\" data-element_type=\"container\" data-e-type=\"container\">\n\t\t\t\t<div class=\"elementor-element elementor-element-36d397c elementor-widget elementor-widget-image\" data-id=\"36d397c\" data-element_type=\"widget\" data-e-type=\"widget\" data-widget_type=\"image.default\">\n\t\t\t\t<div class=\"elementor-widget-container\">\n\t\t\t\t\t\t\t\t\t\t\t\t\t\t\t<img loading=\"lazy\" decoding=\"async\" width=\"120\" height=\"120\" src=\"https:\/\/rapport-valais.ch\/wp-content\/uploads\/2024\/02\/grapes-l.jpg\" class=\"attachment-large size-large wp-image-10724\" alt=\"\" \/>\t\t\t\t\t\t\t\t\t\t\t\t\t\t\t<\/div>\n\t\t\t\t<\/div>\n\t\t\t\t<\/div>\n\t\t<div class=\"elementor-element elementor-element-15f65a81 e-con-full e-flex e-con e-child\" data-id=\"15f65a81\" data-element_type=\"container\" data-e-type=\"container\">\n\t\t\t\t<div class=\"elementor-element elementor-element-149b59e8 elementor-widget elementor-widget-heading\" data-id=\"149b59e8\" data-element_type=\"widget\" data-e-type=\"widget\" data-widget_type=\"heading.default\">\n\t\t\t\t<div class=\"elementor-widget-container\">\n\t\t\t\t\t<h3 class=\"elementor-heading-title elementor-size-default\">2 millions<\/h3>\t\t\t\t<\/div>\n\t\t\t\t<\/div>\n\t\t\t\t<div class=\"elementor-element elementor-element-75edade0 elementor-widget elementor-widget-text-editor\" data-id=\"75edade0\" data-element_type=\"widget\" data-e-type=\"widget\" data-widget_type=\"text-editor.default\">\n\t\t\t\t<div class=\"elementor-widget-container\">\n\t\t\t\t\t\t\t\t\t<p>de contacts pour la campagne Saveurs du Valais<\/p>\t\t\t\t\t\t\t\t<\/div>\n\t\t\t\t<\/div>\n\t\t\t\t<\/div>\n\t\t\t\t<div class=\"elementor-element elementor-element-6c5cb32b elementor-absolute elementor-widget elementor-widget-image\" data-id=\"6c5cb32b\" data-element_type=\"widget\" data-e-type=\"widget\" data-settings=\"{&quot;_position&quot;:&quot;absolute&quot;}\" data-widget_type=\"image.default\">\n\t\t\t\t<div class=\"elementor-widget-container\">\n\t\t\t\t\t\t\t\t\t\t\t\t\t\t\t<img loading=\"lazy\" decoding=\"async\" width=\"1\" height=\"1\" src=\"https:\/\/rapport-valais.ch\/wp-content\/uploads\/2024\/01\/arrow-trsnprnt.svg\" class=\"attachment-large size-large wp-image-8930\" alt=\"\" \/>\t\t\t\t\t\t\t\t\t\t\t\t\t\t\t<\/div>\n\t\t\t\t<\/div>\n\t\t\t\t<\/div>\n\t\t<div class=\"elementor-element elementor-element-58aad6c4 e-con-full animate-on-display e-flex e-con e-child\" data-id=\"58aad6c4\" data-element_type=\"container\" data-e-type=\"container\" data-settings=\"{&quot;background_background&quot;:&quot;classic&quot;}\">\n\t\t<div class=\"elementor-element elementor-element-531f3511 e-con-full e-flex e-con e-child\" data-id=\"531f3511\" data-element_type=\"container\" data-e-type=\"container\">\n\t\t\t\t<div class=\"elementor-element elementor-element-3685a10b elementor-widget elementor-widget-image\" data-id=\"3685a10b\" data-element_type=\"widget\" data-e-type=\"widget\" data-widget_type=\"image.default\">\n\t\t\t\t<div class=\"elementor-widget-container\">\n\t\t\t\t\t\t\t\t\t\t\t\t\t\t\t<img loading=\"lazy\" decoding=\"async\" width=\"188\" height=\"188\" src=\"https:\/\/rapport-valais.ch\/wp-content\/uploads\/2024\/02\/map-l.jpg\" class=\"attachment-large size-large wp-image-10895\" alt=\"\" srcset=\"https:\/\/rapport-valais.ch\/wp-content\/uploads\/2024\/02\/map-l.jpg 188w, https:\/\/rapport-valais.ch\/wp-content\/uploads\/2024\/02\/map-l-150x150.jpg 150w\" sizes=\"(max-width: 188px) 100vw, 188px\" \/>\t\t\t\t\t\t\t\t\t\t\t\t\t\t\t<\/div>\n\t\t\t\t<\/div>\n\t\t\t\t<\/div>\n\t\t<div class=\"elementor-element elementor-element-527ac8a e-con-full e-flex e-con e-child\" data-id=\"527ac8a\" data-element_type=\"container\" data-e-type=\"container\">\n\t\t\t\t<div class=\"elementor-element elementor-element-6d580241 elementor-widget elementor-widget-heading\" data-id=\"6d580241\" data-element_type=\"widget\" data-e-type=\"widget\" data-widget_type=\"heading.default\">\n\t\t\t\t<div class=\"elementor-widget-container\">\n\t\t\t\t\t<h3 class=\"elementor-heading-title elementor-size-default\">40 millions<\/h3>\t\t\t\t<\/div>\n\t\t\t\t<\/div>\n\t\t\t\t<div class=\"elementor-element elementor-element-14c98389 elementor-widget elementor-widget-text-editor\" data-id=\"14c98389\" data-element_type=\"widget\" data-e-type=\"widget\" data-widget_type=\"text-editor.default\">\n\t\t\t\t<div class=\"elementor-widget-container\">\n\t\t\t\t\t\t\t\t\t<div class=\"elementor-element elementor-element-527ac8a e-con-full e-flex e-con e-child\" data-id=\"527ac8a\" data-element_type=\"container\"><div class=\"elementor-element elementor-element-14c98389 elementor-widget elementor-widget-text-editor\" data-id=\"14c98389\" data-element_type=\"widget\" data-widget_type=\"text-editor.default\"><div class=\"elementor-widget-container\"><p>de contacts affichage national, mai \u00e0 d\u00e9cembre<\/p><\/div><\/div><\/div>\t\t\t\t\t\t\t\t<\/div>\n\t\t\t\t<\/div>\n\t\t\t\t<\/div>\n\t\t\t\t<div class=\"elementor-element elementor-element-2b7fae3e elementor-absolute elementor-widget elementor-widget-image\" data-id=\"2b7fae3e\" data-element_type=\"widget\" data-e-type=\"widget\" data-settings=\"{&quot;_position&quot;:&quot;absolute&quot;}\" data-widget_type=\"image.default\">\n\t\t\t\t<div class=\"elementor-widget-container\">\n\t\t\t\t\t\t\t\t\t\t\t\t\t\t\t<img loading=\"lazy\" decoding=\"async\" width=\"1\" height=\"1\" src=\"https:\/\/rapport-valais.ch\/wp-content\/uploads\/2024\/01\/arrow-trsnprnt.svg\" class=\"attachment-large size-large wp-image-8930\" alt=\"\" \/>\t\t\t\t\t\t\t\t\t\t\t\t\t\t\t<\/div>\n\t\t\t\t<\/div>\n\t\t\t\t<\/div>\n\t\t\t\t\t<\/div>\n\t\t\t\t<\/div>\n\t\t\t\t\t<\/div>\n\t\t\t\t<\/div>\n\t\t\t\t\t<\/div>\n\t\t\t\t<\/div>\n\t\t<div class=\"elementor-element elementor-element-5a26363 watch-on-display e-flex e-con-boxed e-con e-parent\" data-id=\"5a26363\" data-element_type=\"container\" data-e-type=\"container\" data-settings=\"{&quot;animation&quot;:&quot;none&quot;,&quot;animation_delay&quot;:20}\">\n\t\t\t\t\t<div class=\"e-con-inner\">\n\t\t\t\t<div class=\"elementor-element elementor-element-7236845 animate-on-display elementor-widget elementor-widget-heading\" data-id=\"7236845\" data-element_type=\"widget\" data-e-type=\"widget\" data-widget_type=\"heading.default\">\n\t\t\t\t<div class=\"elementor-widget-container\">\n\t\t\t\t\t<h3 class=\"elementor-heading-title elementor-size-default\">Campagne hiver 2024\/25.<\/h3>\t\t\t\t<\/div>\n\t\t\t\t<\/div>\n\t\t\t\t<div class=\"elementor-element elementor-element-586c684 animate-on-display elementor-widget elementor-widget-image\" data-id=\"586c684\" data-element_type=\"widget\" data-e-type=\"widget\" data-widget_type=\"image.default\">\n\t\t\t\t<div class=\"elementor-widget-container\">\n\t\t\t\t\t\t\t\t\t\t\t\t\t\t\t\t<a href=\"https:\/\/rapport-valais.ch\/wp-content\/uploads\/2026\/04\/F200_Winter_FR.png\" data-elementor-open-lightbox=\"yes\" data-elementor-lightbox-title=\"F200_Winter_FR\" data-e-action-hash=\"#elementor-action%3Aaction%3Dlightbox%26settings%3DeyJpZCI6MTY5MzMsInVybCI6Imh0dHBzOlwvXC9yYXBwb3J0LXZhbGFpcy5jaFwvd3AtY29udGVudFwvdXBsb2Fkc1wvMjAyNlwvMDRcL0YyMDBfV2ludGVyX0ZSLnBuZyJ9\">\n\t\t\t\t\t\t\t<img loading=\"lazy\" decoding=\"async\" width=\"800\" height=\"400\" src=\"https:\/\/rapport-valais.ch\/wp-content\/uploads\/2026\/04\/F200_Winter_FR-1024x512.png\" class=\"attachment-large size-large wp-image-16933\" alt=\"\" srcset=\"https:\/\/rapport-valais.ch\/wp-content\/uploads\/2026\/04\/F200_Winter_FR-1024x512.png 1024w, https:\/\/rapport-valais.ch\/wp-content\/uploads\/2026\/04\/F200_Winter_FR-300x150.png 300w, https:\/\/rapport-valais.ch\/wp-content\/uploads\/2026\/04\/F200_Winter_FR-768x384.png 768w, https:\/\/rapport-valais.ch\/wp-content\/uploads\/2026\/04\/F200_Winter_FR-1536x768.png 1536w, https:\/\/rapport-valais.ch\/wp-content\/uploads\/2026\/04\/F200_Winter_FR.png 2000w\" sizes=\"(max-width: 800px) 100vw, 800px\" \/>\t\t\t\t\t\t\t\t<\/a>\n\t\t\t\t\t\t\t\t\t\t\t\t\t\t\t<\/div>\n\t\t\t\t<\/div>\n\t\t\t\t<div class=\"elementor-element elementor-element-b252c4d animate-on-display elementor-widget elementor-widget-text-editor\" data-id=\"b252c4d\" data-element_type=\"widget\" data-e-type=\"widget\" data-widget_type=\"text-editor.default\">\n\t\t\t\t<div class=\"elementor-widget-container\">\n\t\t\t\t\t\t\t\t\t<p>L\u2019essentiel de la campagne d\u2019hiver s\u2019est d\u00e9roul\u00e9 au d\u00e9but de la saison, de la fin octobre \u00e0 la mi-d\u00e9cembre. Son objectif \u00e9tait de susciter l\u2019enthousiasme autour de la neige, de la montagne et des vacances d\u2019hiver et d\u2019inciter les gens \u00e0 r\u00e9server t\u00f4t. Les premi\u00e8res chutes de neige, d\u00e9but d\u00e9cembre, ont boost\u00e9 la visibilit\u00e9.\u00a0<\/p><p>Au total, la campagne a g\u00e9n\u00e9r\u00e9 plus de 80 millions d\u2019impressions. Durant la phase d\u2019inspiration, la dynamique a \u00e9t\u00e9 port\u00e9e principalement par des vid\u00e9os tandis que des formats cibl\u00e9s tels que les social ads, display ads et native ads prenaient le relais durant la phase de conversion en redirigeant les visiteurs vers les pages de la campagne. Le r\u00e9sultat : plus de 235\u2019000 visites g\u00e9n\u00e9r\u00e9es, dont pr\u00e8s de 28 % qualifi\u00e9es.\u00a0<\/p><p>Des panneaux d\u2019affichage dans les gares suisses ont assur\u00e9 une visibilit\u00e9 suppl\u00e9mentaire.\u00a0<\/p><p>\u00c0 partir de janvier 2025, jusqu\u2019\u00e0 P\u00e2ques, la campagne digitale s\u2019est poursuivie en mode \u00ab always-on \u00bb. Ces mesures ont g\u00e9n\u00e9r\u00e9 plus de 144 millions de contacts visuels et plus de 45\u2019000 visites additionnelles. Environ 30 % de ces visites ont \u00e9t\u00e9 consid\u00e9r\u00e9es comme qualifi\u00e9es.<\/p><p><a style=\"text-align: var(--text-align); background-color: #fafafa; font-family: var( --e-global-typography-text-font-family ), Sans-serif; font-size: var( --e-global-typography-text-font-size );\" href=\"https:\/\/www.vwpnet.ch\/fr\/news\/informations-partenaires\/campagne-hiver-2024-2025-3922\" target=\"_blank\" rel=\"noopener\">D\u00e9couvrir la campagne\u00a0<\/a><\/p>\t\t\t\t\t\t\t\t<\/div>\n\t\t\t\t<\/div>\n\t\t\t\t\t<\/div>\n\t\t\t\t<\/div>\n\t\t<div class=\"elementor-element elementor-element-2ad345c watch-on-display e-flex e-con-boxed e-con e-parent\" data-id=\"2ad345c\" data-element_type=\"container\" data-e-type=\"container\" data-settings=\"{&quot;animation&quot;:&quot;none&quot;,&quot;animation_delay&quot;:20}\">\n\t\t\t\t\t<div class=\"e-con-inner\">\n\t\t\t\t<div class=\"elementor-element elementor-element-137df7e animate-on-display elementor-widget elementor-widget-heading\" data-id=\"137df7e\" data-element_type=\"widget\" data-e-type=\"widget\" id=\"Raiffeisen\" data-widget_type=\"heading.default\">\n\t\t\t\t<div class=\"elementor-widget-container\">\n\t\t\t\t\t<h3 class=\"elementor-heading-title elementor-size-default\">Campagne \u00e9t\u00e9.<\/h3>\t\t\t\t<\/div>\n\t\t\t\t<\/div>\n\t\t\t\t<div class=\"elementor-element elementor-element-c12d1a6 animate-on-display elementor-widget elementor-widget-image\" data-id=\"c12d1a6\" data-element_type=\"widget\" data-e-type=\"widget\" data-widget_type=\"image.default\">\n\t\t\t\t<div class=\"elementor-widget-container\">\n\t\t\t\t\t\t\t\t\t\t\t\t\t\t\t\t<a href=\"https:\/\/rapport-valais.ch\/wp-content\/uploads\/2026\/04\/VWP_Campagne_Valais_Bike_Digital_828x910px_RVB_20250331_Vache_FR.jpg\" data-elementor-open-lightbox=\"yes\" data-elementor-lightbox-title=\"VWP_Campagne_Valais_Bike_Digital_828x910px_RVB_20250331_Vache_FR\" data-e-action-hash=\"#elementor-action%3Aaction%3Dlightbox%26settings%3DeyJpZCI6MTY5NDIsInVybCI6Imh0dHBzOlwvXC9yYXBwb3J0LXZhbGFpcy5jaFwvd3AtY29udGVudFwvdXBsb2Fkc1wvMjAyNlwvMDRcL1ZXUF9DYW1wYWduZV9WYWxhaXNfQmlrZV9EaWdpdGFsXzgyOHg5MTBweF9SVkJfMjAyNTAzMzFfVmFjaGVfRlIuanBnIn0%3D\">\n\t\t\t\t\t\t\t<img loading=\"lazy\" decoding=\"async\" width=\"800\" height=\"879\" src=\"https:\/\/rapport-valais.ch\/wp-content\/uploads\/2026\/04\/VWP_Campagne_Valais_Bike_Digital_828x910px_RVB_20250331_Vache_FR.jpg\" class=\"attachment-large size-large wp-image-16942\" alt=\"\" srcset=\"https:\/\/rapport-valais.ch\/wp-content\/uploads\/2026\/04\/VWP_Campagne_Valais_Bike_Digital_828x910px_RVB_20250331_Vache_FR.jpg 828w, https:\/\/rapport-valais.ch\/wp-content\/uploads\/2026\/04\/VWP_Campagne_Valais_Bike_Digital_828x910px_RVB_20250331_Vache_FR-273x300.jpg 273w, https:\/\/rapport-valais.ch\/wp-content\/uploads\/2026\/04\/VWP_Campagne_Valais_Bike_Digital_828x910px_RVB_20250331_Vache_FR-768x844.jpg 768w\" sizes=\"(max-width: 800px) 100vw, 800px\" \/>\t\t\t\t\t\t\t\t<\/a>\n\t\t\t\t\t\t\t\t\t\t\t\t\t\t\t<\/div>\n\t\t\t\t<\/div>\n\t\t\t\t<div class=\"elementor-element elementor-element-dfb9cfc animate-on-display elementor-widget elementor-widget-text-editor\" data-id=\"dfb9cfc\" data-element_type=\"widget\" data-e-type=\"widget\" data-widget_type=\"text-editor.default\">\n\t\t\t\t<div class=\"elementor-widget-container\">\n\t\t\t\t\t\t\t\t\t<div><p>En pr\u00e9lude aux Championnats du Monde Mountain Bike UCI, Valais\/Wallis Promotion a clairement mis l\u2019accent sur la th\u00e9matique du VTT. La campagne nationale \u00ab Valais Bike \u00bb, qui s\u2019est d\u00e9roul\u00e9e de la mi-avril \u00e0 la fin ao\u00fbt, a permis de positionner le Valais comme destination de choix pour le mountain bike.\u00a0<\/p><p>La campagne BIKE r\u00e9unissait pour la premi\u00e8re fois le Valais, huit destinations et les Championnats du Monde Mountain Bike UCI 2025 au sein d\u2019une d\u00e9marche commune clairement structur\u00e9e. Tous les acteurs ont ainsi \u00e9t\u00e9 regroup\u00e9s sous l\u2019identit\u00e9 visuelle du Valais.\u00a0<\/p><p>L\u2019initiative a \u00e9t\u00e9 mise en \u0153uvre sur l\u2019ensemble de l\u2019entonnoir de conversion : la premi\u00e8re phase (SEE) a mis l\u2019accent sur la notori\u00e9t\u00e9 de l\u2019offre VTT en Valais \u2013 d\u2019abord \u00e0 l\u2019\u00e9chelle cantonale, puis au niveau des destinations et, enfin, dans la perspective des Championnats du Monde. Ces mesures ont \u00e9t\u00e9 suivies de phases d\u2019activation cibl\u00e9es (THINK) visant \u00e0 approfondir l\u2019int\u00e9r\u00eat et \u00e0 transformer ce dernier en s\u00e9jours dans les destinations ou les sites des Championnats du Monde.\u00a0<\/p><p>Sur une p\u00e9riode d\u2019environ 20 semaines, la campagne a g\u00e9n\u00e9r\u00e9 pr\u00e8s de 48 millions d\u2019impressions pendant la phase SEE. Au cours de la phase THINK qui a suivi, plus d\u2019un million de clics ont dirig\u00e9 les internautes vers les pages d\u2019accueil correspondantes, dont environ 200\u2019000 visites qualifi\u00e9es.\u00a0<\/p><p>L\u2019action, qui associait campagne d\u2019affichage et forte pr\u00e9sence digitale, a accompagn\u00e9 toute la communication autour des Championnats du Monde, contribuant largement \u00e0 accro\u00eetre la visibilit\u00e9 du Valais en Suisse et \u00e0 l\u2019\u00e9tranger et \u00e0 renforcer durablement l\u2019int\u00e9r\u00eat pour l\u2019offre VTT.\u00a0<\/p><p>Un impact qui se traduit \u00e9galement par une \u00e9volution de la perception du public : la proportion de la population qui consid\u00e8re le Valais comme une destination de choix pour le VTT a sensiblement augment\u00e9 en l\u2019espace de deux ans.<\/p><\/div><p><a href=\"https:\/\/www.vwpnet.ch\/fr\/news\/informations-partenaires\/un-impact-durable-pour-le-valais--bilan-des-championnats-du-monde-mountain-bike-uci-2025-4121\" target=\"_blank\" rel=\"noopener\">D\u00e9couvrir la campagne<\/a><\/p>\t\t\t\t\t\t\t\t<\/div>\n\t\t\t\t<\/div>\n\t\t\t\t\t<\/div>\n\t\t\t\t<\/div>\n\t\t<div class=\"elementor-element elementor-element-b7b6bb6 watch-on-display e-flex e-con-boxed e-con e-parent\" data-id=\"b7b6bb6\" data-element_type=\"container\" data-e-type=\"container\" data-settings=\"{&quot;animation&quot;:&quot;none&quot;,&quot;animation_delay&quot;:20}\">\n\t\t\t\t\t<div class=\"e-con-inner\">\n\t\t\t\t<div class=\"elementor-element elementor-element-c1b594d animate-on-display elementor-widget elementor-widget-heading\" data-id=\"c1b594d\" data-element_type=\"widget\" data-e-type=\"widget\" data-widget_type=\"heading.default\">\n\t\t\t\t<div class=\"elementor-widget-container\">\n\t\t\t\t\t<h3 class=\"elementor-heading-title elementor-size-default\">Campagne automne.<\/h3>\t\t\t\t<\/div>\n\t\t\t\t<\/div>\n\t\t\t\t<div class=\"elementor-element elementor-element-694f645 animate-on-display elementor-widget elementor-widget-image\" data-id=\"694f645\" data-element_type=\"widget\" data-e-type=\"widget\" data-widget_type=\"image.default\">\n\t\t\t\t<div class=\"elementor-widget-container\">\n\t\t\t\t\t\t\t\t\t\t\t\t\t\t\t\t<a href=\"https:\/\/rapport-valais.ch\/wp-content\/uploads\/2026\/04\/OOH_FR_F12_Automne_foret.png\" data-elementor-open-lightbox=\"yes\" data-elementor-lightbox-title=\"OOH_FR_F12_Automne_fore\u0302t\" data-e-action-hash=\"#elementor-action%3Aaction%3Dlightbox%26settings%3DeyJpZCI6MTY5NDYsInVybCI6Imh0dHBzOlwvXC9yYXBwb3J0LXZhbGFpcy5jaFwvd3AtY29udGVudFwvdXBsb2Fkc1wvMjAyNlwvMDRcL09PSF9GUl9GMTJfQXV0b21uZV9mb3JldC5wbmcifQ%3D%3D\">\n\t\t\t\t\t\t\t<img loading=\"lazy\" decoding=\"async\" width=\"800\" height=\"400\" src=\"https:\/\/rapport-valais.ch\/wp-content\/uploads\/2026\/04\/OOH_FR_F12_Automne_foret-1024x512.png\" class=\"attachment-large size-large wp-image-16946\" alt=\"\" srcset=\"https:\/\/rapport-valais.ch\/wp-content\/uploads\/2026\/04\/OOH_FR_F12_Automne_foret-1024x512.png 1024w, https:\/\/rapport-valais.ch\/wp-content\/uploads\/2026\/04\/OOH_FR_F12_Automne_foret-300x150.png 300w, https:\/\/rapport-valais.ch\/wp-content\/uploads\/2026\/04\/OOH_FR_F12_Automne_foret-768x384.png 768w, https:\/\/rapport-valais.ch\/wp-content\/uploads\/2026\/04\/OOH_FR_F12_Automne_foret-1536x768.png 1536w, https:\/\/rapport-valais.ch\/wp-content\/uploads\/2026\/04\/OOH_FR_F12_Automne_foret.png 2000w\" sizes=\"(max-width: 800px) 100vw, 800px\" \/>\t\t\t\t\t\t\t\t<\/a>\n\t\t\t\t\t\t\t\t\t\t\t\t\t\t\t<\/div>\n\t\t\t\t<\/div>\n\t\t\t\t<div class=\"elementor-element elementor-element-d0e3276 animate-on-display elementor-widget elementor-widget-text-editor\" data-id=\"d0e3276\" data-element_type=\"widget\" data-e-type=\"widget\" data-widget_type=\"text-editor.default\">\n\t\t\t\t<div class=\"elementor-widget-container\">\n\t\t\t\t\t\t\t\t\t<p><strong>Activit\u00e9s de plein air et sentiment de libert\u00e9 :\u00a0<\/strong><\/p><p>En septembre et en octobre, apr\u00e8s les Championnats du Monde Mountain Bike UCI, Valais\/Wallis Promotion a lanc\u00e9 une campagne ax\u00e9e sur la randonn\u00e9e, les excursions panoramiques et le thermalisme.\u00a0<\/p><p>Une campagne \u00ab always-on \u00bb a prolong\u00e9 la campagne \u00ab push \u00bb qui comprenait vid\u00e9os en ligne et affiches.<\/p>\t\t\t\t\t\t\t\t<\/div>\n\t\t\t\t<\/div>\n\t\t\t\t\t<\/div>\n\t\t\t\t<\/div>\n\t\t<div class=\"elementor-element elementor-element-5be06c3 watch-on-display e-flex e-con-boxed e-con e-parent\" data-id=\"5be06c3\" data-element_type=\"container\" data-e-type=\"container\" data-settings=\"{&quot;animation&quot;:&quot;none&quot;,&quot;animation_delay&quot;:20}\">\n\t\t\t\t\t<div class=\"e-con-inner\">\n\t\t\t\t<div class=\"elementor-element elementor-element-ef32e7e animate-on-display elementor-widget elementor-widget-heading\" data-id=\"ef32e7e\" data-element_type=\"widget\" data-e-type=\"widget\" id=\"Winterkampagne\" data-widget_type=\"heading.default\">\n\t\t\t\t<div class=\"elementor-widget-container\">\n\t\t\t\t\t<h3 class=\"elementor-heading-title elementor-size-default\">Lancement campagne hiver 2025\/26.<\/h3>\t\t\t\t<\/div>\n\t\t\t\t<\/div>\n\t\t\t\t<div class=\"elementor-element elementor-element-b1b8fd2 animate-on-display elementor-widget elementor-widget-text-editor\" data-id=\"b1b8fd2\" data-element_type=\"widget\" data-e-type=\"widget\" data-widget_type=\"text-editor.default\">\n\t\t\t\t<div class=\"elementor-widget-container\">\n\t\t\t\t\t\t\t\t\t<p data-start=\"338\" data-end=\"582\">Pour inaugurer la saison 2025\/26, Valais\/Wallis Promotion a d\u00e9ploy\u00e9, en parall\u00e8le de la campagne nationale, des actions cibl\u00e9es sur les march\u00e9s internationaux. L\u2019objectif \u00e9tait double : renforcer la notori\u00e9t\u00e9 du Valais et am\u00e9liorer l\u2019acc\u00e8s au canton.\u00a0<\/p><p data-start=\"338\" data-end=\"582\">\u00c9l\u00e9ment cl\u00e9 de cette strat\u00e9gie, la nouvelle liaison directe quotidienne par ICE entre Hambourg et Brigue qui am\u00e9liore l\u2019int\u00e9gration du Valais au sein du r\u00e9seau ferroviaire europ\u00e9en. Cette liaison facilite l\u2019acc\u00e8s au Valais depuis le nord et l\u2019ouest de l\u2019Allemagne et renforce son image de destination tr\u00e8s bien desservie.\u00a0<\/p><p data-start=\"338\" data-end=\"582\">Parall\u00e8lement, nous avons mis en \u0153uvre des projets internationaux afin de conqu\u00e9rir de nouveaux march\u00e9s. Ainsi, un projet pilote men\u00e9 avec des jeunes de Singapour a permis \u00e0 ces derniers de d\u00e9couvrir les joies de l\u2019hiver en Valais et mis en \u00e9vidence le potentiel des groupes cibles asiatiques.\u00a0<\/p><p data-start=\"338\" data-end=\"582\">Par ailleurs, la saison hivernale a \u00e9t\u00e9 lanc\u00e9e sur diff\u00e9rents march\u00e9s \u00e9trangers, notamment en Europe et en Asie. Ces mesures ont contribu\u00e9 \u00e0 accro\u00eetre la visibilit\u00e9 internationale du Valais et \u00e0 consolider son image de destination quatre saisons.<\/p><p><a href=\"https:\/\/www.vwpnet.ch\/fr\/news\/informations-partenaires\/lancement-de-la-saison-hivernale-a-l-international-4120\" target=\"_blank\" rel=\"noopener\">D\u00e9couvrir la campagne<\/a><\/p>\t\t\t\t\t\t\t\t<\/div>\n\t\t\t\t<\/div>\n\t\t\t\t\t<\/div>\n\t\t\t\t<\/div>\n\t\t<div class=\"elementor-element elementor-element-87c27e8 watch-on-display e-flex e-con-boxed e-con e-parent\" data-id=\"87c27e8\" data-element_type=\"container\" data-e-type=\"container\" data-settings=\"{&quot;animation&quot;:&quot;none&quot;,&quot;animation_delay&quot;:20}\">\n\t\t\t\t\t<div class=\"e-con-inner\">\n\t\t\t\t<div class=\"elementor-element elementor-element-fd13cf2 animate-on-display elementor-widget elementor-widget-heading\" data-id=\"fd13cf2\" data-element_type=\"widget\" data-e-type=\"widget\" data-widget_type=\"heading.default\">\n\t\t\t\t<div class=\"elementor-widget-container\">\n\t\t\t\t\t<h3 class=\"elementor-heading-title elementor-size-default\">Campagne Stars locales.<\/h3>\t\t\t\t<\/div>\n\t\t\t\t<\/div>\n\t\t\t\t<div class=\"elementor-element elementor-element-682af34 animate-on-display elementor-widget elementor-widget-image\" data-id=\"682af34\" data-element_type=\"widget\" data-e-type=\"widget\" data-widget_type=\"image.default\">\n\t\t\t\t<div class=\"elementor-widget-container\">\n\t\t\t\t\t\t\t\t\t\t\t\t\t\t\t\t<a href=\"https:\/\/rapport-valais.ch\/wp-content\/uploads\/2026\/04\/F12_Iischi-stars_mix_FR.png\" data-elementor-open-lightbox=\"yes\" data-elementor-lightbox-title=\"F12_Iischi stars_mix_FR\" data-e-action-hash=\"#elementor-action%3Aaction%3Dlightbox%26settings%3DeyJpZCI6MTY5MzcsInVybCI6Imh0dHBzOlwvXC9yYXBwb3J0LXZhbGFpcy5jaFwvd3AtY29udGVudFwvdXBsb2Fkc1wvMjAyNlwvMDRcL0YxMl9JaXNjaGktc3RhcnNfbWl4X0ZSLnBuZyJ9\">\n\t\t\t\t\t\t\t<img loading=\"lazy\" decoding=\"async\" width=\"800\" height=\"400\" src=\"https:\/\/rapport-valais.ch\/wp-content\/uploads\/2026\/04\/F12_Iischi-stars_mix_FR-1024x512.png\" class=\"attachment-large size-large wp-image-16937\" alt=\"\" srcset=\"https:\/\/rapport-valais.ch\/wp-content\/uploads\/2026\/04\/F12_Iischi-stars_mix_FR-1024x512.png 1024w, https:\/\/rapport-valais.ch\/wp-content\/uploads\/2026\/04\/F12_Iischi-stars_mix_FR-300x150.png 300w, https:\/\/rapport-valais.ch\/wp-content\/uploads\/2026\/04\/F12_Iischi-stars_mix_FR-768x384.png 768w, https:\/\/rapport-valais.ch\/wp-content\/uploads\/2026\/04\/F12_Iischi-stars_mix_FR-1536x768.png 1536w, https:\/\/rapport-valais.ch\/wp-content\/uploads\/2026\/04\/F12_Iischi-stars_mix_FR.png 2000w\" sizes=\"(max-width: 800px) 100vw, 800px\" \/>\t\t\t\t\t\t\t\t<\/a>\n\t\t\t\t\t\t\t\t\t\t\t\t\t\t\t<\/div>\n\t\t\t\t<\/div>\n\t\t\t\t<div class=\"elementor-element elementor-element-c852875 animate-on-display elementor-widget elementor-widget-text-editor\" data-id=\"c852875\" data-element_type=\"widget\" data-e-type=\"widget\" data-widget_type=\"text-editor.default\">\n\t\t\t\t<div class=\"elementor-widget-container\">\n\t\t\t\t\t\t\t\t\t<div><p>En 2025, la campagne \u00ab Stars locales \u00bb a une nouvelle fois mis \u00e0 l\u2019honneur les produits saisonniers valaisans ainsi que celles et ceux qui les produisent. Son objectif \u00e9tait d\u2019encourager la consommation locale et durable, mais aussi de renforcer les liens entre la population et l\u2019agriculture r\u00e9gionale.\u00a0<\/p><p>Un sondage montre l\u2019impact consid\u00e9rable de la campagne : 72 % des personnes interrog\u00e9es la reconnaissent. Plus de 80 % l\u2019associent directement au soutien des producteurs locaux, et une grande majorit\u00e9 d\u00e9clare acheter plus souvent des produits de saison provenant de la r\u00e9gion.\u00a0<\/p><p>La campagne, qui s\u2019est d\u00e9roul\u00e9e sur toute l\u2019ann\u00e9e, a mis l\u2019accent, en fonction des saisons, sur des produits aussi vari\u00e9s que l\u2019asperge, les abricots, le vin, le fromage ou encore le pain de seigle. Des outils \u00e9prouv\u00e9s, tels que des affiches et des supports digitaux, ainsi que des actions avec des cartes \u00e0 gratter et des bons d\u2019achat ont \u00e9galement \u00e9t\u00e9 mis en \u0153uvre.\u00a0<\/p><p>Par ailleurs, \u00ab Stars locales \u00bb renforce la visibilit\u00e9 des produits certifi\u00e9s marque Valais. Plus de la moiti\u00e9 des personnes interrog\u00e9es ont achet\u00e9 un produit de ce type au cours des six derniers mois.<\/p><\/div><p><a href=\"https:\/\/www.valais.ch\/fr\/savourer\/inspirations\/stars-locales\" target=\"_blank\" rel=\"noopener\">D\u00e9couvrir la campagne<\/a><\/p>\t\t\t\t\t\t\t\t<\/div>\n\t\t\t\t<\/div>\n\t\t\t\t\t<\/div>\n\t\t\t\t<\/div>\n\t\t<div class=\"elementor-element elementor-element-5b0177ca watch-on-display e-flex e-con-boxed e-con e-parent\" data-id=\"5b0177ca\" data-element_type=\"container\" data-e-type=\"container\">\n\t\t\t\t\t<div class=\"e-con-inner\">\n\t\t<div class=\"elementor-element elementor-element-63352d26 e-flex e-con-boxed e-con e-child\" data-id=\"63352d26\" data-element_type=\"container\" data-e-type=\"container\">\n\t\t\t\t\t<div class=\"e-con-inner\">\n\t\t<div class=\"elementor-element elementor-element-65a82f11 e-grid e-con-full e-con e-child\" data-id=\"65a82f11\" data-element_type=\"container\" data-e-type=\"container\" data-settings=\"{&quot;background_background&quot;:&quot;classic&quot;}\">\n\t\t<div class=\"elementor-element elementor-element-57a3b9de animate-on-display e-flex e-con-boxed e-con e-child\" data-id=\"57a3b9de\" data-element_type=\"container\" data-e-type=\"container\" data-settings=\"{&quot;background_background&quot;:&quot;classic&quot;}\">\n\t\t\t\t\t<div class=\"e-con-inner\">\n\t\t\t\t<div class=\"elementor-element elementor-element-5f6d7f47 elementor-widget elementor-widget-heading\" data-id=\"5f6d7f47\" data-element_type=\"widget\" data-e-type=\"widget\" data-widget_type=\"heading.default\">\n\t\t\t\t<div class=\"elementor-widget-container\">\n\t\t\t\t\t<h3 class=\"elementor-heading-title elementor-size-default\">15,8 millions<\/h3>\t\t\t\t<\/div>\n\t\t\t\t<\/div>\n\t\t\t\t<div class=\"elementor-element elementor-element-1c294b39 elementor-widget elementor-widget-text-editor\" data-id=\"1c294b39\" data-element_type=\"widget\" data-e-type=\"widget\" data-widget_type=\"text-editor.default\">\n\t\t\t\t<div class=\"elementor-widget-container\">\n\t\t\t\t\t\t\t\t\t<p style=\"font-weight: 400;\">de contacts pour la campagne Stars locales<\/p>\t\t\t\t\t\t\t\t<\/div>\n\t\t\t\t<\/div>\n\t\t\t\t\t<\/div>\n\t\t\t\t<\/div>\n\t\t\t\t<\/div>\n\t\t\t\t\t<\/div>\n\t\t\t\t<\/div>\n\t\t\t\t\t<\/div>\n\t\t\t\t<\/div>\n\t\t<div class=\"elementor-element elementor-element-a9d7b52 e-flex e-con-boxed e-con e-parent\" data-id=\"a9d7b52\" data-element_type=\"container\" data-e-type=\"container\">\n\t\t\t\t\t<div class=\"e-con-inner\">\n\t\t<div class=\"elementor-element elementor-element-7df4e31 e-con-full e-flex e-con e-child\" data-id=\"7df4e31\" data-element_type=\"container\" data-e-type=\"container\">\n\t\t<div class=\"elementor-element elementor-element-06f34d6 e-con-full watch-on-display e-flex e-con e-child\" data-id=\"06f34d6\" data-element_type=\"container\" data-e-type=\"container\" data-settings=\"{&quot;background_background&quot;:&quot;classic&quot;,&quot;position&quot;:&quot;absolute&quot;}\">\n\t\t\t\t<div class=\"elementor-element elementor-element-ee75413 animate-on-display elementor-widget elementor-widget-heading\" data-id=\"ee75413\" data-element_type=\"widget\" data-e-type=\"widget\" id=\"Calendrier saisonnier digital des produits r\u00e9gionaux\" data-widget_type=\"heading.default\">\n\t\t\t\t<div class=\"elementor-widget-container\">\n\t\t\t\t\t<h3 class=\"elementor-heading-title elementor-size-default\">Calendrier saisonnier digital des produits r\u00e9gionaux.<\/h3>\t\t\t\t<\/div>\n\t\t\t\t<\/div>\n\t\t\t\t<div class=\"elementor-element elementor-element-63d8890 animate-on-display elementor-widget elementor-widget-text-editor\" data-id=\"63d8890\" data-element_type=\"widget\" data-e-type=\"widget\" data-widget_type=\"text-editor.default\">\n\t\t\t\t<div class=\"elementor-widget-container\">\n\t\t\t\t\t\t\t\t\t<p style=\"font-weight: 400;\">En juillet 2025, \u00e0 l\u2019initiative des organisations professionnelles et en collaboration avec Action agricole Valais, Valais\/Wallis Promotion a lanc\u00e9 sur valais.ch un calendrier saisonnier digital d\u00e9di\u00e9 aux produits r\u00e9gionaux. Le but \u00e9tant de consolider les liens entre le secteur agricole et les habitants, tout en promouvant l\u2019achat de produits locaux. Le calendrier pr\u00e9sente les principales r\u00e9coltes qui ont lieu tout au long de l\u2019ann\u00e9e, explique les travaux agricoles et indique les points de vente correspondants.\u00a0<\/p>\t\t\t\t\t\t\t\t<\/div>\n\t\t\t\t<\/div>\n\t\t\t\t<div class=\"elementor-element elementor-element-2bce96b animate-on-display elementor-widget elementor-widget-button\" data-id=\"2bce96b\" data-element_type=\"widget\" data-e-type=\"widget\" data-widget_type=\"button.default\">\n\t\t\t\t<div class=\"elementor-widget-container\">\n\t\t\t\t\t\t\t\t\t<div class=\"elementor-button-wrapper\">\n\t\t\t\t\t<a class=\"elementor-button elementor-button-link elementor-size-md\" href=\"https:\/\/www.valais.ch\/fr\/savourer\/specialites-du-valais\/produits-de-saison\" target=\"_blank\">\n\t\t\t\t\t\t<span class=\"elementor-button-content-wrapper\">\n\t\t\t\t\t\t<span class=\"elementor-button-icon\">\n\t\t\t\t<svg xmlns=\"http:\/\/www.w3.org\/2000\/svg\" id=\"Calque_1\" data-name=\"Calque 1\" viewBox=\"0 0 114.5 114.5\"><defs><style>.cls-1{fill:#fafafa;}.cls-2{fill:#a8091a;}<\/style><\/defs><path class=\"cls-1\" d=\"M57.25,0A57.25,57.25,0,1,0,114.5,57.25,57.25,57.25,0,0,0,57.25,0Zm-6.1,77.9a2.6,2.6,0,0,1-3.68-3.68l17-17-17-17a2.6,2.6,0,0,1,3.68-3.68L71.8,57.25Z\"><\/path><path class=\"cls-2\" d=\"M47.47,36.6a2.6,2.6,0,0,0,0,3.68l17,17-17,17a2.6,2.6,0,0,0,3.68,3.68L71.8,57.25,51.15,36.6A2.6,2.6,0,0,0,47.47,36.6Z\"><\/path><\/svg>\t\t\t<\/span>\n\t\t\t\t\t\t\t\t\t<span class=\"elementor-button-text\">En savoir plus<\/span>\n\t\t\t\t\t<\/span>\n\t\t\t\t\t<\/a>\n\t\t\t\t<\/div>\n\t\t\t\t\t\t\t\t<\/div>\n\t\t\t\t<\/div>\n\t\t\t\t<\/div>\n\t\t\t\t<\/div>\n\t\t<div class=\"elementor-element elementor-element-4e2b8bd e-flex e-con-boxed e-con e-child\" data-id=\"4e2b8bd\" data-element_type=\"container\" data-e-type=\"container\" data-settings=\"{&quot;background_background&quot;:&quot;classic&quot;,&quot;background_motion_fx_motion_fx_scrolling&quot;:&quot;yes&quot;,&quot;background_motion_fx_translateY_effect&quot;:&quot;yes&quot;,&quot;background_motion_fx_translateY_speed&quot;:{&quot;unit&quot;:&quot;px&quot;,&quot;size&quot;:2,&quot;sizes&quot;:[]},&quot;background_motion_fx_translateY_affectedRange&quot;:{&quot;unit&quot;:&quot;%&quot;,&quot;size&quot;:&quot;&quot;,&quot;sizes&quot;:{&quot;start&quot;:0,&quot;end&quot;:100}},&quot;background_motion_fx_devices&quot;:[&quot;desktop&quot;,&quot;tablet&quot;,&quot;mobile&quot;]}\">\n\t\t\t\t\t<div class=\"e-con-inner\">\n\t\t\t\t\t<\/div>\n\t\t\t\t<\/div>\n\t\t\t\t\t<\/div>\n\t\t\t\t<\/div>\n\t\t<div class=\"elementor-element elementor-element-d1a983c watch-on-display e-flex e-con-boxed e-con e-parent\" data-id=\"d1a983c\" data-element_type=\"container\" data-e-type=\"container\" data-settings=\"{&quot;animation&quot;:&quot;none&quot;,&quot;animation_delay&quot;:20}\">\n\t\t\t\t\t<div class=\"e-con-inner\">\n\t\t\t\t<div class=\"elementor-element elementor-element-14fa526 animate-on-display elementor-widget elementor-widget-heading\" data-id=\"14fa526\" data-element_type=\"widget\" data-e-type=\"widget\" data-widget_type=\"heading.default\">\n\t\t\t\t<div class=\"elementor-widget-container\">\n\t\t\t\t\t<h3 class=\"elementor-heading-title elementor-size-default\">Campagne Saveurs du Valais. <\/h3>\t\t\t\t<\/div>\n\t\t\t\t<\/div>\n\t\t\t\t<div class=\"elementor-element elementor-element-f04b1b5 animate-on-display elementor-widget elementor-widget-text-editor\" data-id=\"f04b1b5\" data-element_type=\"widget\" data-e-type=\"widget\" data-widget_type=\"text-editor.default\">\n\t\t\t\t<div class=\"elementor-widget-container\">\n\t\t\t\t\t\t\t\t\t<div><p>Valais\/Wallis Promotion a assur\u00e9 une pr\u00e9sence continue des \u00ab Saveurs du Valais \u00bb gr\u00e2ce \u00e0 une campagne annuelle. Des \u00e9tudes ont montr\u00e9 que la plupart des visiteurs appr\u00e9cient l\u2019authenticit\u00e9 des produits locaux, comme compl\u00e9ment aux autres activit\u00e9s propos\u00e9es. Un aspect qui a \u00e9t\u00e9 verbalis\u00e9 \u00e0 travers le slogan \u00ab Venir se ressourcer. Et savourer chaque instant. \u00bb\u00a0<\/p><p>En automne, VWP a renforc\u00e9 la campagne de mani\u00e8re cibl\u00e9e, notamment gr\u00e2ce \u00e0 une campagne vid\u00e9o en ligne, compl\u00e9t\u00e9e par des affiches publicitaires. La th\u00e9matique \u00ab Saveurs du Valais \u00bb a ainsi enregistr\u00e9 pr\u00e8s de 2 millions de vues.\u00a0<\/p><p>En collaboration avec l\u2019Interprofession de la Vigne et du Vin du Valais, VWP a \u00e9galement promu l\u2019op\u00e9ration \u00ab Caves ouvertes \u00bb en fin d\u2019ann\u00e9e, notamment par le biais d\u2019une campagne combinant affiches et pr\u00e9sence en ligne.<\/p><p><strong>Abricots<\/strong><\/p><p>En juillet, en collaboration avec l\u2019Interprofession des Fruits et L\u00e9gumes du Valais (IFELV), VWP a soutenu la promotion des abricots valaisans dans toute la Suisse. La communication reposait principalement sur une campagne d\u2019affichage. Deux collaborations avec des influenceurs ont compl\u00e9t\u00e9 la campagne de promotion de ce produit embl\u00e9matique.<\/p><\/div><p><a href=\"https:\/\/www.valais.ch\/fr\/savourer\/inspirations\" target=\"_blank\" rel=\"noopener\">D\u00e9couvrir<\/a><\/p>\t\t\t\t\t\t\t\t<\/div>\n\t\t\t\t<\/div>\n\t\t\t\t\t<\/div>\n\t\t\t\t<\/div>\n\t\t<div class=\"elementor-element elementor-element-7a5ba49 watch-on-display e-flex e-con-boxed e-con e-parent\" data-id=\"7a5ba49\" data-element_type=\"container\" data-e-type=\"container\">\n\t\t\t\t\t<div class=\"e-con-inner\">\n\t\t<div class=\"elementor-element elementor-element-36ecb01 e-flex e-con-boxed e-con e-child\" data-id=\"36ecb01\" data-element_type=\"container\" data-e-type=\"container\">\n\t\t\t\t\t<div class=\"e-con-inner\">\n\t\t<div class=\"elementor-element elementor-element-2884b0d e-grid e-con-full e-con e-child\" data-id=\"2884b0d\" data-element_type=\"container\" data-e-type=\"container\" data-settings=\"{&quot;background_background&quot;:&quot;classic&quot;}\">\n\t\t<div class=\"elementor-element elementor-element-3f32dc6 animate-on-display e-flex e-con-boxed e-con e-child\" data-id=\"3f32dc6\" data-element_type=\"container\" data-e-type=\"container\" data-settings=\"{&quot;background_background&quot;:&quot;classic&quot;}\">\n\t\t\t\t\t<div class=\"e-con-inner\">\n\t\t\t\t<div class=\"elementor-element elementor-element-cee06f9 elementor-widget elementor-widget-heading\" data-id=\"cee06f9\" data-element_type=\"widget\" data-e-type=\"widget\" data-widget_type=\"heading.default\">\n\t\t\t\t<div class=\"elementor-widget-container\">\n\t\t\t\t\t<h3 class=\"elementor-heading-title elementor-size-default\">252<\/h3>\t\t\t\t<\/div>\n\t\t\t\t<\/div>\n\t\t\t\t<div class=\"elementor-element elementor-element-360507a elementor-widget elementor-widget-text-editor\" data-id=\"360507a\" data-element_type=\"widget\" data-e-type=\"widget\" data-widget_type=\"text-editor.default\">\n\t\t\t\t<div class=\"elementor-widget-container\">\n\t\t\t\t\t\t\t\t\t<p style=\"font-weight: 400;\"><span lang=\"DE-CH\">Espaces d\u2019affichage pour la campagne nationale de promotion des abricots<\/span><\/p>\t\t\t\t\t\t\t\t<\/div>\n\t\t\t\t<\/div>\n\t\t\t\t\t<\/div>\n\t\t\t\t<\/div>\n\t\t\t\t<\/div>\n\t\t\t\t\t<\/div>\n\t\t\t\t<\/div>\n\t\t\t\t\t<\/div>\n\t\t\t\t<\/div>\n\t\t<div class=\"elementor-element elementor-element-2bc44e1 watch-on-display e-flex e-con-boxed e-con e-parent\" data-id=\"2bc44e1\" data-element_type=\"container\" data-e-type=\"container\" data-settings=\"{&quot;animation&quot;:&quot;none&quot;,&quot;animation_delay&quot;:20}\">\n\t\t\t\t\t<div class=\"e-con-inner\">\n\t\t\t\t<div class=\"elementor-element elementor-element-8644ed6 animate-on-display elementor-widget elementor-widget-text-editor\" data-id=\"8644ed6\" data-element_type=\"widget\" data-e-type=\"widget\" data-widget_type=\"text-editor.default\">\n\t\t\t\t<div class=\"elementor-widget-container\">\n\t\t\t\t\t\t\t\t\t<p style=\"font-weight: 400;\"><em><img loading=\"lazy\" decoding=\"async\" class=\"alignright\" src=\"https:\/\/rapport-valais.ch\/wp-content\/uploads\/2026\/04\/Olivier-Borgeat-150x150.png\" alt=\"\" width=\"152\" height=\"152\" \/><\/em><\/p><div><p><i><span lang=\"DE-CH\"><b>\u00ab Depuis plusieurs ann\u00e9es, l\u2019IFELV collabore avec Valais Wallis Promotion pour promouvoir l\u2019abricot du Valais \u00e0 l\u2019\u00e9chelle suisse. Gr\u00e2ce \u00e0 son expertise et \u00e0 la force de son r\u00e9seau, VWP contribue de mani\u00e8re d\u00e9terminante \u00e0 la visibilit\u00e9 et \u00e0 la valorisation de notre produit embl\u00e9matique. Nous appr\u00e9cions particuli\u00e8rement leur professionnalisme et leur engagement, qui en font un partenaire de confiance.\u00bb\u00a0<\/b><\/span><\/i><\/p><\/div><p>Olivier Borgeat, Secr\u00e9taire g\u00e9n\u00e9ral, Interprofession des Fruits et L\u00e9gumes du Valais<\/p>\t\t\t\t\t\t\t\t<\/div>\n\t\t\t\t<\/div>\n\t\t\t\t\t<\/div>\n\t\t\t\t<\/div>\n\t\t<div class=\"elementor-element elementor-element-ac22420 watch-on-display e-flex e-con-boxed e-con e-parent\" data-id=\"ac22420\" data-element_type=\"container\" data-e-type=\"container\" data-settings=\"{&quot;animation&quot;:&quot;none&quot;,&quot;animation_delay&quot;:20}\">\n\t\t\t\t\t<div class=\"e-con-inner\">\n\t\t\t\t<div class=\"elementor-element elementor-element-5d7deaa animate-on-display elementor-widget elementor-widget-heading\" data-id=\"5d7deaa\" data-element_type=\"widget\" data-e-type=\"widget\" data-widget_type=\"heading.default\">\n\t\t\t\t<div class=\"elementor-widget-container\">\n\t\t\t\t\t<h3 class=\"elementor-heading-title elementor-size-default\">Campagne Raiffeisen - 125 exp\u00e9riences.<\/h3>\t\t\t\t<\/div>\n\t\t\t\t<\/div>\n\t\t\t\t<div class=\"elementor-element elementor-element-b2d5c3f animate-on-display elementor-widget elementor-widget-text-editor\" data-id=\"b2d5c3f\" data-element_type=\"widget\" data-e-type=\"widget\" data-widget_type=\"text-editor.default\">\n\t\t\t\t<div class=\"elementor-widget-container\">\n\t\t\t\t\t\t\t\t\t<p>En 2025 \u00e9galement, Valais\/Wallis Promotion a poursuivi sa collaboration avec le groupe Raiffeisen pour faire d\u00e9couvrir les offres touristiques valaisannes \u00e0 un large public. Dans le cadre de la campagne anniversaire \u00ab 125 ans de Raiffeisen \u2013 125 exp\u00e9riences \u00bb, les quelque deux millions de soci\u00e9taires de Raiffeisen ont pu b\u00e9n\u00e9ficier d\u2019offres exclusives sur la place de march\u00e9 digitale de VWP.\u00a0<\/p><p>Cette campagne de communication men\u00e9e \u00e0 l\u2019\u00e9chelle nationale a permis d\u2019atteindre un large public et d\u2019accro\u00eetre la visibilit\u00e9 des offres valaisannes. Entre le 1er mars et le 30 novembre 2025, 2030 offres au total ont \u00e9t\u00e9 vendues via la boutique en ligne de VWP. En particulier les entr\u00e9es dans les bains thermaux du Valais ont connu un grand succ\u00e8s.\u00a0<\/p><p>Ce r\u00e9sultat confirme l\u2019attrait des offres d\u2019activit\u00e9s propos\u00e9es en Valais et souligne le r\u00f4le de trait d\u2019union que joue VWP en offrant \u00e0 ses partenaires une visibilit\u00e9 accrue et davantage d\u2019opportunit\u00e9s de r\u00e9servation.<\/p>\t\t\t\t\t\t\t\t<\/div>\n\t\t\t\t<\/div>\n\t\t\t\t\t<\/div>\n\t\t\t\t<\/div>\n\t\t<div class=\"elementor-element elementor-element-d9a0c18 watch-on-display e-flex e-con-boxed e-con e-parent\" data-id=\"d9a0c18\" data-element_type=\"container\" data-e-type=\"container\" data-settings=\"{&quot;animation&quot;:&quot;none&quot;,&quot;animation_delay&quot;:20}\">\n\t\t\t\t\t<div class=\"e-con-inner\">\n\t\t\t\t<div class=\"elementor-element elementor-element-821aa70 animate-on-display elementor-widget elementor-widget-heading\" data-id=\"821aa70\" data-element_type=\"widget\" data-e-type=\"widget\" data-widget_type=\"heading.default\">\n\t\t\t\t<div class=\"elementor-widget-container\">\n\t\t\t\t\t<h3 class=\"elementor-heading-title elementor-size-default\">Campagne Vivre et Travailler en Valais.<\/h3>\t\t\t\t<\/div>\n\t\t\t\t<\/div>\n\t\t\t\t<div class=\"elementor-element elementor-element-2fd7f32 animate-on-display elementor-widget elementor-widget-image\" data-id=\"2fd7f32\" data-element_type=\"widget\" data-e-type=\"widget\" data-widget_type=\"image.default\">\n\t\t\t\t<div class=\"elementor-widget-container\">\n\t\t\t\t\t\t\t\t\t\t\t\t\t\t\t\t<a href=\"https:\/\/rapport-valais.ch\/wp-content\/uploads\/2026\/04\/VeT_online-ads_FR.png\" data-elementor-open-lightbox=\"yes\" data-elementor-lightbox-title=\"VeT_online ads_FR\" data-e-action-hash=\"#elementor-action%3Aaction%3Dlightbox%26settings%3DeyJpZCI6MTY5NTQsInVybCI6Imh0dHBzOlwvXC9yYXBwb3J0LXZhbGFpcy5jaFwvd3AtY29udGVudFwvdXBsb2Fkc1wvMjAyNlwvMDRcL1ZlVF9vbmxpbmUtYWRzX0ZSLnBuZyJ9\">\n\t\t\t\t\t\t\t<img loading=\"lazy\" decoding=\"async\" width=\"800\" height=\"400\" src=\"https:\/\/rapport-valais.ch\/wp-content\/uploads\/2026\/04\/VeT_online-ads_FR-1024x512.png\" class=\"attachment-large size-large wp-image-16954\" alt=\"\" srcset=\"https:\/\/rapport-valais.ch\/wp-content\/uploads\/2026\/04\/VeT_online-ads_FR-1024x512.png 1024w, https:\/\/rapport-valais.ch\/wp-content\/uploads\/2026\/04\/VeT_online-ads_FR-300x150.png 300w, https:\/\/rapport-valais.ch\/wp-content\/uploads\/2026\/04\/VeT_online-ads_FR-768x384.png 768w, https:\/\/rapport-valais.ch\/wp-content\/uploads\/2026\/04\/VeT_online-ads_FR-1536x768.png 1536w, https:\/\/rapport-valais.ch\/wp-content\/uploads\/2026\/04\/VeT_online-ads_FR.png 2000w\" sizes=\"(max-width: 800px) 100vw, 800px\" \/>\t\t\t\t\t\t\t\t<\/a>\n\t\t\t\t\t\t\t\t\t\t\t\t\t\t\t<\/div>\n\t\t\t\t<\/div>\n\t\t\t\t<div class=\"elementor-element elementor-element-1161f12 animate-on-display elementor-widget elementor-widget-text-editor\" data-id=\"1161f12\" data-element_type=\"widget\" data-e-type=\"widget\" data-widget_type=\"text-editor.default\">\n\t\t\t\t<div class=\"elementor-widget-container\">\n\t\t\t\t\t\t\t\t\t<p>En 2025, Valais\/Wallis Promotion a poursuivi sa campagne digitale sur le th\u00e8me \u00ab Vivre et travailler en Valais \u00bb. L\u2019objectif \u00e9tait de renforcer l\u2019attractivit\u00e9 du canton en tant que lieu de vie et de travail, mais aussi de cibler sp\u00e9cifiquement la main-d\u2019\u0153uvre qualifi\u00e9e.\u00a0<\/p><p>La campagne, qui s\u2019est d\u00e9roul\u00e9e en plusieurs vagues tout au long de l\u2019ann\u00e9e, a g\u00e9n\u00e9r\u00e9 au total 4,8 millions d\u2019impressions. Elle a touch\u00e9 environ 1,3 million de personnes et g\u00e9n\u00e9r\u00e9 plus de 356\u2019000 clics et plus de 66\u2019000 visites qualifi\u00e9es sur les pages de la campagne. Ces r\u00e9sultats t\u00e9moignent de l\u2019int\u00e9r\u00eat croissant que suscite le Valais, aussi bien pour y vivre que pour y travailler.\u00a0<\/p><p>Des t\u00e9moignages vid\u00e9o offrant, avec authenticit\u00e9, un aper\u00e7u de la mani\u00e8re de vivre et de travailler dans le canton ont compl\u00e9t\u00e9 la d\u00e9marche. Parall\u00e8lement, VWP a fourni aux entreprises valaisannes des supports de communication pour les aider dans leurs activit\u00e9s de recrutement.<\/p><p><a href=\"https:\/\/www.vwpnet.ch\/fr\/pages\/communication-et-supports-a-telecharger-%7C-toolbox-vivre-et-travailler-2872\" target=\"_blank\" rel=\"noopener\">Toolbox<\/a><\/p>\t\t\t\t\t\t\t\t<\/div>\n\t\t\t\t<\/div>\n\t\t<div class=\"elementor-element elementor-element-17bd10b e-con-full e-flex e-con e-child\" data-id=\"17bd10b\" data-element_type=\"container\" data-e-type=\"container\">\n\t\t<div class=\"elementor-element elementor-element-0dc0537 e-flex e-con-boxed e-con e-child\" data-id=\"0dc0537\" data-element_type=\"container\" data-e-type=\"container\" data-settings=\"{&quot;background_background&quot;:&quot;classic&quot;,&quot;background_motion_fx_motion_fx_scrolling&quot;:&quot;yes&quot;,&quot;background_motion_fx_translateY_effect&quot;:&quot;yes&quot;,&quot;background_motion_fx_translateY_speed&quot;:{&quot;unit&quot;:&quot;px&quot;,&quot;size&quot;:2,&quot;sizes&quot;:[]},&quot;background_motion_fx_translateY_affectedRange&quot;:{&quot;unit&quot;:&quot;%&quot;,&quot;size&quot;:&quot;&quot;,&quot;sizes&quot;:{&quot;start&quot;:0,&quot;end&quot;:100}},&quot;background_motion_fx_devices&quot;:[&quot;desktop&quot;,&quot;tablet&quot;,&quot;mobile&quot;]}\">\n\t\t\t\t\t<div class=\"e-con-inner\">\n\t\t\t\t\t<\/div>\n\t\t\t\t<\/div>\n\t\t<div class=\"elementor-element elementor-element-eefc003 e-con-full e-flex e-con e-child\" data-id=\"eefc003\" data-element_type=\"container\" data-e-type=\"container\">\n\t\t<div class=\"elementor-element elementor-element-bf9521b e-con-full watch-on-display e-flex e-con e-child\" data-id=\"bf9521b\" data-element_type=\"container\" data-e-type=\"container\" data-settings=\"{&quot;background_background&quot;:&quot;classic&quot;,&quot;position&quot;:&quot;absolute&quot;}\">\n\t\t\t\t<div class=\"elementor-element elementor-element-bbfe992 animate-on-display elementor-widget elementor-widget-heading\" data-id=\"bbfe992\" data-element_type=\"widget\" data-e-type=\"widget\" id=\"Tester la vie en Valais\" data-widget_type=\"heading.default\">\n\t\t\t\t<div class=\"elementor-widget-container\">\n\t\t\t\t\t<h3 class=\"elementor-heading-title elementor-size-default\">Tester la vie en Valais.<\/h3>\t\t\t\t<\/div>\n\t\t\t\t<\/div>\n\t\t\t\t<div class=\"elementor-element elementor-element-f7e69e1 animate-on-display elementor-widget elementor-widget-text-editor\" data-id=\"f7e69e1\" data-element_type=\"widget\" data-e-type=\"widget\" id=\"Probeleben im Wallis\" data-widget_type=\"text-editor.default\">\n\t\t\t\t<div class=\"elementor-widget-container\">\n\t\t\t\t\t\t\t\t\t<p style=\"font-weight: 400;\">Avec le projet \u00ab Tester la vie en Valais \u00bb, Valais\/Wallis Promotion a montr\u00e9 ce qu\u2019est la vie et le travail dans le canton. Une famille du canton de Berne a pass\u00e9 une semaine en Valais et a pu se faire une id\u00e9e du quotidien, des opportunit\u00e9s professionnelles et de la qualit\u00e9 de vie offerts sur place. Le programme comprenait des activit\u00e9s en pleine nature, des rencontres avec des employeurs potentiels, ainsi que des exp\u00e9riences culturelles et culinaires. La semaine a \u00e9t\u00e9 film\u00e9e et immortalis\u00e9e dans cinq vid\u00e9os pleines d\u2019authenticit\u00e9. Le projet a touch\u00e9 un large public national et a donn\u00e9 une impulsion cibl\u00e9e pour positionner le Valais comme un lieu de vie et de travail attractif.<\/p>\t\t\t\t\t\t\t\t<\/div>\n\t\t\t\t<\/div>\n\t\t\t\t<div class=\"elementor-element elementor-element-fb5fa4e animate-on-display elementor-widget elementor-widget-button\" data-id=\"fb5fa4e\" data-element_type=\"widget\" data-e-type=\"widget\" data-widget_type=\"button.default\">\n\t\t\t\t<div class=\"elementor-widget-container\">\n\t\t\t\t\t\t\t\t\t<div class=\"elementor-button-wrapper\">\n\t\t\t\t\t<a class=\"elementor-button elementor-button-link elementor-size-md\" href=\"https:\/\/www.vwpnet.ch\/fr\/news\/informations-partenaires\/tester-la-vie-en-valais--une-immersion-dans-le-quotidien-du-canton-4122\" target=\"_blank\">\n\t\t\t\t\t\t<span class=\"elementor-button-content-wrapper\">\n\t\t\t\t\t\t<span class=\"elementor-button-icon\">\n\t\t\t\t<svg xmlns=\"http:\/\/www.w3.org\/2000\/svg\" id=\"Calque_1\" data-name=\"Calque 1\" viewBox=\"0 0 114.5 114.5\"><defs><style>.cls-1{fill:#fafafa;}.cls-2{fill:#a8091a;}<\/style><\/defs><path class=\"cls-1\" d=\"M57.25,0A57.25,57.25,0,1,0,114.5,57.25,57.25,57.25,0,0,0,57.25,0Zm-6.1,77.9a2.6,2.6,0,0,1-3.68-3.68l17-17-17-17a2.6,2.6,0,0,1,3.68-3.68L71.8,57.25Z\"><\/path><path class=\"cls-2\" d=\"M47.47,36.6a2.6,2.6,0,0,0,0,3.68l17,17-17,17a2.6,2.6,0,0,0,3.68,3.68L71.8,57.25,51.15,36.6A2.6,2.6,0,0,0,47.47,36.6Z\"><\/path><\/svg>\t\t\t<\/span>\n\t\t\t\t\t\t\t\t\t<span class=\"elementor-button-text\">D\u00e9couvrir<\/span>\n\t\t\t\t\t<\/span>\n\t\t\t\t\t<\/a>\n\t\t\t\t<\/div>\n\t\t\t\t\t\t\t\t<\/div>\n\t\t\t\t<\/div>\n\t\t\t\t<\/div>\n\t\t\t\t<\/div>\n\t\t\t\t<\/div>\n\t\t\t\t\t<\/div>\n\t\t\t\t<\/div>\n\t\t<div class=\"elementor-element elementor-element-8dc9169 watch-on-display e-flex e-con-boxed e-con e-parent\" data-id=\"8dc9169\" data-element_type=\"container\" data-e-type=\"container\">\n\t\t\t\t\t<div class=\"e-con-inner\">\n\t\t<div class=\"elementor-element elementor-element-de877f3 e-con-full e-flex e-con e-child\" data-id=\"de877f3\" data-element_type=\"container\" data-e-type=\"container\">\n\t\t\t\t<div class=\"elementor-element elementor-element-a4cb9fe animate-on-display elementor-widget elementor-widget-text-editor\" data-id=\"a4cb9fe\" data-element_type=\"widget\" data-e-type=\"widget\" data-widget_type=\"text-editor.default\">\n\t\t\t\t<div class=\"elementor-widget-container\">\n\t\t\t\t\t\t\t\t\t<p style=\"font-weight: 400;\"><em><img loading=\"lazy\" decoding=\"async\" class=\"alignright\" src=\"https:\/\/rapport-valais.ch\/wp-content\/uploads\/2026\/03\/Simone-Braunschweiler-1.png\" alt=\"\" width=\"152\" height=\"152\" \/><\/em><\/p><div><p><i><span lang=\"DE-CH\"><b>\u00ab Le Valais s\u00e9duit certes par ses paysages impressionnants, mais surtout par ses habitants ouverts, chaleureux et accessibles. Sa position au c\u0153ur des montagnes ne se vit pas comme un \u00e9tau qui vous oppresse, mais comme un cocon protecteur. \u00bb\u00a0<\/b><\/span><\/i><\/p><\/div><div><p><span lang=\"DE-CH\">Simone Braunschweiler, participante au programme \u00abTester la vie en Valais\u00bb<\/span><\/p><\/div>\t\t\t\t\t\t\t\t<\/div>\n\t\t\t\t<\/div>\n\t\t\t\t<\/div>\n\t\t\t\t\t<\/div>\n\t\t\t\t<\/div>\n\t\t<div class=\"elementor-element elementor-element-5f2407c6 watch-on-display e-flex e-con-boxed e-con e-parent\" data-id=\"5f2407c6\" data-element_type=\"container\" data-e-type=\"container\">\n\t\t\t\t\t<div class=\"e-con-inner\">\n\t\t<div class=\"elementor-element elementor-element-4b605380 e-flex e-con-boxed e-con e-child\" data-id=\"4b605380\" data-element_type=\"container\" data-e-type=\"container\">\n\t\t\t\t\t<div class=\"e-con-inner\">\n\t\t\t\t<div class=\"elementor-element elementor-element-31950bbf animate-on-display elementor-widget elementor-widget-heading\" data-id=\"31950bbf\" data-element_type=\"widget\" data-e-type=\"widget\" id=\"digital\" data-widget_type=\"heading.default\">\n\t\t\t\t<div class=\"elementor-widget-container\">\n\t\t\t\t\t<h2 class=\"elementor-heading-title elementor-size-default\">Digital.<\/h2>\t\t\t\t<\/div>\n\t\t\t\t<\/div>\n\t\t<div class=\"elementor-element elementor-element-7d418247 e-grid e-con-boxed e-con e-child\" data-id=\"7d418247\" data-element_type=\"container\" data-e-type=\"container\" data-settings=\"{&quot;background_background&quot;:&quot;classic&quot;}\">\n\t\t\t\t\t<div class=\"e-con-inner\">\n\t\t<div class=\"elementor-element elementor-element-7b8e964 animate-on-display e-flex e-con-boxed e-con e-child\" data-id=\"7b8e964\" data-element_type=\"container\" data-e-type=\"container\" data-settings=\"{&quot;background_background&quot;:&quot;classic&quot;}\">\n\t\t\t\t\t<div class=\"e-con-inner\">\n\t\t\t\t<div class=\"elementor-element elementor-element-124ae7f elementor-widget elementor-widget-heading\" data-id=\"124ae7f\" data-element_type=\"widget\" data-e-type=\"widget\" data-widget_type=\"heading.default\">\n\t\t\t\t<div class=\"elementor-widget-container\">\n\t\t\t\t\t<h3 class=\"elementor-heading-title elementor-size-default\">5,3 millions<\/h3>\t\t\t\t<\/div>\n\t\t\t\t<\/div>\n\t\t\t\t<div class=\"elementor-element elementor-element-71b0a711 elementor-widget elementor-widget-text-editor\" data-id=\"71b0a711\" data-element_type=\"widget\" data-e-type=\"widget\" data-widget_type=\"text-editor.default\">\n\t\t\t\t<div class=\"elementor-widget-container\">\n\t\t\t\t\t\t\t\t\t<div><span lang=\"DE-CH\">visites sur valais.ch<\/span><\/div>\t\t\t\t\t\t\t\t<\/div>\n\t\t\t\t<\/div>\n\t\t\t\t\t<\/div>\n\t\t\t\t<\/div>\n\t\t<div class=\"elementor-element elementor-element-a260118 animate-on-display e-flex e-con-boxed e-con e-child\" data-id=\"a260118\" data-element_type=\"container\" data-e-type=\"container\" data-settings=\"{&quot;background_background&quot;:&quot;classic&quot;}\">\n\t\t\t\t\t<div class=\"e-con-inner\">\n\t\t\t\t<div class=\"elementor-element elementor-element-31c7f6c elementor-widget elementor-widget-heading\" data-id=\"31c7f6c\" data-element_type=\"widget\" data-e-type=\"widget\" data-widget_type=\"heading.default\">\n\t\t\t\t<div class=\"elementor-widget-container\">\n\t\t\t\t\t<h3 class=\"elementor-heading-title elementor-size-default\">2,3 millions<\/h3>\t\t\t\t<\/div>\n\t\t\t\t<\/div>\n\t\t\t\t<div class=\"elementor-element elementor-element-3f87542 elementor-widget elementor-widget-text-editor\" data-id=\"3f87542\" data-element_type=\"widget\" data-e-type=\"widget\" data-widget_type=\"text-editor.default\">\n\t\t\t\t<div class=\"elementor-widget-container\">\n\t\t\t\t\t\t\t\t\t<p>de trafic qualifi\u00e9 sur valais.ch<\/p>\t\t\t\t\t\t\t\t<\/div>\n\t\t\t\t<\/div>\n\t\t\t\t\t<\/div>\n\t\t\t\t<\/div>\n\t\t<div class=\"elementor-element elementor-element-68a7ac4 animate-on-display e-flex e-con-boxed e-con e-child\" data-id=\"68a7ac4\" data-element_type=\"container\" data-e-type=\"container\" data-settings=\"{&quot;background_background&quot;:&quot;classic&quot;}\">\n\t\t\t\t\t<div class=\"e-con-inner\">\n\t\t\t\t<div class=\"elementor-element elementor-element-7405492b elementor-widget elementor-widget-heading\" data-id=\"7405492b\" data-element_type=\"widget\" data-e-type=\"widget\" data-widget_type=\"heading.default\">\n\t\t\t\t<div class=\"elementor-widget-container\">\n\t\t\t\t\t<h3 class=\"elementor-heading-title elementor-size-default\">9,6 millions<\/h3>\t\t\t\t<\/div>\n\t\t\t\t<\/div>\n\t\t\t\t<div class=\"elementor-element elementor-element-5842a788 elementor-widget elementor-widget-text-editor\" data-id=\"5842a788\" data-element_type=\"widget\" data-e-type=\"widget\" data-widget_type=\"text-editor.default\">\n\t\t\t\t<div class=\"elementor-widget-container\">\n\t\t\t\t\t\t\t\t\t<p style=\"font-weight: 400;\">pages vues sur valais.ch<\/p>\t\t\t\t\t\t\t\t<\/div>\n\t\t\t\t<\/div>\n\t\t\t\t\t<\/div>\n\t\t\t\t<\/div>\n\t\t<div class=\"elementor-element elementor-element-07e89d3 animate-on-display e-flex e-con-boxed e-con e-child\" data-id=\"07e89d3\" data-element_type=\"container\" data-e-type=\"container\" data-settings=\"{&quot;background_background&quot;:&quot;classic&quot;}\">\n\t\t\t\t\t<div class=\"e-con-inner\">\n\t\t\t\t<div class=\"elementor-element elementor-element-a878aec elementor-widget elementor-widget-heading\" data-id=\"a878aec\" data-element_type=\"widget\" data-e-type=\"widget\" data-widget_type=\"heading.default\">\n\t\t\t\t<div class=\"elementor-widget-container\">\n\t\t\t\t\t<h3 class=\"elementor-heading-title elementor-size-default\"><span>Provenance utilisateurs valais.ch<\/span><\/h3>\t\t\t\t<\/div>\n\t\t\t\t<\/div>\n\t\t\t\t<div class=\"elementor-element elementor-element-cf1b78c elementor-widget elementor-widget-text-editor\" data-id=\"cf1b78c\" data-element_type=\"widget\" data-e-type=\"widget\" data-widget_type=\"text-editor.default\">\n\t\t\t\t<div class=\"elementor-widget-container\">\n\t\t\t\t\t\t\t\t\t<ol><li>Suisse<\/li><li>France<\/li><li>Allemagne<\/li><\/ol>\t\t\t\t\t\t\t\t<\/div>\n\t\t\t\t<\/div>\n\t\t\t\t\t<\/div>\n\t\t\t\t<\/div>\n\t\t<div class=\"elementor-element elementor-element-7c86f88 animate-on-display e-flex e-con-boxed e-con e-child\" data-id=\"7c86f88\" data-element_type=\"container\" data-e-type=\"container\" data-settings=\"{&quot;background_background&quot;:&quot;classic&quot;}\">\n\t\t\t\t\t<div class=\"e-con-inner\">\n\t\t\t\t<div class=\"elementor-element elementor-element-a8697af elementor-widget elementor-widget-heading\" data-id=\"a8697af\" data-element_type=\"widget\" data-e-type=\"widget\" data-widget_type=\"heading.default\">\n\t\t\t\t<div class=\"elementor-widget-container\">\n\t\t\t\t\t<h3 class=\"elementor-heading-title elementor-size-default\">3'788<\/h3>\t\t\t\t<\/div>\n\t\t\t\t<\/div>\n\t\t\t\t<div class=\"elementor-element elementor-element-6072b56 elementor-widget elementor-widget-text-editor\" data-id=\"6072b56\" data-element_type=\"widget\" data-e-type=\"widget\" data-widget_type=\"text-editor.default\">\n\t\t\t\t<div class=\"elementor-widget-container\">\n\t\t\t\t\t\t\t\t\t<p>pages vues sur le Media Corner<\/p>\t\t\t\t\t\t\t\t<\/div>\n\t\t\t\t<\/div>\n\t\t\t\t\t<\/div>\n\t\t\t\t<\/div>\n\t\t<div class=\"elementor-element elementor-element-4a9a792 animate-on-display e-flex e-con-boxed e-con e-child\" data-id=\"4a9a792\" data-element_type=\"container\" data-e-type=\"container\" data-settings=\"{&quot;background_background&quot;:&quot;classic&quot;}\">\n\t\t\t\t\t<div class=\"e-con-inner\">\n\t\t\t\t<div class=\"elementor-element elementor-element-e3c59e8 elementor-widget elementor-widget-heading\" data-id=\"e3c59e8\" data-element_type=\"widget\" data-e-type=\"widget\" data-widget_type=\"heading.default\">\n\t\t\t\t<div class=\"elementor-widget-container\">\n\t\t\t\t\t<h3 class=\"elementor-heading-title elementor-size-default\">CHF 2 millions<\/h3>\t\t\t\t<\/div>\n\t\t\t\t<\/div>\n\t\t\t\t<div class=\"elementor-element elementor-element-5a358a9 elementor-widget elementor-widget-text-editor\" data-id=\"5a358a9\" data-element_type=\"widget\" data-e-type=\"widget\" data-widget_type=\"text-editor.default\">\n\t\t\t\t<div class=\"elementor-widget-container\">\n\t\t\t\t\t\t\t\t\t<div><span lang=\"DE-CH\">AVE (\u00e9quivalent publicitaire)<\/span><\/div>\t\t\t\t\t\t\t\t<\/div>\n\t\t\t\t<\/div>\n\t\t\t\t\t<\/div>\n\t\t\t\t<\/div>\n\t\t\t\t\t<\/div>\n\t\t\t\t<\/div>\n\t\t\t\t\t<\/div>\n\t\t\t\t<\/div>\n\t\t\t\t\t<\/div>\n\t\t\t\t<\/div>\n\t\t<div class=\"elementor-element elementor-element-af8ec8d watch-on-display e-flex e-con-boxed e-con e-parent\" data-id=\"af8ec8d\" data-element_type=\"container\" data-e-type=\"container\" data-settings=\"{&quot;animation&quot;:&quot;none&quot;,&quot;animation_delay&quot;:20}\">\n\t\t\t\t\t<div class=\"e-con-inner\">\n\t\t\t\t<div class=\"elementor-element elementor-element-5dbc86e animate-on-display elementor-widget elementor-widget-text-editor\" data-id=\"5dbc86e\" data-element_type=\"widget\" data-e-type=\"widget\" data-widget_type=\"text-editor.default\">\n\t\t\t\t<div class=\"elementor-widget-container\">\n\t\t\t\t\t\t\t\t\t<p style=\"font-weight: 400;\">Le site valais.ch fait partie des sites r\u00e9gionaux les plus visit\u00e9s de Suisse : en 2025 il a enregistr\u00e9 plus de 5,3 millions de visites (+4% vs. 2024).<\/p>\t\t\t\t\t\t\t\t<\/div>\n\t\t\t\t<\/div>\n\t\t\t\t\t<\/div>\n\t\t\t\t<\/div>\n\t\t<div class=\"elementor-element elementor-element-f414466 watch-on-display e-flex e-con-boxed e-con e-parent\" data-id=\"f414466\" data-element_type=\"container\" data-e-type=\"container\">\n\t\t\t\t\t<div class=\"e-con-inner\">\n\t\t<div class=\"elementor-element elementor-element-f61d521 e-con-full e-flex e-con e-child\" data-id=\"f61d521\" data-element_type=\"container\" data-e-type=\"container\">\n\t\t\t\t<div class=\"elementor-element elementor-element-c314e38 animate-on-display elementor-widget elementor-widget-heading\" data-id=\"c314e38\" data-element_type=\"widget\" data-e-type=\"widget\" id=\"Neugestaltung\" data-widget_type=\"heading.default\">\n\t\t\t\t<div class=\"elementor-widget-container\">\n\t\t\t\t\t<h4 class=\"elementor-heading-title elementor-size-default\">Site internet valais.ch.<\/h4>\t\t\t\t<\/div>\n\t\t\t\t<\/div>\n\t\t\t\t<div class=\"elementor-element elementor-element-515844c animate-on-display elementor-widget elementor-widget-text-editor\" data-id=\"515844c\" data-element_type=\"widget\" data-e-type=\"widget\" data-widget_type=\"text-editor.default\">\n\t\t\t\t<div class=\"elementor-widget-container\">\n\t\t\t\t\t\t\t\t\t<p>Le site internet valais.ch a poursuivi son essor en 2025, confirmant ainsi son r\u00f4le central dans la promotion digitale du Valais.<\/p><p>La campagne consacr\u00e9e au VTT, li\u00e9e aux Championnats du Monde, a notamment contribu\u00e9 de mani\u00e8re significative \u00e0 la visibilit\u00e9 et \u00e0 l\u2019utilisation de la plateforme.<\/p><p>Avec plus de 5,3 millions de visites, l\u2019objectif annuel a \u00e9t\u00e9 l\u00e9g\u00e8rement d\u00e9pass\u00e9 et une nouvelle croissance a \u00e9t\u00e9 enregistr\u00e9e par rapport \u00e0 2024, \u00e0 savoir de 6 %. Dans le m\u00eame temps, le nombre de visites qualifi\u00e9es a atteint les 2,3 millions, ce qui t\u00e9moigne de la grande pertinence des contenus et de l\u2019approche cibl\u00e9e des utilisateurs.<\/p><p>Hormis la page d\u2019accueil et les pages d\u00e9di\u00e9es aux campagnes, les contenus li\u00e9s aux activit\u00e9s telles que la randonn\u00e9e et les bisses, ainsi que les recettes \u00e0 base de produits r\u00e9gionaux, ont \u00e9t\u00e9 particuli\u00e8rement pris\u00e9s.<\/p><p>Les informations pratiques telles que la m\u00e9t\u00e9o, les webcams et les \u00e9v\u00e9nements ont \u00e9galement suscit\u00e9 un vif int\u00e9r\u00eat.<\/p>\t\t\t\t\t\t\t\t<\/div>\n\t\t\t\t<\/div>\n\t\t\t\t<div class=\"elementor-element elementor-element-2f21548 animate-on-display elementor-widget elementor-widget-button\" data-id=\"2f21548\" data-element_type=\"widget\" data-e-type=\"widget\" data-widget_type=\"button.default\">\n\t\t\t\t<div class=\"elementor-widget-container\">\n\t\t\t\t\t\t\t\t\t<div class=\"elementor-button-wrapper\">\n\t\t\t\t\t<a class=\"elementor-button elementor-button-link elementor-size-md\" href=\"https:\/\/www.valais.ch\/fr\" target=\"_blank\">\n\t\t\t\t\t\t<span class=\"elementor-button-content-wrapper\">\n\t\t\t\t\t\t<span class=\"elementor-button-icon\">\n\t\t\t\t<svg xmlns=\"http:\/\/www.w3.org\/2000\/svg\" id=\"Calque_1\" data-name=\"Calque 1\" viewBox=\"0 0 114.5 114.5\"><defs><style>.cls-1{fill:#fafafa;}.cls-2{fill:#a8091a;}<\/style><\/defs><path class=\"cls-1\" d=\"M57.25,0A57.25,57.25,0,1,0,114.5,57.25,57.25,57.25,0,0,0,57.25,0Zm-6.1,77.9a2.6,2.6,0,0,1-3.68-3.68l17-17-17-17a2.6,2.6,0,0,1,3.68-3.68L71.8,57.25Z\"><\/path><path class=\"cls-2\" d=\"M47.47,36.6a2.6,2.6,0,0,0,0,3.68l17,17-17,17a2.6,2.6,0,0,0,3.68,3.68L71.8,57.25,51.15,36.6A2.6,2.6,0,0,0,47.47,36.6Z\"><\/path><\/svg>\t\t\t<\/span>\n\t\t\t\t\t\t\t\t\t<span class=\"elementor-button-text\">valais.ch<\/span>\n\t\t\t\t\t<\/span>\n\t\t\t\t\t<\/a>\n\t\t\t\t<\/div>\n\t\t\t\t\t\t\t\t<\/div>\n\t\t\t\t<\/div>\n\t\t\t\t<\/div>\n\t\t<div class=\"elementor-element elementor-element-64d3e1e e-con-full e-flex e-con e-child\" data-id=\"64d3e1e\" data-element_type=\"container\" data-e-type=\"container\">\n\t\t\t\t<div class=\"elementor-element elementor-element-c0c1dde animate-on-display elementor-widget elementor-widget-image\" data-id=\"c0c1dde\" data-element_type=\"widget\" data-e-type=\"widget\" data-widget_type=\"image.default\">\n\t\t\t\t<div class=\"elementor-widget-container\">\n\t\t\t\t\t\t\t\t\t\t\t\t\t\t\t\t<a href=\"https:\/\/rapport-valais.ch\/wp-content\/uploads\/2026\/04\/Bildschirmfoto-2026-04-22-um-10.48.55-1.png\" data-elementor-open-lightbox=\"yes\" data-elementor-lightbox-title=\"Bildschirmfoto 2026-04-22 um 10.48.55\" data-e-action-hash=\"#elementor-action%3Aaction%3Dlightbox%26settings%3DeyJpZCI6MTcyMjYsInVybCI6Imh0dHBzOlwvXC9yYXBwb3J0LXZhbGFpcy5jaFwvd3AtY29udGVudFwvdXBsb2Fkc1wvMjAyNlwvMDRcL0JpbGRzY2hpcm1mb3RvLTIwMjYtMDQtMjItdW0tMTAuNDguNTUtMS5wbmcifQ%3D%3D\">\n\t\t\t\t\t\t\t<img loading=\"lazy\" decoding=\"async\" width=\"800\" height=\"1014\" src=\"https:\/\/rapport-valais.ch\/wp-content\/uploads\/2026\/04\/Bildschirmfoto-2026-04-22-um-10.48.55-1-808x1024.png\" class=\"attachment-large size-large wp-image-17226\" alt=\"\" srcset=\"https:\/\/rapport-valais.ch\/wp-content\/uploads\/2026\/04\/Bildschirmfoto-2026-04-22-um-10.48.55-1-808x1024.png 808w, https:\/\/rapport-valais.ch\/wp-content\/uploads\/2026\/04\/Bildschirmfoto-2026-04-22-um-10.48.55-1-237x300.png 237w, https:\/\/rapport-valais.ch\/wp-content\/uploads\/2026\/04\/Bildschirmfoto-2026-04-22-um-10.48.55-1-768x973.png 768w, https:\/\/rapport-valais.ch\/wp-content\/uploads\/2026\/04\/Bildschirmfoto-2026-04-22-um-10.48.55-1.png 925w\" sizes=\"(max-width: 800px) 100vw, 800px\" \/>\t\t\t\t\t\t\t\t<\/a>\n\t\t\t\t\t\t\t\t\t\t\t\t\t\t\t<\/div>\n\t\t\t\t<\/div>\n\t\t\t\t<\/div>\n\t\t\t\t\t<\/div>\n\t\t\t\t<\/div>\n\t\t<div class=\"elementor-element elementor-element-53f0913 watch-on-display e-flex e-con-boxed e-con e-parent\" data-id=\"53f0913\" data-element_type=\"container\" data-e-type=\"container\" data-settings=\"{&quot;animation&quot;:&quot;none&quot;,&quot;animation_delay&quot;:20}\">\n\t\t\t\t\t<div class=\"e-con-inner\">\n\t\t\t\t<div class=\"elementor-element elementor-element-ff81d92 animate-on-display elementor-widget elementor-widget-text-editor\" data-id=\"ff81d92\" data-element_type=\"widget\" data-e-type=\"widget\" data-widget_type=\"text-editor.default\">\n\t\t\t\t<div class=\"elementor-widget-container\">\n\t\t\t\t\t\t\t\t\t<div><b><span lang=\"DE-CH\">eCRM (syst\u00e8me de gestion de la relation client).<\/span><\/b><\/div>\t\t\t\t\t\t\t\t<\/div>\n\t\t\t\t<\/div>\n\t\t<div class=\"elementor-element elementor-element-5adb422 e-grid e-con-boxed e-con e-child\" data-id=\"5adb422\" data-element_type=\"container\" data-e-type=\"container\" data-settings=\"{&quot;background_background&quot;:&quot;classic&quot;}\">\n\t\t\t\t\t<div class=\"e-con-inner\">\n\t\t<div class=\"elementor-element elementor-element-d142077 animate-on-display e-flex e-con-boxed e-con e-child\" data-id=\"d142077\" data-element_type=\"container\" data-e-type=\"container\" data-settings=\"{&quot;background_background&quot;:&quot;classic&quot;}\">\n\t\t\t\t\t<div class=\"e-con-inner\">\n\t\t\t\t<div class=\"elementor-element elementor-element-3ed8816 elementor-widget elementor-widget-heading\" data-id=\"3ed8816\" data-element_type=\"widget\" data-e-type=\"widget\" data-widget_type=\"heading.default\">\n\t\t\t\t<div class=\"elementor-widget-container\">\n\t\t\t\t\t<h3 class=\"elementor-heading-title elementor-size-default\"><span>Newsletters h\u00f4tes<\/span><\/h3>\t\t\t\t<\/div>\n\t\t\t\t<\/div>\n\t\t\t\t<div class=\"elementor-element elementor-element-7ec5df2 elementor-widget elementor-widget-text-editor\" data-id=\"7ec5df2\" data-element_type=\"widget\" data-e-type=\"widget\" data-widget_type=\"text-editor.default\">\n\t\t\t\t<div class=\"elementor-widget-container\">\n\t\t\t\t\t\t\t\t\t<p>20 n<span lang=\"DE-CH\">ewsletter envoy\u00e9es<br \/><\/span>34&rsquo;100 clients<span lang=\"DE-CH\"><br \/><\/span><\/p>\t\t\t\t\t\t\t\t<\/div>\n\t\t\t\t<\/div>\n\t\t\t\t\t<\/div>\n\t\t\t\t<\/div>\n\t\t<div class=\"elementor-element elementor-element-20d27cc animate-on-display e-flex e-con-boxed e-con e-child\" data-id=\"20d27cc\" data-element_type=\"container\" data-e-type=\"container\" data-settings=\"{&quot;background_background&quot;:&quot;classic&quot;}\">\n\t\t\t\t\t<div class=\"e-con-inner\">\n\t\t\t\t<div class=\"elementor-element elementor-element-c905d72 elementor-widget elementor-widget-heading\" data-id=\"c905d72\" data-element_type=\"widget\" data-e-type=\"widget\" data-widget_type=\"heading.default\">\n\t\t\t\t<div class=\"elementor-widget-container\">\n\t\t\t\t\t<h3 class=\"elementor-heading-title elementor-size-default\"><span>Newsletters Media internationales <\/span><\/h3>\t\t\t\t<\/div>\n\t\t\t\t<\/div>\n\t\t\t\t<div class=\"elementor-element elementor-element-6999b10 elementor-widget elementor-widget-text-editor\" data-id=\"6999b10\" data-element_type=\"widget\" data-e-type=\"widget\" data-widget_type=\"text-editor.default\">\n\t\t\t\t<div class=\"elementor-widget-container\">\n\t\t\t\t\t\t\t\t\t<p><span lang=\"DE-CH\">4 newsletter envoy\u00e9es<br \/><\/span>770 clients<span lang=\"DE-CH\"><br \/><\/span><\/p>\t\t\t\t\t\t\t\t<\/div>\n\t\t\t\t<\/div>\n\t\t\t\t\t<\/div>\n\t\t\t\t<\/div>\n\t\t<div class=\"elementor-element elementor-element-296f6b1 animate-on-display e-flex e-con-boxed e-con e-child\" data-id=\"296f6b1\" data-element_type=\"container\" data-e-type=\"container\" data-settings=\"{&quot;background_background&quot;:&quot;classic&quot;}\">\n\t\t\t\t\t<div class=\"e-con-inner\">\n\t\t\t\t<div class=\"elementor-element elementor-element-24a2fcc elementor-widget elementor-widget-heading\" data-id=\"24a2fcc\" data-element_type=\"widget\" data-e-type=\"widget\" data-widget_type=\"heading.default\">\n\t\t\t\t<div class=\"elementor-widget-container\">\n\t\t\t\t\t<h3 class=\"elementor-heading-title elementor-size-default\"><span>Newsletters Partenaires<\/span><\/h3>\t\t\t\t<\/div>\n\t\t\t\t<\/div>\n\t\t\t\t<div class=\"elementor-element elementor-element-2f29984 elementor-widget elementor-widget-text-editor\" data-id=\"2f29984\" data-element_type=\"widget\" data-e-type=\"widget\" data-widget_type=\"text-editor.default\">\n\t\t\t\t<div class=\"elementor-widget-container\">\n\t\t\t\t\t\t\t\t\t<p><span lang=\"DE-CH\">7 newsletters envoy\u00e9es<br \/><\/span>725 clients<span lang=\"DE-CH\"><br \/><\/span><\/p>\t\t\t\t\t\t\t\t<\/div>\n\t\t\t\t<\/div>\n\t\t\t\t\t<\/div>\n\t\t\t\t<\/div>\n\t\t\t\t\t<\/div>\n\t\t\t\t<\/div>\n\t\t\t\t\t<\/div>\n\t\t\t\t<\/div>\n\t\t<div class=\"elementor-element elementor-element-30fd7924 watch-on-display e-flex e-con-boxed e-con e-parent\" data-id=\"30fd7924\" data-element_type=\"container\" data-e-type=\"container\">\n\t\t\t\t\t<div class=\"e-con-inner\">\n\t\t<div class=\"elementor-element elementor-element-70520e74 e-flex e-con-boxed e-con e-child\" data-id=\"70520e74\" data-element_type=\"container\" data-e-type=\"container\">\n\t\t\t\t\t<div class=\"e-con-inner\">\n\t\t\t\t<div class=\"elementor-element elementor-element-3eb81aea animate-on-display elementor-widget elementor-widget-heading\" data-id=\"3eb81aea\" data-element_type=\"widget\" data-e-type=\"widget\" data-widget_type=\"heading.default\">\n\t\t\t\t<div class=\"elementor-widget-container\">\n\t\t\t\t\t<h3 class=\"elementor-heading-title elementor-size-default\">Social media<\/h3>\t\t\t\t<\/div>\n\t\t\t\t<\/div>\n\t\t<div class=\"elementor-element elementor-element-798752 e-grid e-con-boxed e-con e-child\" data-id=\"798752\" data-element_type=\"container\" data-e-type=\"container\" data-settings=\"{&quot;background_background&quot;:&quot;classic&quot;}\">\n\t\t\t\t\t<div class=\"e-con-inner\">\n\t\t<div class=\"elementor-element elementor-element-50cbf6a3 animate-on-display e-flex e-con-boxed e-con e-child\" data-id=\"50cbf6a3\" data-element_type=\"container\" data-e-type=\"container\" data-settings=\"{&quot;background_background&quot;:&quot;classic&quot;}\">\n\t\t\t\t\t<div class=\"e-con-inner\">\n\t\t\t\t<div class=\"elementor-element elementor-element-2676fba6 elementor-widget elementor-widget-heading\" data-id=\"2676fba6\" data-element_type=\"widget\" data-e-type=\"widget\" data-widget_type=\"heading.default\">\n\t\t\t\t<div class=\"elementor-widget-container\">\n\t\t\t\t\t<h3 class=\"elementor-heading-title elementor-size-default\">340\u2019780 <span>followers<\/span><\/h3>\t\t\t\t<\/div>\n\t\t\t\t<\/div>\n\t\t\t\t<div class=\"elementor-element elementor-element-305d6124 elementor-widget elementor-widget-text-editor\" data-id=\"305d6124\" data-element_type=\"widget\" data-e-type=\"widget\" data-widget_type=\"text-editor.default\">\n\t\t\t\t<div class=\"elementor-widget-container\">\n\t\t\t\t\t\t\t\t\t<p>+6,3% vs. 2024<\/p>\t\t\t\t\t\t\t\t<\/div>\n\t\t\t\t<\/div>\n\t\t\t\t\t<\/div>\n\t\t\t\t<\/div>\n\t\t<div class=\"elementor-element elementor-element-3ecfeddc animate-on-display e-flex e-con-boxed e-con e-child\" data-id=\"3ecfeddc\" data-element_type=\"container\" data-e-type=\"container\" data-settings=\"{&quot;background_background&quot;:&quot;classic&quot;}\">\n\t\t\t\t\t<div class=\"e-con-inner\">\n\t\t\t\t<div class=\"elementor-element elementor-element-77215693 elementor-widget elementor-widget-heading\" data-id=\"77215693\" data-element_type=\"widget\" data-e-type=\"widget\" data-widget_type=\"heading.default\">\n\t\t\t\t<div class=\"elementor-widget-container\">\n\t\t\t\t\t<h3 class=\"elementor-heading-title elementor-size-default\">38'235\u2019813 <span> millions<\/span><\/h3>\t\t\t\t<\/div>\n\t\t\t\t<\/div>\n\t\t\t\t<div class=\"elementor-element elementor-element-585721cd elementor-widget elementor-widget-text-editor\" data-id=\"585721cd\" data-element_type=\"widget\" data-e-type=\"widget\" data-widget_type=\"text-editor.default\">\n\t\t\t\t<div class=\"elementor-widget-container\">\n\t\t\t\t\t\t\t\t\t<p style=\"font-weight: 400;\">personnes atteintes sur les r\u00e9seaux sociaux<br \/>+4% vs. 2024<\/p>\t\t\t\t\t\t\t\t<\/div>\n\t\t\t\t<\/div>\n\t\t\t\t\t<\/div>\n\t\t\t\t<\/div>\n\t\t<div class=\"elementor-element elementor-element-46702f4 animate-on-display e-flex e-con-boxed e-con e-child\" data-id=\"46702f4\" data-element_type=\"container\" data-e-type=\"container\" data-settings=\"{&quot;background_background&quot;:&quot;classic&quot;}\">\n\t\t\t\t\t<div class=\"e-con-inner\">\n\t\t\t\t<div class=\"elementor-element elementor-element-a11b8b5 elementor-widget elementor-widget-heading\" data-id=\"a11b8b5\" data-element_type=\"widget\" data-e-type=\"widget\" data-widget_type=\"heading.default\">\n\t\t\t\t<div class=\"elementor-widget-container\">\n\t\t\t\t\t<h3 class=\"elementor-heading-title elementor-size-default\">156\u2019366 <span> followers sur Facebook<\/span><\/h3>\t\t\t\t<\/div>\n\t\t\t\t<\/div>\n\t\t\t\t<div class=\"elementor-element elementor-element-4ad2fbb1 elementor-widget elementor-widget-text-editor\" data-id=\"4ad2fbb1\" data-element_type=\"widget\" data-e-type=\"widget\" data-widget_type=\"text-editor.default\">\n\t\t\t\t<div class=\"elementor-widget-container\">\n\t\t\t\t\t\t\t\t\t<p><span lang=\"EN-US\">+1,6%<\/span><span lang=\"EN-US\"> vs. 2024<\/span><\/p>\t\t\t\t\t\t\t\t<\/div>\n\t\t\t\t<\/div>\n\t\t\t\t\t<\/div>\n\t\t\t\t<\/div>\n\t\t<div class=\"elementor-element elementor-element-5661ec70 animate-on-display e-flex e-con-boxed e-con e-child\" data-id=\"5661ec70\" data-element_type=\"container\" data-e-type=\"container\" data-settings=\"{&quot;background_background&quot;:&quot;classic&quot;}\">\n\t\t\t\t\t<div class=\"e-con-inner\">\n\t\t\t\t<div class=\"elementor-element elementor-element-68eea25e elementor-widget elementor-widget-heading\" data-id=\"68eea25e\" data-element_type=\"widget\" data-e-type=\"widget\" data-widget_type=\"heading.default\">\n\t\t\t\t<div class=\"elementor-widget-container\">\n\t\t\t\t\t<h3 class=\"elementor-heading-title elementor-size-default\">117\u2019899<span> followers sur Instagram<\/span><\/h3>\t\t\t\t<\/div>\n\t\t\t\t<\/div>\n\t\t\t\t<div class=\"elementor-element elementor-element-8942f42 elementor-widget elementor-widget-text-editor\" data-id=\"8942f42\" data-element_type=\"widget\" data-e-type=\"widget\" data-widget_type=\"text-editor.default\">\n\t\t\t\t<div class=\"elementor-widget-container\">\n\t\t\t\t\t\t\t\t\t<p><span lang=\"EN-US\">+9,7% vs<\/span><span lang=\"EN-US\">. 2024<\/span><\/p>\t\t\t\t\t\t\t\t<\/div>\n\t\t\t\t<\/div>\n\t\t\t\t\t<\/div>\n\t\t\t\t<\/div>\n\t\t<div class=\"elementor-element elementor-element-6d88ad9d animate-on-display e-flex e-con-boxed e-con e-child\" data-id=\"6d88ad9d\" data-element_type=\"container\" data-e-type=\"container\" data-settings=\"{&quot;background_background&quot;:&quot;classic&quot;}\">\n\t\t\t\t\t<div class=\"e-con-inner\">\n\t\t\t\t<div class=\"elementor-element elementor-element-7b0a2809 elementor-widget elementor-widget-heading\" data-id=\"7b0a2809\" data-element_type=\"widget\" data-e-type=\"widget\" data-widget_type=\"heading.default\">\n\t\t\t\t<div class=\"elementor-widget-container\">\n\t\t\t\t\t<h3 class=\"elementor-heading-title elementor-size-default\">4\u2019899 <span>followers sur TikTok<\/span><\/h3>\t\t\t\t<\/div>\n\t\t\t\t<\/div>\n\t\t\t\t<div class=\"elementor-element elementor-element-3ff4b577 elementor-widget elementor-widget-text-editor\" data-id=\"3ff4b577\" data-element_type=\"widget\" data-e-type=\"widget\" data-widget_type=\"text-editor.default\">\n\t\t\t\t<div class=\"elementor-widget-container\">\n\t\t\t\t\t\t\t\t\t<p><span lang=\"EN-US\">+61,3% vs<\/span><span lang=\"EN-US\">. 2024<\/span><\/p>\t\t\t\t\t\t\t\t<\/div>\n\t\t\t\t<\/div>\n\t\t\t\t\t<\/div>\n\t\t\t\t<\/div>\n\t\t<div class=\"elementor-element elementor-element-3425fa31 animate-on-display e-flex e-con-boxed e-con e-child\" data-id=\"3425fa31\" data-element_type=\"container\" data-e-type=\"container\" data-settings=\"{&quot;background_background&quot;:&quot;classic&quot;}\">\n\t\t\t\t\t<div class=\"e-con-inner\">\n\t\t\t\t<div class=\"elementor-element elementor-element-24e983d0 elementor-widget elementor-widget-heading\" data-id=\"24e983d0\" data-element_type=\"widget\" data-e-type=\"widget\" data-widget_type=\"heading.default\">\n\t\t\t\t<div class=\"elementor-widget-container\">\n\t\t\t\t\t<h3 class=\"elementor-heading-title elementor-size-default\">17\u2019387<span> followers sur LinkedIn<\/span><\/h3>\t\t\t\t<\/div>\n\t\t\t\t<\/div>\n\t\t\t\t<div class=\"elementor-element elementor-element-6ed6f9d0 elementor-widget elementor-widget-text-editor\" data-id=\"6ed6f9d0\" data-element_type=\"widget\" data-e-type=\"widget\" data-widget_type=\"text-editor.default\">\n\t\t\t\t<div class=\"elementor-widget-container\">\n\t\t\t\t\t\t\t\t\t<p><span lang=\"DE-CH\">+11,9% vs<\/span><span lang=\"DE-CH\">. 2024<\/span><\/p>\t\t\t\t\t\t\t\t<\/div>\n\t\t\t\t<\/div>\n\t\t\t\t\t<\/div>\n\t\t\t\t<\/div>\n\t\t\t\t\t<\/div>\n\t\t\t\t<\/div>\n\t\t\t\t<div class=\"elementor-element elementor-element-4f9f3e35 animate-on-display elementor-widget elementor-widget-text-editor\" data-id=\"4f9f3e35\" data-element_type=\"widget\" data-e-type=\"widget\" data-widget_type=\"text-editor.default\">\n\t\t\t\t<div class=\"elementor-widget-container\">\n\t\t\t\t\t\t\t\t\t<p><strong>Evolution et port\u00e9e<br \/><\/strong>En 2025, les activit\u00e9s de Valais\/Wallis Promotion sur les r\u00e9seaux sociaux ont poursuivi leur progression, confirmant l\u2019importance croissante de nos propres canaux. Au total, plus de 34 millions de personnes ont \u00e9t\u00e9 touch\u00e9es de mani\u00e8re organique. En tenant compte des collaborations avec des influenceurs, l\u2019audience a d\u00e9pass\u00e9 les 38 millions de contacts. La communaut\u00e9 a \u00e9galement continu\u00e9 de s\u2019agrandir, pour atteindre environ 341\u2019000 abonn\u00e9s, soit une hausse de 6,3 % par rapport \u00e0 l\u2019ann\u00e9e pr\u00e9c\u00e9dente. Notamment Instagram (+9,7 %) et LinkedIn (+11,9 %) ont connu une croissance particuli\u00e8rement dynamique, tandis que Facebook demeure un socle stable (+1,6 %).<\/p><p><strong>Plat<\/strong><b>eformes et canaux<br \/><\/b>Parall\u00e8lement, de nouvelles plateformes ont \u00e9t\u00e9 cr\u00e9\u00e9es et d\u00e9velopp\u00e9es de mani\u00e8re cibl\u00e9e. Avec une croissance de plus de 60 %, TikTok a connu la plus forte dynamique, tandis que Threads et YouTube sont \u00e9galement parvenus \u00e0 \u00e9largir leur audience. Un compte WhatsApp Business a \u00e9galement \u00e9t\u00e9 lanc\u00e9 afin de diffuser des contenus de mani\u00e8re plus directe et plus cibl\u00e9e. En revanche, la plateforme X a \u00e9t\u00e9 \u00e9cart\u00e9e afin de mobiliser prioritairement les ressources sur les canaux \u00e0 forte croissance et pertinents en termes de contenu.<\/p><p><strong>Contenus, formats et partenariats<br \/><\/strong>Les collaborations avec des influenceurs ont, elles aussi, largement contribu\u00e9 \u00e0 l\u2019augmentation de l\u2019audience : en 2025, une douzaine de partenariats ont vu le jour. Ils ont permis de toucher au total plus de 4 millions de personnes et de g\u00e9n\u00e9rer plus de 8 millions d\u2019impressions.<\/p><p>En compl\u00e9ment, six\u00a0<a href=\"https:\/\/www.valais.ch\/fr\/explorer\/inspirations\/videostories\" target=\"_blank\" rel=\"noopener\">Videostories<\/a>\u00a0ont \u00e9t\u00e9 r\u00e9alis\u00e9es, pr\u00e9sentant, entre autres, une patrouilleuse, une skieuse-alpiniste, la Grande Dixence ainsi que la culture des abricots, des c\u00e9r\u00e9ales et la vie \u00e0 l\u2019alpage. Les capsules vid\u00e9o sont produites par une entreprise valaisanne et cofinanc\u00e9es par la destination choisie pour illustrer la th\u00e9matique. Ces formats ont touch\u00e9 plus de 2 millions de personnes et g\u00e9n\u00e9r\u00e9 plus de 3 millions d\u2019impressions.\u00a0Toutes les vid\u00e9os sont \u00e9galement disponibles sur la cha\u00eene\u00a0<a href=\"https:\/\/www.youtube.com\/playlist?list=PLZ5zJ-dR548bskhA3UfgdVOxc4OHmLeB-\" target=\"_blank\" rel=\"noopener\">YouTube Valais Wallis<\/a>.<\/p><p>Les Instagram Takeover ont \u00e9galement \u00e9t\u00e9 largement utilis\u00e9s et reconduits en 2025. Au total, 56 Takeover ont \u00e9t\u00e9 r\u00e9alis\u00e9s \u2013 25 en hiver et 31 en \u00e9t\u00e9. Les destinations ont ainsi pu pr\u00e9senter leurs offres de mani\u00e8re authentique et directe. Ce format a renforc\u00e9 l\u2019implication des partenaires tout en garantissant la cr\u00e9dibilit\u00e9 du discours adress\u00e9 \u00e0 la communaut\u00e9.\u00a0<\/p><p>Ces chiffres t\u00e9moignent du succ\u00e8s d\u2019une strat\u00e9gie de contenu diversifi\u00e9e et multiplateforme, ainsi que de l\u2019importance croissante des r\u00e9seaux sociaux comme outil central de communication et source d\u2019inspiration pour le Valais.<\/p>\t\t\t\t\t\t\t\t<\/div>\n\t\t\t\t<\/div>\n\t\t\t\t\t<\/div>\n\t\t\t\t<\/div>\n\t\t\t\t\t<\/div>\n\t\t\t\t<\/div>\n\t\t<div class=\"elementor-element elementor-element-652d6109 watch-on-display e-flex e-con-boxed e-con e-parent\" data-id=\"652d6109\" data-element_type=\"container\" data-e-type=\"container\">\n\t\t\t\t\t<div class=\"e-con-inner\">\n\t\t\t\t<div class=\"elementor-element elementor-element-1b488d95 animate-on-display elementor-widget elementor-widget-heading\" data-id=\"1b488d95\" data-element_type=\"widget\" data-e-type=\"widget\" id=\"evenements\" data-widget_type=\"heading.default\">\n\t\t\t\t<div class=\"elementor-widget-container\">\n\t\t\t\t\t<h2 class=\"elementor-heading-title elementor-size-default\">Solidarit\u00e9 dans le L\u00f6tschental.<\/h2>\t\t\t\t<\/div>\n\t\t\t\t<\/div>\n\t\t\t\t\t<\/div>\n\t\t\t\t<\/div>\n\t\t<div class=\"elementor-element elementor-element-d188850 e-flex e-con-boxed e-con e-parent\" data-id=\"d188850\" data-element_type=\"container\" data-e-type=\"container\">\n\t\t\t\t\t<div class=\"e-con-inner\">\n\t\t<div class=\"elementor-element elementor-element-9a6e357 e-flex e-con-boxed e-con e-child\" data-id=\"9a6e357\" data-element_type=\"container\" data-e-type=\"container\" data-settings=\"{&quot;background_background&quot;:&quot;classic&quot;,&quot;background_motion_fx_motion_fx_scrolling&quot;:&quot;yes&quot;,&quot;background_motion_fx_translateY_effect&quot;:&quot;yes&quot;,&quot;background_motion_fx_translateY_speed&quot;:{&quot;unit&quot;:&quot;px&quot;,&quot;size&quot;:2,&quot;sizes&quot;:[]},&quot;background_motion_fx_translateY_affectedRange&quot;:{&quot;unit&quot;:&quot;%&quot;,&quot;size&quot;:&quot;&quot;,&quot;sizes&quot;:{&quot;start&quot;:0,&quot;end&quot;:100}},&quot;background_motion_fx_devices&quot;:[&quot;desktop&quot;,&quot;tablet&quot;,&quot;mobile&quot;]}\">\n\t\t\t\t\t<div class=\"e-con-inner\">\n\t\t\t\t\t<\/div>\n\t\t\t\t<\/div>\n\t\t<div class=\"elementor-element elementor-element-7b66136 e-con-full e-flex e-con e-child\" data-id=\"7b66136\" data-element_type=\"container\" data-e-type=\"container\">\n\t\t<div class=\"elementor-element elementor-element-a947129 e-con-full watch-on-display e-flex e-con e-child\" data-id=\"a947129\" data-element_type=\"container\" data-e-type=\"container\" data-settings=\"{&quot;background_background&quot;:&quot;classic&quot;,&quot;position&quot;:&quot;absolute&quot;}\">\n\t\t\t\t<div class=\"elementor-element elementor-element-9c56af2 animate-on-display elementor-widget elementor-widget-heading\" data-id=\"9c56af2\" data-element_type=\"widget\" data-e-type=\"widget\" id=\"Mon c\u0153ur bat pour le L\u00f6tschental\" data-widget_type=\"heading.default\">\n\t\t\t\t<div class=\"elementor-widget-container\">\n\t\t\t\t\t<h3 class=\"elementor-heading-title elementor-size-default\">Mon coeur bat pour le L\u00f6tschental.<\/h3>\t\t\t\t<\/div>\n\t\t\t\t<\/div>\n\t\t\t\t<div class=\"elementor-element elementor-element-4574d1d animate-on-display elementor-widget elementor-widget-text-editor\" data-id=\"4574d1d\" data-element_type=\"widget\" data-e-type=\"widget\" data-widget_type=\"text-editor.default\">\n\t\t\t\t<div class=\"elementor-widget-container\">\n\t\t\t\t\t\t\t\t\t<p style=\"font-weight: 400;\">En mai 2025, l\u2019effondrement d\u2019un glacier a provoqu\u00e9 un \u00e9boulement qui a enseveli le village de Blatten. De nombreuses personnes et entreprises ont perdu leurs moyens de subsistance. Dans le m\u00eame temps, un immense \u00e9lan de solidarit\u00e9 a vu le jour : sous la devise \u00ab Mon c\u0153ur bat pour le L\u00f6tschental \u00bb, des personnes venues du Valais, de toute la Suisse et d\u2019ailleurs ont apport\u00e9 leur soutien \u00e0 la r\u00e9gion touch\u00e9e. Quelques mois plus tard, un signe de renouveau est apparu : le 19 d\u00e9cembre 2025, l\u2019h\u00f4tel \u00ab Momentum \u2013 die Lauchernalp Lodge \u00bb a ouvert ses portes \u00e0 Lauchernalp. Construit en un temps record, il symbolise la reconstruction et la volont\u00e9 commune d\u2019assurer l\u2019avenir de la r\u00e9gion.<\/p>\t\t\t\t\t\t\t\t<\/div>\n\t\t\t\t<\/div>\n\t\t\t\t<\/div>\n\t\t\t\t<\/div>\n\t\t\t\t\t<\/div>\n\t\t\t\t<\/div>\n\t\t<div class=\"elementor-element elementor-element-9bec95e watch-on-display e-flex e-con-boxed e-con e-parent\" data-id=\"9bec95e\" data-element_type=\"container\" data-e-type=\"container\" data-settings=\"{&quot;animation&quot;:&quot;none&quot;,&quot;animation_delay&quot;:20}\">\n\t\t\t\t\t<div class=\"e-con-inner\">\n\t\t\t\t<div class=\"elementor-element elementor-element-26431e7 animate-on-display elementor-widget elementor-widget-text-editor\" data-id=\"26431e7\" data-element_type=\"widget\" data-e-type=\"widget\" data-widget_type=\"text-editor.default\">\n\t\t\t\t<div class=\"elementor-widget-container\">\n\t\t\t\t\t\t\t\t\t<p style=\"font-weight: 400;\"><em><img loading=\"lazy\" decoding=\"async\" class=\"alignright\" src=\"https:\/\/rapport-valais.ch\/wp-content\/uploads\/2026\/04\/Mathias-Fleischmann-1-300x232.png\" alt=\"\" width=\"152\" height=\"152\" \/><\/em><\/p><div><p><i><span lang=\"DE-CH\"><b>\u00ab La nature, la culture et les habitants qui font le charme de notre vall\u00e9e de montagne constituent les atouts de notre tourisme. Nous sommes convaincus que les visiteurs continueront \u00e0 pl\u00e9bisciter notre vall\u00e9e et que le tourisme restera le pilier de l\u2019\u00e9conomie r\u00e9gionale.\u00bb <\/b><\/span><\/i><\/p><p><span style=\"font-family: -apple-system, BlinkMacSystemFont, 'Segoe UI', Roboto, 'Helvetica Neue', Arial, 'Noto Sans', sans-serif, 'Apple Color Emoji', 'Segoe UI Emoji', 'Segoe UI Symbol', 'Noto Color Emoji';\">Mathias Fleischmann, CEO de Lauchernalp Bergbahnen AG et de L\u00f6tschental Marketing AG<\/span><\/p><\/div>\t\t\t\t\t\t\t\t<\/div>\n\t\t\t\t<\/div>\n\t\t\t\t\t<\/div>\n\t\t\t\t<\/div>\n\t\t<div class=\"elementor-element elementor-element-478d8bc watch-on-display e-flex e-con-boxed e-con e-parent\" data-id=\"478d8bc\" data-element_type=\"container\" data-e-type=\"container\">\n\t\t\t\t\t<div class=\"e-con-inner\">\n\t\t<div class=\"elementor-element elementor-element-c669bbc e-flex e-con-boxed e-con e-child\" data-id=\"c669bbc\" data-element_type=\"container\" data-e-type=\"container\">\n\t\t\t\t\t<div class=\"e-con-inner\">\n\t\t\t\t<div class=\"elementor-element elementor-element-25834b4 animate-on-display elementor-widget elementor-widget-heading\" data-id=\"25834b4\" data-element_type=\"widget\" data-e-type=\"widget\" data-widget_type=\"heading.default\">\n\t\t\t\t<div class=\"elementor-widget-container\">\n\t\t\t\t\t<h2 class=\"elementor-heading-title elementor-size-default\">Ev\u00e8nements.<\/h2>\t\t\t\t<\/div>\n\t\t\t\t<\/div>\n\t\t<div class=\"elementor-element elementor-element-c4b5e4c e-grid e-con-boxed e-con e-child\" data-id=\"c4b5e4c\" data-element_type=\"container\" data-e-type=\"container\" data-settings=\"{&quot;background_background&quot;:&quot;classic&quot;}\">\n\t\t\t\t\t<div class=\"e-con-inner\">\n\t\t<div class=\"elementor-element elementor-element-15dbfee e-con-full animate-on-display e-flex e-con e-child\" data-id=\"15dbfee\" data-element_type=\"container\" data-e-type=\"container\" data-settings=\"{&quot;background_background&quot;:&quot;classic&quot;}\">\n\t\t<div class=\"elementor-element elementor-element-e805b73 e-con-full e-flex e-con e-child\" data-id=\"e805b73\" data-element_type=\"container\" data-e-type=\"container\">\n\t\t\t\t<div class=\"elementor-element elementor-element-9639379 elementor-widget elementor-widget-image\" data-id=\"9639379\" data-element_type=\"widget\" data-e-type=\"widget\" data-widget_type=\"image.default\">\n\t\t\t\t<div class=\"elementor-widget-container\">\n\t\t\t\t\t\t\t\t\t\t\t\t\t\t\t<img loading=\"lazy\" decoding=\"async\" width=\"120\" height=\"120\" src=\"https:\/\/rapport-valais.ch\/wp-content\/uploads\/2024\/02\/pavilion-m.jpg\" class=\"attachment-large size-large wp-image-10376\" alt=\"\" \/>\t\t\t\t\t\t\t\t\t\t\t\t\t\t\t<\/div>\n\t\t\t\t<\/div>\n\t\t\t\t<\/div>\n\t\t<div class=\"elementor-element elementor-element-38d882d e-con-full e-flex e-con e-child\" data-id=\"38d882d\" data-element_type=\"container\" data-e-type=\"container\">\n\t\t\t\t<div class=\"elementor-element elementor-element-bef780a elementor-widget elementor-widget-heading\" data-id=\"bef780a\" data-element_type=\"widget\" data-e-type=\"widget\" data-widget_type=\"heading.default\">\n\t\t\t\t<div class=\"elementor-widget-container\">\n\t\t\t\t\t<h3 class=\"elementor-heading-title elementor-size-default\">80 <span>\u00e9v\u00e9nements <\/span><\/h3>\t\t\t\t<\/div>\n\t\t\t\t<\/div>\n\t\t\t\t<div class=\"elementor-element elementor-element-35fce59 elementor-widget elementor-widget-text-editor\" data-id=\"35fce59\" data-element_type=\"widget\" data-e-type=\"widget\" data-widget_type=\"text-editor.default\">\n\t\t\t\t<div class=\"elementor-widget-container\">\n\t\t\t\t\t\t\t\t\t<p>activ\u00e9s avec la marque Valais.<\/p>\t\t\t\t\t\t\t\t<\/div>\n\t\t\t\t<\/div>\n\t\t\t\t<\/div>\n\t\t\t\t<div class=\"elementor-element elementor-element-9466e9d elementor-absolute elementor-widget elementor-widget-image\" data-id=\"9466e9d\" data-element_type=\"widget\" data-e-type=\"widget\" data-settings=\"{&quot;_position&quot;:&quot;absolute&quot;}\" data-widget_type=\"image.default\">\n\t\t\t\t<div class=\"elementor-widget-container\">\n\t\t\t\t\t\t\t\t\t\t\t\t\t\t\t<img loading=\"lazy\" decoding=\"async\" width=\"1\" height=\"1\" src=\"https:\/\/rapport-valais.ch\/wp-content\/uploads\/2024\/01\/arrow-trsnprnt.svg\" class=\"attachment-large size-large wp-image-8930\" alt=\"\" \/>\t\t\t\t\t\t\t\t\t\t\t\t\t\t\t<\/div>\n\t\t\t\t<\/div>\n\t\t\t\t<\/div>\n\t\t<div class=\"elementor-element elementor-element-4f7657e e-con-full animate-on-display e-flex e-con e-child\" data-id=\"4f7657e\" data-element_type=\"container\" data-e-type=\"container\" data-settings=\"{&quot;background_background&quot;:&quot;classic&quot;}\">\n\t\t<div class=\"elementor-element elementor-element-56ba750 e-con-full e-flex e-con e-child\" data-id=\"56ba750\" data-element_type=\"container\" data-e-type=\"container\">\n\t\t\t\t<div class=\"elementor-element elementor-element-ce98238 elementor-widget elementor-widget-image\" data-id=\"ce98238\" data-element_type=\"widget\" data-e-type=\"widget\" data-widget_type=\"image.default\">\n\t\t\t\t<div class=\"elementor-widget-container\">\n\t\t\t\t\t\t\t\t\t\t\t\t\t\t\t<img loading=\"lazy\" decoding=\"async\" width=\"120\" height=\"120\" src=\"https:\/\/rapport-valais.ch\/wp-content\/uploads\/2024\/02\/family-m.jpg\" class=\"attachment-large size-large wp-image-10378\" alt=\"\" \/>\t\t\t\t\t\t\t\t\t\t\t\t\t\t\t<\/div>\n\t\t\t\t<\/div>\n\t\t\t\t<\/div>\n\t\t<div class=\"elementor-element elementor-element-80c2bbe e-con-full e-flex e-con e-child\" data-id=\"80c2bbe\" data-element_type=\"container\" data-e-type=\"container\">\n\t\t\t\t<div class=\"elementor-element elementor-element-2c9b0d0 elementor-widget elementor-widget-heading\" data-id=\"2c9b0d0\" data-element_type=\"widget\" data-e-type=\"widget\" data-widget_type=\"heading.default\">\n\t\t\t\t<div class=\"elementor-widget-container\">\n\t\t\t\t\t<h3 class=\"elementor-heading-title elementor-size-default\">1'185'000 <span>personnes<\/span><\/h3>\t\t\t\t<\/div>\n\t\t\t\t<\/div>\n\t\t\t\t<div class=\"elementor-element elementor-element-edf0c8c elementor-widget elementor-widget-text-editor\" data-id=\"edf0c8c\" data-element_type=\"widget\" data-e-type=\"widget\" data-widget_type=\"text-editor.default\">\n\t\t\t\t<div class=\"elementor-widget-container\">\n\t\t\t\t\t\t\t\t\t<p>atteintes sur site<\/p>\t\t\t\t\t\t\t\t<\/div>\n\t\t\t\t<\/div>\n\t\t\t\t<\/div>\n\t\t\t\t<div class=\"elementor-element elementor-element-39480f5 elementor-absolute elementor-widget elementor-widget-image\" data-id=\"39480f5\" data-element_type=\"widget\" data-e-type=\"widget\" data-settings=\"{&quot;_position&quot;:&quot;absolute&quot;}\" data-widget_type=\"image.default\">\n\t\t\t\t<div class=\"elementor-widget-container\">\n\t\t\t\t\t\t\t\t\t\t\t\t\t\t\t<img loading=\"lazy\" decoding=\"async\" width=\"1\" height=\"1\" src=\"https:\/\/rapport-valais.ch\/wp-content\/uploads\/2024\/01\/arrow-trsnprnt.svg\" class=\"attachment-large size-large wp-image-8930\" alt=\"\" \/>\t\t\t\t\t\t\t\t\t\t\t\t\t\t\t<\/div>\n\t\t\t\t<\/div>\n\t\t\t\t<\/div>\n\t\t<div class=\"elementor-element elementor-element-98d85b5 e-con-full animate-on-display e-flex e-con e-child\" data-id=\"98d85b5\" data-element_type=\"container\" data-e-type=\"container\" data-settings=\"{&quot;background_background&quot;:&quot;classic&quot;}\">\n\t\t<div class=\"elementor-element elementor-element-0ba3db9 e-con-full e-flex e-con e-child\" data-id=\"0ba3db9\" data-element_type=\"container\" data-e-type=\"container\">\n\t\t\t\t<div class=\"elementor-element elementor-element-763b87e elementor-widget elementor-widget-image\" data-id=\"763b87e\" data-element_type=\"widget\" data-e-type=\"widget\" data-widget_type=\"image.default\">\n\t\t\t\t<div class=\"elementor-widget-container\">\n\t\t\t\t\t\t\t\t\t\t\t\t\t\t\t<img loading=\"lazy\" decoding=\"async\" width=\"120\" height=\"120\" src=\"https:\/\/rapport-valais.ch\/wp-content\/uploads\/2026\/03\/cycling-m.png\" class=\"attachment-large size-large wp-image-16323\" alt=\"\" \/>\t\t\t\t\t\t\t\t\t\t\t\t\t\t\t<\/div>\n\t\t\t\t<\/div>\n\t\t\t\t<\/div>\n\t\t<div class=\"elementor-element elementor-element-7445f19 e-con-full e-flex e-con e-child\" data-id=\"7445f19\" data-element_type=\"container\" data-e-type=\"container\">\n\t\t\t\t<div class=\"elementor-element elementor-element-b06c585 elementor-widget elementor-widget-heading\" data-id=\"b06c585\" data-element_type=\"widget\" data-e-type=\"widget\" data-widget_type=\"heading.default\">\n\t\t\t\t<div class=\"elementor-widget-container\">\n\t\t\t\t\t<h3 class=\"elementor-heading-title elementor-size-default\">3 <span>championnats du monde <\/span><\/h3>\t\t\t\t<\/div>\n\t\t\t\t<\/div>\n\t\t\t\t<div class=\"elementor-element elementor-element-629ec5b elementor-widget elementor-widget-text-editor\" data-id=\"629ec5b\" data-element_type=\"widget\" data-e-type=\"widget\" data-widget_type=\"text-editor.default\">\n\t\t\t\t<div class=\"elementor-widget-container\">\n\t\t\t\t\t\t\t\t\t<p style=\"font-weight: 400;\">VTT, ski-alpinisme, raclette<\/p>\t\t\t\t\t\t\t\t<\/div>\n\t\t\t\t<\/div>\n\t\t\t\t<\/div>\n\t\t\t\t<div class=\"elementor-element elementor-element-a6dd321 elementor-absolute elementor-widget elementor-widget-image\" data-id=\"a6dd321\" data-element_type=\"widget\" data-e-type=\"widget\" data-settings=\"{&quot;_position&quot;:&quot;absolute&quot;}\" data-widget_type=\"image.default\">\n\t\t\t\t<div class=\"elementor-widget-container\">\n\t\t\t\t\t\t\t\t\t\t\t\t\t\t\t<img loading=\"lazy\" decoding=\"async\" width=\"1\" height=\"1\" src=\"https:\/\/rapport-valais.ch\/wp-content\/uploads\/2024\/01\/arrow-trsnprnt.svg\" class=\"attachment-large size-large wp-image-8930\" alt=\"\" \/>\t\t\t\t\t\t\t\t\t\t\t\t\t\t\t<\/div>\n\t\t\t\t<\/div>\n\t\t\t\t<\/div>\n\t\t\t\t\t<\/div>\n\t\t\t\t<\/div>\n\t\t\t\t\t<\/div>\n\t\t\t\t<\/div>\n\t\t\t\t\t<\/div>\n\t\t\t\t<\/div>\n\t\t<div class=\"elementor-element elementor-element-b1b30a0 e-flex e-con-boxed e-con e-parent\" data-id=\"b1b30a0\" data-element_type=\"container\" data-e-type=\"container\">\n\t\t\t\t\t<div class=\"e-con-inner\">\n\t\t<div class=\"elementor-element elementor-element-4d00620 e-flex e-con-boxed e-con e-child\" data-id=\"4d00620\" data-element_type=\"container\" data-e-type=\"container\" data-settings=\"{&quot;background_background&quot;:&quot;classic&quot;,&quot;background_motion_fx_motion_fx_scrolling&quot;:&quot;yes&quot;,&quot;background_motion_fx_translateY_effect&quot;:&quot;yes&quot;,&quot;background_motion_fx_translateY_speed&quot;:{&quot;unit&quot;:&quot;px&quot;,&quot;size&quot;:2,&quot;sizes&quot;:[]},&quot;background_motion_fx_translateY_affectedRange&quot;:{&quot;unit&quot;:&quot;%&quot;,&quot;size&quot;:&quot;&quot;,&quot;sizes&quot;:{&quot;start&quot;:0,&quot;end&quot;:100}},&quot;background_motion_fx_devices&quot;:[&quot;desktop&quot;,&quot;tablet&quot;,&quot;mobile&quot;]}\">\n\t\t\t\t\t<div class=\"e-con-inner\">\n\t\t\t\t\t<\/div>\n\t\t\t\t<\/div>\n\t\t<div class=\"elementor-element elementor-element-0eacabe e-con-full e-flex e-con e-child\" data-id=\"0eacabe\" data-element_type=\"container\" data-e-type=\"container\">\n\t\t<div class=\"elementor-element elementor-element-512c542 e-con-full watch-on-display e-flex e-con e-child\" data-id=\"512c542\" data-element_type=\"container\" data-e-type=\"container\" data-settings=\"{&quot;background_background&quot;:&quot;classic&quot;,&quot;position&quot;:&quot;absolute&quot;}\">\n\t\t\t\t<div class=\"elementor-element elementor-element-68991e6 animate-on-display elementor-widget elementor-widget-heading\" data-id=\"68991e6\" data-element_type=\"widget\" data-e-type=\"widget\" id=\"FIS Ski-Weltcup Crans-Montana\" data-widget_type=\"heading.default\">\n\t\t\t\t<div class=\"elementor-widget-container\">\n\t\t\t\t\t<h3 class=\"elementor-heading-title elementor-size-default\">FIS Ski World Cup Crans-Montana.<\/h3>\t\t\t\t<\/div>\n\t\t\t\t<\/div>\n\t\t\t\t<div class=\"elementor-element elementor-element-dd6325c animate-on-display elementor-widget elementor-widget-text-editor\" data-id=\"dd6325c\" data-element_type=\"widget\" data-e-type=\"widget\" id=\"FIS Ski World Cup Crans-Montana\" data-widget_type=\"text-editor.default\">\n\t\t\t\t<div class=\"elementor-widget-container\">\n\t\t\t\t\t\t\t\t\t<p>Les 22 et 23 f\u00e9vrier 2025, Crans-Montana a v\u00e9cu un week-end historique de Coupe du monde : en descente, les Suisses ont r\u00e9alis\u00e9 un tripl\u00e9 avec Franjo von Allmen, Marco Odermatt et Alexis Monney, puis un doubl\u00e9 en super-G avec Marco Odermatt et Alexis Monney.\u00a0<\/p><p>Des milliers de fans ont mis l\u2019ambiance le long de la piste tandis que des millions de t\u00e9l\u00e9spectateurs suivaient les courses derri\u00e8re leur poste. Cet \u00e9v\u00e9nement a soulign\u00e9 l\u2019importance de Crans-Montana en tant que station de Coupe du monde et futur site h\u00f4te des Championnats du monde de ski 2027. La marque Valais \u00e9tait pr\u00e9sente aussi bien sur les pistes qu\u2019en dehors.<\/p>\t\t\t\t\t\t\t\t<\/div>\n\t\t\t\t<\/div>\n\t\t\t\t<\/div>\n\t\t\t\t<\/div>\n\t\t\t\t\t<\/div>\n\t\t\t\t<\/div>\n\t\t<div class=\"elementor-element elementor-element-0f9c86f e-flex e-con-boxed e-con e-parent\" data-id=\"0f9c86f\" data-element_type=\"container\" data-e-type=\"container\">\n\t\t\t\t\t<div class=\"e-con-inner\">\n\t\t<div class=\"elementor-element elementor-element-98714ca e-con-full e-flex e-con e-child\" data-id=\"98714ca\" data-element_type=\"container\" data-e-type=\"container\">\n\t\t<div class=\"elementor-element elementor-element-b4949de e-con-full watch-on-display e-flex e-con e-child\" data-id=\"b4949de\" data-element_type=\"container\" data-e-type=\"container\" data-settings=\"{&quot;background_background&quot;:&quot;classic&quot;,&quot;position&quot;:&quot;absolute&quot;}\">\n\t\t\t\t<div class=\"elementor-element elementor-element-d372bc6 animate-on-display elementor-widget elementor-widget-heading\" data-id=\"d372bc6\" data-element_type=\"widget\" data-e-type=\"widget\" id=\"ISMF World Championships R\u00e9gion Dents du Midi\" data-widget_type=\"heading.default\">\n\t\t\t\t<div class=\"elementor-widget-container\">\n\t\t\t\t\t<h3 class=\"elementor-heading-title elementor-size-default\">ISMF World Championships R\u00e9gion Dents du Midi.<\/h3>\t\t\t\t<\/div>\n\t\t\t\t<\/div>\n\t\t\t\t<div class=\"elementor-element elementor-element-172f576 animate-on-display elementor-widget elementor-widget-text-editor\" data-id=\"172f576\" data-element_type=\"widget\" data-e-type=\"widget\" data-widget_type=\"text-editor.default\">\n\t\t\t\t<div class=\"elementor-widget-container\">\n\t\t\t\t\t\t\t\t\t<p style=\"font-weight: 400;\">Du 2 au 8 mars 2025, les Championnats du monde ISMF \u00e0 Morgins ont fait du Valais le centre mondial du ski-alpinisme. Pr\u00e8s de 400 athl\u00e8tes venus de 25 pays ont offert un spectacle sportif de haut niveau et conf\u00e9r\u00e9 une visibilit\u00e9 internationale \u00e0 l\u2019\u00e9v\u00e9nement. \u00c0 l\u2019approche des Jeux d\u2019hiver de 2026, o\u00f9 le ski-alpinisme a fait ses d\u00e9buts olympiques, cet \u00e9v\u00e9nement a \u00e9galement mis en \u00e9vidence la capacit\u00e9 du Valais \u00e0 organiser avec professionnalisme de grandes manifestations internationales de sports de montagne et \u00e0 promouvoir son savoir-faire alpin aupr\u00e8s d\u2019un public mondial.<\/p>\t\t\t\t\t\t\t\t<\/div>\n\t\t\t\t<\/div>\n\t\t\t\t<div class=\"elementor-element elementor-element-6250efb animate-on-display elementor-widget elementor-widget-button\" data-id=\"6250efb\" data-element_type=\"widget\" data-e-type=\"widget\" id=\"ISMF World Championships R\u00e9gion Dents du Midi\" data-widget_type=\"button.default\">\n\t\t\t\t<div class=\"elementor-widget-container\">\n\t\t\t\t\t\t\t\t\t<div class=\"elementor-button-wrapper\">\n\t\t\t\t\t<a class=\"elementor-button elementor-button-link elementor-size-md\" href=\"https:\/\/www.regiondentsdumidi.ch\/fr\/ismf-world-championships-region-dents-du-midi-35344\/\" target=\"_blank\">\n\t\t\t\t\t\t<span class=\"elementor-button-content-wrapper\">\n\t\t\t\t\t\t<span class=\"elementor-button-icon\">\n\t\t\t\t<svg xmlns=\"http:\/\/www.w3.org\/2000\/svg\" id=\"Calque_1\" data-name=\"Calque 1\" viewBox=\"0 0 114.5 114.5\"><defs><style>.cls-1{fill:#fafafa;}.cls-2{fill:#a8091a;}<\/style><\/defs><path class=\"cls-1\" d=\"M57.25,0A57.25,57.25,0,1,0,114.5,57.25,57.25,57.25,0,0,0,57.25,0Zm-6.1,77.9a2.6,2.6,0,0,1-3.68-3.68l17-17-17-17a2.6,2.6,0,0,1,3.68-3.68L71.8,57.25Z\"><\/path><path class=\"cls-2\" d=\"M47.47,36.6a2.6,2.6,0,0,0,0,3.68l17,17-17,17a2.6,2.6,0,0,0,3.68,3.68L71.8,57.25,51.15,36.6A2.6,2.6,0,0,0,47.47,36.6Z\"><\/path><\/svg>\t\t\t<\/span>\n\t\t\t\t\t\t\t\t\t<span class=\"elementor-button-text\">En savoir plus<\/span>\n\t\t\t\t\t<\/span>\n\t\t\t\t\t<\/a>\n\t\t\t\t<\/div>\n\t\t\t\t\t\t\t\t<\/div>\n\t\t\t\t<\/div>\n\t\t\t\t<\/div>\n\t\t\t\t<\/div>\n\t\t<div class=\"elementor-element elementor-element-b8cb3e9 e-flex e-con-boxed e-con e-child\" data-id=\"b8cb3e9\" data-element_type=\"container\" data-e-type=\"container\" data-settings=\"{&quot;background_background&quot;:&quot;classic&quot;,&quot;background_motion_fx_motion_fx_scrolling&quot;:&quot;yes&quot;,&quot;background_motion_fx_translateY_effect&quot;:&quot;yes&quot;,&quot;background_motion_fx_translateY_speed&quot;:{&quot;unit&quot;:&quot;px&quot;,&quot;size&quot;:2,&quot;sizes&quot;:[]},&quot;background_motion_fx_translateY_affectedRange&quot;:{&quot;unit&quot;:&quot;%&quot;,&quot;size&quot;:&quot;&quot;,&quot;sizes&quot;:{&quot;start&quot;:0,&quot;end&quot;:100}},&quot;background_motion_fx_devices&quot;:[&quot;desktop&quot;,&quot;tablet&quot;,&quot;mobile&quot;]}\">\n\t\t\t\t\t<div class=\"e-con-inner\">\n\t\t\t\t\t<\/div>\n\t\t\t\t<\/div>\n\t\t\t\t\t<\/div>\n\t\t\t\t<\/div>\n\t\t<div class=\"elementor-element elementor-element-e967a49 e-flex e-con-boxed e-con e-parent\" data-id=\"e967a49\" data-element_type=\"container\" data-e-type=\"container\">\n\t\t\t\t\t<div class=\"e-con-inner\">\n\t\t<div class=\"elementor-element elementor-element-5ad91e9 e-flex e-con-boxed e-con e-child\" data-id=\"5ad91e9\" data-element_type=\"container\" data-e-type=\"container\" data-settings=\"{&quot;background_background&quot;:&quot;classic&quot;,&quot;background_motion_fx_motion_fx_scrolling&quot;:&quot;yes&quot;,&quot;background_motion_fx_translateY_effect&quot;:&quot;yes&quot;,&quot;background_motion_fx_translateY_speed&quot;:{&quot;unit&quot;:&quot;px&quot;,&quot;size&quot;:2,&quot;sizes&quot;:[]},&quot;background_motion_fx_translateY_affectedRange&quot;:{&quot;unit&quot;:&quot;%&quot;,&quot;size&quot;:&quot;&quot;,&quot;sizes&quot;:{&quot;start&quot;:0,&quot;end&quot;:100}},&quot;background_motion_fx_devices&quot;:[&quot;desktop&quot;,&quot;tablet&quot;,&quot;mobile&quot;]}\">\n\t\t\t\t\t<div class=\"e-con-inner\">\n\t\t\t\t\t<\/div>\n\t\t\t\t<\/div>\n\t\t<div class=\"elementor-element elementor-element-c73e912 e-con-full e-flex e-con e-child\" data-id=\"c73e912\" data-element_type=\"container\" data-e-type=\"container\">\n\t\t<div class=\"elementor-element elementor-element-ea63390 e-con-full watch-on-display e-flex e-con e-child\" data-id=\"ea63390\" data-element_type=\"container\" data-e-type=\"container\" data-settings=\"{&quot;background_background&quot;:&quot;classic&quot;,&quot;position&quot;:&quot;absolute&quot;}\">\n\t\t\t\t<div class=\"elementor-element elementor-element-1245fe5 animate-on-display elementor-widget elementor-widget-heading\" data-id=\"1245fe5\" data-element_type=\"widget\" data-e-type=\"widget\" id=\"Cycle Week Z\u00fcrich\" data-widget_type=\"heading.default\">\n\t\t\t\t<div class=\"elementor-widget-container\">\n\t\t\t\t\t<h3 class=\"elementor-heading-title elementor-size-default\">Cycle Week Zurich.<\/h3>\t\t\t\t<\/div>\n\t\t\t\t<\/div>\n\t\t\t\t<div class=\"elementor-element elementor-element-b74d085 animate-on-display elementor-widget elementor-widget-text-editor\" data-id=\"b74d085\" data-element_type=\"widget\" data-e-type=\"widget\" id=\"Cycle Week Zurich\" data-widget_type=\"text-editor.default\">\n\t\t\t\t<div class=\"elementor-widget-container\">\n\t\t\t\t\t\t\t\t\t<p>Du 22 au 25 mai 2025, Valais\/Wallis Promotion a particip\u00e9 \u00e0 la Cycle Week de Zurich, rendez-vous national incontournable pour les passionn\u00e9s de v\u00e9lo. L\u2019objectif \u00e9tait de positionner le Valais comme une destination de r\u00e9f\u00e9rence pour le VTT et de mettre un coup de projecteur sur les Championnats du Monde Mountain Bike UCI 2025 organis\u00e9s en Valais. Huit r\u00e9gions partenaires se sont pr\u00e9sent\u00e9es ensemble sur le stand central du Valais, install\u00e9 sur l\u2019Europaplatz. Un \u00e9v\u00e9nement m\u00e9dia avec pour mot d\u2019ordre \u00ab 100 days to go \u00bb a par ailleurs marqu\u00e9 le d\u00e9but du compte \u00e0 rebours jusqu\u2019aux Championnats du Monde de VTT.<\/p>\t\t\t\t\t\t\t\t<\/div>\n\t\t\t\t<\/div>\n\t\t\t\t<div class=\"elementor-element elementor-element-f388c1e animate-on-display elementor-widget elementor-widget-button\" data-id=\"f388c1e\" data-element_type=\"widget\" data-e-type=\"widget\" data-widget_type=\"button.default\">\n\t\t\t\t<div class=\"elementor-widget-container\">\n\t\t\t\t\t\t\t\t\t<div class=\"elementor-button-wrapper\">\n\t\t\t\t\t<a class=\"elementor-button elementor-button-link elementor-size-md\" href=\"https:\/\/www.vwpnet.ch\/fr\/news\/informations-partenaires\/cycle-week-2025--le-valais-affirme-sa-position-de-destination-vtt-de-reference-3959\" target=\"_blank\">\n\t\t\t\t\t\t<span class=\"elementor-button-content-wrapper\">\n\t\t\t\t\t\t<span class=\"elementor-button-icon\">\n\t\t\t\t<svg xmlns=\"http:\/\/www.w3.org\/2000\/svg\" id=\"Calque_1\" data-name=\"Calque 1\" viewBox=\"0 0 114.5 114.5\"><defs><style>.cls-1{fill:#fafafa;}.cls-2{fill:#a8091a;}<\/style><\/defs><path class=\"cls-1\" d=\"M57.25,0A57.25,57.25,0,1,0,114.5,57.25,57.25,57.25,0,0,0,57.25,0Zm-6.1,77.9a2.6,2.6,0,0,1-3.68-3.68l17-17-17-17a2.6,2.6,0,0,1,3.68-3.68L71.8,57.25Z\"><\/path><path class=\"cls-2\" d=\"M47.47,36.6a2.6,2.6,0,0,0,0,3.68l17,17-17,17a2.6,2.6,0,0,0,3.68,3.68L71.8,57.25,51.15,36.6A2.6,2.6,0,0,0,47.47,36.6Z\"><\/path><\/svg>\t\t\t<\/span>\n\t\t\t\t\t\t\t\t\t<span class=\"elementor-button-text\">En savoir plus<\/span>\n\t\t\t\t\t<\/span>\n\t\t\t\t\t<\/a>\n\t\t\t\t<\/div>\n\t\t\t\t\t\t\t\t<\/div>\n\t\t\t\t<\/div>\n\t\t\t\t<\/div>\n\t\t\t\t<\/div>\n\t\t\t\t\t<\/div>\n\t\t\t\t<\/div>\n\t\t<div class=\"elementor-element elementor-element-cdc2cbd e-flex e-con-boxed e-con e-parent\" data-id=\"cdc2cbd\" data-element_type=\"container\" data-e-type=\"container\">\n\t\t\t\t\t<div class=\"e-con-inner\">\n\t\t<div class=\"elementor-element elementor-element-4920724 e-con-full e-flex e-con e-child\" data-id=\"4920724\" data-element_type=\"container\" data-e-type=\"container\">\n\t\t<div class=\"elementor-element elementor-element-a8f8f5e e-con-full watch-on-display e-flex e-con e-child\" data-id=\"a8f8f5e\" data-element_type=\"container\" data-e-type=\"container\" data-settings=\"{&quot;background_background&quot;:&quot;classic&quot;,&quot;position&quot;:&quot;absolute&quot;}\">\n\t\t\t\t<div class=\"elementor-element elementor-element-c18c22c animate-on-display elementor-widget elementor-widget-heading\" data-id=\"c18c22c\" data-element_type=\"widget\" data-e-type=\"widget\" id=\"Finale nationale de la race d&#039;H\u00e9rens\" data-widget_type=\"heading.default\">\n\t\t\t\t<div class=\"elementor-widget-container\">\n\t\t\t\t\t<h3 class=\"elementor-heading-title elementor-size-default\">Finale nationale de la race d'H\u00e9rens.<\/h3>\t\t\t\t<\/div>\n\t\t\t\t<\/div>\n\t\t\t\t<div class=\"elementor-element elementor-element-08476b1 animate-on-display elementor-widget elementor-widget-text-editor\" data-id=\"08476b1\" data-element_type=\"widget\" data-e-type=\"widget\" id=\"Finale nationale de la race d\u2019H\u00e9rens\" data-widget_type=\"text-editor.default\">\n\t\t\t\t<div class=\"elementor-widget-container\">\n\t\t\t\t\t\t\t\t\t<p style=\"font-weight: 400;\">Les 10 et 11 mai 2025, la finale du Race d\u2019H\u00e9rens Tour s\u2019est d\u00e9roul\u00e9e \u00e0 Aproz. Nubie, de l\u2019\u00e9curie de Bastian et Kilian Eyer \u00e0 Ried-Brig, s\u2019est impos\u00e9e devant un public d\u2019environ 13\u2019000 spectateurs et a \u00e9t\u00e9 sacr\u00e9e \u00ab reine des reines \u00bb. Cet \u00e9v\u00e9nement, alliant suspense, \u00e9motions et ambiance de f\u00eate populaire, a \u00e9galement \u00e9t\u00e9 retransmis \u00e0 la t\u00e9l\u00e9vision dans tout le pays. Valais\/Wallis Promotion \u00e9tait de la partie et a apport\u00e9 son soutien dans le domaine des relations avec les m\u00e9dias. Quelque 400 b\u00e9n\u00e9voles ont contribu\u00e9 au succ\u00e8s de ce week-end et soulign\u00e9 l\u2019importance de la tradition des vaches d\u2019H\u00e9rens pour le Valais.<\/p>\t\t\t\t\t\t\t\t<\/div>\n\t\t\t\t<\/div>\n\t\t\t\t<\/div>\n\t\t\t\t<\/div>\n\t\t<div class=\"elementor-element elementor-element-4a4ceb7 e-flex e-con-boxed e-con e-child\" data-id=\"4a4ceb7\" data-element_type=\"container\" data-e-type=\"container\" data-settings=\"{&quot;background_background&quot;:&quot;classic&quot;,&quot;background_motion_fx_motion_fx_scrolling&quot;:&quot;yes&quot;,&quot;background_motion_fx_translateY_effect&quot;:&quot;yes&quot;,&quot;background_motion_fx_translateY_speed&quot;:{&quot;unit&quot;:&quot;px&quot;,&quot;size&quot;:2,&quot;sizes&quot;:[]},&quot;background_motion_fx_translateY_affectedRange&quot;:{&quot;unit&quot;:&quot;%&quot;,&quot;size&quot;:&quot;&quot;,&quot;sizes&quot;:{&quot;start&quot;:0,&quot;end&quot;:100}},&quot;background_motion_fx_devices&quot;:[&quot;desktop&quot;,&quot;tablet&quot;,&quot;mobile&quot;]}\">\n\t\t\t\t\t<div class=\"e-con-inner\">\n\t\t\t\t\t<\/div>\n\t\t\t\t<\/div>\n\t\t\t\t\t<\/div>\n\t\t\t\t<\/div>\n\t\t<div class=\"elementor-element elementor-element-ba346d2 e-flex e-con-boxed e-con e-parent\" data-id=\"ba346d2\" data-element_type=\"container\" data-e-type=\"container\">\n\t\t\t\t\t<div class=\"e-con-inner\">\n\t\t<div class=\"elementor-element elementor-element-8771761 e-flex e-con-boxed e-con e-child\" data-id=\"8771761\" data-element_type=\"container\" data-e-type=\"container\" data-settings=\"{&quot;background_background&quot;:&quot;classic&quot;,&quot;background_motion_fx_motion_fx_scrolling&quot;:&quot;yes&quot;,&quot;background_motion_fx_translateY_effect&quot;:&quot;yes&quot;,&quot;background_motion_fx_translateY_speed&quot;:{&quot;unit&quot;:&quot;px&quot;,&quot;size&quot;:2,&quot;sizes&quot;:[]},&quot;background_motion_fx_translateY_affectedRange&quot;:{&quot;unit&quot;:&quot;%&quot;,&quot;size&quot;:&quot;&quot;,&quot;sizes&quot;:{&quot;start&quot;:0,&quot;end&quot;:100}},&quot;background_motion_fx_devices&quot;:[&quot;desktop&quot;,&quot;tablet&quot;,&quot;mobile&quot;]}\">\n\t\t\t\t\t<div class=\"e-con-inner\">\n\t\t\t\t\t<\/div>\n\t\t\t\t<\/div>\n\t\t<div class=\"elementor-element elementor-element-5d929ad e-con-full e-flex e-con e-child\" data-id=\"5d929ad\" data-element_type=\"container\" data-e-type=\"container\">\n\t\t<div class=\"elementor-element elementor-element-0f843e7 e-con-full watch-on-display e-flex e-con e-child\" data-id=\"0f843e7\" data-element_type=\"container\" data-e-type=\"container\" data-settings=\"{&quot;background_background&quot;:&quot;classic&quot;,&quot;position&quot;:&quot;absolute&quot;}\">\n\t\t\t\t<div class=\"elementor-element elementor-element-d486afb animate-on-display elementor-widget elementor-widget-heading\" data-id=\"d486afb\" data-element_type=\"widget\" data-e-type=\"widget\" id=\"UEFA Frauenfussball-EM\" data-widget_type=\"heading.default\">\n\t\t\t\t<div class=\"elementor-widget-container\">\n\t\t\t\t\t<h3 class=\"elementor-heading-title elementor-size-default\">UEFA Women's EURO.<\/h3>\t\t\t\t<\/div>\n\t\t\t\t<\/div>\n\t\t\t\t<div class=\"elementor-element elementor-element-32288fc animate-on-display elementor-widget elementor-widget-text-editor\" data-id=\"32288fc\" data-element_type=\"widget\" data-e-type=\"widget\" id=\"UEFA Women\u2019s EURO\" data-widget_type=\"text-editor.default\">\n\t\t\t\t<div class=\"elementor-widget-container\">\n\t\t\t\t\t\t\t\t\t<p>La Suisse a accueilli pour la premi\u00e8re fois l\u2019EURO f\u00e9minin de l\u2019UEFA \u00e0 l\u2019\u00e9t\u00e9 2025. Le Valais a \u00e9galement pris part \u00e0 la comp\u00e9tition avec trois matchs disput\u00e9s \u00e0 Sion. Au total, 22\u2019640 spectateurs ont assist\u00e9 aux rencontres, dont environ 30 % venaient de l\u2019\u00e9tranger.\u00a0<\/p><p>Valais\/Wallis Promotion a saisi cette occasion pour positionner le canton de mani\u00e8re cibl\u00e9e. Des installations promotionnelles, des kits de bienvenue et des campagnes internationales ont permis d\u2019accro\u00eetre la visibilit\u00e9 du Valais. L\u2019\u00e9quipe nationale belge, bas\u00e9e \u00e0 Saillon pendant le tournoi, a \u00e9galement permis de renforcer la couverture m\u00e9diatique.<\/p>\t\t\t\t\t\t\t\t<\/div>\n\t\t\t\t<\/div>\n\t\t\t\t<\/div>\n\t\t\t\t<\/div>\n\t\t\t\t\t<\/div>\n\t\t\t\t<\/div>\n\t\t<div class=\"elementor-element elementor-element-44dc234 e-flex e-con-boxed e-con e-parent\" data-id=\"44dc234\" data-element_type=\"container\" data-e-type=\"container\">\n\t\t\t\t\t<div class=\"e-con-inner\">\n\t\t<div class=\"elementor-element elementor-element-ec00050 e-con-full e-flex e-con e-child\" data-id=\"ec00050\" data-element_type=\"container\" data-e-type=\"container\">\n\t\t<div class=\"elementor-element elementor-element-5a41f16 e-con-full watch-on-display e-flex e-con e-child\" data-id=\"5a41f16\" data-element_type=\"container\" data-e-type=\"container\" data-settings=\"{&quot;background_background&quot;:&quot;classic&quot;,&quot;position&quot;:&quot;absolute&quot;}\">\n\t\t\t\t<div class=\"elementor-element elementor-element-573aaf9 animate-on-display elementor-widget elementor-widget-heading\" data-id=\"573aaf9\" data-element_type=\"widget\" data-e-type=\"widget\" id=\"Omega European Masters\" data-widget_type=\"heading.default\">\n\t\t\t\t<div class=\"elementor-widget-container\">\n\t\t\t\t\t<h3 class=\"elementor-heading-title elementor-size-default\">Omega European Masters.<\/h3>\t\t\t\t<\/div>\n\t\t\t\t<\/div>\n\t\t\t\t<div class=\"elementor-element elementor-element-4460085 animate-on-display elementor-widget elementor-widget-text-editor\" data-id=\"4460085\" data-element_type=\"widget\" data-e-type=\"widget\" id=\"Omega European Masters\" data-widget_type=\"text-editor.default\">\n\t\t\t\t<div class=\"elementor-widget-container\">\n\t\t\t\t\t\t\t\t\t<p style=\"font-weight: 400;\">La 78e \u00e9dition de l\u2019Omega European Masters s\u2019est d\u00e9roul\u00e9e \u00e0 Crans-Montana du 28 au 31 ao\u00fbt 2025. Le tournoi de golf a offert un spectacle de haut niveau en pr\u00e9sence de golfeurs du monde entier. La victoire est revenue au Sud-Africain Thriston Lawrence, qui s\u2019est impos\u00e9 avec un score de -22. Des milliers de spectateurs ont suivi le tournoi sur place, avec des pics de fr\u00e9quentation d\u00e9passant les 16\u2019000 personnes durant le week-end. Pr\u00e9sente sur place avec la \u00ab House of Valais \u00bb qui proposait des produits et des vins de la r\u00e9gion, Valais\/Wallis Promotion a profit\u00e9 de l\u2019\u00e9v\u00e9nement pour pr\u00e9senter le Valais \u00e0 un public international.<\/p>\t\t\t\t\t\t\t\t<\/div>\n\t\t\t\t<\/div>\n\t\t\t\t<\/div>\n\t\t\t\t<\/div>\n\t\t<div class=\"elementor-element elementor-element-12d0a04 e-flex e-con-boxed e-con e-child\" data-id=\"12d0a04\" data-element_type=\"container\" data-e-type=\"container\" data-settings=\"{&quot;background_background&quot;:&quot;classic&quot;,&quot;background_motion_fx_motion_fx_scrolling&quot;:&quot;yes&quot;,&quot;background_motion_fx_translateY_effect&quot;:&quot;yes&quot;,&quot;background_motion_fx_translateY_speed&quot;:{&quot;unit&quot;:&quot;px&quot;,&quot;size&quot;:2,&quot;sizes&quot;:[]},&quot;background_motion_fx_translateY_affectedRange&quot;:{&quot;unit&quot;:&quot;%&quot;,&quot;size&quot;:&quot;&quot;,&quot;sizes&quot;:{&quot;start&quot;:0,&quot;end&quot;:100}},&quot;background_motion_fx_devices&quot;:[&quot;desktop&quot;,&quot;tablet&quot;,&quot;mobile&quot;]}\">\n\t\t\t\t\t<div class=\"e-con-inner\">\n\t\t\t\t\t<\/div>\n\t\t\t\t<\/div>\n\t\t\t\t\t<\/div>\n\t\t\t\t<\/div>\n\t\t<div class=\"elementor-element elementor-element-dbbd0e4 e-flex e-con-boxed e-con e-parent\" data-id=\"dbbd0e4\" data-element_type=\"container\" data-e-type=\"container\">\n\t\t\t\t\t<div class=\"e-con-inner\">\n\t\t<div class=\"elementor-element elementor-element-cb4f082 e-flex e-con-boxed e-con e-child\" data-id=\"cb4f082\" data-element_type=\"container\" data-e-type=\"container\" data-settings=\"{&quot;background_background&quot;:&quot;classic&quot;,&quot;background_motion_fx_motion_fx_scrolling&quot;:&quot;yes&quot;,&quot;background_motion_fx_translateY_effect&quot;:&quot;yes&quot;,&quot;background_motion_fx_translateY_speed&quot;:{&quot;unit&quot;:&quot;px&quot;,&quot;size&quot;:2,&quot;sizes&quot;:[]},&quot;background_motion_fx_translateY_affectedRange&quot;:{&quot;unit&quot;:&quot;%&quot;,&quot;size&quot;:&quot;&quot;,&quot;sizes&quot;:{&quot;start&quot;:0,&quot;end&quot;:100}},&quot;background_motion_fx_devices&quot;:[&quot;desktop&quot;,&quot;tablet&quot;,&quot;mobile&quot;]}\">\n\t\t\t\t\t<div class=\"e-con-inner\">\n\t\t\t\t\t<\/div>\n\t\t\t\t<\/div>\n\t\t<div class=\"elementor-element elementor-element-3efbf81 e-con-full e-flex e-con e-child\" data-id=\"3efbf81\" data-element_type=\"container\" data-e-type=\"container\">\n\t\t<div class=\"elementor-element elementor-element-8063ebe e-con-full watch-on-display e-flex e-con e-child\" data-id=\"8063ebe\" data-element_type=\"container\" data-e-type=\"container\" data-settings=\"{&quot;background_background&quot;:&quot;classic&quot;,&quot;position&quot;:&quot;absolute&quot;}\">\n\t\t\t\t<div class=\"elementor-element elementor-element-3233241 animate-on-display elementor-widget elementor-widget-heading\" data-id=\"3233241\" data-element_type=\"widget\" data-e-type=\"widget\" id=\"Championnats du Monde Mountain Bike UCI 2025\" data-widget_type=\"heading.default\">\n\t\t\t\t<div class=\"elementor-widget-container\">\n\t\t\t\t\t<h3 class=\"elementor-heading-title elementor-size-default\">Championnats du Monde Mountain Bike UCI 2025.<\/h3>\t\t\t\t<\/div>\n\t\t\t\t<\/div>\n\t\t\t\t<div class=\"elementor-element elementor-element-7b847f6 animate-on-display elementor-widget elementor-widget-text-editor\" data-id=\"7b847f6\" data-element_type=\"widget\" data-e-type=\"widget\" data-widget_type=\"text-editor.default\">\n\t\t\t\t<div class=\"elementor-widget-container\">\n\t\t\t\t\t\t\t\t\t<p style=\"font-weight: 400;\">Les Championnats du Monde Mountain Bike UCI se sont d\u00e9roul\u00e9s en Valais du 30 ao\u00fbt au 14 septembre 2025. C\u2019\u00e9tait la premi\u00e8re fois qu\u2019un championnat du monde se d\u00e9roulait simultan\u00e9ment dans plusieurs villes. Un projet pionnier, lanc\u00e9 par Valais\/Wallis Promotion et rendu possible par une collaboration \u00e0 l\u2019\u00e9chelle cantonale. Plus de 110\u2019000 spectateurs ont assist\u00e9 aux comp\u00e9titions sur place. Les retomb\u00e9es financi\u00e8res directes se sont \u00e9lev\u00e9es \u00e0 19,3 millions de francs. Dans le m\u00eame temps, la perception du Valais en tant que destination de r\u00e9f\u00e9rence pour le VTT en Suisse s\u2019est renforc\u00e9e, avec un taux grimpant de 48 \u00e0 66 %.<\/p>\t\t\t\t\t\t\t\t<\/div>\n\t\t\t\t<\/div>\n\t\t\t\t<div class=\"elementor-element elementor-element-0e46c48 animate-on-display elementor-widget elementor-widget-button\" data-id=\"0e46c48\" data-element_type=\"widget\" data-e-type=\"widget\" data-widget_type=\"button.default\">\n\t\t\t\t<div class=\"elementor-widget-container\">\n\t\t\t\t\t\t\t\t\t<div class=\"elementor-button-wrapper\">\n\t\t\t\t\t<a class=\"elementor-button elementor-button-link elementor-size-md\" href=\"https:\/\/www.vwpnet.ch\/media\/document\/0\/Final_Economic_Report.pdf\" target=\"_blank\">\n\t\t\t\t\t\t<span class=\"elementor-button-content-wrapper\">\n\t\t\t\t\t\t<span class=\"elementor-button-icon\">\n\t\t\t\t<svg xmlns=\"http:\/\/www.w3.org\/2000\/svg\" id=\"Calque_1\" data-name=\"Calque 1\" viewBox=\"0 0 114.5 114.5\"><defs><style>.cls-1{fill:#fafafa;}.cls-2{fill:#a8091a;}<\/style><\/defs><path class=\"cls-1\" d=\"M57.25,0A57.25,57.25,0,1,0,114.5,57.25,57.25,57.25,0,0,0,57.25,0Zm-6.1,77.9a2.6,2.6,0,0,1-3.68-3.68l17-17-17-17a2.6,2.6,0,0,1,3.68-3.68L71.8,57.25Z\"><\/path><path class=\"cls-2\" d=\"M47.47,36.6a2.6,2.6,0,0,0,0,3.68l17,17-17,17a2.6,2.6,0,0,0,3.68,3.68L71.8,57.25,51.15,36.6A2.6,2.6,0,0,0,47.47,36.6Z\"><\/path><\/svg>\t\t\t<\/span>\n\t\t\t\t\t\t\t\t\t<span class=\"elementor-button-text\">En savoir plus<\/span>\n\t\t\t\t\t<\/span>\n\t\t\t\t\t<\/a>\n\t\t\t\t<\/div>\n\t\t\t\t\t\t\t\t<\/div>\n\t\t\t\t<\/div>\n\t\t\t\t<\/div>\n\t\t\t\t<\/div>\n\t\t\t\t\t<\/div>\n\t\t\t\t<\/div>\n\t\t<div class=\"elementor-element elementor-element-6d67a6a watch-on-display e-flex e-con-boxed e-con e-parent\" data-id=\"6d67a6a\" data-element_type=\"container\" data-e-type=\"container\" data-settings=\"{&quot;animation&quot;:&quot;none&quot;,&quot;animation_delay&quot;:20}\">\n\t\t\t\t\t<div class=\"e-con-inner\">\n\t\t\t\t<div class=\"elementor-element elementor-element-56a5fea animate-on-display elementor-widget elementor-widget-text-editor\" data-id=\"56a5fea\" data-element_type=\"widget\" data-e-type=\"widget\" data-widget_type=\"text-editor.default\">\n\t\t\t\t<div class=\"elementor-widget-container\">\n\t\t\t\t\t\t\t\t\t<p style=\"font-weight: 400;\"><em><img loading=\"lazy\" decoding=\"async\" class=\"alignright\" src=\"https:\/\/rapport-valais.ch\/wp-content\/uploads\/2026\/04\/Raphael-Brandou-300x300.png\" alt=\"\" width=\"152\" height=\"152\" \/><\/em><\/p><div><p><i><span lang=\"DE-CH\"><b>\u00ab Les Championnats du monde UCI Mountain Bike Valais 2025 ont constitu\u00e9 une formidable vitrine pour la R\u00e9gion Dents du Midi, en renfor\u00e7ant sa visibilit\u00e9 \u00e0 l\u2019\u00e9chelle nationale et internationale. Cet \u00e9v\u00e9nement a \u00e9galement permis de valoriser notre savoir-faire en mati\u00e8re d\u2019accueil et d\u2019organisation, de f\u00e9d\u00e9rer les acteurs locaux autour d\u2019un projet porteur de sens et d\u2019inscrire des retomb\u00e9es positives et durables pour l\u2019ensemble de l\u2019\u00e9conomie locale.\u00bb\u00a0<\/b><\/span><\/i><\/p><\/div><p>Rapha\u00ebl Brandou, Directeur R\u00e9gion Dents du Midi SA<\/p>\t\t\t\t\t\t\t\t<\/div>\n\t\t\t\t<\/div>\n\t\t\t\t\t<\/div>\n\t\t\t\t<\/div>\n\t\t<div class=\"elementor-element elementor-element-2138e02 e-flex e-con-boxed e-con e-parent\" data-id=\"2138e02\" data-element_type=\"container\" data-e-type=\"container\">\n\t\t\t\t\t<div class=\"e-con-inner\">\n\t\t<div class=\"elementor-element elementor-element-8567ca3 e-con-full e-flex e-con e-child\" data-id=\"8567ca3\" data-element_type=\"container\" data-e-type=\"container\">\n\t\t<div class=\"elementor-element elementor-element-52b2cbe e-con-full watch-on-display e-flex e-con e-child\" data-id=\"52b2cbe\" data-element_type=\"container\" data-e-type=\"container\" data-settings=\"{&quot;background_background&quot;:&quot;classic&quot;,&quot;position&quot;:&quot;absolute&quot;}\">\n\t\t\t\t<div class=\"elementor-element elementor-element-2a785bb animate-on-display elementor-widget elementor-widget-heading\" data-id=\"2a785bb\" data-element_type=\"widget\" data-e-type=\"widget\" id=\"Le Valais, h\u00f4te d\u2019honneur de l\u2019OLMA\" data-widget_type=\"heading.default\">\n\t\t\t\t<div class=\"elementor-widget-container\">\n\t\t\t\t\t<h3 class=\"elementor-heading-title elementor-size-default\">Le Valais, h\u00f4te d'honneur de l'OLMA.<\/h3>\t\t\t\t<\/div>\n\t\t\t\t<\/div>\n\t\t\t\t<div class=\"elementor-element elementor-element-8f71477 animate-on-display elementor-widget elementor-widget-text-editor\" data-id=\"8f71477\" data-element_type=\"widget\" data-e-type=\"widget\" data-widget_type=\"text-editor.default\">\n\t\t\t\t<div class=\"elementor-widget-container\">\n\t\t\t\t\t\t\t\t\t<p style=\"font-weight: 400;\">Du 9 au 19 octobre 2025, le Valais a profit\u00e9 de sa pr\u00e9sence \u00e0 l\u2019OLMA, \u00e0 Saint-Gall, pour pr\u00e9senter ses mille et une facettes \u00e0 un large public. Sur un total de 335\u2019000 visiteurs, ils auront \u00e9t\u00e9 environ 150\u2019000 \u00e0 d\u00e9couvrir le concept immersif \u00ab WOW WOW WALLIS \u00bb, mariage de tradition, d\u2019innovation et de saveurs r\u00e9gionales. Le point d\u2019orgue de l\u2019\u00e9v\u00e9nement a \u00e9t\u00e9 le grand d\u00e9fil\u00e9, qui a r\u00e9uni plus de 700 participants devant 25\u2019000 spectateurs. Avec plus de 15 millions de contacts m\u00e9dias, cette pr\u00e9sence a eu un retentissement bien au-del\u00e0 de la foire et a positionn\u00e9 le Valais comme un canton authentique, tourn\u00e9 vers l\u2019avenir.<\/p>\t\t\t\t\t\t\t\t<\/div>\n\t\t\t\t<\/div>\n\t\t\t\t<div class=\"elementor-element elementor-element-d050f03 animate-on-display elementor-widget elementor-widget-button\" data-id=\"d050f03\" data-element_type=\"widget\" data-e-type=\"widget\" data-widget_type=\"button.default\">\n\t\t\t\t<div class=\"elementor-widget-container\">\n\t\t\t\t\t\t\t\t\t<div class=\"elementor-button-wrapper\">\n\t\t\t\t\t<a class=\"elementor-button elementor-button-link elementor-size-md\" href=\"https:\/\/www.vwpnet.ch\/fr\/news\/informations-partenaires\/olma-2025--les-points-essentiels-du-rapport-final-4156\" target=\"_blank\">\n\t\t\t\t\t\t<span class=\"elementor-button-content-wrapper\">\n\t\t\t\t\t\t<span class=\"elementor-button-icon\">\n\t\t\t\t<svg xmlns=\"http:\/\/www.w3.org\/2000\/svg\" id=\"Calque_1\" data-name=\"Calque 1\" viewBox=\"0 0 114.5 114.5\"><defs><style>.cls-1{fill:#fafafa;}.cls-2{fill:#a8091a;}<\/style><\/defs><path class=\"cls-1\" d=\"M57.25,0A57.25,57.25,0,1,0,114.5,57.25,57.25,57.25,0,0,0,57.25,0Zm-6.1,77.9a2.6,2.6,0,0,1-3.68-3.68l17-17-17-17a2.6,2.6,0,0,1,3.68-3.68L71.8,57.25Z\"><\/path><path class=\"cls-2\" d=\"M47.47,36.6a2.6,2.6,0,0,0,0,3.68l17,17-17,17a2.6,2.6,0,0,0,3.68,3.68L71.8,57.25,51.15,36.6A2.6,2.6,0,0,0,47.47,36.6Z\"><\/path><\/svg>\t\t\t<\/span>\n\t\t\t\t\t\t\t\t\t<span class=\"elementor-button-text\">En savoir plus<\/span>\n\t\t\t\t\t<\/span>\n\t\t\t\t\t<\/a>\n\t\t\t\t<\/div>\n\t\t\t\t\t\t\t\t<\/div>\n\t\t\t\t<\/div>\n\t\t\t\t<\/div>\n\t\t\t\t<\/div>\n\t\t<div class=\"elementor-element elementor-element-4e13a5d e-flex e-con-boxed e-con e-child\" data-id=\"4e13a5d\" data-element_type=\"container\" data-e-type=\"container\" data-settings=\"{&quot;background_background&quot;:&quot;classic&quot;,&quot;background_motion_fx_motion_fx_scrolling&quot;:&quot;yes&quot;,&quot;background_motion_fx_translateY_effect&quot;:&quot;yes&quot;,&quot;background_motion_fx_translateY_speed&quot;:{&quot;unit&quot;:&quot;px&quot;,&quot;size&quot;:2,&quot;sizes&quot;:[]},&quot;background_motion_fx_translateY_affectedRange&quot;:{&quot;unit&quot;:&quot;%&quot;,&quot;size&quot;:&quot;&quot;,&quot;sizes&quot;:{&quot;start&quot;:0,&quot;end&quot;:100}},&quot;background_motion_fx_devices&quot;:[&quot;desktop&quot;,&quot;tablet&quot;,&quot;mobile&quot;]}\">\n\t\t\t\t\t<div class=\"e-con-inner\">\n\t\t\t\t\t<\/div>\n\t\t\t\t<\/div>\n\t\t\t\t\t<\/div>\n\t\t\t\t<\/div>\n\t\t<div class=\"elementor-element elementor-element-62aea74 watch-on-display e-flex e-con-boxed e-con e-parent\" data-id=\"62aea74\" data-element_type=\"container\" data-e-type=\"container\">\n\t\t\t\t\t<div class=\"e-con-inner\">\n\t\t\t\t<div class=\"elementor-element elementor-element-ca6d2c2 animate-on-display elementor-widget elementor-widget-text-editor\" data-id=\"ca6d2c2\" data-element_type=\"widget\" data-e-type=\"widget\" data-widget_type=\"text-editor.default\">\n\t\t\t\t<div class=\"elementor-widget-container\">\n\t\t\t\t\t\t\t\t\t<p style=\"font-weight: 400;\"><em><img loading=\"lazy\" decoding=\"async\" class=\"alignleft\" src=\"https:\/\/rapport-valais.ch\/wp-content\/uploads\/2026\/03\/Christine-Bolt-OLMA.png\" alt=\"\" width=\"152\" height=\"152\" \/><\/em><\/p><div><p><span lang=\"DE-CH\"><b>\u00ab La pr\u00e9sence du Valais \u00e0 l\u2019OLMA \u00e9tait riche et vari\u00e9e, d\u00e9voilant des facettes modernes du canton tout en offrant une immersion au c\u0153ur des traditions. Nous avons \u00e9t\u00e9 impressionn\u00e9s par les figurants et les animaux pr\u00e9sents au d\u00e9fil\u00e9. L\u2019exposition sp\u00e9ciale \u00e9tait digitale, mais avec une \u00e2me \u2013 et une animation \u2013 r\u00e9solument humaines. Nous garderons un souvenir tout particulier de cette collaboration tr\u00e8s chaleureuse et professionnelle. Je pense pouvoir dire au nom de toute la ville de Saint-Gall que le Valais restera \u00e0 jamais grav\u00e9 dans nos c\u0153urs. <\/b> Christine Bolt, directrice d&rsquo;OLMA Messen<\/span><\/p><\/div>\t\t\t\t\t\t\t\t<\/div>\n\t\t\t\t<\/div>\n\t\t\t\t\t<\/div>\n\t\t\t\t<\/div>\n\t\t<div class=\"elementor-element elementor-element-e13e380 e-flex e-con-boxed e-con e-parent\" data-id=\"e13e380\" data-element_type=\"container\" data-e-type=\"container\">\n\t\t\t\t\t<div class=\"e-con-inner\">\n\t\t<div class=\"elementor-element elementor-element-65fc772 e-con-full e-flex e-con e-child\" data-id=\"65fc772\" data-element_type=\"container\" data-e-type=\"container\">\n\t\t<div class=\"elementor-element elementor-element-dec450b e-con-full watch-on-display e-flex e-con e-child\" data-id=\"dec450b\" data-element_type=\"container\" data-e-type=\"container\" data-settings=\"{&quot;background_background&quot;:&quot;classic&quot;,&quot;position&quot;:&quot;absolute&quot;}\">\n\t\t\t\t<div class=\"elementor-element elementor-element-4493086 animate-on-display elementor-widget elementor-widget-heading\" data-id=\"4493086\" data-element_type=\"widget\" data-e-type=\"widget\" id=\"Salon Suisse des Go\u00fbts et Terroirs\" data-widget_type=\"heading.default\">\n\t\t\t\t<div class=\"elementor-widget-container\">\n\t\t\t\t\t<h3 class=\"elementor-heading-title elementor-size-default\">Salon Suisse des Go\u00fbts et Terroirs.<\/h3>\t\t\t\t<\/div>\n\t\t\t\t<\/div>\n\t\t\t\t<div class=\"elementor-element elementor-element-3489181 animate-on-display elementor-widget elementor-widget-text-editor\" data-id=\"3489181\" data-element_type=\"widget\" data-e-type=\"widget\" id=\"Die Marke Wallis am Salon des Go\u00fbts et Terroirs\" data-widget_type=\"text-editor.default\">\n\t\t\t\t<div class=\"elementor-widget-container\">\n\t\t\t\t\t\t\t\t\t<p style=\"font-weight: 400;\">Du 29 octobre au 2 novembre 2025, la marque Valais \u00e9tait pr\u00e9sente au Salon Suisse des Go\u00fbts et Terroirs, \u00e0 Bulle. Le terroir valaisan a \u00e9t\u00e9 pr\u00e9sent\u00e9 \u00e0 un large public sur des stands et dans le cadre d\u2019animations cibl\u00e9es. Au restaurant \u00ab Saveurs du Valais \u00bb, les visiteurs ont pu d\u00e9guster des sp\u00e9cialit\u00e9s telles que la raclette et des vins valaisans. Des stands d\u00e9di\u00e9s aux produits certifi\u00e9s et \u00e0 leurs producteurs ont permis de faire d\u00e9couvrir la diversit\u00e9 et la qualit\u00e9 des produits r\u00e9gionaux. Valais\/Wallis Promotion a renforc\u00e9 la visibilit\u00e9 de la marque Valais gr\u00e2ce \u00e0 une pr\u00e9sence bien pens\u00e9e, positionnant le canton comme une r\u00e9gion o\u00f9 l\u2019on savoure la vie en toute authenticit\u00e9.<\/p>\t\t\t\t\t\t\t\t<\/div>\n\t\t\t\t<\/div>\n\t\t\t\t<\/div>\n\t\t\t\t<\/div>\n\t\t<div class=\"elementor-element elementor-element-41cf1d3 e-flex e-con-boxed e-con e-child\" data-id=\"41cf1d3\" data-element_type=\"container\" data-e-type=\"container\" data-settings=\"{&quot;background_background&quot;:&quot;classic&quot;,&quot;background_motion_fx_motion_fx_scrolling&quot;:&quot;yes&quot;,&quot;background_motion_fx_translateY_effect&quot;:&quot;yes&quot;,&quot;background_motion_fx_translateY_speed&quot;:{&quot;unit&quot;:&quot;px&quot;,&quot;size&quot;:2,&quot;sizes&quot;:[]},&quot;background_motion_fx_translateY_affectedRange&quot;:{&quot;unit&quot;:&quot;%&quot;,&quot;size&quot;:&quot;&quot;,&quot;sizes&quot;:{&quot;start&quot;:0,&quot;end&quot;:100}},&quot;background_motion_fx_devices&quot;:[&quot;desktop&quot;,&quot;tablet&quot;,&quot;mobile&quot;]}\">\n\t\t\t\t\t<div class=\"e-con-inner\">\n\t\t\t\t\t<\/div>\n\t\t\t\t<\/div>\n\t\t\t\t\t<\/div>\n\t\t\t\t<\/div>\n\t\t<div class=\"elementor-element elementor-element-7d0f31d e-flex e-con-boxed e-con e-parent\" data-id=\"7d0f31d\" data-element_type=\"container\" data-e-type=\"container\">\n\t\t\t\t\t<div class=\"e-con-inner\">\n\t\t<div class=\"elementor-element elementor-element-de679f7 e-flex e-con-boxed e-con e-child\" data-id=\"de679f7\" data-element_type=\"container\" data-e-type=\"container\" data-settings=\"{&quot;background_background&quot;:&quot;classic&quot;,&quot;background_motion_fx_motion_fx_scrolling&quot;:&quot;yes&quot;,&quot;background_motion_fx_translateY_effect&quot;:&quot;yes&quot;,&quot;background_motion_fx_translateY_speed&quot;:{&quot;unit&quot;:&quot;px&quot;,&quot;size&quot;:2,&quot;sizes&quot;:[]},&quot;background_motion_fx_translateY_affectedRange&quot;:{&quot;unit&quot;:&quot;%&quot;,&quot;size&quot;:&quot;&quot;,&quot;sizes&quot;:{&quot;start&quot;:0,&quot;end&quot;:100}},&quot;background_motion_fx_devices&quot;:[&quot;desktop&quot;,&quot;tablet&quot;,&quot;mobile&quot;]}\">\n\t\t\t\t\t<div class=\"e-con-inner\">\n\t\t\t\t\t<\/div>\n\t\t\t\t<\/div>\n\t\t<div class=\"elementor-element elementor-element-64cf1bf e-con-full e-flex e-con e-child\" data-id=\"64cf1bf\" data-element_type=\"container\" data-e-type=\"container\">\n\t\t<div class=\"elementor-element elementor-element-2133914 e-con-full watch-on-display e-flex e-con e-child\" data-id=\"2133914\" data-element_type=\"container\" data-e-type=\"container\" data-settings=\"{&quot;background_background&quot;:&quot;classic&quot;,&quot;position&quot;:&quot;absolute&quot;}\">\n\t\t\t\t<div class=\"elementor-element elementor-element-8d6468e animate-on-display elementor-widget elementor-widget-heading\" data-id=\"8d6468e\" data-element_type=\"widget\" data-e-type=\"widget\" id=\"Championnats du Monde de la Raclette\" data-widget_type=\"heading.default\">\n\t\t\t\t<div class=\"elementor-widget-container\">\n\t\t\t\t\t<h3 class=\"elementor-heading-title elementor-size-default\">Championnats du Monde de la Raclette.<\/h3>\t\t\t\t<\/div>\n\t\t\t\t<\/div>\n\t\t\t\t<div class=\"elementor-element elementor-element-8c58604 animate-on-display elementor-widget elementor-widget-text-editor\" data-id=\"8c58604\" data-element_type=\"widget\" data-e-type=\"widget\" data-widget_type=\"text-editor.default\">\n\t\t\t\t<div class=\"elementor-widget-container\">\n\t\t\t\t\t\t\t\t\t<p style=\"font-weight: 400;\">Fin octobre, quelque 20\u2019000 visiteurs se sont retrouv\u00e9s \u00e0 Morgins pour la deuxi\u00e8me \u00e9dition des Championnats du Monde de la Raclette. Des participants venus de douze pays ont pr\u00e9sent\u00e9 plus de 150 vari\u00e9t\u00e9s de fromages. Au total, cinq titres de champion du monde ont \u00e9t\u00e9 d\u00e9cern\u00e9s, dont plusieurs \u00e0 des producteurs valaisans. Cet \u00e9v\u00e9nement a mis en lumi\u00e8re le rayonnement international de la tradition valaisanne de la raclette et la qualit\u00e9 des produits de la r\u00e9gion. Pr\u00e8s de 50\u2019000 raclettes ont \u00e9t\u00e9 servies. Valais\/Wallis Promotion a saisi cette occasion pour positionner le Valais comme une terre de saveurs authentiques et renforcer la marque Valais \u00e0 l\u2019\u00e9chelle internationale.<\/p>\t\t\t\t\t\t\t\t<\/div>\n\t\t\t\t<\/div>\n\t\t\t\t<\/div>\n\t\t\t\t<\/div>\n\t\t\t\t\t<\/div>\n\t\t\t\t<\/div>\n\t\t<div class=\"elementor-element elementor-element-de5b9f9 e-flex e-con-boxed e-con e-parent\" data-id=\"de5b9f9\" data-element_type=\"container\" data-e-type=\"container\">\n\t\t\t\t\t<div class=\"e-con-inner\">\n\t\t<div class=\"elementor-element elementor-element-c431e85 e-con-full e-flex e-con e-child\" data-id=\"c431e85\" data-element_type=\"container\" data-e-type=\"container\">\n\t\t<div class=\"elementor-element elementor-element-f9e40ba e-con-full watch-on-display e-flex e-con e-child\" data-id=\"f9e40ba\" data-element_type=\"container\" data-e-type=\"container\" data-settings=\"{&quot;background_background&quot;:&quot;classic&quot;,&quot;position&quot;:&quot;absolute&quot;}\">\n\t\t\t\t<div class=\"elementor-element elementor-element-34438bf animate-on-display elementor-widget elementor-widget-heading\" data-id=\"34438bf\" data-element_type=\"widget\" data-e-type=\"widget\" id=\"Caves ouvertes en fin d\u2019ann\u00e9e\" data-widget_type=\"heading.default\">\n\t\t\t\t<div class=\"elementor-widget-container\">\n\t\t\t\t\t<h3 class=\"elementor-heading-title elementor-size-default\">Caves ouvertes en fin d\u2019ann\u00e9e.<\/h3>\t\t\t\t<\/div>\n\t\t\t\t<\/div>\n\t\t\t\t<div class=\"elementor-element elementor-element-acbcc4e animate-on-display elementor-widget elementor-widget-text-editor\" data-id=\"acbcc4e\" data-element_type=\"widget\" data-e-type=\"widget\" data-widget_type=\"text-editor.default\">\n\t\t\t\t<div class=\"elementor-widget-container\">\n\t\t\t\t\t\t\t\t\t<p style=\"font-weight: 400;\">En 2025, les vignerons valaisans ont une nouvelle fois invit\u00e9 le public \u00e0 venir d\u00e9couvrir leurs vins sur site. Plus d\u2019une centaine d\u2019\u00e9tablissements r\u00e9partis sur l\u2019ensemble du canton ont ouvert les portes de leurs caves et propos\u00e9 des d\u00e9gustations dans une ambiance conviviale et chaleureuse. Ce rendez-vous favorise la vente directe, renforce les liens entre producteurs et consommateurs et donne un bel aper\u00e7u de la diversit\u00e9 du paysage viticole valaisan. Valais\/Wallis Promotion a apport\u00e9 son soutien \u00e0 l\u2019\u00e9v\u00e9nement sur le plan de la communication et contribu\u00e9 \u00e0 positionner les vins valaisans comme de fabuleux ambassadeurs de la qualit\u00e9, de la tradition et de l\u2019identit\u00e9 alpine.<\/p>\t\t\t\t\t\t\t\t<\/div>\n\t\t\t\t<\/div>\n\t\t\t\t<\/div>\n\t\t\t\t<\/div>\n\t\t<div class=\"elementor-element elementor-element-197f70c e-flex e-con-boxed e-con e-child\" data-id=\"197f70c\" data-element_type=\"container\" data-e-type=\"container\" data-settings=\"{&quot;background_background&quot;:&quot;classic&quot;,&quot;background_motion_fx_motion_fx_scrolling&quot;:&quot;yes&quot;,&quot;background_motion_fx_translateY_effect&quot;:&quot;yes&quot;,&quot;background_motion_fx_translateY_speed&quot;:{&quot;unit&quot;:&quot;px&quot;,&quot;size&quot;:2,&quot;sizes&quot;:[]},&quot;background_motion_fx_translateY_affectedRange&quot;:{&quot;unit&quot;:&quot;%&quot;,&quot;size&quot;:&quot;&quot;,&quot;sizes&quot;:{&quot;start&quot;:0,&quot;end&quot;:100}},&quot;background_motion_fx_devices&quot;:[&quot;desktop&quot;,&quot;tablet&quot;,&quot;mobile&quot;]}\">\n\t\t\t\t\t<div class=\"e-con-inner\">\n\t\t\t\t\t<\/div>\n\t\t\t\t<\/div>\n\t\t\t\t\t<\/div>\n\t\t\t\t<\/div>\n\t\t<div class=\"elementor-element elementor-element-9cc34a6 e-flex e-con-boxed e-con e-parent\" data-id=\"9cc34a6\" data-element_type=\"container\" data-e-type=\"container\">\n\t\t\t\t\t<div class=\"e-con-inner\">\n\t\t<div class=\"elementor-element elementor-element-8fcd233 e-flex e-con-boxed e-con e-child\" data-id=\"8fcd233\" data-element_type=\"container\" data-e-type=\"container\" data-settings=\"{&quot;background_background&quot;:&quot;classic&quot;,&quot;background_motion_fx_motion_fx_scrolling&quot;:&quot;yes&quot;,&quot;background_motion_fx_translateY_effect&quot;:&quot;yes&quot;,&quot;background_motion_fx_translateY_speed&quot;:{&quot;unit&quot;:&quot;px&quot;,&quot;size&quot;:2,&quot;sizes&quot;:[]},&quot;background_motion_fx_translateY_affectedRange&quot;:{&quot;unit&quot;:&quot;%&quot;,&quot;size&quot;:&quot;&quot;,&quot;sizes&quot;:{&quot;start&quot;:0,&quot;end&quot;:100}},&quot;background_motion_fx_devices&quot;:[&quot;desktop&quot;,&quot;tablet&quot;,&quot;mobile&quot;]}\">\n\t\t\t\t\t<div class=\"e-con-inner\">\n\t\t\t\t\t<\/div>\n\t\t\t\t<\/div>\n\t\t<div class=\"elementor-element elementor-element-c2e9d8a e-con-full e-flex e-con e-child\" data-id=\"c2e9d8a\" data-element_type=\"container\" data-e-type=\"container\">\n\t\t<div class=\"elementor-element elementor-element-af5c52f e-con-full watch-on-display e-flex e-con e-child\" data-id=\"af5c52f\" data-element_type=\"container\" data-e-type=\"container\" data-settings=\"{&quot;background_background&quot;:&quot;classic&quot;,&quot;position&quot;:&quot;absolute&quot;}\">\n\t\t\t\t<div class=\"elementor-element elementor-element-02fb561 animate-on-display elementor-widget elementor-widget-heading\" data-id=\"02fb561\" data-element_type=\"widget\" data-e-type=\"widget\" id=\"Petit-d\u00e9jeuner des partenaires VWP\" data-widget_type=\"heading.default\">\n\t\t\t\t<div class=\"elementor-widget-container\">\n\t\t\t\t\t<h3 class=\"elementor-heading-title elementor-size-default\">Petit-d\u00e9jeuner des partenaires VWP.<\/h3>\t\t\t\t<\/div>\n\t\t\t\t<\/div>\n\t\t\t\t<div class=\"elementor-element elementor-element-1d17245 animate-on-display elementor-widget elementor-widget-text-editor\" data-id=\"1d17245\" data-element_type=\"widget\" data-e-type=\"widget\" id=\"Petit-d\u00e9jeuner des partenaires VWP\" data-widget_type=\"text-editor.default\">\n\t\t\t\t<div class=\"elementor-widget-container\">\n\t\t\t\t\t\t\t\t\t<p style=\"font-weight: 400;\">Le traditionnel petit-d\u00e9jeuner des partenaires VWP s\u2019est tenu le 16 d\u00e9cembre 2025. \u00c0 cette occasion, des partenaires issus des secteurs du tourisme, de l\u2019\u00e9conomie, de l\u2019agriculture et de la politique se sont r\u00e9unis pour cl\u00f4turer l\u2019ann\u00e9e dans une ambiance bon enfant et pour \u00e9changer leurs points de vue. Le pr\u00e9sident Julien Moulin, le directeur Damian Constantin ainsi que le conseiller d\u2019\u00c9tat Christophe Darbellay ont bri\u00e8vement pris la parole devant l\u2019assembl\u00e9e. Ce petit-d\u00e9jeuner des partenaires a une nouvelle fois soulign\u00e9 l\u2019importance d\u2019un r\u00e9seau solide et d\u2019une collaboration \u00e9troite pour assurer le d\u00e9veloppement durable en Valais.<\/p>\t\t\t\t\t\t\t\t<\/div>\n\t\t\t\t<\/div>\n\t\t\t\t<\/div>\n\t\t\t\t<\/div>\n\t\t\t\t\t<\/div>\n\t\t\t\t<\/div>\n\t\t<div class=\"elementor-element elementor-element-f049ea3 watch-on-display e-flex e-con-boxed e-con e-parent\" data-id=\"f049ea3\" data-element_type=\"container\" data-e-type=\"container\">\n\t\t\t\t\t<div class=\"e-con-inner\">\n\t\t<div class=\"elementor-element elementor-element-24e540f e-flex e-con-boxed e-con e-child\" data-id=\"24e540f\" data-element_type=\"container\" data-e-type=\"container\">\n\t\t\t\t\t<div class=\"e-con-inner\">\n\t\t\t\t<div class=\"elementor-element elementor-element-e1be279 animate-on-display elementor-widget elementor-widget-heading\" data-id=\"e1be279\" data-element_type=\"widget\" data-e-type=\"widget\" data-widget_type=\"heading.default\">\n\t\t\t\t<div class=\"elementor-widget-container\">\n\t\t\t\t\t<h2 class=\"elementor-heading-title elementor-size-default\">Valais Film Commission.<\/h2>\t\t\t\t<\/div>\n\t\t\t\t<\/div>\n\t\t\t\t\t<\/div>\n\t\t\t\t<\/div>\n\t\t\t\t\t<\/div>\n\t\t\t\t<\/div>\n\t\t<div class=\"elementor-element elementor-element-0bd19e2 e-flex e-con-boxed e-con e-parent\" data-id=\"0bd19e2\" data-element_type=\"container\" data-e-type=\"container\">\n\t\t\t\t\t<div class=\"e-con-inner\">\n\t\t<div class=\"elementor-element elementor-element-ccffc5a e-con-full e-flex e-con e-child\" data-id=\"ccffc5a\" data-element_type=\"container\" data-e-type=\"container\">\n\t\t<div class=\"elementor-element elementor-element-1ebefab e-con-full watch-on-display e-flex e-con e-child\" data-id=\"1ebefab\" data-element_type=\"container\" data-e-type=\"container\" data-settings=\"{&quot;background_background&quot;:&quot;classic&quot;,&quot;position&quot;:&quot;absolute&quot;}\">\n\t\t\t\t<div class=\"elementor-element elementor-element-5b088be animate-on-display elementor-widget elementor-widget-heading\" data-id=\"5b088be\" data-element_type=\"widget\" data-e-type=\"widget\" id=\"Renouvellement du mandat Valais Film Commission\" data-widget_type=\"heading.default\">\n\t\t\t\t<div class=\"elementor-widget-container\">\n\t\t\t\t\t<h3 class=\"elementor-heading-title elementor-size-default\">Renouvellement du mandat Valais Film Commission.<\/h3>\t\t\t\t<\/div>\n\t\t\t\t<\/div>\n\t\t\t\t<div class=\"elementor-element elementor-element-9896563 animate-on-display elementor-widget elementor-widget-text-editor\" data-id=\"9896563\" data-element_type=\"widget\" data-e-type=\"widget\" data-widget_type=\"text-editor.default\">\n\t\t\t\t<div class=\"elementor-widget-container\">\n\t\t\t\t\t\t\t\t\t<p style=\"font-weight: 400;\">Depuis 2022, la Valais Film Commission (VFC) est devenue un acteur majeur du secteur audiovisuel en Valais. De nombreuses productions ont pu \u00eatre attir\u00e9es dans la r\u00e9gion, notamment le film \u00e0 succ\u00e8s \u00ab Mon ami Barry \u00bb. Les retomb\u00e9es \u00e9conomiques directes s\u2019\u00e9l\u00e8vent \u00e0 quelque 4 millions de francs. Le canton du Valais a renouvel\u00e9 le mandat pour la p\u00e9riode 2025-2028 et conclu une nouvelle convention de prestations avec Valais\/Wallis Promotion. Gr\u00e2ce \u00e0 un budget de 3 millions de francs, le soutien est encore renforc\u00e9, tout comme l\u2019attractivit\u00e9 du Valais en tant que lieu de tournage.<\/p>\t\t\t\t\t\t\t\t<\/div>\n\t\t\t\t<\/div>\n\t\t\t\t<div class=\"elementor-element elementor-element-a5f2b15 animate-on-display elementor-widget elementor-widget-button\" data-id=\"a5f2b15\" data-element_type=\"widget\" data-e-type=\"widget\" data-widget_type=\"button.default\">\n\t\t\t\t<div class=\"elementor-widget-container\">\n\t\t\t\t\t\t\t\t\t<div class=\"elementor-button-wrapper\">\n\t\t\t\t\t<a class=\"elementor-button elementor-button-link elementor-size-md\" href=\"https:\/\/valaisfilmcommission.ch\/fr\/\" target=\"_blank\">\n\t\t\t\t\t\t<span class=\"elementor-button-content-wrapper\">\n\t\t\t\t\t\t<span class=\"elementor-button-icon\">\n\t\t\t\t<svg xmlns=\"http:\/\/www.w3.org\/2000\/svg\" id=\"Calque_1\" data-name=\"Calque 1\" viewBox=\"0 0 114.5 114.5\"><defs><style>.cls-1{fill:#fafafa;}.cls-2{fill:#a8091a;}<\/style><\/defs><path class=\"cls-1\" d=\"M57.25,0A57.25,57.25,0,1,0,114.5,57.25,57.25,57.25,0,0,0,57.25,0Zm-6.1,77.9a2.6,2.6,0,0,1-3.68-3.68l17-17-17-17a2.6,2.6,0,0,1,3.68-3.68L71.8,57.25Z\"><\/path><path class=\"cls-2\" d=\"M47.47,36.6a2.6,2.6,0,0,0,0,3.68l17,17-17,17a2.6,2.6,0,0,0,3.68,3.68L71.8,57.25,51.15,36.6A2.6,2.6,0,0,0,47.47,36.6Z\"><\/path><\/svg>\t\t\t<\/span>\n\t\t\t\t\t\t\t\t\t<span class=\"elementor-button-text\">En savoir plus<\/span>\n\t\t\t\t\t<\/span>\n\t\t\t\t\t<\/a>\n\t\t\t\t<\/div>\n\t\t\t\t\t\t\t\t<\/div>\n\t\t\t\t<\/div>\n\t\t\t\t<\/div>\n\t\t\t\t<\/div>\n\t\t<div class=\"elementor-element elementor-element-35a0e34 e-flex e-con-boxed e-con e-child\" data-id=\"35a0e34\" data-element_type=\"container\" data-e-type=\"container\" data-settings=\"{&quot;background_background&quot;:&quot;classic&quot;,&quot;background_motion_fx_motion_fx_scrolling&quot;:&quot;yes&quot;,&quot;background_motion_fx_translateY_effect&quot;:&quot;yes&quot;,&quot;background_motion_fx_translateY_speed&quot;:{&quot;unit&quot;:&quot;px&quot;,&quot;size&quot;:2,&quot;sizes&quot;:[]},&quot;background_motion_fx_translateY_affectedRange&quot;:{&quot;unit&quot;:&quot;%&quot;,&quot;size&quot;:&quot;&quot;,&quot;sizes&quot;:{&quot;start&quot;:0,&quot;end&quot;:100}},&quot;background_motion_fx_devices&quot;:[&quot;desktop&quot;,&quot;tablet&quot;,&quot;mobile&quot;]}\">\n\t\t\t\t\t<div class=\"e-con-inner\">\n\t\t\t\t\t<\/div>\n\t\t\t\t<\/div>\n\t\t\t\t\t<\/div>\n\t\t\t\t<\/div>\n\t\t<div class=\"elementor-element elementor-element-4392553e watch-on-display e-flex e-con-boxed e-con e-parent\" data-id=\"4392553e\" data-element_type=\"container\" data-e-type=\"container\" data-settings=\"{&quot;animation&quot;:&quot;none&quot;,&quot;animation_delay&quot;:20}\">\n\t\t\t\t\t<div class=\"e-con-inner\">\n\t\t\t\t<div class=\"elementor-element elementor-element-16cc14d9 animate-on-display elementor-widget elementor-widget-heading\" data-id=\"16cc14d9\" data-element_type=\"widget\" data-e-type=\"widget\" data-widget_type=\"heading.default\">\n\t\t\t\t<div class=\"elementor-widget-container\">\n\t\t\t\t\t<h2 class=\"elementor-heading-title elementor-size-default\">Partenariats.<\/h2>\t\t\t\t<\/div>\n\t\t\t\t<\/div>\n\t\t\t\t\t<\/div>\n\t\t\t\t<\/div>\n\t\t<div class=\"elementor-element elementor-element-e0c9925 watch-on-display e-flex e-con-boxed e-con e-parent\" data-id=\"e0c9925\" data-element_type=\"container\" data-e-type=\"container\" id=\"emil-frey\">\n\t\t\t\t\t<div class=\"e-con-inner\">\n\t\t<div class=\"elementor-element elementor-element-f880ff9 e-con-full e-flex e-con e-child\" data-id=\"f880ff9\" data-element_type=\"container\" data-e-type=\"container\">\n\t\t\t\t<div class=\"elementor-element elementor-element-440b84b animate-on-display elementor-widget elementor-widget-heading\" data-id=\"440b84b\" data-element_type=\"widget\" data-e-type=\"widget\" data-widget_type=\"heading.default\">\n\t\t\t\t<div class=\"elementor-widget-container\">\n\t\t\t\t\t<h3 class=\"elementor-heading-title elementor-size-default\">Emil Frey Sion.<\/h3>\t\t\t\t<\/div>\n\t\t\t\t<\/div>\n\t\t\t\t<div class=\"elementor-element elementor-element-d71294d animate-on-display elementor-widget elementor-widget-text-editor\" data-id=\"d71294d\" data-element_type=\"widget\" data-e-type=\"widget\" data-widget_type=\"text-editor.default\">\n\t\t\t\t<div class=\"elementor-widget-container\">\n\t\t\t\t\t\t\t\t\t<p style=\"font-weight: 400;\">Le partenariat fructueux entre Valais\/Wallis Promotion et le garage Emil Frey \u00e0 Sion s\u2019est poursuivi avec succ\u00e8s en 2024. Dans le cadre de cette collaboration, VWP continue de promouvoir la mobilit\u00e9 durable : la flotte de v\u00e9hicules est enti\u00e8rement compos\u00e9e de mod\u00e8les Toyota bZ4X, enti\u00e8rement \u00e9lectriques et aliment\u00e9s par de l\u2019\u00e9nergie locale. Ce partenariat met en avant l\u2019engagement commun en faveur d\u2019un mode de d\u00e9placement respectueux de l\u2019environnement en Valais.<\/p><p><a href=\"https:\/\/www.emilfrey.ch\/fr\/garages\/sion\" target=\"_blank\" rel=\"noopener\">En savoir plus sur Emil Frey<\/a><\/p><p><a href=\"https:\/\/www.emilfrey.ch\/fr\/sion\" target=\"_blank\" rel=\"noopener\"><img loading=\"lazy\" decoding=\"async\" class=\"wp-image-11073 alignleft\" src=\"https:\/\/rapport-valais.ch\/wp-content\/uploads\/2024\/02\/Emil-Frey-Sion-e1709126957919-300x83.png\" alt=\"\" width=\"190\" height=\"52\" srcset=\"https:\/\/rapport-valais.ch\/wp-content\/uploads\/2024\/02\/Emil-Frey-Sion-e1709126957919-300x83.png 300w, https:\/\/rapport-valais.ch\/wp-content\/uploads\/2024\/02\/Emil-Frey-Sion-e1709126957919.png 460w\" sizes=\"(max-width: 190px) 100vw, 190px\" \/><\/a><\/p>\t\t\t\t\t\t\t\t<\/div>\n\t\t\t\t<\/div>\n\t\t\t\t<\/div>\n\t\t<div class=\"elementor-element elementor-element-89386a3 e-con-full e-flex e-con e-child\" data-id=\"89386a3\" data-element_type=\"container\" data-e-type=\"container\">\n\t\t\t\t<div class=\"elementor-element elementor-element-beb8ebc animate-on-display elementor-widget elementor-widget-image\" data-id=\"beb8ebc\" data-element_type=\"widget\" data-e-type=\"widget\" data-widget_type=\"image.default\">\n\t\t\t\t<div class=\"elementor-widget-container\">\n\t\t\t\t\t\t\t\t\t\t\t\t\t\t\t\t<a href=\"https:\/\/rapport-valais.ch\/wp-content\/uploads\/2024\/02\/Emil-Frey-scaled.jpg\" data-elementor-open-lightbox=\"yes\" data-elementor-lightbox-title=\"Emil Frey\" data-e-action-hash=\"#elementor-action%3Aaction%3Dlightbox%26settings%3DeyJpZCI6MTAyMjAsInVybCI6Imh0dHBzOlwvXC9yYXBwb3J0LXZhbGFpcy5jaFwvd3AtY29udGVudFwvdXBsb2Fkc1wvMjAyNFwvMDJcL0VtaWwtRnJleS1zY2FsZWQuanBnIn0%3D\">\n\t\t\t\t\t\t\t<img loading=\"lazy\" decoding=\"async\" width=\"800\" height=\"527\" src=\"https:\/\/rapport-valais.ch\/wp-content\/uploads\/2024\/02\/Emil-Frey-1024x675.jpg\" class=\"attachment-large size-large wp-image-10220\" alt=\"\" srcset=\"https:\/\/rapport-valais.ch\/wp-content\/uploads\/2024\/02\/Emil-Frey-1024x675.jpg 1024w, https:\/\/rapport-valais.ch\/wp-content\/uploads\/2024\/02\/Emil-Frey-300x198.jpg 300w, https:\/\/rapport-valais.ch\/wp-content\/uploads\/2024\/02\/Emil-Frey-768x506.jpg 768w, https:\/\/rapport-valais.ch\/wp-content\/uploads\/2024\/02\/Emil-Frey-1536x1012.jpg 1536w, https:\/\/rapport-valais.ch\/wp-content\/uploads\/2024\/02\/Emil-Frey-2048x1350.jpg 2048w\" sizes=\"(max-width: 800px) 100vw, 800px\" \/>\t\t\t\t\t\t\t\t<\/a>\n\t\t\t\t\t\t\t\t\t\t\t\t\t\t\t<\/div>\n\t\t\t\t<\/div>\n\t\t\t\t<\/div>\n\t\t\t\t\t<\/div>\n\t\t\t\t<\/div>\n\t\t<div class=\"elementor-element elementor-element-5bebfe0 watch-on-display e-flex e-con-boxed e-con e-parent\" data-id=\"5bebfe0\" data-element_type=\"container\" data-e-type=\"container\" data-settings=\"{&quot;animation&quot;:&quot;none&quot;,&quot;animation_delay&quot;:20}\">\n\t\t\t\t\t<div class=\"e-con-inner\">\n\t\t\t\t<div class=\"elementor-element elementor-element-1e4e815 animate-on-display elementor-widget elementor-widget-heading\" data-id=\"1e4e815\" data-element_type=\"widget\" data-e-type=\"widget\" id=\"club-entreprises\" data-widget_type=\"heading.default\">\n\t\t\t\t<div class=\"elementor-widget-container\">\n\t\t\t\t\t<h3 class=\"elementor-heading-title elementor-size-default\">Club des Entreprises.<\/h3>\t\t\t\t<\/div>\n\t\t\t\t<\/div>\n\t\t\t\t<div class=\"elementor-element elementor-element-430a740 animate-on-display elementor-widget elementor-widget-text-editor\" data-id=\"430a740\" data-element_type=\"widget\" data-e-type=\"widget\" data-widget_type=\"text-editor.default\">\n\t\t\t\t<div class=\"elementor-widget-container\">\n\t\t\t\t\t\t\t\t\t<p>Le Club des Entreprises Valais a pour objectif d\u2019int\u00e9grer les entreprises valaisannes \u00e0 la promotion du canton comme lieu de vie et de travail attrayant, favoriser la mise en r\u00e9seau de ces entreprises et accro\u00eetre la visibilit\u00e9 du Valais en tant que territoire \u00e9conomique performant et innovant.<\/p><p><a href=\"https:\/\/www.valais.ch\/fr\/vivre-et-travailler\/travailler-et-etudier\/club-des-entreprises\" target=\"_blank\" rel=\"noopener\">En savoir plus<\/a><\/p>\t\t\t\t\t\t\t\t<\/div>\n\t\t\t\t<\/div>\n\t\t<div class=\"elementor-element elementor-element-440498ce e-grid e-con-boxed e-con e-child\" data-id=\"440498ce\" data-element_type=\"container\" data-e-type=\"container\" data-settings=\"{&quot;background_background&quot;:&quot;classic&quot;}\">\n\t\t\t\t\t<div class=\"e-con-inner\">\n\t\t\t\t<div class=\"elementor-element elementor-element-471d4109 animate-on-display elementor-widget elementor-widget-image\" data-id=\"471d4109\" data-element_type=\"widget\" data-e-type=\"widget\" data-widget_type=\"image.default\">\n\t\t\t\t<div class=\"elementor-widget-container\">\n\t\t\t\t\t\t\t\t\t\t\t\t\t\t\t\t<a href=\"https:\/\/www.emilfrey.ch\/fr\/sion\" target=\"_blank\">\n\t\t\t\t\t\t\t<img loading=\"lazy\" decoding=\"async\" width=\"460\" height=\"355\" src=\"https:\/\/rapport-valais.ch\/wp-content\/uploads\/2026\/03\/Emil-Frey-Sion-1.png\" class=\"attachment-large size-large wp-image-16868\" alt=\"\" srcset=\"https:\/\/rapport-valais.ch\/wp-content\/uploads\/2026\/03\/Emil-Frey-Sion-1.png 460w, https:\/\/rapport-valais.ch\/wp-content\/uploads\/2026\/03\/Emil-Frey-Sion-1-300x232.png 300w\" sizes=\"(max-width: 460px) 100vw, 460px\" \/>\t\t\t\t\t\t\t\t<\/a>\n\t\t\t\t\t\t\t\t\t\t\t\t\t\t\t<\/div>\n\t\t\t\t<\/div>\n\t\t\t\t<div class=\"elementor-element elementor-element-5c6d069 animate-on-display elementor-widget elementor-widget-image\" data-id=\"5c6d069\" data-element_type=\"widget\" data-e-type=\"widget\" data-widget_type=\"image.default\">\n\t\t\t\t<div class=\"elementor-widget-container\">\n\t\t\t\t\t\t\t\t\t\t\t\t\t\t\t\t<a href=\"https:\/\/www.ubs.com\/ch\/fr.html\" target=\"_blank\">\n\t\t\t\t\t\t\t<img loading=\"lazy\" decoding=\"async\" width=\"460\" height=\"355\" src=\"https:\/\/rapport-valais.ch\/wp-content\/uploads\/2026\/03\/UBS-2.png\" class=\"attachment-large size-large wp-image-16870\" alt=\"\" srcset=\"https:\/\/rapport-valais.ch\/wp-content\/uploads\/2026\/03\/UBS-2.png 460w, https:\/\/rapport-valais.ch\/wp-content\/uploads\/2026\/03\/UBS-2-300x232.png 300w\" sizes=\"(max-width: 460px) 100vw, 460px\" \/>\t\t\t\t\t\t\t\t<\/a>\n\t\t\t\t\t\t\t\t\t\t\t\t\t\t\t<\/div>\n\t\t\t\t<\/div>\n\t\t\t\t<div class=\"elementor-element elementor-element-bf4a73d animate-on-display elementor-widget elementor-widget-image\" data-id=\"bf4a73d\" data-element_type=\"widget\" data-e-type=\"widget\" data-widget_type=\"image.default\">\n\t\t\t\t<div class=\"elementor-widget-container\">\n\t\t\t\t\t\t\t\t\t\t\t\t\t\t\t\t<a href=\"https:\/\/www.bcvs.ch\/fr\/\" target=\"_blank\">\n\t\t\t\t\t\t\t<img loading=\"lazy\" decoding=\"async\" width=\"460\" height=\"355\" src=\"https:\/\/rapport-valais.ch\/wp-content\/uploads\/2024\/03\/logo-bcvs.png\" class=\"attachment-large size-large wp-image-11437\" alt=\"\" srcset=\"https:\/\/rapport-valais.ch\/wp-content\/uploads\/2024\/03\/logo-bcvs.png 460w, https:\/\/rapport-valais.ch\/wp-content\/uploads\/2024\/03\/logo-bcvs-300x232.png 300w\" sizes=\"(max-width: 460px) 100vw, 460px\" \/>\t\t\t\t\t\t\t\t<\/a>\n\t\t\t\t\t\t\t\t\t\t\t\t\t\t\t<\/div>\n\t\t\t\t<\/div>\n\t\t\t\t<div class=\"elementor-element elementor-element-4d64ae7 animate-on-display elementor-widget elementor-widget-image\" data-id=\"4d64ae7\" data-element_type=\"widget\" data-e-type=\"widget\" data-widget_type=\"image.default\">\n\t\t\t\t<div class=\"elementor-widget-container\">\n\t\t\t\t\t\t\t\t\t\t\t\t\t\t\t\t<a href=\"https:\/\/www.fmv.ch\/\" target=\"_blank\">\n\t\t\t\t\t\t\t<img loading=\"lazy\" decoding=\"async\" width=\"460\" height=\"355\" src=\"https:\/\/rapport-valais.ch\/wp-content\/uploads\/2024\/03\/logo-fmv.png\" class=\"attachment-large size-large wp-image-11440\" alt=\"\" srcset=\"https:\/\/rapport-valais.ch\/wp-content\/uploads\/2024\/03\/logo-fmv.png 460w, https:\/\/rapport-valais.ch\/wp-content\/uploads\/2024\/03\/logo-fmv-300x232.png 300w\" sizes=\"(max-width: 460px) 100vw, 460px\" \/>\t\t\t\t\t\t\t\t<\/a>\n\t\t\t\t\t\t\t\t\t\t\t\t\t\t\t<\/div>\n\t\t\t\t<\/div>\n\t\t\t\t<div class=\"elementor-element elementor-element-9ee021b animate-on-display elementor-widget elementor-widget-image\" data-id=\"9ee021b\" data-element_type=\"widget\" data-e-type=\"widget\" data-widget_type=\"image.default\">\n\t\t\t\t<div class=\"elementor-widget-container\">\n\t\t\t\t\t\t\t\t\t\t\t\t\t\t\t\t<a href=\"https:\/\/www.bitz-savoye.ch\/\" target=\"_blank\">\n\t\t\t\t\t\t\t<img loading=\"lazy\" decoding=\"async\" width=\"460\" height=\"355\" src=\"https:\/\/rapport-valais.ch\/wp-content\/uploads\/2026\/03\/bitzsavoye-2.png\" class=\"attachment-large size-large wp-image-16874\" alt=\"\" srcset=\"https:\/\/rapport-valais.ch\/wp-content\/uploads\/2026\/03\/bitzsavoye-2.png 460w, https:\/\/rapport-valais.ch\/wp-content\/uploads\/2026\/03\/bitzsavoye-2-300x232.png 300w\" sizes=\"(max-width: 460px) 100vw, 460px\" \/>\t\t\t\t\t\t\t\t<\/a>\n\t\t\t\t\t\t\t\t\t\t\t\t\t\t\t<\/div>\n\t\t\t\t<\/div>\n\t\t\t\t<div class=\"elementor-element elementor-element-3cee955 animate-on-display elementor-widget elementor-widget-image\" data-id=\"3cee955\" data-element_type=\"widget\" data-e-type=\"widget\" data-widget_type=\"image.default\">\n\t\t\t\t<div class=\"elementor-widget-container\">\n\t\t\t\t\t\t\t\t\t\t\t\t\t\t\t\t<a href=\"https:\/\/www.axius.ch\/fr\/\" target=\"_blank\">\n\t\t\t\t\t\t\t<img loading=\"lazy\" decoding=\"async\" width=\"460\" height=\"355\" src=\"https:\/\/rapport-valais.ch\/wp-content\/uploads\/2026\/03\/Axius-2.png\" class=\"attachment-large size-large wp-image-16859\" alt=\"\" srcset=\"https:\/\/rapport-valais.ch\/wp-content\/uploads\/2026\/03\/Axius-2.png 460w, https:\/\/rapport-valais.ch\/wp-content\/uploads\/2026\/03\/Axius-2-300x232.png 300w\" sizes=\"(max-width: 460px) 100vw, 460px\" \/>\t\t\t\t\t\t\t\t<\/a>\n\t\t\t\t\t\t\t\t\t\t\t\t\t\t\t<\/div>\n\t\t\t\t<\/div>\n\t\t\t\t<div class=\"elementor-element elementor-element-9cb6442 animate-on-display elementor-widget elementor-widget-image\" data-id=\"9cb6442\" data-element_type=\"widget\" data-e-type=\"widget\" data-widget_type=\"image.default\">\n\t\t\t\t<div class=\"elementor-widget-container\">\n\t\t\t\t\t\t\t\t\t\t\t\t\t\t\t\t<a href=\"https:\/\/valais.migros.ch\/fr.html\" target=\"_blank\">\n\t\t\t\t\t\t\t<img loading=\"lazy\" decoding=\"async\" width=\"460\" height=\"355\" src=\"https:\/\/rapport-valais.ch\/wp-content\/uploads\/2024\/03\/logo-migros-valais.png\" class=\"attachment-large size-large wp-image-11444\" alt=\"\" srcset=\"https:\/\/rapport-valais.ch\/wp-content\/uploads\/2024\/03\/logo-migros-valais.png 460w, https:\/\/rapport-valais.ch\/wp-content\/uploads\/2024\/03\/logo-migros-valais-300x232.png 300w\" sizes=\"(max-width: 460px) 100vw, 460px\" \/>\t\t\t\t\t\t\t\t<\/a>\n\t\t\t\t\t\t\t\t\t\t\t\t\t\t\t<\/div>\n\t\t\t\t<\/div>\n\t\t\t\t<div class=\"elementor-element elementor-element-81ad394 animate-on-display elementor-widget elementor-widget-image\" data-id=\"81ad394\" data-element_type=\"widget\" data-e-type=\"widget\" data-widget_type=\"image.default\">\n\t\t\t\t<div class=\"elementor-widget-container\">\n\t\t\t\t\t\t\t\t\t\t\t\t\t\t\t\t<a href=\"https:\/\/www.postauto.ch\/fr\" target=\"_blank\">\n\t\t\t\t\t\t\t<img loading=\"lazy\" decoding=\"async\" width=\"460\" height=\"355\" src=\"https:\/\/rapport-valais.ch\/wp-content\/uploads\/2026\/03\/Postauto-3.png\" class=\"attachment-large size-large wp-image-16863\" alt=\"\" srcset=\"https:\/\/rapport-valais.ch\/wp-content\/uploads\/2026\/03\/Postauto-3.png 460w, https:\/\/rapport-valais.ch\/wp-content\/uploads\/2026\/03\/Postauto-3-300x232.png 300w\" sizes=\"(max-width: 460px) 100vw, 460px\" \/>\t\t\t\t\t\t\t\t<\/a>\n\t\t\t\t\t\t\t\t\t\t\t\t\t\t\t<\/div>\n\t\t\t\t<\/div>\n\t\t\t\t<div class=\"elementor-element elementor-element-4c5d19a animate-on-display elementor-widget elementor-widget-image\" data-id=\"4c5d19a\" data-element_type=\"widget\" data-e-type=\"widget\" data-widget_type=\"image.default\">\n\t\t\t\t<div class=\"elementor-widget-container\">\n\t\t\t\t\t\t\t\t\t\t\t\t\t\t\t\t<a href=\"https:\/\/www.lonza.com\/\" target=\"_blank\">\n\t\t\t\t\t\t\t<img loading=\"lazy\" decoding=\"async\" width=\"460\" height=\"355\" src=\"https:\/\/rapport-valais.ch\/wp-content\/uploads\/2026\/03\/Lonza-3.png\" class=\"attachment-large size-large wp-image-16878\" alt=\"\" srcset=\"https:\/\/rapport-valais.ch\/wp-content\/uploads\/2026\/03\/Lonza-3.png 460w, https:\/\/rapport-valais.ch\/wp-content\/uploads\/2026\/03\/Lonza-3-300x232.png 300w\" sizes=\"(max-width: 460px) 100vw, 460px\" \/>\t\t\t\t\t\t\t\t<\/a>\n\t\t\t\t\t\t\t\t\t\t\t\t\t\t\t<\/div>\n\t\t\t\t<\/div>\n\t\t\t\t<div class=\"elementor-element elementor-element-339ee41 animate-on-display elementor-widget elementor-widget-image\" data-id=\"339ee41\" data-element_type=\"widget\" data-e-type=\"widget\" data-widget_type=\"image.default\">\n\t\t\t\t<div class=\"elementor-widget-container\">\n\t\t\t\t\t\t\t\t\t\t\t\t\t\t\t\t<a href=\"https:\/\/www.regionalps.ch\/\" target=\"_blank\">\n\t\t\t\t\t\t\t<img loading=\"lazy\" decoding=\"async\" width=\"460\" height=\"355\" src=\"https:\/\/rapport-valais.ch\/wp-content\/uploads\/2026\/03\/RegionAlps-2.png\" class=\"attachment-large size-large wp-image-16880\" alt=\"\" srcset=\"https:\/\/rapport-valais.ch\/wp-content\/uploads\/2026\/03\/RegionAlps-2.png 460w, https:\/\/rapport-valais.ch\/wp-content\/uploads\/2026\/03\/RegionAlps-2-300x232.png 300w\" sizes=\"(max-width: 460px) 100vw, 460px\" \/>\t\t\t\t\t\t\t\t<\/a>\n\t\t\t\t\t\t\t\t\t\t\t\t\t\t\t<\/div>\n\t\t\t\t<\/div>\n\t\t\t\t<div class=\"elementor-element elementor-element-a4f198c animate-on-display elementor-widget elementor-widget-image\" data-id=\"a4f198c\" data-element_type=\"widget\" data-e-type=\"widget\" data-widget_type=\"image.default\">\n\t\t\t\t<div class=\"elementor-widget-container\">\n\t\t\t\t\t\t\t\t\t\t\t\t\t\t\t\t<a href=\"https:\/\/www.matterhorngotthardbahn.ch\/fr\/\" target=\"_blank\">\n\t\t\t\t\t\t\t<img loading=\"lazy\" decoding=\"async\" width=\"460\" height=\"355\" src=\"https:\/\/rapport-valais.ch\/wp-content\/uploads\/2026\/03\/MGBahn-1.png\" class=\"attachment-large size-large wp-image-16882\" alt=\"\" srcset=\"https:\/\/rapport-valais.ch\/wp-content\/uploads\/2026\/03\/MGBahn-1.png 460w, https:\/\/rapport-valais.ch\/wp-content\/uploads\/2026\/03\/MGBahn-1-300x232.png 300w\" sizes=\"(max-width: 460px) 100vw, 460px\" \/>\t\t\t\t\t\t\t\t<\/a>\n\t\t\t\t\t\t\t\t\t\t\t\t\t\t\t<\/div>\n\t\t\t\t<\/div>\n\t\t\t\t<div class=\"elementor-element elementor-element-e748894 animate-on-display elementor-widget elementor-widget-image\" data-id=\"e748894\" data-element_type=\"widget\" data-e-type=\"widget\" data-widget_type=\"image.default\">\n\t\t\t\t<div class=\"elementor-widget-container\">\n\t\t\t\t\t\t\t\t\t\t\t\t\t\t\t\t<a href=\"https:\/\/www.groupemutuel.ch\/fr\/clients-prives.html\" target=\"_blank\">\n\t\t\t\t\t\t\t<img loading=\"lazy\" decoding=\"async\" width=\"460\" height=\"355\" src=\"https:\/\/rapport-valais.ch\/wp-content\/uploads\/2026\/03\/Groupe-Mutuel-2.png\" class=\"attachment-large size-large wp-image-16861\" alt=\"\" srcset=\"https:\/\/rapport-valais.ch\/wp-content\/uploads\/2026\/03\/Groupe-Mutuel-2.png 460w, https:\/\/rapport-valais.ch\/wp-content\/uploads\/2026\/03\/Groupe-Mutuel-2-300x232.png 300w\" sizes=\"(max-width: 460px) 100vw, 460px\" \/>\t\t\t\t\t\t\t\t<\/a>\n\t\t\t\t\t\t\t\t\t\t\t\t\t\t\t<\/div>\n\t\t\t\t<\/div>\n\t\t\t\t\t<\/div>\n\t\t\t\t<\/div>\n\t\t\t\t\t<\/div>\n\t\t\t\t<\/div>\n\t\t<div class=\"elementor-element elementor-element-f5439d2 watch-on-display e-flex e-con-boxed e-con e-parent\" data-id=\"f5439d2\" data-element_type=\"container\" data-e-type=\"container\">\n\t\t\t\t\t<div class=\"e-con-inner\">\n\t\t<div class=\"elementor-element elementor-element-4d232b2 e-con-full e-flex e-con e-child\" data-id=\"4d232b2\" data-element_type=\"container\" data-e-type=\"container\">\n\t\t\t\t<div class=\"elementor-element elementor-element-a359341 animate-on-display elementor-widget elementor-widget-text-editor\" data-id=\"a359341\" data-element_type=\"widget\" data-e-type=\"widget\" data-widget_type=\"text-editor.default\">\n\t\t\t\t<div class=\"elementor-widget-container\">\n\t\t\t\t\t\t\t\t\t<div><img loading=\"lazy\" decoding=\"async\" class=\"alignleft\" src=\"https:\/\/rapport-valais.ch\/wp-content\/uploads\/2025\/03\/2025_UCI_MTB_WCH_LOGO_Valais_RGB_HOST-DESTINATION_stacked_POS-300x138.png\" alt=\"\" width=\"264\" height=\"122\" \/><p><strong>Championnats du monde Mountain Bike UCI 2025 en Valais.<\/strong><\/p><p>Le Valais vibrera au rythme du VTT en accueillant les Championnats du Monde de Mountain Bike UCI 2025. L\u2019organisation d\u2019un tel \u00e9v\u00e9nement d\u2019envergure internationale est une opportunit\u00e9 unique pour le Valais de se positionner comme destination v\u00e9lo\/VTT de r\u00e9f\u00e9rence et de promouvoir la pratique de ces deux activit\u00e9s aupr\u00e8s de la population. L\u2019occasion aussi pour Valais\/Wallis Promotion de continuer \u00e0 renforcer sa communication autour de la th\u00e9matique strat\u00e9gique du VTT.<\/p><\/div>\t\t\t\t\t\t\t\t<\/div>\n\t\t\t\t<\/div>\n\t\t\t\t<\/div>\n\t\t\t\t\t<\/div>\n\t\t\t\t<\/div>\n\t\t<div class=\"elementor-element elementor-element-b510da3 watch-on-display e-flex e-con-boxed e-con e-parent\" data-id=\"b510da3\" data-element_type=\"container\" data-e-type=\"container\">\n\t\t\t\t\t<div class=\"e-con-inner\">\n\t\t<div class=\"elementor-element elementor-element-4be61af e-con-full e-flex e-con e-child\" data-id=\"4be61af\" data-element_type=\"container\" data-e-type=\"container\">\n\t\t\t\t<div class=\"elementor-element elementor-element-229c031 animate-on-display elementor-widget elementor-widget-text-editor\" data-id=\"229c031\" data-element_type=\"widget\" data-e-type=\"widget\" data-widget_type=\"text-editor.default\">\n\t\t\t\t<div class=\"elementor-widget-container\">\n\t\t\t\t\t\t\t\t\t<p><img loading=\"lazy\" decoding=\"async\" class=\"alignright\" src=\"https:\/\/rapport-valais.ch\/wp-content\/uploads\/2026\/03\/Visual-Schaf-definitive-Version-300x300.png\" alt=\"\" width=\"171\" height=\"171\" \/><\/p><div><p><b>Le Valais, h\u00f4te d\u2019honneur de l\u2019OLMA 2025.<\/b><\/p><p>En 2024, le Conseil d\u2019\u00c9tat a confi\u00e9 \u00e0 Valais\/Wallis Promotion (VWP) le mandat de concevoir et de r\u00e9aliser l\u2019ensemble de la pr\u00e9sence du canton du Valais en tant qu\u2019h\u00f4te d\u2019honneur \u00e0 l\u2019OLMA 2025. Ce mandat comprend la planification strat\u00e9gique, l\u2019organisation et la coordination de toutes les activit\u00e9s li\u00e9es \u00e0 cette participation au plus grand salon suisse de l\u2019agriculture et de l\u2019alimentation. Par ce mandat, VWP vise \u00e0 positionner le Valais comme une r\u00e9gion innovante, \u00e9conomiquement forte et attractive sur le plan touristique, tout en g\u00e9n\u00e9rant un impact durable au-del\u00e0 de l\u2019OLMA.<\/p><\/div>\t\t\t\t\t\t\t\t<\/div>\n\t\t\t\t<\/div>\n\t\t\t\t<\/div>\n\t\t\t\t\t<\/div>\n\t\t\t\t<\/div>\n\t\t<div class=\"elementor-element elementor-element-e5b6bc6 watch-on-display e-flex e-con-boxed e-con e-parent\" data-id=\"e5b6bc6\" data-element_type=\"container\" data-e-type=\"container\">\n\t\t\t\t\t<div class=\"e-con-inner\">\n\t\t<div class=\"elementor-element elementor-element-dd951ea e-con-full e-flex e-con e-child\" data-id=\"dd951ea\" data-element_type=\"container\" data-e-type=\"container\">\n\t\t\t\t<div class=\"elementor-element elementor-element-d9797bc animate-on-display elementor-widget elementor-widget-text-editor\" data-id=\"d9797bc\" data-element_type=\"widget\" data-e-type=\"widget\" data-widget_type=\"text-editor.default\">\n\t\t\t\t<div class=\"elementor-widget-container\">\n\t\t\t\t\t\t\t\t\t<p><img loading=\"lazy\" decoding=\"async\" class=\"alignleft\" src=\"https:\/\/rapport-valais.ch\/wp-content\/uploads\/2026\/04\/Ski-WM-2027-Crans-Montana-300x170.png\" alt=\"\" width=\"241\" height=\"136\" \/><\/p><div><p><b>FIS Alpine World Ski Championships 2027, Crans-Montana.<\/b><\/p><p><span lang=\"DE-CH\">En 2025, Valais\/Wallis Promotion a d\u00e9fini, en collaboration avec des partenaires nationaux et r\u00e9gionaux, les contours des campagnes de communication li\u00e9es aux Championnats du monde FIS de ski alpin 2027 \u00e0 Crans-Montana. L\u2019objectif \u00e9tant d\u2019exploiter de mani\u00e8re cibl\u00e9e les opportunit\u00e9s offertes par cet \u00e9v\u00e9nement majeur pour promouvoir le Valais, ses produits r\u00e9gionaux et ses activit\u00e9s hivernales \u00e0 l\u2019\u00e9chelle nationale et internationale. Les mesures pr\u00e9vues seront mises en \u0153uvre en \u00e9troite collaboration avec les organisateurs, Swiss-Ski et d\u2019autres partenaires.<\/span><\/p><\/div>\t\t\t\t\t\t\t\t<\/div>\n\t\t\t\t<\/div>\n\t\t\t\t<\/div>\n\t\t\t\t\t<\/div>\n\t\t\t\t<\/div>\n\t\t<div class=\"elementor-element elementor-element-657714e watch-on-display e-flex e-con-boxed e-con e-parent\" data-id=\"657714e\" data-element_type=\"container\" data-e-type=\"container\">\n\t\t\t\t\t<div class=\"e-con-inner\">\n\t\t<div class=\"elementor-element elementor-element-6bc29dd e-con-full e-flex e-con e-child\" data-id=\"6bc29dd\" data-element_type=\"container\" data-e-type=\"container\">\n\t\t\t\t<div class=\"elementor-element elementor-element-af9bbf5 animate-on-display elementor-widget elementor-widget-text-editor\" data-id=\"af9bbf5\" data-element_type=\"widget\" data-e-type=\"widget\" data-widget_type=\"text-editor.default\">\n\t\t\t\t<div class=\"elementor-widget-container\">\n\t\t\t\t\t\t\t\t\t<p><img loading=\"lazy\" decoding=\"async\" class=\"alignright\" src=\"https:\/\/rapport-valais.ch\/wp-content\/uploads\/2026\/04\/Mobility-Ticketjpg-300x200.jpg\" alt=\"\" width=\"228\" height=\"152\" \/><strong>Mobility Ticket.<\/strong><\/p><div><p>Valais\/Wallis Promotion a lanc\u00e9 le projet \u00ab Mobility Ticket \u00bb en 2025. Cette offre vise \u00e0 permettre aux visiteurs venant de Suisse de b\u00e9n\u00e9ficier d\u2019un trajet aller-retour gratuit en transports publics pour tout s\u00e9jour d\u2019au moins deux nuit\u00e9e Ce projet est le fruit d\u2019une \u00e9troite collaboration avec la Regional Tourism Alliance, l\u2019Association h\u00f4teli\u00e8re du Valais, l\u2019Alliance SwissPass, l\u2019Union des Transports Publics du Valais, la Haute \u00e9cole sp\u00e9cialis\u00e9e HES-SO Valais-Wallis, la HCommunity, l\u2019Agenda 2030 ainsi que le Service de la mobilit\u00e9 (SDM) et le Service de l\u2019\u00e9conomie, du tourisme et de l\u2019innovation (SETI) du canton du Valais. Le lancement de cette offre est pr\u00e9vu pour 2026.<\/p><\/div>\t\t\t\t\t\t\t\t<\/div>\n\t\t\t\t<\/div>\n\t\t\t\t<\/div>\n\t\t\t\t\t<\/div>\n\t\t\t\t<\/div>\n\t\t<div class=\"elementor-element elementor-element-e3da1d0 watch-on-display e-flex e-con-boxed e-con e-parent\" data-id=\"e3da1d0\" data-element_type=\"container\" data-e-type=\"container\">\n\t\t\t\t\t<div class=\"e-con-inner\">\n\t\t<div class=\"elementor-element elementor-element-8b35266 e-con-full e-flex e-con e-child\" data-id=\"8b35266\" data-element_type=\"container\" data-e-type=\"container\">\n\t\t\t\t<div class=\"elementor-element elementor-element-7f9cd3b animate-on-display elementor-widget elementor-widget-text-editor\" data-id=\"7f9cd3b\" data-element_type=\"widget\" data-e-type=\"widget\" data-widget_type=\"text-editor.default\">\n\t\t\t\t<div class=\"elementor-widget-container\">\n\t\t\t\t\t\t\t\t\t<p><img loading=\"lazy\" decoding=\"async\" class=\"alignleft\" src=\"https:\/\/rapport-valais.ch\/wp-content\/uploads\/2026\/04\/Pass13-300x168.jpg\" alt=\"\" width=\"259\" height=\"145\" \/><\/p><div><p><strong>PASS 13*.<\/strong><\/p><p>Le PASS 13* est un cr\u00e9dit de transport public valable sur le territoire valaisan \u00e0 utiliser avec l\u2019application FAIRTIQ. L\u2019objectif\u00a0 est d\u2019offrir \u00e0 la population valaisanne un titre de transport attractif et flexible qui puisse r\u00e9pondre \u00e0 diff\u00e9rents besoins et encourager l\u2019utilisation des transports publics.<\/p><\/div>\t\t\t\t\t\t\t\t<\/div>\n\t\t\t\t<\/div>\n\t\t\t\t<\/div>\n\t\t\t\t\t<\/div>\n\t\t\t\t<\/div>\n\t\t<div class=\"elementor-element elementor-element-4d86829d watch-on-display e-flex e-con-boxed e-con e-parent\" data-id=\"4d86829d\" data-element_type=\"container\" data-e-type=\"container\" data-settings=\"{&quot;animation&quot;:&quot;none&quot;,&quot;animation_delay&quot;:20}\">\n\t\t\t\t\t<div class=\"e-con-inner\">\n\t\t\t\t<div class=\"elementor-element elementor-element-28ab0f9c animate-on-display elementor-widget elementor-widget-heading\" data-id=\"28ab0f9c\" data-element_type=\"widget\" data-e-type=\"widget\" id=\"commercialisation\" data-widget_type=\"heading.default\">\n\t\t\t\t<div class=\"elementor-widget-container\">\n\t\t\t\t\t<h2 class=\"elementor-heading-title elementor-size-default\">Commercialisation.<\/h2>\t\t\t\t<\/div>\n\t\t\t\t<\/div>\n\t\t\t\t<div class=\"elementor-element elementor-element-7a2a492 animate-on-display elementor-widget elementor-widget-heading\" data-id=\"7a2a492\" data-element_type=\"widget\" data-e-type=\"widget\" id=\"strategie\" data-widget_type=\"heading.default\">\n\t\t\t\t<div class=\"elementor-widget-container\">\n\t\t\t\t\t<h3 class=\"elementor-heading-title elementor-size-default\">Strat\u00e9gie de l'offre.<\/h3>\t\t\t\t<\/div>\n\t\t\t\t<\/div>\n\t\t\t\t<div class=\"elementor-element elementor-element-4cbd307c animate-on-display elementor-widget elementor-widget-text-editor\" data-id=\"4cbd307c\" data-element_type=\"widget\" data-e-type=\"widget\" data-widget_type=\"text-editor.default\">\n\t\t\t\t<div class=\"elementor-widget-container\">\n\t\t\t\t\t\t\t\t\t<div><span lang=\"DE-CH\">Pour avoir du succ\u00e8s, il faut assurer la disponibilit\u00e9, la qualit\u00e9 et les prix des produits\/exp\u00e9riences sur la place de march\u00e9 digitale valaisanne B2C et B2B ainsi que leur ad\u00e9quation aux attentes du march\u00e9. Une professionalisation de l\u2019offre a \u00e9t\u00e9 r\u00e9alis\u00e9e afin de cr\u00e9er des offres attrayantes et de grande valeur, orient\u00e9es vers les besoins des clients, et de les \u00e9tablir en Valais dans le cadre d\u2019une collaboration commune.<\/span><\/div>\t\t\t\t\t\t\t\t<\/div>\n\t\t\t\t<\/div>\n\t\t\t\t\t<\/div>\n\t\t\t\t<\/div>\n\t\t<div class=\"elementor-element elementor-element-294430cf watch-on-display e-flex e-con-boxed e-con e-parent\" data-id=\"294430cf\" data-element_type=\"container\" data-e-type=\"container\">\n\t\t\t\t\t<div class=\"e-con-inner\">\n\t\t<div class=\"elementor-element elementor-element-714c72df e-flex e-con-boxed e-con e-child\" data-id=\"714c72df\" data-element_type=\"container\" data-e-type=\"container\">\n\t\t\t\t\t<div class=\"e-con-inner\">\n\t\t\t\t<div class=\"elementor-element elementor-element-27e106f4 animate-on-display elementor-widget elementor-widget-heading\" data-id=\"27e106f4\" data-element_type=\"widget\" data-e-type=\"widget\" id=\"b2c\" data-widget_type=\"heading.default\">\n\t\t\t\t<div class=\"elementor-widget-container\">\n\t\t\t\t\t<h3 class=\"elementor-heading-title elementor-size-default\">B2C.<\/h3>\t\t\t\t<\/div>\n\t\t\t\t<\/div>\n\t\t\t\t<div class=\"elementor-element elementor-element-27ced593 animate-on-display elementor-widget elementor-widget-text-editor\" data-id=\"27ced593\" data-element_type=\"widget\" data-e-type=\"widget\" data-widget_type=\"text-editor.default\">\n\t\t\t\t<div class=\"elementor-widget-container\">\n\t\t\t\t\t\t\t\t\t<p>La place de march\u00e9 digitale a fait l\u2019objet d\u2019un d\u00e9veloppement et d\u2019une optimisation cibl\u00e9s en 2025. L\u2019objectif \u00e9tant de renforcer l\u2019offre et d\u2019am\u00e9liorer encore l\u2019exp\u00e9rience client.\u00a0<\/p><p>Un nouveau programme de fid\u00e9lit\u00e9 \u00e0 plusieurs niveaux a \u00e9t\u00e9 mis en place dans le cadre d\u2019une phase d\u2019essai. Il r\u00e9compense les achats r\u00e9guliers par des avantages int\u00e9ressants tout en int\u00e9grant des \u00e9l\u00e9ments de la culture valaisanne, la m\u00e9canique de progression s\u2019inspirant d\u2019une vache de la race d\u2019H\u00e9rens.\u00a0<\/p><p>Quant \u00e0 la rubrique \u00ab Activit\u00e9s \u00bb, elle contient d\u00e9sormais des crit\u00e8res de qualit\u00e9 clairs qui permettent une s\u00e9lection cibl\u00e9e et transparente, ce qui rend l\u2019offre plus lisible et plus coh\u00e9rente.\u00a0<\/p><p>Le PASS 13* a \u00e9t\u00e9 remis en vente \u00e0 partir du second semestre, cette fois-ci de mani\u00e8re permanente.\u00a0<\/p><p>Un nouveau White Label Shop a \u00e9galement \u00e9t\u00e9 d\u00e9velopp\u00e9 en collaboration avec Nendaz Tourisme. Lanc\u00e9 \u00e0 la fin 2025, le projet sera mis en ligne en 2026.<\/p>\t\t\t\t\t\t\t\t<\/div>\n\t\t\t\t<\/div>\n\t\t<div class=\"elementor-element elementor-element-77a33747 e-grid e-con-boxed e-con e-child\" data-id=\"77a33747\" data-element_type=\"container\" data-e-type=\"container\" data-settings=\"{&quot;background_background&quot;:&quot;classic&quot;}\">\n\t\t\t\t\t<div class=\"e-con-inner\">\n\t\t<div class=\"elementor-element elementor-element-2caefd1b animate-on-display e-flex e-con-boxed e-con e-child\" data-id=\"2caefd1b\" data-element_type=\"container\" data-e-type=\"container\" data-settings=\"{&quot;background_background&quot;:&quot;classic&quot;}\">\n\t\t\t\t\t<div class=\"e-con-inner\">\n\t\t\t\t<div class=\"elementor-element elementor-element-189dbec3 elementor-widget elementor-widget-heading\" data-id=\"189dbec3\" data-element_type=\"widget\" data-e-type=\"widget\" data-widget_type=\"heading.default\">\n\t\t\t\t<div class=\"elementor-widget-container\">\n\t\t\t\t\t<h3 class=\"elementor-heading-title elementor-size-default\">CHF 1'012\u2019625<\/h3>\t\t\t\t<\/div>\n\t\t\t\t<\/div>\n\t\t\t\t<div class=\"elementor-element elementor-element-6c13b127 elementor-widget elementor-widget-text-editor\" data-id=\"6c13b127\" data-element_type=\"widget\" data-e-type=\"widget\" data-widget_type=\"text-editor.default\">\n\t\t\t\t<div class=\"elementor-widget-container\">\n\t\t\t\t\t\t\t\t\t<div><span lang=\"DE-CH\">Chiffre d&rsquo;affaires B2C<\/span><\/div><p>+69% vs. 2024<\/p>\t\t\t\t\t\t\t\t<\/div>\n\t\t\t\t<\/div>\n\t\t\t\t\t<\/div>\n\t\t\t\t<\/div>\n\t\t\t\t\t<\/div>\n\t\t\t\t<\/div>\n\t\t\t\t\t<\/div>\n\t\t\t\t<\/div>\n\t\t\t\t\t<\/div>\n\t\t\t\t<\/div>\n\t\t<div class=\"elementor-element elementor-element-11c77b03 watch-on-display e-flex e-con-boxed e-con e-parent\" data-id=\"11c77b03\" data-element_type=\"container\" data-e-type=\"container\" data-settings=\"{&quot;animation&quot;:&quot;none&quot;,&quot;animation_delay&quot;:20}\">\n\t\t\t\t\t<div class=\"e-con-inner\">\n\t\t\t\t<div class=\"elementor-element elementor-element-6e8facfd animate-on-display elementor-widget elementor-widget-heading\" data-id=\"6e8facfd\" data-element_type=\"widget\" data-e-type=\"widget\" data-widget_type=\"heading.default\">\n\t\t\t\t<div class=\"elementor-widget-container\">\n\t\t\t\t\t<h4 class=\"elementor-heading-title elementor-size-default\">CA par cat\u00e9gories de produits<\/h4>\t\t\t\t<\/div>\n\t\t\t\t<\/div>\n\t\t\t\t<div class=\"elementor-element elementor-element-405c458 animate-on-display elementor-widget elementor-widget-valdev-bar-chart\" data-id=\"405c458\" data-element_type=\"widget\" data-e-type=\"widget\" data-widget_type=\"valdev-bar-chart.default\">\n\t\t\t\t<div class=\"elementor-widget-container\">\n\t\t\t\t\t\r\n        <canvas class=\"valdev-bar\" id=\"valdev-bar-405c458\"><\/canvas>\r\n\r\n                    <script>\r\n                document.addEventListener(\"DOMContentLoaded\", () => {\r\n                    let data = [{\"libelle\":\"Forfaits de ski\",\"valeur\":581537,\"_id\":\"0d6870b\"},{\"libelle\":\"Bon\",\"valeur\":95666,\"_id\":\"ed7cef9\"},{\"libelle\":\"H\\u00e9bergements\",\"valeur\":87215,\"_id\":\"c8bcadc\"},{\"libelle\":\"PASS 13* \",\"valeur\":56923,\"_id\":\"9fc8876\"},{\"libelle\":\"Activit\\u00e9s\",\"_id\":\"43cbcfa\",\"valeur\":98421},{\"libelle\":\"Mobilit\\u00e9\",\"valeur\":82636,\"_id\":\"27c4a18\"},{\"libelle\":\"Autre\",\"valeur\":10225,\"_id\":\"abc65e8\"}];\r\n                    let element = document.getElementById('valdev-bar-405c458');\r\n                    let created = false;\r\n                    document.addEventListener(\"scroll\", () => {\r\n                        if (!created) {\r\n                            let rect = element.getBoundingClientRect();\r\n                            let elemTop = rect.top;\r\n                            let elemBottom = rect.bottom;\r\n                            let isVisible = (elemTop >= 0) && (elemBottom <= window.innerHeight);\r\n                            if (isVisible) {\r\n                                created = true;\r\n                                createChart();\r\n                            }\r\n                        }\r\n                    })\r\n                    const createChart = () => {\r\n                        new Chart(element, {\r\n                            type: 'bar',\r\n                            data: {\r\n                                labels: data.map(row => row.libelle),\r\n                                datasets: [{\r\n                                    backgroundColor: 'rgba(211, 48, 41, 1)',\r\n                                    data: data.map(row => row.valeur)\r\n                                }]\r\n                            },\r\n                            options: {\r\n                                responsive: true,\r\n                                plugins: {\r\n                                    legend: {\r\n                                        display: false\r\n                                    }\r\n                                }\r\n                            }\r\n                        });\r\n                    }\r\n\r\n                });\r\n            <\/script>\r\n        \r\n\t\t\t\t<\/div>\n\t\t\t\t<\/div>\n\t\t\t\t\t<\/div>\n\t\t\t\t<\/div>\n\t\t<div class=\"elementor-element elementor-element-67733976 watch-on-display e-flex e-con-boxed e-con e-parent\" data-id=\"67733976\" data-element_type=\"container\" data-e-type=\"container\">\n\t\t\t\t\t<div class=\"e-con-inner\">\n\t\t<div class=\"elementor-element elementor-element-6fe3542e e-flex e-con-boxed e-con e-child\" data-id=\"6fe3542e\" data-element_type=\"container\" data-e-type=\"container\">\n\t\t\t\t\t<div class=\"e-con-inner\">\n\t\t\t\t<div class=\"elementor-element elementor-element-ca30266 animate-on-display elementor-widget elementor-widget-heading\" data-id=\"ca30266\" data-element_type=\"widget\" data-e-type=\"widget\" id=\"white-label\" data-widget_type=\"heading.default\">\n\t\t\t\t<div class=\"elementor-widget-container\">\n\t\t\t\t\t<h3 class=\"elementor-heading-title elementor-size-default\">White Label.<\/h3>\t\t\t\t<\/div>\n\t\t\t\t<\/div>\n\t\t\t\t<div class=\"elementor-element elementor-element-9afc9f8 animate-on-display elementor-widget elementor-widget-text-editor\" data-id=\"9afc9f8\" data-element_type=\"widget\" data-e-type=\"widget\" data-widget_type=\"text-editor.default\">\n\t\t\t\t<div class=\"elementor-widget-container\">\n\t\t\t\t\t\t\t\t\t<div><span lang=\"DE-CH\">Avec le White Label Shop, les organisations touristiques valaisannes disposent d\u2019une solution int\u00e9ressante pour int\u00e9grer en peu de temps, \u00e0 des conditions attrayantes, une plateforme de distribution e-commerce sur leur site Internet.<\/span><\/div>\t\t\t\t\t\t\t\t<\/div>\n\t\t\t\t<\/div>\n\t\t<div class=\"elementor-element elementor-element-340fbf0 e-grid e-con-boxed e-con e-child\" data-id=\"340fbf0\" data-element_type=\"container\" data-e-type=\"container\" data-settings=\"{&quot;background_background&quot;:&quot;classic&quot;}\">\n\t\t\t\t\t<div class=\"e-con-inner\">\n\t\t<div class=\"elementor-element elementor-element-6057901 e-transform animate-on-display e-flex e-con-boxed e-con e-child\" data-id=\"6057901\" data-element_type=\"container\" data-e-type=\"container\" data-settings=\"{&quot;background_background&quot;:&quot;classic&quot;,&quot;_transform_scale_effect_hover&quot;:{&quot;unit&quot;:&quot;px&quot;,&quot;size&quot;:1.02,&quot;sizes&quot;:[]},&quot;_transform_scale_effect_hover_tablet&quot;:{&quot;unit&quot;:&quot;px&quot;,&quot;size&quot;:&quot;&quot;,&quot;sizes&quot;:[]},&quot;_transform_scale_effect_hover_mobile&quot;:{&quot;unit&quot;:&quot;px&quot;,&quot;size&quot;:&quot;&quot;,&quot;sizes&quot;:[]}}\">\n\t\t\t\t\t<div class=\"e-con-inner\">\n\t\t<div class=\"elementor-element elementor-element-15281755 animate-on-display e-flex e-con-boxed e-con e-child\" data-id=\"15281755\" data-element_type=\"container\" data-e-type=\"container\" data-settings=\"{&quot;background_background&quot;:&quot;classic&quot;}\">\n\t\t\t\t\t<div class=\"e-con-inner\">\n\t\t\t\t<div class=\"elementor-element elementor-element-fc6f8ce elementor-widget elementor-widget-heading\" data-id=\"fc6f8ce\" data-element_type=\"widget\" data-e-type=\"widget\" data-widget_type=\"heading.default\">\n\t\t\t\t<div class=\"elementor-widget-container\">\n\t\t\t\t\t<h3 class=\"elementor-heading-title elementor-size-default\">CHF 1'324'194<\/h3>\t\t\t\t<\/div>\n\t\t\t\t<\/div>\n\t\t\t\t<div class=\"elementor-element elementor-element-7669f65f elementor-widget elementor-widget-text-editor\" data-id=\"7669f65f\" data-element_type=\"widget\" data-e-type=\"widget\" data-widget_type=\"text-editor.default\">\n\t\t\t\t<div class=\"elementor-widget-container\">\n\t\t\t\t\t\t\t\t\t<div><span lang=\"DE-CH\">Chiffres d&rsquo;affaires White Label Shop<\/span><\/div><p>-19,5% vs. 2024<\/p>\t\t\t\t\t\t\t\t<\/div>\n\t\t\t\t<\/div>\n\t\t\t\t\t<\/div>\n\t\t\t\t<\/div>\n\t\t\t\t\t<\/div>\n\t\t\t\t<\/div>\n\t\t\t\t\t<\/div>\n\t\t\t\t<\/div>\n\t\t\t\t\t<\/div>\n\t\t\t\t<\/div>\n\t\t\t\t\t<\/div>\n\t\t\t\t<\/div>\n\t\t<div class=\"elementor-element elementor-element-332d803 watch-on-display e-flex e-con-boxed e-con e-parent\" data-id=\"332d803\" data-element_type=\"container\" data-e-type=\"container\">\n\t\t\t\t\t<div class=\"e-con-inner\">\n\t\t<div class=\"elementor-element elementor-element-7b1067b e-flex e-con-boxed e-con e-child\" data-id=\"7b1067b\" data-element_type=\"container\" data-e-type=\"container\">\n\t\t\t\t\t<div class=\"e-con-inner\">\n\t\t\t\t<div class=\"elementor-element elementor-element-fa8f155 animate-on-display elementor-widget elementor-widget-heading\" data-id=\"fa8f155\" data-element_type=\"widget\" data-e-type=\"widget\" id=\"b2b\" data-widget_type=\"heading.default\">\n\t\t\t\t<div class=\"elementor-widget-container\">\n\t\t\t\t\t<h3 class=\"elementor-heading-title elementor-size-default\">B2B.<\/h3>\t\t\t\t<\/div>\n\t\t\t\t<\/div>\n\t\t\t\t<div class=\"elementor-element elementor-element-dc93a65 animate-on-display elementor-widget elementor-widget-text-editor\" data-id=\"dc93a65\" data-element_type=\"widget\" data-e-type=\"widget\" data-widget_type=\"text-editor.default\">\n\t\t\t\t<div class=\"elementor-widget-container\">\n\t\t\t\t\t\t\t\t\t<p style=\"font-weight: 400;\">Depuis ao\u00fbt 2018, la Matterhorn Region AG (MRAG) dispose d\u2019une place de march\u00e9 num\u00e9rique d\u00e9di\u00e9e \u00e0 la client\u00e8le professionnelle du secteur du voyage (B2B). Cette plateforme permet la commercialisation, la distribution et la vente de produits et services valaisans.<\/p>\t\t\t\t\t\t\t\t<\/div>\n\t\t\t\t<\/div>\n\t\t<div class=\"elementor-element elementor-element-bfe7eb3 e-grid e-con-boxed e-con e-child\" data-id=\"bfe7eb3\" data-element_type=\"container\" data-e-type=\"container\" data-settings=\"{&quot;background_background&quot;:&quot;classic&quot;}\">\n\t\t\t\t\t<div class=\"e-con-inner\">\n\t\t<div class=\"elementor-element elementor-element-cc66166 animate-on-display e-con-full e-flex e-con e-child\" data-id=\"cc66166\" data-element_type=\"container\" data-e-type=\"container\" data-settings=\"{&quot;background_background&quot;:&quot;classic&quot;}\">\n\t\t\t\t<div class=\"elementor-element elementor-element-505c484 elementor-widget elementor-widget-heading\" data-id=\"505c484\" data-element_type=\"widget\" data-e-type=\"widget\" data-widget_type=\"heading.default\">\n\t\t\t\t<div class=\"elementor-widget-container\">\n\t\t\t\t\t<h3 class=\"elementor-heading-title elementor-size-default\">CHF 3\u2019113\u2019500<\/h3>\t\t\t\t<\/div>\n\t\t\t\t<\/div>\n\t\t\t\t<div class=\"elementor-element elementor-element-e3d78cf elementor-widget elementor-widget-text-editor\" data-id=\"e3d78cf\" data-element_type=\"widget\" data-e-type=\"widget\" data-widget_type=\"text-editor.default\">\n\t\t\t\t<div class=\"elementor-widget-container\">\n\t\t\t\t\t\t\t\t\t<div><span lang=\"DE-CH\">Chiffre d&rsquo;affaires B2B <\/span><\/div><p>-8,6% vs. 2024<\/p>\t\t\t\t\t\t\t\t<\/div>\n\t\t\t\t<\/div>\n\t\t\t\t<\/div>\n\t\t\t\t\t<\/div>\n\t\t\t\t<\/div>\n\t\t\t\t\t<\/div>\n\t\t\t\t<\/div>\n\t\t\t\t\t<\/div>\n\t\t\t\t<\/div>\n\t\t<div class=\"elementor-element elementor-element-1765c43b e-flex e-con-boxed e-con e-parent\" data-id=\"1765c43b\" data-element_type=\"container\" data-e-type=\"container\">\n\t\t\t\t\t<div class=\"e-con-inner\">\n\t\t<div class=\"elementor-element elementor-element-1b6ec57b e-flex e-con-boxed e-con e-child\" data-id=\"1b6ec57b\" data-element_type=\"container\" data-e-type=\"container\" data-settings=\"{&quot;background_background&quot;:&quot;classic&quot;,&quot;background_motion_fx_motion_fx_scrolling&quot;:&quot;yes&quot;,&quot;background_motion_fx_translateY_effect&quot;:&quot;yes&quot;,&quot;background_motion_fx_translateY_speed&quot;:{&quot;unit&quot;:&quot;px&quot;,&quot;size&quot;:2,&quot;sizes&quot;:[]},&quot;background_motion_fx_translateY_affectedRange&quot;:{&quot;unit&quot;:&quot;%&quot;,&quot;size&quot;:&quot;&quot;,&quot;sizes&quot;:{&quot;start&quot;:0,&quot;end&quot;:100}},&quot;background_motion_fx_devices&quot;:[&quot;desktop&quot;,&quot;tablet&quot;,&quot;mobile&quot;]}\">\n\t\t\t\t\t<div class=\"e-con-inner\">\n\t\t\t\t\t<\/div>\n\t\t\t\t<\/div>\n\t\t<div class=\"elementor-element elementor-element-799d23a4 e-con-full e-flex e-con e-child\" data-id=\"799d23a4\" data-element_type=\"container\" data-e-type=\"container\">\n\t\t<div class=\"elementor-element elementor-element-43b040f4 e-con-full watch-on-display e-flex e-con e-child\" data-id=\"43b040f4\" data-element_type=\"container\" data-e-type=\"container\" data-settings=\"{&quot;background_background&quot;:&quot;classic&quot;,&quot;position&quot;:&quot;absolute&quot;}\">\n\t\t\t\t<div class=\"elementor-element elementor-element-1bb2c7d5 animate-on-display elementor-widget elementor-widget-heading\" data-id=\"1bb2c7d5\" data-element_type=\"widget\" data-e-type=\"widget\" id=\"boutique\" data-widget_type=\"heading.default\">\n\t\t\t\t<div class=\"elementor-widget-container\">\n\t\t\t\t\t<h3 class=\"elementor-heading-title elementor-size-default\">Boutique.<\/h3>\t\t\t\t<\/div>\n\t\t\t\t<\/div>\n\t\t\t\t<div class=\"elementor-element elementor-element-27f3b153 animate-on-display elementor-widget elementor-widget-text-editor\" data-id=\"27f3b153\" data-element_type=\"widget\" data-e-type=\"widget\" data-widget_type=\"text-editor.default\">\n\t\t\t\t<div class=\"elementor-widget-container\">\n\t\t\t\t\t\t\t\t\t<div>Depuis juillet 2021, VWP dispose de sa boutique officielle de merchandising. Sur cette plateforme, les fans et amoureux du canton peuvent se procurer des v\u00eatements, des accessoires, et bien d\u2019autres objets du quotidien.<\/div>\t\t\t\t\t\t\t\t<\/div>\n\t\t\t\t<\/div>\n\t\t<div class=\"elementor-element elementor-element-0a3edd7 e-transform animate-on-display e-con-full e-flex e-con e-child\" data-id=\"0a3edd7\" data-element_type=\"container\" data-e-type=\"container\" data-settings=\"{&quot;background_background&quot;:&quot;classic&quot;,&quot;_transform_scale_effect_hover&quot;:{&quot;unit&quot;:&quot;px&quot;,&quot;size&quot;:1.02,&quot;sizes&quot;:[]},&quot;_transform_scale_effect_hover_tablet&quot;:{&quot;unit&quot;:&quot;px&quot;,&quot;size&quot;:&quot;&quot;,&quot;sizes&quot;:[]},&quot;_transform_scale_effect_hover_mobile&quot;:{&quot;unit&quot;:&quot;px&quot;,&quot;size&quot;:&quot;&quot;,&quot;sizes&quot;:[]}}\">\n\t\t<div class=\"elementor-element elementor-element-08d8087 animate-on-display e-flex e-con-boxed e-con e-child\" data-id=\"08d8087\" data-element_type=\"container\" data-e-type=\"container\" data-settings=\"{&quot;background_background&quot;:&quot;classic&quot;}\">\n\t\t\t\t\t<div class=\"e-con-inner\">\n\t\t\t\t<div class=\"elementor-element elementor-element-86f97f1 elementor-widget elementor-widget-heading\" data-id=\"86f97f1\" data-element_type=\"widget\" data-e-type=\"widget\" data-widget_type=\"heading.default\">\n\t\t\t\t<div class=\"elementor-widget-container\">\n\t\t\t\t\t<h3 class=\"elementor-heading-title elementor-size-default\">CHF 126'095<\/h3>\t\t\t\t<\/div>\n\t\t\t\t<\/div>\n\t\t\t\t<div class=\"elementor-element elementor-element-8531081 elementor-widget elementor-widget-text-editor\" data-id=\"8531081\" data-element_type=\"widget\" data-e-type=\"widget\" data-widget_type=\"text-editor.default\">\n\t\t\t\t<div class=\"elementor-widget-container\">\n\t\t\t\t\t\t\t\t\t<div><span lang=\"DE-CH\">Chiffre d&rsquo;affaires merchandising<\/span><br \/>+76% vs. 2024<\/div>\t\t\t\t\t\t\t\t<\/div>\n\t\t\t\t<\/div>\n\t\t\t\t\t<\/div>\n\t\t\t\t<\/div>\n\t\t\t\t<\/div>\n\t\t\t\t<div class=\"elementor-element elementor-element-231a44c7 animate-on-display elementor-widget elementor-widget-button\" data-id=\"231a44c7\" data-element_type=\"widget\" data-e-type=\"widget\" data-widget_type=\"button.default\">\n\t\t\t\t<div class=\"elementor-widget-container\">\n\t\t\t\t\t\t\t\t\t<div class=\"elementor-button-wrapper\">\n\t\t\t\t\t<a class=\"elementor-button elementor-button-link elementor-size-md\" href=\"https:\/\/www.valais.ch\/fr\/shop\/recommandations\/merchandising\" target=\"_blank\">\n\t\t\t\t\t\t<span class=\"elementor-button-content-wrapper\">\n\t\t\t\t\t\t<span class=\"elementor-button-icon\">\n\t\t\t\t<svg xmlns=\"http:\/\/www.w3.org\/2000\/svg\" id=\"Calque_1\" data-name=\"Calque 1\" viewBox=\"0 0 114.5 114.5\"><defs><style>.cls-1{fill:#fafafa;}.cls-2{fill:#a8091a;}<\/style><\/defs><path class=\"cls-1\" d=\"M57.25,0A57.25,57.25,0,1,0,114.5,57.25,57.25,57.25,0,0,0,57.25,0Zm-6.1,77.9a2.6,2.6,0,0,1-3.68-3.68l17-17-17-17a2.6,2.6,0,0,1,3.68-3.68L71.8,57.25Z\"><\/path><path class=\"cls-2\" d=\"M47.47,36.6a2.6,2.6,0,0,0,0,3.68l17,17-17,17a2.6,2.6,0,0,0,3.68,3.68L71.8,57.25,51.15,36.6A2.6,2.6,0,0,0,47.47,36.6Z\"><\/path><\/svg>\t\t\t<\/span>\n\t\t\t\t\t\t\t\t\t<span class=\"elementor-button-text\">Visiter la boutique<\/span>\n\t\t\t\t\t<\/span>\n\t\t\t\t\t<\/a>\n\t\t\t\t<\/div>\n\t\t\t\t\t\t\t\t<\/div>\n\t\t\t\t<\/div>\n\t\t\t\t<\/div>\n\t\t\t\t<\/div>\n\t\t\t\t\t<\/div>\n\t\t\t\t<\/div>\n\t\t<div class=\"elementor-element elementor-element-79ea3d29 watch-on-display e-flex e-con-boxed e-con e-parent\" data-id=\"79ea3d29\" data-element_type=\"container\" data-e-type=\"container\" data-settings=\"{&quot;animation&quot;:&quot;none&quot;,&quot;animation_delay&quot;:20}\">\n\t\t\t\t\t<div class=\"e-con-inner\">\n\t\t\t\t<div class=\"elementor-element elementor-element-58692448 animate-on-display elementor-widget elementor-widget-heading\" data-id=\"58692448\" data-element_type=\"widget\" data-e-type=\"widget\" id=\"marches\" data-widget_type=\"heading.default\">\n\t\t\t\t<div class=\"elementor-widget-container\">\n\t\t\t\t\t<h2 class=\"elementor-heading-title elementor-size-default\">Activit\u00e9s sur les march\u00e9s.<\/h2>\t\t\t\t<\/div>\n\t\t\t\t<\/div>\n\t\t\t\t<div class=\"elementor-element elementor-element-80d2211 animate-on-display elementor-widget elementor-widget-heading\" data-id=\"80d2211\" data-element_type=\"widget\" data-e-type=\"widget\" id=\"marches-proximite\" data-widget_type=\"heading.default\">\n\t\t\t\t<div class=\"elementor-widget-container\">\n\t\t\t\t\t<h3 class=\"elementor-heading-title elementor-size-default\">March\u00e9s europ\u00e9ens.<\/h3>\t\t\t\t<\/div>\n\t\t\t\t<\/div>\n\t\t\t\t<div class=\"elementor-element elementor-element-eda1e77 animate-on-display elementor-widget elementor-widget-text-editor\" data-id=\"eda1e77\" data-element_type=\"widget\" data-e-type=\"widget\" data-widget_type=\"text-editor.default\">\n\t\t\t\t<div class=\"elementor-widget-container\">\n\t\t\t\t\t\t\t\t\t<p style=\"font-weight: 400;\">Le travail des march\u00e9s de proximit\u00e9 s\u2019articule principalement autour du digital. L\u2019approche varie en fonction des march\u00e9s prospect\u00e9s. Globalement, les clients r\u00e9servent directement leurs offres. C\u2019est pourquoi l\u2019accent est mis sur des campagnes th\u00e9matiques avec un m\u00e9lange d\u2019activit\u00e9s marketing. Cela nous permet non seulement d\u2019augmenter notre notori\u00e9t\u00e9, mais surtout de s\u2019adresser directement aux clients pour les inciter \u00e0 venir en Valais. En Allemagne, au Royaume-Uni et en Irlande, les r\u00e9servations par l\u2019interm\u00e9diaire de tour-op\u00e9rateurs sont plus fr\u00e9quentes. Les contacts B2B jouent donc \u00e9galement un r\u00f4le important dans le travail de ces march\u00e9s.<\/p><p style=\"font-weight: 400;\">Au niveau des activations, des campagnes th\u00e9matiques sont organis\u00e9es selon la saison avec des approches sp\u00e9cifiques adapt\u00e9es \u00e0 chaque march\u00e9. De mani\u00e8re g\u00e9n\u00e9rale, les h\u00f4tes europ\u00e9ens repr\u00e9sentent un fort potentiel pour le d\u00e9veloppement du tourisme quatre saisons en Valais. C\u2019est pourquoi ces campagnes sont d\u00e9ploy\u00e9es \u00e0 la fois sur l\u2019\u00e9t\u00e9 et l\u2019hiver, mais \u00e9galement sur l\u2019automne. Dans ces campagnes, des offres concr\u00e8tes des diff\u00e9rents partenaires de la MRAG sont mises en avant.<\/p><p style=\"font-weight: 400;\"><a href=\"https:\/\/rapport-valais.ch\/fr\/rg-mrag-2025\/\" target=\"_blank\" rel=\"noopener\">En savoir plus<\/a><\/p>\t\t\t\t\t\t\t\t<\/div>\n\t\t\t\t<\/div>\n\t\t\t\t<div class=\"elementor-element elementor-element-39f8a34 elementor-widget elementor-widget-text-editor\" data-id=\"39f8a34\" data-element_type=\"widget\" data-e-type=\"widget\" data-widget_type=\"text-editor.default\">\n\t\t\t\t<div class=\"elementor-widget-container\">\n\t\t\t\t\t\t\t\t\t<p><em><img loading=\"lazy\" decoding=\"async\" class=\"alignright wp-image-16413\" src=\"https:\/\/rapport-valais.ch\/wp-content\/uploads\/2026\/03\/Eleonora-Sormani.png\" alt=\"\" width=\"152\" height=\"152\" srcset=\"https:\/\/rapport-valais.ch\/wp-content\/uploads\/2026\/03\/Eleonora-Sormani.png 250w, https:\/\/rapport-valais.ch\/wp-content\/uploads\/2026\/03\/Eleonora-Sormani-150x150.png 150w\" sizes=\"(max-width: 152px) 100vw, 152px\" \/><\/em><\/p><div><p><em><strong>\u00ab Nous avons \u00e9t\u00e9 ravis de participer, aux c\u00f4t\u00e9s de la MRAG, \u00e0 la campagne \u00ab Herzen auf Schienen \u00bb. Cette collaboration a constitu\u00e9 une excellente opportunit\u00e9 de mettre en valeur notre chemin de fer ainsi que les exp\u00e9riences en montagne, \u00e0 travers un format innovant, ciblant sp\u00e9cifiquement le march\u00e9 allemand. \u00bb<\/strong><\/em><\/p><p><span style=\"color: var( --e-global-color-text ); text-align: var(--text-align); font-family: var( --e-global-typography-text-font-family ), Sans-serif; font-size: var( --e-global-typography-text-font-size ); font-weight: var( --e-global-typography-text-font-weight );\">Eleonora Sormani, Market Manager Europa de la Matterhorn Gotthard Bahn<\/span><\/p><\/div>\t\t\t\t\t\t\t\t<\/div>\n\t\t\t\t<\/div>\n\t\t\t\t<div class=\"elementor-element elementor-element-a1f8897 animate-on-display elementor-widget elementor-widget-heading\" data-id=\"a1f8897\" data-element_type=\"widget\" data-e-type=\"widget\" id=\"marches-lointains\" data-widget_type=\"heading.default\">\n\t\t\t\t<div class=\"elementor-widget-container\">\n\t\t\t\t\t<h3 class=\"elementor-heading-title elementor-size-default\">March\u00e9s lointains.<\/h3>\t\t\t\t<\/div>\n\t\t\t\t<\/div>\n\t\t\t\t<div class=\"elementor-element elementor-element-2bdd0e1 animate-on-display elementor-widget elementor-widget-text-editor\" data-id=\"2bdd0e1\" data-element_type=\"widget\" data-e-type=\"widget\" data-widget_type=\"text-editor.default\">\n\t\t\t\t<div class=\"elementor-widget-container\">\n\t\t\t\t\t\t\t\t\t<div>L\u2019approche sur les march\u00e9s lointains est diff\u00e9rente des march\u00e9s de proximit\u00e9. De plus, elle varie consid\u00e9rablement entre l\u2019Am\u00e9rique du Nord et l\u2019Asie.<\/div><div>\u00a0<\/div><div>En Asie, des Market Managers locaux repr\u00e9sentent la MRAG. Ils rencontrent r\u00e9guli\u00e8rement les professionnels de l\u2019industrie du voyage afin de promouvoir et de vendre des s\u00e9jours \u00e0 travers le Valais. L\u2019accent est mis sur les clients B2B. Ils coordonnent \u00e9galement des collaborations avec de grandes entreprises locales ou des influenceurs. Certaines de leurs activit\u00e9s sont organis\u00e9es en \u00e9troite collaboration avec Suisse Tourisme.<\/div><div>\u00a0<\/div><div>En ce qui concerne l\u2019Am\u00e9rique du Nord, la MRAG ne dispose pas de Market Manager sur place. La majorit\u00e9 du travail de march\u00e9 est r\u00e9alis\u00e9e par l\u2019interm\u00e9diaire de Suisse Tourisme. Comme pour l\u2019Asie, les activations sont principalement ax\u00e9es sur le B2B. En 2025, plusieurs activit\u00e9s sur les r\u00e9seaux sociaux ont toutefois cibl\u00e9 les clients finaux B2C.<\/div><p><a href=\"https:\/\/rapport-valais.ch\/fr\/rg-mrag-2025\/\" target=\"_blank\" rel=\"noopener\">En savoir plus<\/a><\/p>\t\t\t\t\t\t\t\t<\/div>\n\t\t\t\t<\/div>\n\t\t<div class=\"elementor-element elementor-element-043691a e-flex e-con-boxed e-con e-child\" data-id=\"043691a\" data-element_type=\"container\" data-e-type=\"container\">\n\t\t\t\t\t<div class=\"e-con-inner\">\n\t\t\t\t<div class=\"elementor-element elementor-element-78c7d5c elementor-widget elementor-widget-text-editor\" data-id=\"78c7d5c\" data-element_type=\"widget\" data-e-type=\"widget\" data-widget_type=\"text-editor.default\">\n\t\t\t\t<div class=\"elementor-widget-container\">\n\t\t\t\t\t\t\t\t\t<p><em><img loading=\"lazy\" decoding=\"async\" class=\"wp-image-16409 alignleft\" src=\"https:\/\/rapport-valais.ch\/wp-content\/uploads\/2026\/03\/Iwan-Bitschin.png\" alt=\"\" width=\"152\" height=\"152\" srcset=\"https:\/\/rapport-valais.ch\/wp-content\/uploads\/2026\/03\/Iwan-Bitschin.png 250w, https:\/\/rapport-valais.ch\/wp-content\/uploads\/2026\/03\/Iwan-Bitschin-150x150.png 150w\" sizes=\"(max-width: 152px) 100vw, 152px\" \/><\/em><\/p><div><p><em><strong>\u00ab Le projet \u00ab Valais-Singapore Ski Experience \u00bb nous a permis de faire d\u00e9couvrir \u00e0 de jeunes participants de Singapour la fascination des sports de neige. Parall\u00e8lement, la destination Saas-Fee\/Saastal a b\u00e9n\u00e9fici\u00e9 d\u2019une visibilit\u00e9 accrue. Gr\u00e2ce \u00e0 cette collaboration et \u00e0 la couverture m\u00e9diatique g\u00e9n\u00e9r\u00e9e, nous avons pu renforcer davantage notre pr\u00e9sence sur le march\u00e9 asiatique. \u00bb<\/strong><\/em><\/p><\/div><p>Iwan Bitschin, responsable marketing et communication de Saastal Tourismus AG<\/p>\t\t\t\t\t\t\t\t<\/div>\n\t\t\t\t<\/div>\n\t\t\t\t\t<\/div>\n\t\t\t\t<\/div>\n\t\t\t\t\t<\/div>\n\t\t\t\t<\/div>\n\t\t<div class=\"elementor-element elementor-element-c4d722a watch-on-display e-flex e-con-boxed e-con e-parent\" data-id=\"c4d722a\" data-element_type=\"container\" data-e-type=\"container\" data-settings=\"{&quot;animation&quot;:&quot;none&quot;,&quot;animation_delay&quot;:20}\">\n\t\t\t\t\t<div class=\"e-con-inner\">\n\t\t\t\t<div class=\"elementor-element elementor-element-50715360 animate-on-display elementor-widget elementor-widget-heading\" data-id=\"50715360\" data-element_type=\"widget\" data-e-type=\"widget\" id=\"comptes\" data-widget_type=\"heading.default\">\n\t\t\t\t<div class=\"elementor-widget-container\">\n\t\t\t\t\t<h2 class=\"elementor-heading-title elementor-size-default\">Comptes 2025.<\/h2>\t\t\t\t<\/div>\n\t\t\t\t<\/div>\n\t\t\t\t<div class=\"elementor-element elementor-element-4a88f41f animate-on-display elementor-widget elementor-widget-text-editor\" data-id=\"4a88f41f\" data-element_type=\"widget\" data-e-type=\"widget\" data-widget_type=\"text-editor.default\">\n\t\t\t\t<div class=\"elementor-widget-container\">\n\t\t\t\t\t\t\t\t\t<p>Les comptes 2025 de Valais\/Wallis Promotion se cl\u00f4turent sur des recettes de CHF 16.36 mios et des d\u00e9penses de plus de CHF 16.67 mios. Le total des d\u00e9penses et des recettes est en diminution par rapport au budget et quelques changements ont eu lieu dans le business plan initial sans incidence majeur sur le r\u00e9sultat. L\u2019exc\u00e9dent de d\u00e9penses de CHF 312&rsquo;340.34 devra \u00eatre compens\u00e9 d\u2019ici la fin de la convention-programme 2025-2028 conform\u00e9ment \u00e0 l\u2019art. 14 al. 2 de l\u2019ordonnance sur la cr\u00e9ation de la soci\u00e9t\u00e9 de promotion du Valais. Pour rappel, le budget de VWP doit \u00eatre \u00e9quilibr\u00e9 sur les 4 ans de la convention-programme approuv\u00e9e par le Grand Conseil. Un fonds de r\u00e9serve de CHF 755&rsquo;000.- a \u00e9t\u00e9 constitu\u00e9 avec le reliquat des conventions-programmes 2013-2016, 2017-2020 et 2021-2024.<\/p>\t\t\t\t\t\t\t\t<\/div>\n\t\t\t\t<\/div>\n\t\t\t\t<div class=\"elementor-element elementor-element-6521b283 elementor-button-info elementor-widget elementor-widget-button\" data-id=\"6521b283\" data-element_type=\"widget\" data-e-type=\"widget\" data-widget_type=\"button.default\">\n\t\t\t\t<div class=\"elementor-widget-container\">\n\t\t\t\t\t\t\t\t\t<div class=\"elementor-button-wrapper\">\n\t\t\t\t\t<a class=\"elementor-button elementor-button-link elementor-size-md\" href=\"#elementor-action%3Aaction%3Dpopup%3Aopen%26settings%3DeyJpZCI6MTcxNzUsInRvZ2dsZSI6ZmFsc2V9\">\n\t\t\t\t\t\t<span class=\"elementor-button-content-wrapper\">\n\t\t\t\t\t\t<span class=\"elementor-button-icon\">\n\t\t\t\t<svg xmlns=\"http:\/\/www.w3.org\/2000\/svg\" id=\"Calque_1\" data-name=\"Calque 1\" viewBox=\"0 0 114.5 114.5\"><defs><style>.cls-1{fill:#fafafa;}.cls-2{fill:#a8091a;}<\/style><\/defs><path class=\"cls-1\" d=\"M57.25,0A57.25,57.25,0,1,0,114.5,57.25,57.25,57.25,0,0,0,57.25,0Zm-6.1,77.9a2.6,2.6,0,0,1-3.68-3.68l17-17-17-17a2.6,2.6,0,0,1,3.68-3.68L71.8,57.25Z\"><\/path><path class=\"cls-2\" d=\"M47.47,36.6a2.6,2.6,0,0,0,0,3.68l17,17-17,17a2.6,2.6,0,0,0,3.68,3.68L71.8,57.25,51.15,36.6A2.6,2.6,0,0,0,47.47,36.6Z\"><\/path><\/svg>\t\t\t<\/span>\n\t\t\t\t\t\t\t\t\t<span class=\"elementor-button-text\">Lire la suite<\/span>\n\t\t\t\t\t<\/span>\n\t\t\t\t\t<\/a>\n\t\t\t\t<\/div>\n\t\t\t\t\t\t\t\t<\/div>\n\t\t\t\t<\/div>\n\t\t\t\t<div class=\"elementor-element elementor-element-5414848 elementor-button-info elementor-widget elementor-widget-button\" data-id=\"5414848\" data-element_type=\"widget\" data-e-type=\"widget\" data-widget_type=\"button.default\">\n\t\t\t\t<div class=\"elementor-widget-container\">\n\t\t\t\t\t\t\t\t\t<div class=\"elementor-button-wrapper\">\n\t\t\t\t\t<a class=\"elementor-button elementor-button-link elementor-size-md\" href=\"https:\/\/rapport-valais.ch\/wp-content\/uploads\/2026\/03\/VWP-Revisionsbericht-Rechnung-2025.pdf\" target=\"_blank\">\n\t\t\t\t\t\t<span class=\"elementor-button-content-wrapper\">\n\t\t\t\t\t\t<span class=\"elementor-button-icon\">\n\t\t\t\t<svg xmlns=\"http:\/\/www.w3.org\/2000\/svg\" id=\"Calque_1\" data-name=\"Calque 1\" viewBox=\"0 0 114.5 114.5\"><defs><style>.cls-1{fill:#fafafa;}.cls-2{fill:#a8091a;}<\/style><\/defs><path class=\"cls-1\" d=\"M57.25,0A57.25,57.25,0,1,0,114.5,57.25,57.25,57.25,0,0,0,57.25,0Zm-6.1,77.9a2.6,2.6,0,0,1-3.68-3.68l17-17-17-17a2.6,2.6,0,0,1,3.68-3.68L71.8,57.25Z\"><\/path><path class=\"cls-2\" d=\"M47.47,36.6a2.6,2.6,0,0,0,0,3.68l17,17-17,17a2.6,2.6,0,0,0,3.68,3.68L71.8,57.25,51.15,36.6A2.6,2.6,0,0,0,47.47,36.6Z\"><\/path><\/svg>\t\t\t<\/span>\n\t\t\t\t\t\t\t\t\t<span class=\"elementor-button-text\">Rapport de l'organe de r\u00e9vision<\/span>\n\t\t\t\t\t<\/span>\n\t\t\t\t\t<\/a>\n\t\t\t\t<\/div>\n\t\t\t\t\t\t\t\t<\/div>\n\t\t\t\t<\/div>\n\t\t\t\t<div class=\"elementor-element elementor-element-00f74b5 animate-on-display elementor-widget elementor-widget-text-editor\" data-id=\"00f74b5\" data-element_type=\"widget\" data-e-type=\"widget\" data-widget_type=\"text-editor.default\">\n\t\t\t\t<div class=\"elementor-widget-container\">\n\t\t\t\t\t\t\t\t\t<p style=\"font-weight: 400;\"><a href=\"https:\/\/rapport-valais.ch\/wp-content\/uploads\/2026\/03\/VWP-Rechnung-2025_FR.pdf\" target=\"_blank\" rel=\"noopener\">T\u00e9l\u00e9charger les comptes<\/a><\/p>\t\t\t\t\t\t\t\t<\/div>\n\t\t\t\t<\/div>\n\t\t\t\t\t<\/div>\n\t\t\t\t<\/div>\n\t\t<div class=\"elementor-element elementor-element-1ba6557b watch-on-display e-flex e-con-boxed e-con e-parent\" data-id=\"1ba6557b\" data-element_type=\"container\" data-e-type=\"container\" data-settings=\"{&quot;animation&quot;:&quot;none&quot;,&quot;animation_delay&quot;:20}\">\n\t\t\t\t\t<div class=\"e-con-inner\">\n\t\t\t\t<div class=\"elementor-element elementor-element-70069834 animate-on-display elementor-widget elementor-widget-heading\" data-id=\"70069834\" data-element_type=\"widget\" data-e-type=\"widget\" id=\"pv-22\" data-widget_type=\"heading.default\">\n\t\t\t\t<div class=\"elementor-widget-container\">\n\t\t\t\t\t<h2 class=\"elementor-heading-title elementor-size-default\"><a href=\"https:\/\/rapport-valais.ch\/wp-content\/uploads\/2025\/03\/Protokoll-GV-2024.pdf\">Proc\u00e8s-verbal 2025.<\/a><\/h2>\t\t\t\t<\/div>\n\t\t\t\t<\/div>\n\t\t\t\t<div class=\"elementor-element elementor-element-6e24d58 elementor-button-info elementor-widget elementor-widget-button\" data-id=\"6e24d58\" data-element_type=\"widget\" data-e-type=\"widget\" data-widget_type=\"button.default\">\n\t\t\t\t<div class=\"elementor-widget-container\">\n\t\t\t\t\t\t\t\t\t<div class=\"elementor-button-wrapper\">\n\t\t\t\t\t<a class=\"elementor-button elementor-button-link elementor-size-md\" href=\"https:\/\/rapport-valais.ch\/wp-content\/uploads\/2026\/04\/Protokoll-GV-2025_FR_Definitiv.pdf\" target=\"_blank\">\n\t\t\t\t\t\t<span class=\"elementor-button-content-wrapper\">\n\t\t\t\t\t\t<span class=\"elementor-button-icon\">\n\t\t\t\t<svg xmlns=\"http:\/\/www.w3.org\/2000\/svg\" id=\"Calque_1\" data-name=\"Calque 1\" viewBox=\"0 0 114.5 114.5\"><defs><style>.cls-1{fill:#fafafa;}.cls-2{fill:#a8091a;}<\/style><\/defs><path class=\"cls-1\" d=\"M57.25,0A57.25,57.25,0,1,0,114.5,57.25,57.25,57.25,0,0,0,57.25,0Zm-6.1,77.9a2.6,2.6,0,0,1-3.68-3.68l17-17-17-17a2.6,2.6,0,0,1,3.68-3.68L71.8,57.25Z\"><\/path><path class=\"cls-2\" d=\"M47.47,36.6a2.6,2.6,0,0,0,0,3.68l17,17-17,17a2.6,2.6,0,0,0,3.68,3.68L71.8,57.25,51.15,36.6A2.6,2.6,0,0,0,47.47,36.6Z\"><\/path><\/svg>\t\t\t<\/span>\n\t\t\t\t\t\t\t\t\t<span class=\"elementor-button-text\">Lire le proc\u00e8s-verbal<\/span>\n\t\t\t\t\t<\/span>\n\t\t\t\t\t<\/a>\n\t\t\t\t<\/div>\n\t\t\t\t\t\t\t\t<\/div>\n\t\t\t\t<\/div>\n\t\t\t\t\t<\/div>\n\t\t\t\t<\/div>\n\t\t<div class=\"elementor-element elementor-element-2884e10 e-flex e-con-boxed e-con e-parent\" data-id=\"2884e10\" data-element_type=\"container\" data-e-type=\"container\">\n\t\t\t\t\t<div class=\"e-con-inner\">\n\t\t<div class=\"elementor-element elementor-element-402126b e-con-full e-flex e-con e-child\" data-id=\"402126b\" data-element_type=\"container\" data-e-type=\"container\">\n\t\t\t\t<\/div>\n\t\t\t\t\t<\/div>\n\t\t\t\t<\/div>\n\t\t\t\t<\/div>\n\t\t","protected":false},"excerpt":{"rendered":"<p>Valais\/Wallis Promotion Table des mati\u00e8res Rapport d&rsquo;activit\u00e9sValais\/Wallis Promotion 2025 Editoriaux. Damian Constantin Une ann\u00e9e marqu\u00e9e par des images fortes Lire le mot Julien Moulin D\u00e9couvrir le Valais\u00a0 \u00a0 \u00a0 \u00a0 \u00a0 \u00a0 \u00a0 \u00a0 pas \u00e0 pas\u00a0 Lire le mot Mandat. Le 14 juin 2012, le Grand Conseil du canton du Valais se prononce \u00e0 [&hellip;]<\/p>\n","protected":false},"author":16,"featured_media":0,"parent":0,"menu_order":0,"comment_status":"closed","ping_status":"closed","template":"","meta":{"_monsterinsights_skip_tracking":false,"_monsterinsights_sitenote_active":false,"_monsterinsights_sitenote_note":"","_monsterinsights_sitenote_category":0,"footnotes":""},"class_list":["post-17127","page","type-page","status-publish","hentry"],"yoast_head":"<!-- This site is optimized with the Yoast SEO plugin v27.5 - https:\/\/yoast.com\/product\/yoast-seo-wordpress\/ -->\n<title>Rapport d&#039;activit\u00e9s Valais\/Wallis Promotion 2025<\/title>\n<meta name=\"robots\" content=\"index, follow, max-snippet:-1, max-image-preview:large, max-video-preview:-1\" \/>\n<link rel=\"canonical\" href=\"https:\/\/rapport-valais.ch\/fr\/rg-2025\/\" \/>\n<meta property=\"og:locale\" content=\"fr_FR\" \/>\n<meta property=\"og:type\" content=\"article\" \/>\n<meta property=\"og:title\" content=\"T\u00e4tigkeitsbericht Valais\/Wallis Promotion - 2023\" \/>\n<meta property=\"og:description\" content=\"Valais\/Wallis Promotion Table des mati\u00e8res Rapport d&rsquo;activit\u00e9sValais\/Wallis Promotion 2025 Editoriaux. Damian Constantin Une ann\u00e9e marqu\u00e9e par des images fortes Lire le mot Julien Moulin D\u00e9couvrir le Valais\u00a0 \u00a0 \u00a0 \u00a0 \u00a0 \u00a0 \u00a0 \u00a0 pas \u00e0 pas\u00a0 Lire le mot Mandat. Le 14 juin 2012, le Grand Conseil du canton du Valais se prononce \u00e0 [&hellip;]\" \/>\n<meta property=\"og:url\" content=\"https:\/\/rapport-valais.ch\/fr\/rg-2025\/\" \/>\n<meta property=\"og:site_name\" content=\"Rapport de gestion\" \/>\n<meta property=\"article:modified_time\" content=\"2026-04-27T13:34:09+00:00\" \/>\n<meta property=\"og:image\" content=\"https:\/\/rapport-valais.ch\/wp-content\/uploads\/2024\/03\/Valais_RVB_FR-512.png\" \/>\n\t<meta property=\"og:image:width\" content=\"512\" \/>\n\t<meta property=\"og:image:height\" content=\"462\" \/>\n\t<meta property=\"og:image:type\" content=\"image\/png\" \/>\n<meta name=\"twitter:card\" content=\"summary_large_image\" \/>\n<meta name=\"twitter:site\" content=\"@ValaisFilmCom\" \/>\n<meta name=\"twitter:label1\" content=\"Dur\u00e9e de lecture estim\u00e9e\" \/>\n\t<meta name=\"twitter:data1\" content=\"52 minutes\" \/>\n<script type=\"application\/ld+json\" class=\"yoast-schema-graph\">{\"@context\":\"https:\\\/\\\/schema.org\",\"@graph\":[{\"@type\":\"WebPage\",\"@id\":\"https:\\\/\\\/rapport-valais.ch\\\/fr\\\/rg-2025\\\/\",\"url\":\"https:\\\/\\\/rapport-valais.ch\\\/fr\\\/rg-2025\\\/\",\"name\":\"Rapport d'activit\u00e9s Valais\\\/Wallis Promotion 2025\",\"isPartOf\":{\"@id\":\"https:\\\/\\\/rapport-valais.ch\\\/fr\\\/#website\"},\"primaryImageOfPage\":{\"@id\":\"https:\\\/\\\/rapport-valais.ch\\\/fr\\\/rg-2025\\\/#primaryimage\"},\"image\":{\"@id\":\"https:\\\/\\\/rapport-valais.ch\\\/fr\\\/rg-2025\\\/#primaryimage\"},\"thumbnailUrl\":\"https:\\\/\\\/rapport-valais.ch\\\/wp-content\\\/uploads\\\/2024\\\/03\\\/Valais_RVB_FR-512.png\",\"datePublished\":\"2026-04-13T14:07:35+00:00\",\"dateModified\":\"2026-04-27T13:34:09+00:00\",\"breadcrumb\":{\"@id\":\"https:\\\/\\\/rapport-valais.ch\\\/fr\\\/rg-2025\\\/#breadcrumb\"},\"inLanguage\":\"fr-FR\",\"potentialAction\":[{\"@type\":\"ReadAction\",\"target\":[\"https:\\\/\\\/rapport-valais.ch\\\/fr\\\/rg-2025\\\/\"]}]},{\"@type\":\"ImageObject\",\"inLanguage\":\"fr-FR\",\"@id\":\"https:\\\/\\\/rapport-valais.ch\\\/fr\\\/rg-2025\\\/#primaryimage\",\"url\":\"https:\\\/\\\/rapport-valais.ch\\\/wp-content\\\/uploads\\\/2024\\\/03\\\/Valais_RVB_FR-512.png\",\"contentUrl\":\"https:\\\/\\\/rapport-valais.ch\\\/wp-content\\\/uploads\\\/2024\\\/03\\\/Valais_RVB_FR-512.png\"},{\"@type\":\"BreadcrumbList\",\"@id\":\"https:\\\/\\\/rapport-valais.ch\\\/fr\\\/rg-2025\\\/#breadcrumb\",\"itemListElement\":[{\"@type\":\"ListItem\",\"position\":1,\"name\":\"Home\",\"item\":\"https:\\\/\\\/rapport-valais.ch\\\/fr\\\/\"},{\"@type\":\"ListItem\",\"position\":2,\"name\":\"Rapport de gestion Valais\\\/Wallis Promotion 2025\"}]},{\"@type\":\"WebSite\",\"@id\":\"https:\\\/\\\/rapport-valais.ch\\\/fr\\\/#website\",\"url\":\"https:\\\/\\\/rapport-valais.ch\\\/fr\\\/\",\"name\":\"Rapport de gestion\",\"description\":\"\",\"publisher\":{\"@id\":\"https:\\\/\\\/rapport-valais.ch\\\/fr\\\/#organization\"},\"potentialAction\":[{\"@type\":\"SearchAction\",\"target\":{\"@type\":\"EntryPoint\",\"urlTemplate\":\"https:\\\/\\\/rapport-valais.ch\\\/fr\\\/?s={search_term_string}\"},\"query-input\":{\"@type\":\"PropertyValueSpecification\",\"valueRequired\":true,\"valueName\":\"search_term_string\"}}],\"inLanguage\":\"fr-FR\"},{\"@type\":\"Organization\",\"@id\":\"https:\\\/\\\/rapport-valais.ch\\\/fr\\\/#organization\",\"name\":\"Valais Film Commission\",\"url\":\"https:\\\/\\\/rapport-valais.ch\\\/fr\\\/\",\"logo\":{\"@type\":\"ImageObject\",\"inLanguage\":\"fr-FR\",\"@id\":\"https:\\\/\\\/rapport-valais.ch\\\/fr\\\/#\\\/schema\\\/logo\\\/image\\\/\",\"url\":\"https:\\\/\\\/rapport-valais.ch\\\/wp-content\\\/uploads\\\/2020\\\/07\\\/Valais_FR.svg\",\"contentUrl\":\"https:\\\/\\\/rapport-valais.ch\\\/wp-content\\\/uploads\\\/2020\\\/07\\\/Valais_FR.svg\",\"width\":1,\"height\":1,\"caption\":\"Valais Film Commission\"},\"image\":{\"@id\":\"https:\\\/\\\/rapport-valais.ch\\\/fr\\\/#\\\/schema\\\/logo\\\/image\\\/\"},\"sameAs\":[\"https:\\\/\\\/x.com\\\/ValaisFilmCom\",\"https:\\\/\\\/www.instagram.com\\\/valaisfilmcommission\\\/\"]}]}<\/script>\n<!-- \/ Yoast SEO plugin. -->","yoast_head_json":{"title":"Rapport d'activit\u00e9s Valais\/Wallis Promotion 2025","robots":{"index":"index","follow":"follow","max-snippet":"max-snippet:-1","max-image-preview":"max-image-preview:large","max-video-preview":"max-video-preview:-1"},"canonical":"https:\/\/rapport-valais.ch\/fr\/rg-2025\/","og_locale":"fr_FR","og_type":"article","og_title":"T\u00e4tigkeitsbericht Valais\/Wallis Promotion - 2023","og_description":"Valais\/Wallis Promotion Table des mati\u00e8res Rapport d&rsquo;activit\u00e9sValais\/Wallis Promotion 2025 Editoriaux. Damian Constantin Une ann\u00e9e marqu\u00e9e par des images fortes Lire le mot Julien Moulin D\u00e9couvrir le Valais\u00a0 \u00a0 \u00a0 \u00a0 \u00a0 \u00a0 \u00a0 \u00a0 pas \u00e0 pas\u00a0 Lire le mot Mandat. Le 14 juin 2012, le Grand Conseil du canton du Valais se prononce \u00e0 [&hellip;]","og_url":"https:\/\/rapport-valais.ch\/fr\/rg-2025\/","og_site_name":"Rapport de gestion","article_modified_time":"2026-04-27T13:34:09+00:00","og_image":[{"width":512,"height":462,"url":"https:\/\/rapport-valais.ch\/wp-content\/uploads\/2024\/03\/Valais_RVB_FR-512.png","type":"image\/png"}],"twitter_card":"summary_large_image","twitter_site":"@ValaisFilmCom","twitter_misc":{"Dur\u00e9e de lecture estim\u00e9e":"52 minutes"},"schema":{"@context":"https:\/\/schema.org","@graph":[{"@type":"WebPage","@id":"https:\/\/rapport-valais.ch\/fr\/rg-2025\/","url":"https:\/\/rapport-valais.ch\/fr\/rg-2025\/","name":"Rapport d'activit\u00e9s Valais\/Wallis Promotion 2025","isPartOf":{"@id":"https:\/\/rapport-valais.ch\/fr\/#website"},"primaryImageOfPage":{"@id":"https:\/\/rapport-valais.ch\/fr\/rg-2025\/#primaryimage"},"image":{"@id":"https:\/\/rapport-valais.ch\/fr\/rg-2025\/#primaryimage"},"thumbnailUrl":"https:\/\/rapport-valais.ch\/wp-content\/uploads\/2024\/03\/Valais_RVB_FR-512.png","datePublished":"2026-04-13T14:07:35+00:00","dateModified":"2026-04-27T13:34:09+00:00","breadcrumb":{"@id":"https:\/\/rapport-valais.ch\/fr\/rg-2025\/#breadcrumb"},"inLanguage":"fr-FR","potentialAction":[{"@type":"ReadAction","target":["https:\/\/rapport-valais.ch\/fr\/rg-2025\/"]}]},{"@type":"ImageObject","inLanguage":"fr-FR","@id":"https:\/\/rapport-valais.ch\/fr\/rg-2025\/#primaryimage","url":"https:\/\/rapport-valais.ch\/wp-content\/uploads\/2024\/03\/Valais_RVB_FR-512.png","contentUrl":"https:\/\/rapport-valais.ch\/wp-content\/uploads\/2024\/03\/Valais_RVB_FR-512.png"},{"@type":"BreadcrumbList","@id":"https:\/\/rapport-valais.ch\/fr\/rg-2025\/#breadcrumb","itemListElement":[{"@type":"ListItem","position":1,"name":"Home","item":"https:\/\/rapport-valais.ch\/fr\/"},{"@type":"ListItem","position":2,"name":"Rapport de gestion Valais\/Wallis Promotion 2025"}]},{"@type":"WebSite","@id":"https:\/\/rapport-valais.ch\/fr\/#website","url":"https:\/\/rapport-valais.ch\/fr\/","name":"Rapport de gestion","description":"","publisher":{"@id":"https:\/\/rapport-valais.ch\/fr\/#organization"},"potentialAction":[{"@type":"SearchAction","target":{"@type":"EntryPoint","urlTemplate":"https:\/\/rapport-valais.ch\/fr\/?s={search_term_string}"},"query-input":{"@type":"PropertyValueSpecification","valueRequired":true,"valueName":"search_term_string"}}],"inLanguage":"fr-FR"},{"@type":"Organization","@id":"https:\/\/rapport-valais.ch\/fr\/#organization","name":"Valais Film Commission","url":"https:\/\/rapport-valais.ch\/fr\/","logo":{"@type":"ImageObject","inLanguage":"fr-FR","@id":"https:\/\/rapport-valais.ch\/fr\/#\/schema\/logo\/image\/","url":"https:\/\/rapport-valais.ch\/wp-content\/uploads\/2020\/07\/Valais_FR.svg","contentUrl":"https:\/\/rapport-valais.ch\/wp-content\/uploads\/2020\/07\/Valais_FR.svg","width":1,"height":1,"caption":"Valais Film Commission"},"image":{"@id":"https:\/\/rapport-valais.ch\/fr\/#\/schema\/logo\/image\/"},"sameAs":["https:\/\/x.com\/ValaisFilmCom","https:\/\/www.instagram.com\/valaisfilmcommission\/"]}]}},"_links":{"self":[{"href":"https:\/\/rapport-valais.ch\/fr\/wp-json\/wp\/v2\/pages\/17127","targetHints":{"allow":["GET"]}}],"collection":[{"href":"https:\/\/rapport-valais.ch\/fr\/wp-json\/wp\/v2\/pages"}],"about":[{"href":"https:\/\/rapport-valais.ch\/fr\/wp-json\/wp\/v2\/types\/page"}],"author":[{"embeddable":true,"href":"https:\/\/rapport-valais.ch\/fr\/wp-json\/wp\/v2\/users\/16"}],"replies":[{"embeddable":true,"href":"https:\/\/rapport-valais.ch\/fr\/wp-json\/wp\/v2\/comments?post=17127"}],"version-history":[{"count":188,"href":"https:\/\/rapport-valais.ch\/fr\/wp-json\/wp\/v2\/pages\/17127\/revisions"}],"predecessor-version":[{"id":17403,"href":"https:\/\/rapport-valais.ch\/fr\/wp-json\/wp\/v2\/pages\/17127\/revisions\/17403"}],"wp:attachment":[{"href":"https:\/\/rapport-valais.ch\/fr\/wp-json\/wp\/v2\/media?parent=17127"}],"curies":[{"name":"wp","href":"https:\/\/api.w.org\/{rel}","templated":true}]}}